{"version":"1.0","provider_name":"Proyectum Chile","provider_url":"https:\/\/proyectum.com\/cl","title":"7 recomendaciones para Hablar en P\u00fablico - Proyectum Chile","type":"rich","width":600,"height":338,"html":"<blockquote class=\"wp-embedded-content\" data-secret=\"Yo35iDZ8Ig\"><a href=\"https:\/\/proyectum.com\/cl\/7-recomendaciones-para-hablar-en-publico\/\">7 recomendaciones para Hablar en P\u00fablico<\/a><\/blockquote><iframe sandbox=\"allow-scripts\" security=\"restricted\" src=\"https:\/\/proyectum.com\/cl\/7-recomendaciones-para-hablar-en-publico\/embed\/#?secret=Yo35iDZ8Ig\" width=\"600\" height=\"338\" title=\"\u00ab7 recomendaciones para Hablar en P\u00fablico\u00bb \u2014 Proyectum Chile\" data-secret=\"Yo35iDZ8Ig\" frameborder=\"0\" marginwidth=\"0\" marginheight=\"0\" scrolling=\"no\" class=\"wp-embedded-content\"><\/iframe><script>\n\/*! This file is auto-generated *\/\n!function(d,l){\"use strict\";l.querySelector&&d.addEventListener&&\"undefined\"!=typeof URL&&(d.wp=d.wp||{},d.wp.receiveEmbedMessage||(d.wp.receiveEmbedMessage=function(e){var t=e.data;if((t||t.secret||t.message||t.value)&&!\/[^a-zA-Z0-9]\/.test(t.secret)){for(var s,r,n,a=l.querySelectorAll('iframe[data-secret=\"'+t.secret+'\"]'),o=l.querySelectorAll('blockquote[data-secret=\"'+t.secret+'\"]'),c=new RegExp(\"^https?:$\",\"i\"),i=0;i<o.length;i++)o[i].style.display=\"none\";for(i=0;i<a.length;i++)s=a[i],e.source===s.contentWindow&&(s.removeAttribute(\"style\"),\"height\"===t.message?(1e3<(r=parseInt(t.value,10))?r=1e3:~~r<200&&(r=200),s.height=r):\"link\"===t.message&&(r=new URL(s.getAttribute(\"src\")),n=new URL(t.value),c.test(n.protocol))&&n.host===r.host&&l.activeElement===s&&(d.top.location.href=t.value))}},d.addEventListener(\"message\",d.wp.receiveEmbedMessage,!1),l.addEventListener(\"DOMContentLoaded\",function(){for(var e,t,s=l.querySelectorAll(\"iframe.wp-embedded-content\"),r=0;r<s.length;r++)(t=(e=s[r]).getAttribute(\"data-secret\"))||(t=Math.random().toString(36).substring(2,12),e.src+=\"#?secret=\"+t,e.setAttribute(\"data-secret\",t)),e.contentWindow.postMessage({message:\"ready\",secret:t},\"*\")},!1)))}(window,document);\n<\/script>\n","thumbnail_url":"https:\/\/proyectum.com\/cl\/wp-content\/uploads\/2017\/07\/Recomendaciones-Hablar-en-Publico-1.jpg","thumbnail_width":1140,"thumbnail_height":472,"description":"A veces hablamos mucho y decimos poco, Para expresar m\u00e1s, conviene pensar m\u00e1s. Honor\u00e9 de Balzac Hace algunos meses publicamos aqu\u00ed en Proyectum, informaci\u00f3n que indicaba lo altamente valorado que es la habilidad de hablar en p\u00fablico en el mundo profesional y por supuesto tambi\u00e9n, en el \u00e1mbito personal. Hablar en p\u00fablico es una actividad [&hellip;]"}