{"version":"1.0","provider_name":"Proyectum Chile","provider_url":"https:\/\/proyectum.com\/cl","title":"Bases conceptuales de comunicaci\u00f3n (G. Bateson) - Proyectum Chile","type":"rich","width":600,"height":338,"html":"<blockquote class=\"wp-embedded-content\" data-secret=\"6saTlpsk2E\"><a href=\"https:\/\/proyectum.com\/cl\/bases-conceptuales-de-comunicacion-g-bateson\/\">Bases conceptuales de comunicaci\u00f3n (G. Bateson)<\/a><\/blockquote><iframe sandbox=\"allow-scripts\" security=\"restricted\" src=\"https:\/\/proyectum.com\/cl\/bases-conceptuales-de-comunicacion-g-bateson\/embed\/#?secret=6saTlpsk2E\" width=\"600\" height=\"338\" title=\"\u00abBases conceptuales de comunicaci\u00f3n (G. Bateson)\u00bb \u2014 Proyectum Chile\" data-secret=\"6saTlpsk2E\" frameborder=\"0\" marginwidth=\"0\" marginheight=\"0\" scrolling=\"no\" class=\"wp-embedded-content\"><\/iframe><script>\n\/*! This file is auto-generated *\/\n!function(d,l){\"use strict\";l.querySelector&&d.addEventListener&&\"undefined\"!=typeof URL&&(d.wp=d.wp||{},d.wp.receiveEmbedMessage||(d.wp.receiveEmbedMessage=function(e){var t=e.data;if((t||t.secret||t.message||t.value)&&!\/[^a-zA-Z0-9]\/.test(t.secret)){for(var s,r,n,a=l.querySelectorAll('iframe[data-secret=\"'+t.secret+'\"]'),o=l.querySelectorAll('blockquote[data-secret=\"'+t.secret+'\"]'),c=new RegExp(\"^https?:$\",\"i\"),i=0;i<o.length;i++)o[i].style.display=\"none\";for(i=0;i<a.length;i++)s=a[i],e.source===s.contentWindow&&(s.removeAttribute(\"style\"),\"height\"===t.message?(1e3<(r=parseInt(t.value,10))?r=1e3:~~r<200&&(r=200),s.height=r):\"link\"===t.message&&(r=new URL(s.getAttribute(\"src\")),n=new URL(t.value),c.test(n.protocol))&&n.host===r.host&&l.activeElement===s&&(d.top.location.href=t.value))}},d.addEventListener(\"message\",d.wp.receiveEmbedMessage,!1),l.addEventListener(\"DOMContentLoaded\",function(){for(var e,t,s=l.querySelectorAll(\"iframe.wp-embedded-content\"),r=0;r<s.length;r++)(t=(e=s[r]).getAttribute(\"data-secret\"))||(t=Math.random().toString(36).substring(2,12),e.src+=\"#?secret=\"+t,e.setAttribute(\"data-secret\",t)),e.contentWindow.postMessage({message:\"ready\",secret:t},\"*\")},!1)))}(window,document);\n<\/script>\n","thumbnail_url":"https:\/\/proyectum.com\/cl\/wp-content\/uploads\/2016\/04\/Comunicacion01.jpg","thumbnail_width":1024,"thumbnail_height":458,"description":"[et_pb_section admin_label=\u00bbsection\u00bb][et_pb_row admin_label=\u00bbrow\u00bb][et_pb_column type=\u00bb4_4&#8243;][et_pb_text admin_label=\u00bbText\u00bb background_layout=\u00bblight\u00bb text_orientation=\u00bbleft\u00bb text_font_size=\u00bb17&#8243; text_line_height=\u00bb2.5em\u00bb use_border_color=\u00bboff\u00bb border_color=\u00bb#ffffff\u00bb border_style=\u00bbsolid\u00bb] Hay muchas reflexiones acerca de la comunicaci\u00f3n en el libro de Y. Winkin \u201cLa Nueva Comunicaci\u00f3n\u201d, Ed. Kair\u00f3s. \u00c9l, con mucha humildad, les da el cr\u00e9dito a los diferentes autores de quienes incluye una publicaci\u00f3n en su libro. As\u00ed pues tendr\u00e9 que agradecer [&hellip;]"}