{"id":10972,"date":"2021-09-26T19:31:19","date_gmt":"2021-09-27T00:31:19","guid":{"rendered":"https:\/\/proyectum.com\/co\/?page_id=10972"},"modified":"2025-04-22T09:25:17","modified_gmt":"2025-04-22T14:25:17","slug":"fundamentos-de-direccion-de-proyectos","status":"publish","type":"page","link":"https:\/\/proyectum.com\/co\/capacitacion\/fundamentos-de-direccion-de-proyectos\/","title":{"rendered":"Taller de Fundamentos de Direcci\u00f3n de Proyectos"},"content":{"rendered":"<div class=\"wpb-content-wrapper\"><p>[vc_row full_width=\u00bbstretch_row_content\u00bb css=\u00bb.vc_custom_1581028741803{padding-top: 58px !important;padding-bottom: 58px !important;background-image: url(https:\/\/proyectum.com\/co\/wp-content\/uploads\/2018\/09\/curso-tipo.png?id=6990) !important;background-position: center !important;background-repeat: no-repeat !important;background-size: cover !important;}\u00bb][vc_column width=\u00bb1\/2&#8243;][vc_custom_heading text=\u00bbTaller de Fundamentos de Direcci\u00f3n de Proyectos\u00bb font_container=\u00bbtag:h1|font_size:40|text_align:center|color:%23ffffff\u00bb use_theme_fonts=\u00bbyes\u00bb css=\u00bb.vc_custom_1592428879967{margin-bottom: 0px !important;padding-top: 25px !important;padding-left: 100px !important;}\u00bb][\/vc_column][vc_column width=\u00bb1\/2&#8243;][vc_single_image image=\u00bb9634&#8243; img_size=\u00bb200&#215;170&#8243; css=\u00bb.vc_custom_1602877772706{padding-left: 250px !important;}\u00bb][\/vc_column][\/vc_row][vc_row][vc_column width=\u00bb2\/3&#8243;][vc_column_text css=\u00bb\u00bb]<\/p>\n<div style=\"width: 100%; text-align: center; margin-bottom: 7px;\"><\/div>\n<p><span style=\"color: #000000;\">Crear un proyecto permite utilizar un conjunto formal de procesos y t\u00e9cnicas de gesti\u00f3n de proyectos para definir el esfuerzo y luego subsecuentemente dirigir y controlar el trabajo.<\/span><\/p>\n<p><span style=\"color: #000000;\">El utilizar procesos de direcci\u00f3n de proyectos le permite a un l\u00edder de proyecto pro activamente gestionar el alcance, incidencias, riesgos, la calidad y la comunicaci\u00f3n. Entendiendo y utilizando los conceptos que se ense\u00f1an en este curso incrementa las posibilidades de \u00e9xito en un proyecto.<\/span><\/p>\n<ul>\n<li><span style=\"color: #000000;\"><strong>Duraci\u00f3n:<\/strong> 16 horas en 4 sesiones de 4 horas cada una<\/span><\/li>\n<li><span style=\"color: #000000;\"><strong>Modalidad<\/strong>: Online<\/span><\/li>\n<li><span style=\"color: #000000;\"><strong>Requisitos:<\/strong> No tiene requisitos<\/span><\/li>\n<li><span style=\"color: #000000;\"><strong>Acreditaci\u00f3n: <\/strong>16 PDUs T\u00e9cnicos<\/span><\/li>\n<li><span style=\"color: #000000;\"><strong>Precio:<\/strong> $1.345.500 pesos colombianos IVAi<\/span><\/li>\n<li><span style=\"color: #000000;\"><strong>Pr\u00f3ximo taller<\/strong>: Disponible \u00fanicamente para grupos empresariales<\/span><\/li>\n<\/ul>\n<p><span style=\"color: #000000;\"><em>Si ya tomaste un curso con nosotros, tienes un\u00a0<strong>10% de descuento<\/strong>\u00a0en\u00a0<strong>todos<\/strong>\u00a0nuestros cursos.\u00a0<\/em><\/span><\/p>\n<p><span style=\"color: #000000;\"><em>\u00a1<strong>Solic\u00edtalo<\/strong>! (Aplican restricciones)<\/em><\/span>[\/vc_column_text][vc_btn title=\u00bbDescargue el volante aqu\u00ed\u00bb i_icon_fontawesome=\u00bbfa fa-file-pdf-o\u00bb add_icon=\u00bbtrue\u00bb link=\u00bburl:https%3A%2F%2Fproyectum.com%2Fco%2Fwp-content%2Fuploads%2F2021%2F06%2FFDP.pdf||target:%20_blank|\u00bb][vc_tta_tabs][vc_tta_section title=\u00bbPerfil\u00bb tab_id=\u00bb1581028770313-75fb8e1f-88df\u00bb][vc_column_text]<span style=\"color: #000000;\"><strong>En este taller podr\u00e1n participar:\u00a0<\/strong><\/span><\/p>\n<ul>\n<li><span style=\"color: #000000;\">Todos los estudiantes universitarios y profesionales en carreras de Ingenier\u00eda, Construcci\u00f3n, Computaci\u00f3n y cualquier otra profesi\u00f3n, que deseen realizar proyectos, tanto personales como empresariales, de manera exitosa.<\/span><\/li>\n<li><span style=\"color: #000000;\">Profesionales que deseen complementar sus carreras con excelentes conocimientos en administraci\u00f3n de proyectos.<\/span><\/li>\n<\/ul>\n<p>[\/vc_column_text][\/vc_tta_section][vc_tta_section title=\u00bbContenido\u00bb tab_id=\u00bb1581028877983-cd8ac879-ee85&#8243;][vc_column_text]<span style=\"color: #000000;\"><strong>Durante el taller usted podr\u00e1 aprender acerca de:<\/strong><\/span><\/p>\n<ul class=\"list_check-b list_outside\">\n<li><span style=\"color: #000000;\">Panorama general<\/span><\/li>\n<li><span style=\"color: #000000;\">Definiendo un proyecto<\/span><\/li>\n<li><span style=\"color: #000000;\">Construyendo el plan de trabajo<\/span><\/li>\n<li><span style=\"color: #000000;\">Gesti\u00f3n del plan de trabajo<\/span><\/li>\n<li><span style=\"color: #000000;\">Gesti\u00f3n de incidencias<\/span><\/li>\n<li><span style=\"color: #000000;\">Gesti\u00f3n de alcance<\/span><\/li>\n<li><span style=\"color: #000000;\">Gesti\u00f3n de la comunicaci\u00f3n<\/span><\/li>\n<li><span style=\"color: #000000;\">Gesti\u00f3n del riesgo<\/span><\/li>\n<li><span style=\"color: #000000;\">Gesti\u00f3n de la documentaci\u00f3n del proyecto<\/span><\/li>\n<li><span style=\"color: #000000;\">Gesti\u00f3n de la calidad<\/span><\/li>\n<li><span style=\"color: #000000;\">Gesti\u00f3n de m\u00e9tricas<\/span><\/li>\n<\/ul>\n<p>[\/vc_column_text][\/vc_tta_section][vc_tta_section title=\u00bbObjetivos\u00bb tab_id=\u00bb1581028826107-4ebbdac8-35d4&#8243;][vc_column_text]<span style=\"color: #000000;\"><strong>Al finalizar este taller usted ser\u00e1 capaz de:<\/strong><\/span><\/p>\n<ul class=\"list_check-b list_outside\">\n<li><span style=\"color: #000000;\">Introducci\u00f3n a la gesti\u00f3n de proyectos. Entender y desarrollar el Acta de constituci\u00f3n del Proyecto, como documento clave para el inicio del proyecto<\/span><\/li>\n<li><span style=\"color: #000000;\">Definir el alcance del proyecto, qu\u00e9 construir\u00e1 el proyecto y qu\u00e9 no ser\u00e1 parte del proyecto.<\/span><\/li>\n<li><span style=\"color: #000000;\">Desarrollar el cronograma del proyecto para establecer el plan de trabajo, sus recursos y tiempos.<\/span><\/li>\n<li><span style=\"color: #000000;\">Identificar tipos de recursos necesarios para llevar a cabo las actividades del proyecto, dirigir y gestionar al equipo de trabajo del proyecto.<\/span><\/li>\n<li><span style=\"color: #000000;\">Determinar los costos del proyecto, las reservas de contingencia y reserva de gesti\u00f3n; el presupuesto del proyecto y t\u00e9cnicas para medir el desempe\u00f1o en tiempo y costo del proyecto.<\/span><\/li>\n<li><span style=\"color: #000000;\">Gestionar las comunicaciones en el proyecto de acuerdo con las necesidades de los interesados del proyecto.<\/span><\/li>\n<li><span style=\"color: #000000;\">Identificar los riesgos del proyecto, conocer las diferentes estrat\u00e9gicas de respuesta, implementar la respuesta al riesgo y monitorear los riesgos.<\/span><\/li>\n<\/ul>\n<p>[\/vc_column_text][\/vc_tta_section][\/vc_tta_tabs][\/vc_column][vc_column width=\u00bb1\/3&#8243;][vc_images_carousel images=\u00bb8779&#8243; img_size=\u00bb150&#215;75&#8243; onclick=\u00bbcustom_link\u00bb custom_links_target=\u00bb_blank\u00bb speed=\u00bb2500&#8243; autoplay=\u00bbyes\u00bb hide_pagination_control=\u00bbyes\u00bb hide_prev_next_buttons=\u00bbyes\u00bb wrap=\u00bbyes\u00bb]<div class=\"porto-u-heading  wpb_custom_95aa9a11c17ad45cfabaf210d84ee7cc porto-u-2840\"><div class=\"porto-u-main-heading\"><h2  >CAPACITACI\u00d3N<\/h2><\/div><style>.porto-u-2840.porto-u-heading{text-align:center}<\/style><\/div>[vc_tta_accordion][vc_tta_section title=\u00bbCERTIFICACIONES\u00bb tab_id=\u00bb1606150716615-b8f53c6f-0e97&#8243;][vc_wp_custommenu nav_menu=\u00bb75&#8243;][\/vc_tta_section][vc_tta_section title=\u00bbAGILIDAD\u00bb tab_id=\u00bb1606150716615-0c9f8229-4db3&#8243;][vc_wp_custommenu nav_menu=\u00bb73&#8243;][\/vc_tta_section][vc_tta_section title=\u00bbM\u00c1S PROGRAMAS&#8230;\u00bb tab_id=\u00bb1606150734558-d7036bc1-e065&#8243;][vc_wp_custommenu nav_menu=\u00bb74&#8243;][\/vc_tta_section][\/vc_tta_accordion]<div class=\"porto-products wpb_content_element\"><h2 class=\"section-title\">Adquiere aqu\u00ed tu cupo al Taller de Fundamentos de Direcci\u00f3n de Proyectos<\/h2><div class=\"woocommerce \"><ul class=\"products products-container grid pcols-lg-1 pcols-md-1 pcols-xs-1 pcols-ls-1 pwidth-lg-1 pwidth-md-1 pwidth-xs-1 pwidth-ls-1 is-shortcode\"\r\n\t data-product_layout=\"product-default\">\r\n\r\n<li class=\"product-col product-default product type-product post-10831 status-publish first instock product_cat-proyectum has-post-thumbnail taxable shipping-taxable purchasable product-type-simple\">\r\n<div class=\"product-inner\">\r\n\t\r\n\t<div class=\"product-image\">\r\n\r\n\t\t<a  href=\"https:\/\/proyectum.com\/co\/product\/fundamentos_de_direccion_de_proyectos\/\" aria-label=\"product\">\r\n\t\t\t<div class=\"inner\"><img loading=\"lazy\" decoding=\"async\" width=\"300\" height=\"300\" src=\"https:\/\/i0.wp.com\/proyectum.com\/co\/wp-content\/uploads\/2021\/08\/Fundamentos-Proyectos.jpg?resize=300%2C300&amp;ssl=1\" class=\" wp-post-image\" alt=\"\" \/><\/div>\t\t<\/a>\r\n\t\t\t<\/div>\r\n\r\n\t<div class=\"product-content\">\r\n\t\t<span class=\"category-list\"><a href=\"https:\/\/proyectum.com\/co\/product-category\/proyectum\/\" rel=\"tag\">Proyectum<\/a><\/span>\r\n\t\t\t<a class=\"product-loop-title\"  href=\"https:\/\/proyectum.com\/co\/product\/fundamentos_de_direccion_de_proyectos\/\">\r\n\t<h3 class=\"woocommerce-loop-product__title\">Taller de Fundamentos de Direcci\u00f3n de Proyectos<\/h3>\t<\/a>\r\n\t\r\n\t\t\n\t<span class=\"price\"><span class=\"woocommerce-Price-amount amount\"><bdi><span class=\"woocommerce-Price-currencySymbol\">&#36;<\/span>&nbsp;1,120,500.0<\/bdi><\/span><\/span>\n\r\n\t\t<div class=\"add-links-wrap\">\r\n\t<div class=\"add-links clearfix\">\r\n\t\t<a href=\"?add-to-cart=10831\" data-quantity=\"1\" class=\"viewcart-style-3 button product_type_simple add_to_cart_button ajax_add_to_cart\" data-product_id=\"10831\" data-product_sku=\"\" aria-label=\"A\u00f1adir al carrito: &ldquo;Taller de Fundamentos de Direcci\u00f3n de Proyectos&rdquo;\" rel=\"nofollow\" data-success_message=\"\u00abTaller de Fundamentos de Direcci\u00f3n de Proyectos\u00bb se ha a\u00f1adido a tu carrito\">A\u00f1adir al carrito<\/a><div class=\"quickview\" data-id=\"10831\" title=\"Quick View\">Quick View<\/div>\t<\/div>\r\n\t<\/div>\r\n<span class=\"gtm4wp_productdata\" style=\"display:none; visibility:hidden;\" data-gtm4wp_product_data=\"{&quot;internal_id&quot;:10831,&quot;item_id&quot;:10831,&quot;item_name&quot;:&quot;Taller de Fundamentos de Direcci\\u00f3n de Proyectos&quot;,&quot;sku&quot;:10831,&quot;price&quot;:1120500,&quot;stocklevel&quot;:null,&quot;stockstatus&quot;:&quot;instock&quot;,&quot;google_business_vertical&quot;:&quot;retail&quot;,&quot;item_category&quot;:&quot;Proyectum&quot;,&quot;id&quot;:10831,&quot;productlink&quot;:&quot;https:\\\/\\\/proyectum.com\\\/co\\\/product\\\/fundamentos_de_direccion_de_proyectos\\\/&quot;,&quot;item_list_name&quot;:&quot;Lista general de productos&quot;,&quot;index&quot;:1,&quot;product_type&quot;:&quot;simple&quot;,&quot;item_brand&quot;:&quot;&quot;}\"><\/span>\t<\/div>\r\n<\/div>\r\n<\/li>\r\n<\/ul>\r\n<\/div><\/div>[\/vc_column][\/vc_row][vc_row full_width=\u00bbstretch_row_content_no_spaces\u00bb equal_height=\u00bbyes\u00bb][vc_column el_class=\u00bbbackground-color-primary\u00bb css=\u00bb.vc_custom_1528971916644{padding-top: 60px !important;padding-bottom: 55px !important;padding-left: 15px !important;}\u00bb]<div class=\"porto-container container\">[vc_custom_heading text=\u00bb\u00bfQuieres m\u00e1s informaci\u00f3n sobre el Taller de Fundamentos de Direcci\u00f3n de Proyectos?\u00bb font_container=\u00bbtag:h2|text_align:left|color:%23ffffff\u00bb use_theme_fonts=\u00bbyes\u00bb css=\u00bb.vc_custom_1581084043783{margin-bottom: 0px !important;}\u00bb text_transform=\u00bbtext-uppercase\u00bb][vc_column_text el_class=\u00bbtext-color-dark m-b-md\u00bb]<span style=\"font-size: 16px; color: #c6d4ee;\">D\u00e9janos tus datos para que te llamemos<\/span>[\/vc_column_text]\n<div class=\"wpcf7 no-js\" id=\"wpcf7-f7483-o1\" lang=\"es-ES\" dir=\"ltr\">\n<div class=\"screen-reader-response\"><p role=\"status\" aria-live=\"polite\" aria-atomic=\"true\"><\/p> <ul><\/ul><\/div>\n<form action=\"\/co\/wp-json\/wp\/v2\/pages\/10972#wpcf7-f7483-o1\" method=\"post\" class=\"wpcf7-form init\" aria-label=\"Formulario de contacto\" novalidate=\"novalidate\" data-status=\"init\">\n<div style=\"display: none;\">\n<input type=\"hidden\" name=\"_wpcf7\" value=\"7483\" \/>\n<input type=\"hidden\" name=\"_wpcf7_version\" value=\"5.9.8\" \/>\n<input type=\"hidden\" name=\"_wpcf7_locale\" value=\"es_ES\" \/>\n<input type=\"hidden\" name=\"_wpcf7_unit_tag\" value=\"wpcf7-f7483-o1\" \/>\n<input type=\"hidden\" name=\"_wpcf7_container_post\" value=\"0\" \/>\n<input type=\"hidden\" name=\"_wpcf7_posted_data_hash\" value=\"\" \/>\n<\/div>\n<div style=\"display:none\"><span class=\"wpcf7-form-control-wrap\" data-name=\"donde\"><input size=\"40\" maxlength=\"400\" class=\"wpcf7-form-control wpcf7-text custom-contact-input donde\" aria-invalid=\"false\" value=\"\" type=\"text\" name=\"donde\" \/><\/span><\/div>\n<div class=\"row\">\n    <div class=\"col-lg-6\">\n        <i class=\"Simple-Line-Icons-user text-color-light\"><\/i><span class=\"wpcf7-form-control-wrap\" data-name=\"your-name\"><input size=\"40\" maxlength=\"400\" class=\"wpcf7-form-control wpcf7-text wpcf7-validates-as-required custom-contact-input\" aria-required=\"true\" aria-invalid=\"false\" placeholder=\"Nombre *\" value=\"\" type=\"text\" name=\"your-name\" \/><\/span>\n    <\/div>\n    <div class=\"col-lg-6\">\n        <i class=\"Simple-Line-Icons-envelope text-color-light\"><\/i><span class=\"wpcf7-form-control-wrap\" data-name=\"your-email\"><input size=\"40\" maxlength=\"400\" class=\"wpcf7-form-control wpcf7-email wpcf7-validates-as-required wpcf7-text wpcf7-validates-as-email custom-contact-input\" aria-required=\"true\" aria-invalid=\"false\" placeholder=\"Email *\" value=\"\" type=\"email\" name=\"your-email\" \/><\/span>\n    <\/div>\n<\/div>\n<div class=\"row\">\n    <div class=\"col-lg-6\">\n        <i class=\"Simple-Line-Icons-call-out icons text-color-light\"><\/i><span class=\"wpcf7-form-control-wrap\" data-name=\"your-phone\"><input size=\"40\" maxlength=\"400\" class=\"wpcf7-form-control wpcf7-text custom-contact-input\" aria-invalid=\"false\" placeholder=\"Tel\u00e9fono\" value=\"\" type=\"text\" name=\"your-phone\" \/><\/span>\n    <\/div>\n<\/div>\n<div class=\"row\">\n    <div class=\"col-md-12\">\n        <div class=\"row\">\n            <div class=\"text-left text-checkbox\"><span class=\"wpcf7-form-control-wrap\" data-name=\"resumen\"><span class=\"wpcf7-form-control wpcf7-acceptance optional\"><span class=\"wpcf7-list-item\"><label><input type=\"checkbox\" name=\"resumen\" value=\"1\" aria-invalid=\"false\" \/><span class=\"wpcf7-list-item-label\">Deseo recibir los res\u00famenes de libros<\/span><\/label><\/span><\/span><\/span><\/div>\n            <div class=\"text-left text-checkbox\"><span class=\"wpcf7-form-control-wrap\" data-name=\"webinars\"><span class=\"wpcf7-form-control wpcf7-acceptance optional\"><span class=\"wpcf7-list-item\"><label><input type=\"checkbox\" name=\"webinars\" value=\"1\" aria-invalid=\"false\" \/><span class=\"wpcf7-list-item-label\">Deseo recibir invitaciones a webinars<\/span><\/label><\/span><\/span><\/span><\/div>\n            <div class=\"text-left text-checkbox\"><span class=\"wpcf7-form-control-wrap\" data-name=\"boletin\"><span class=\"wpcf7-form-control wpcf7-acceptance optional\"><span class=\"wpcf7-list-item\"><label><input type=\"checkbox\" name=\"boletin\" value=\"1\" aria-invalid=\"false\" \/><span class=\"wpcf7-list-item-label\">Deseo recibir el bolet\u00edn quincenal<\/span><\/label><\/span><\/span><\/span><\/div>\n        <\/div>\n    <\/div>\n<\/div>\n<div class=\"row center\">\n    <div class=\"col-lg-12\"><input class=\"wpcf7-form-control wpcf7-submit has-spinner custom-btn-style-4\" type=\"submit\" value=\"ENVIAR\" \/><\/div>\n<\/div>\n\n<style>\n.text-checkbox{\ndisplay:block !important;\nwidth: 100%;\ncolor: #fff;\n}\n.wpcf7-form > .row > *{ margin-bottom: 25px; }\n.wpcf7-form i{ position: absolute; top: 10px; }\n.wpcf7-form-control.custom-contact-input {\n    width: 100%;\n    background: none;\n    border: 0px;\n    border-bottom: 1px solid rgba(255, 255, 255, 0.2);\n    box-shadow: none;\n    padding: 10px 10px 10px 30px;\n    color: #fff;\n    -webkit-appearance: none;\n    -moz-appearance: none;\n    -ms-appearance: none;\n    -o-appearance: none;\n    appearance: none;\n}\n.custom-select-style:after {\n    content: '';\n    display: block;\n    position: absolute;\n    top: 50%;\n    right: 25px;\n    width: 10px;\n    height: 10px;\n    border-right: 1px solid #c8d4ea;\n    border-bottom: 1px solid #c8d4ea;\n    z-index: 0;\n    -webkit-transform: translateY(-50%) rotate(45deg);\n    -moz-transform: translateY(-50%) rotate(45deg);\n    -ms-transform: translateY(-50%) rotate(45deg);\n    -o-transform: translateY(-50%) rotate(45deg);\n    transform: translateY(-50%) rotate(45deg);\n}\nselect.custom-contact-input option { color: #818898; }\n.wpcf7-submit.custom-btn-style-4 {\n    background: transparent !important;\n    color: #FFF;\n    font-weight: 900 !important;\n    border: 2px solid #fff !important;\n    padding: 10px 20px !important;\n    font-size: 14px;\n    border-radius: 0px !important;\n}\n.wpcf7-submit.custom-btn-style-4:hover {\n    background: #FFF !important;\n    color: #6a80a9 !important;\n}\n::-webkit-input-placeholder { color: #c8d4ea; }\n::-moz-placeholder { color: #c8d4ea; }\n:-ms-input-placeholder { color: #c8d4ea; }\n:-moz-placeholder{ color: #c8d4ea; }\n@media(max-width: 991px){\n\t.wpcf7-form > .row > *{ margin-bottom: 15px; }\n\t.wpcf7-form .row.center{ margin-top: 10px; }\n}\n<\/style><div class=\"wpcf7-response-output\" aria-hidden=\"true\"><\/div>\n<\/form>\n<\/div>\n<\/div>[\/vc_column][\/vc_row]<\/p>\n<\/div>","protected":false},"excerpt":{"rendered":"<p>[vc_row full_width=\u00bbstretch_row_content\u00bb css=\u00bb.vc_custom_1581028741803{padding-top: 58px !important;padding-bottom: 58px !important;background-image: url(https:\/\/proyectum.com\/co\/wp-content\/uploads\/2018\/09\/curso-tipo.png?id=6990) !important;background-position: center !important;background-repeat: no-repeat !important;background-size: cover !important;}\u00bb][vc_column width=\u00bb1\/2&#8243;][vc_custom_heading text=\u00bbTaller de Fundamentos de Direcci\u00f3n de Proyectos\u00bb font_container=\u00bbtag:h1|font_size:40|text_align:center|color:%23ffffff\u00bb use_theme_fonts=\u00bbyes\u00bb css=\u00bb.vc_custom_1592428879967{margin-bottom: 0px !important;padding-top: 25px !important;padding-left: 100px !important;}\u00bb][\/vc_column][vc_column width=\u00bb1\/2&#8243;][vc_single_image image=\u00bb9634&#8243; img_size=\u00bb200&#215;170&#8243; css=\u00bb.vc_custom_1602877772706{padding-left: 250px !important;}\u00bb][\/vc_column][\/vc_row][vc_row][vc_column width=\u00bb2\/3&#8243;][vc_column_text css=\u00bb\u00bb] Crear un proyecto permite utilizar un conjunto formal de procesos y t\u00e9cnicas de gesti\u00f3n de [&hellip;]<\/p>\n","protected":false},"author":26,"featured_media":0,"parent":7466,"menu_order":2,"comment_status":"closed","ping_status":"closed","template":"","meta":{"_acf_changed":false,"footnotes":""},"acf":[],"yoast_head":"<!-- This site is optimized with the Yoast SEO plugin v24.5 - https:\/\/yoast.com\/wordpress\/plugins\/seo\/ -->\n<title>Taller de Fundamentos de Direcci\u00f3n de Proyectos - Proyectum Colombia<\/title>\n<meta name=\"robots\" content=\"index, follow, max-snippet:-1, max-image-preview:large, max-video-preview:-1\" \/>\n<link rel=\"canonical\" href=\"https:\/\/proyectum.com\/co\/capacitacion\/fundamentos-de-direccion-de-proyectos\/\" \/>\n<meta property=\"og:locale\" content=\"es_ES\" \/>\n<meta property=\"og:type\" content=\"article\" \/>\n<meta property=\"og:title\" content=\"Taller de Fundamentos de Direcci\u00f3n de Proyectos - Proyectum Colombia\" \/>\n<meta property=\"og:description\" content=\"[vc_row full_width=\u00bbstretch_row_content\u00bb css=\u00bb.vc_custom_1581028741803{padding-top: 58px !important;padding-bottom: 58px !important;background-image: url(https:\/\/proyectum.com\/co\/wp-content\/uploads\/2018\/09\/curso-tipo.png?id=6990) !important;background-position: center !important;background-repeat: no-repeat !important;background-size: cover !important;}\u00bb][vc_column width=\u00bb1\/2&#8243;][vc_custom_heading text=\u00bbTaller de Fundamentos de Direcci\u00f3n de Proyectos\u00bb font_container=\u00bbtag:h1|font_size:40|text_align:center|color:%23ffffff\u00bb use_theme_fonts=\u00bbyes\u00bb css=\u00bb.vc_custom_1592428879967{margin-bottom: 0px !important;padding-top: 25px !important;padding-left: 100px !important;}\u00bb][\/vc_column][vc_column width=\u00bb1\/2&#8243;][vc_single_image image=\u00bb9634&#8243; img_size=\u00bb200&#215;170&#8243; css=\u00bb.vc_custom_1602877772706{padding-left: 250px !important;}\u00bb][\/vc_column][\/vc_row][vc_row][vc_column width=\u00bb2\/3&#8243;][vc_column_text css=\u00bb\u00bb] Crear un proyecto permite utilizar un conjunto formal de procesos y t\u00e9cnicas de gesti\u00f3n de [&hellip;]\" \/>\n<meta property=\"og:url\" content=\"https:\/\/proyectum.com\/co\/capacitacion\/fundamentos-de-direccion-de-proyectos\/\" \/>\n<meta property=\"og:site_name\" content=\"Proyectum Colombia\" \/>\n<meta property=\"article:publisher\" content=\"https:\/\/www.facebook.com\/proyectumcr\/\" \/>\n<meta property=\"article:modified_time\" content=\"2025-04-22T14:25:17+00:00\" \/>\n<meta name=\"twitter:card\" content=\"summary_large_image\" \/>\n<meta name=\"twitter:label1\" content=\"Tiempo de lectura\" \/>\n\t<meta name=\"twitter:data1\" content=\"3 minutos\" \/>\n<script type=\"application\/ld+json\" class=\"yoast-schema-graph\">{\"@context\":\"https:\/\/schema.org\",\"@graph\":[{\"@type\":\"WebPage\",\"@id\":\"https:\/\/proyectum.com\/co\/capacitacion\/fundamentos-de-direccion-de-proyectos\/\",\"url\":\"https:\/\/proyectum.com\/co\/capacitacion\/fundamentos-de-direccion-de-proyectos\/\",\"name\":\"Taller de Fundamentos de Direcci\u00f3n de Proyectos - Proyectum Colombia\",\"isPartOf\":{\"@id\":\"https:\/\/proyectum.com\/co\/#website\"},\"datePublished\":\"2021-09-27T00:31:19+00:00\",\"dateModified\":\"2025-04-22T14:25:17+00:00\",\"breadcrumb\":{\"@id\":\"https:\/\/proyectum.com\/co\/capacitacion\/fundamentos-de-direccion-de-proyectos\/#breadcrumb\"},\"inLanguage\":\"es\",\"potentialAction\":[{\"@type\":\"ReadAction\",\"target\":[\"https:\/\/proyectum.com\/co\/capacitacion\/fundamentos-de-direccion-de-proyectos\/\"]}]},{\"@type\":\"BreadcrumbList\",\"@id\":\"https:\/\/proyectum.com\/co\/capacitacion\/fundamentos-de-direccion-de-proyectos\/#breadcrumb\",\"itemListElement\":[{\"@type\":\"ListItem\",\"position\":1,\"name\":\"Home\",\"item\":\"https:\/\/proyectum.com\/co\/\"},{\"@type\":\"ListItem\",\"position\":2,\"name\":\"Capacitaciones\",\"item\":\"https:\/\/proyectum.com\/co\/capacitacion\/\"},{\"@type\":\"ListItem\",\"position\":3,\"name\":\"Taller de Fundamentos de Direcci\u00f3n de Proyectos\"}]},{\"@type\":\"WebSite\",\"@id\":\"https:\/\/proyectum.com\/co\/#website\",\"url\":\"https:\/\/proyectum.com\/co\/\",\"name\":\"Proyectum Costa Rica\",\"description\":\"Centro Autorizado de Capacitaci\u00f3n del Project Management Institute - ATP del PMI\",\"publisher\":{\"@id\":\"https:\/\/proyectum.com\/co\/#organization\"},\"potentialAction\":[{\"@type\":\"SearchAction\",\"target\":{\"@type\":\"EntryPoint\",\"urlTemplate\":\"https:\/\/proyectum.com\/co\/?s={search_term_string}\"},\"query-input\":{\"@type\":\"PropertyValueSpecification\",\"valueRequired\":true,\"valueName\":\"search_term_string\"}}],\"inLanguage\":\"es\"},{\"@type\":\"Organization\",\"@id\":\"https:\/\/proyectum.com\/co\/#organization\",\"name\":\"Proyectum Costa Rica\",\"url\":\"https:\/\/proyectum.com\/co\/\",\"logo\":{\"@type\":\"ImageObject\",\"inLanguage\":\"es\",\"@id\":\"https:\/\/proyectum.com\/co\/#\/schema\/logo\/image\/\",\"url\":\"https:\/\/i0.wp.com\/proyectum.com\/co\/wp-content\/uploads\/proyectum-logo-snippet.png?fit=600%2C315&ssl=1\",\"contentUrl\":\"https:\/\/i0.wp.com\/proyectum.com\/co\/wp-content\/uploads\/proyectum-logo-snippet.png?fit=600%2C315&ssl=1\",\"width\":600,\"height\":315,\"caption\":\"Proyectum Costa Rica\"},\"image\":{\"@id\":\"https:\/\/proyectum.com\/co\/#\/schema\/logo\/image\/\"},\"sameAs\":[\"https:\/\/www.facebook.com\/proyectumcr\/\",\"https:\/\/www.instagram.com\/proyectumcostarica\/\",\"https:\/\/www.linkedin.com\/company\/proyectum-costarica\/\",\"https:\/\/www.youtube.com\/channel\/UCljouWimyhK_cNcC2jniUgw\"]}]}<\/script>\n<!-- \/ Yoast SEO plugin. -->","yoast_head_json":{"title":"Taller de Fundamentos de Direcci\u00f3n de Proyectos - Proyectum Colombia","robots":{"index":"index","follow":"follow","max-snippet":"max-snippet:-1","max-image-preview":"max-image-preview:large","max-video-preview":"max-video-preview:-1"},"canonical":"https:\/\/proyectum.com\/co\/capacitacion\/fundamentos-de-direccion-de-proyectos\/","og_locale":"es_ES","og_type":"article","og_title":"Taller de Fundamentos de Direcci\u00f3n de Proyectos - Proyectum Colombia","og_description":"[vc_row full_width=\u00bbstretch_row_content\u00bb css=\u00bb.vc_custom_1581028741803{padding-top: 58px !important;padding-bottom: 58px !important;background-image: url(https:\/\/proyectum.com\/co\/wp-content\/uploads\/2018\/09\/curso-tipo.png?id=6990) !important;background-position: center !important;background-repeat: no-repeat !important;background-size: cover !important;}\u00bb][vc_column width=\u00bb1\/2&#8243;][vc_custom_heading text=\u00bbTaller de Fundamentos de Direcci\u00f3n de Proyectos\u00bb font_container=\u00bbtag:h1|font_size:40|text_align:center|color:%23ffffff\u00bb use_theme_fonts=\u00bbyes\u00bb css=\u00bb.vc_custom_1592428879967{margin-bottom: 0px !important;padding-top: 25px !important;padding-left: 100px !important;}\u00bb][\/vc_column][vc_column width=\u00bb1\/2&#8243;][vc_single_image image=\u00bb9634&#8243; img_size=\u00bb200&#215;170&#8243; css=\u00bb.vc_custom_1602877772706{padding-left: 250px !important;}\u00bb][\/vc_column][\/vc_row][vc_row][vc_column width=\u00bb2\/3&#8243;][vc_column_text css=\u00bb\u00bb] Crear un proyecto permite utilizar un conjunto formal de procesos y t\u00e9cnicas de gesti\u00f3n de [&hellip;]","og_url":"https:\/\/proyectum.com\/co\/capacitacion\/fundamentos-de-direccion-de-proyectos\/","og_site_name":"Proyectum Colombia","article_publisher":"https:\/\/www.facebook.com\/proyectumcr\/","article_modified_time":"2025-04-22T14:25:17+00:00","twitter_card":"summary_large_image","twitter_misc":{"Tiempo de lectura":"3 minutos"},"schema":{"@context":"https:\/\/schema.org","@graph":[{"@type":"WebPage","@id":"https:\/\/proyectum.com\/co\/capacitacion\/fundamentos-de-direccion-de-proyectos\/","url":"https:\/\/proyectum.com\/co\/capacitacion\/fundamentos-de-direccion-de-proyectos\/","name":"Taller de Fundamentos de Direcci\u00f3n de Proyectos - Proyectum Colombia","isPartOf":{"@id":"https:\/\/proyectum.com\/co\/#website"},"datePublished":"2021-09-27T00:31:19+00:00","dateModified":"2025-04-22T14:25:17+00:00","breadcrumb":{"@id":"https:\/\/proyectum.com\/co\/capacitacion\/fundamentos-de-direccion-de-proyectos\/#breadcrumb"},"inLanguage":"es","potentialAction":[{"@type":"ReadAction","target":["https:\/\/proyectum.com\/co\/capacitacion\/fundamentos-de-direccion-de-proyectos\/"]}]},{"@type":"BreadcrumbList","@id":"https:\/\/proyectum.com\/co\/capacitacion\/fundamentos-de-direccion-de-proyectos\/#breadcrumb","itemListElement":[{"@type":"ListItem","position":1,"name":"Home","item":"https:\/\/proyectum.com\/co\/"},{"@type":"ListItem","position":2,"name":"Capacitaciones","item":"https:\/\/proyectum.com\/co\/capacitacion\/"},{"@type":"ListItem","position":3,"name":"Taller de Fundamentos de Direcci\u00f3n de Proyectos"}]},{"@type":"WebSite","@id":"https:\/\/proyectum.com\/co\/#website","url":"https:\/\/proyectum.com\/co\/","name":"Proyectum Costa Rica","description":"Centro Autorizado de Capacitaci\u00f3n del Project Management Institute - ATP del PMI","publisher":{"@id":"https:\/\/proyectum.com\/co\/#organization"},"potentialAction":[{"@type":"SearchAction","target":{"@type":"EntryPoint","urlTemplate":"https:\/\/proyectum.com\/co\/?s={search_term_string}"},"query-input":{"@type":"PropertyValueSpecification","valueRequired":true,"valueName":"search_term_string"}}],"inLanguage":"es"},{"@type":"Organization","@id":"https:\/\/proyectum.com\/co\/#organization","name":"Proyectum Costa Rica","url":"https:\/\/proyectum.com\/co\/","logo":{"@type":"ImageObject","inLanguage":"es","@id":"https:\/\/proyectum.com\/co\/#\/schema\/logo\/image\/","url":"https:\/\/i0.wp.com\/proyectum.com\/co\/wp-content\/uploads\/proyectum-logo-snippet.png?fit=600%2C315&ssl=1","contentUrl":"https:\/\/i0.wp.com\/proyectum.com\/co\/wp-content\/uploads\/proyectum-logo-snippet.png?fit=600%2C315&ssl=1","width":600,"height":315,"caption":"Proyectum Costa Rica"},"image":{"@id":"https:\/\/proyectum.com\/co\/#\/schema\/logo\/image\/"},"sameAs":["https:\/\/www.facebook.com\/proyectumcr\/","https:\/\/www.instagram.com\/proyectumcostarica\/","https:\/\/www.linkedin.com\/company\/proyectum-costarica\/","https:\/\/www.youtube.com\/channel\/UCljouWimyhK_cNcC2jniUgw"]}]}},"jetpack_sharing_enabled":true,"_links":{"self":[{"href":"https:\/\/proyectum.com\/co\/wp-json\/wp\/v2\/pages\/10972"}],"collection":[{"href":"https:\/\/proyectum.com\/co\/wp-json\/wp\/v2\/pages"}],"about":[{"href":"https:\/\/proyectum.com\/co\/wp-json\/wp\/v2\/types\/page"}],"author":[{"embeddable":true,"href":"https:\/\/proyectum.com\/co\/wp-json\/wp\/v2\/users\/26"}],"replies":[{"embeddable":true,"href":"https:\/\/proyectum.com\/co\/wp-json\/wp\/v2\/comments?post=10972"}],"version-history":[{"count":19,"href":"https:\/\/proyectum.com\/co\/wp-json\/wp\/v2\/pages\/10972\/revisions"}],"predecessor-version":[{"id":12258,"href":"https:\/\/proyectum.com\/co\/wp-json\/wp\/v2\/pages\/10972\/revisions\/12258"}],"up":[{"embeddable":true,"href":"https:\/\/proyectum.com\/co\/wp-json\/wp\/v2\/pages\/7466"}],"wp:attachment":[{"href":"https:\/\/proyectum.com\/co\/wp-json\/wp\/v2\/media?parent=10972"}],"curies":[{"name":"wp","href":"https:\/\/api.w.org\/{rel}","templated":true}]}}