{"id":11131,"date":"2021-12-03T10:11:06","date_gmt":"2021-12-03T15:11:06","guid":{"rendered":"https:\/\/proyectum.com\/co\/?page_id=11131"},"modified":"2025-04-22T09:49:03","modified_gmt":"2025-04-22T14:49:03","slug":"project_basico_intermedio","status":"publish","type":"page","link":"https:\/\/proyectum.com\/co\/capacitacion\/project_basico_intermedio\/","title":{"rendered":"Capacitaci\u00f3n Microsoft Project Professional para Administradores de Proyectos-B\u00e1sico\/Intermedio"},"content":{"rendered":"<div class=\"wpb-content-wrapper\"><p>[vc_row full_width=\u00bbstretch_row_content\u00bb css=\u00bb.vc_custom_1584804929969{padding-top: 58px !important;padding-bottom: 58px !important;background-image: url(https:\/\/proyectum.com\/co\/wp-content\/uploads\/2018\/09\/curso-tipo.png?id=6990) !important;background-position: center !important;background-repeat: no-repeat !important;background-size: cover !important;}\u00bb][vc_column width=\u00bb1\/2&#8243;][vc_custom_heading text=\u00bbCapacitaci\u00f3n Microsoft Project Professional para Administradores de Proyectos-B\u00e1sico\/Intermedio\u00bb font_container=\u00bbtag:h1|font_size:40|text_align:center|color:%23ffffff\u00bb use_theme_fonts=\u00bbyes\u00bb css=\u00bb.vc_custom_1638554379642{padding-top: 55px !important;padding-left: 75px !important;}\u00bb][\/vc_column][vc_column width=\u00bb1\/2&#8243;][vc_single_image image=\u00bb9634&#8243; img_size=\u00bb200&#215;170&#8243; css=\u00bb.vc_custom_1602877877665{padding-left: 250px !important;}\u00bb][\/vc_column][\/vc_row][vc_column][\/vc_column][vc_row][vc_column width=\u00bb2\/3&#8243;][vc_column_text css=\u00bb.vc_custom_1683822012669{padding-top: 20px !important;}\u00bb]<\/p>\n<div style=\"width: 100%; text-align: center; margin-bottom: 7px;\"><\/div>\n<p><span style=\"color: #000000;\"><br \/>\nEste curso est\u00e1 orientado al control y monitoreo de proyectos utilizando una herramienta de gesti\u00f3n de proyectos, como lo es\u00a0<strong>MS (Microsoft) Project, <\/strong>el dominio de Microsoft Project como herramienta para gestionar proyectos es una de las destrezas m\u00e1s demandas en empresas por su capacidad para programar y controlar la distribuci\u00f3n de recursos, la asignaci\u00f3n de tareas, el coste de los proyectos, sus plazos, alcance, etc.<\/span><\/p>\n<p><span style=\"color: #000000;\">Este curso pretende que el participante domine la utilizaci\u00f3n de la aplicaci\u00f3n Microsoft Project en su \u00faltima versi\u00f3n,\u00a0 esta herramienta es muy \u00fatil para la gesti\u00f3n de proyectos, aplicando procedimientos descritos en el PMBOK del Project Management Institute.<\/span><\/p>\n<ul>\n<li><span style=\"color: #000000;\"><strong>Duraci\u00f3n:<\/strong> 24 horas en 6 sesiones de 4 horas cada una.<\/span><\/li>\n<li><span style=\"color: #000000;\"><strong>Modalidad:<\/strong>\u00a0Online<\/span><\/li>\n<li><span style=\"color: #000000;\"><strong>Requisitos: <\/strong>Contar con una computadora con acceso a Internet, apertura del curso sujeta a matr\u00edcula y cupo m\u00ednimo, el estudiante debe contar con el software que requiere cada curso.<span style=\"color: #000000;\"><strong>\u00a0<\/strong><\/span><\/span><\/li>\n<li><span style=\"color: #000000;\"><strong>Precio:\u00a0<\/strong>$2.302.650 pesos colombianos IVAi<\/span><\/li>\n<li><span style=\"color: #000000;\"><b>Pr\u00f3xima<\/b><b>\u00a0fecha:\u00a0<\/b>Disponible \u00fanicamente para grupos empresariales.<\/span><span style=\"color: #000000;\"><strong><br \/>\n<\/strong><\/span><\/li>\n<\/ul>\n<p><span style=\"color: #000000;\"><em>Si ya tomaste un curso con nosotros,<\/em><strong><em> tienes un\u00a010% <\/em><\/strong><em>de descuento<\/em><em> en\u00a0<\/em><strong><em>todos <\/em><\/strong><em>nuestros cursos.<\/em><\/span><\/p>\n<p>[\/vc_column_text][vc_tta_tabs][vc_tta_section title=\u00bbPerfil\u00bb tab_id=\u00bb1586282350362-cf1f74eb-ced4&#8243;][vc_column_text]<span style=\"color: #000000;\">Persona responsable de tomar decisiones, tanto grandes como peque\u00f1as. Los administradores de proyectos deben asegurarse de controlar el riesgo y minimizar la incertidumbre, cada decisi\u00f3n que tomen debe beneficiar directamente a su proyecto, desde la fase de inicio, la planificaci\u00f3n, el dise\u00f1o, la ejecuci\u00f3n, la revisi\u00f3n, el control y el cierre de dicho proyecto para que sea exitoso.<\/span><\/p>\n<p><span style=\"color: #000000;\"><strong>En esta capacitaci\u00f3n podr\u00e1n participar:\u00a0<\/strong><\/span><\/p>\n<ul>\n<li>Jefes y administradores de Proyectos<\/li>\n<li>Equipo de desarrollo de software<\/li>\n<li>L\u00edderes de proyectos<\/li>\n<li>L\u00edderes de equipos \u00e1giles<\/li>\n<li>Todos los interesados en mejorar su desempe\u00f1o y conocer herramientas innovadoras que permitan gestionar los cambios del entorno<\/li>\n<\/ul>\n<p>[\/vc_column_text][\/vc_tta_section][vc_tta_section title=\u00bbContenido\u00bb tab_id=\u00bb1586282350363-3af196ba-9a3e\u00bb][vc_column_text]<span style=\"color: #000000;\"><strong>Durante la capacitaci\u00f3n usted podr\u00e1 aprender acerca de:<\/strong><\/span><\/p>\n<p>&nbsp;<\/p>\n<ul>\n<li>\u00bfQu\u00e9 es un proyecto?<\/li>\n<li>Crear nuevos proyectos<\/li>\n<li>Crear los entregables y las tareas<\/li>\n<li>La duraci\u00f3n y el trabajo de las tareas<\/li>\n<li>Dependencia de las tareas<\/li>\n<li>Tipos de recursos<\/li>\n<li>Definiendo los recursos<\/li>\n<li>Asignando los recursos del proyecto<\/li>\n<li>Duraci\u00f3n y esfuerzo entre las tareas<\/li>\n<li>Nivelando los recursos del proyecto<\/li>\n<li>Definiendo los costos del proyecto<\/li>\n<li>Optimizando el cronograma del proyecto<\/li>\n<li>Llevando el progreso del proyecto<\/li>\n<li>Modificando las vistas y los reportes<\/li>\n<li>Proyectos anidados<\/li>\n<\/ul>\n<p>[\/vc_column_text][\/vc_tta_section][vc_tta_section title=\u00bbIncluye\u00bb tab_id=\u00bb1586282494032-81e78e02-6cb8&#8243;][vc_column_text]<span style=\"color: #000000;\"><strong>Al matricular esta capacitaci\u00f3n usted contar\u00e1 con:<\/strong><\/span><\/p>\n<p>&nbsp;<\/p>\n<ul>\n<li>Instructor con m\u00e1s de 13 a\u00f1os de experiencia y certificado en Microsoft Project<\/li>\n<li>Material, ejercicios y pr\u00e1cticas<\/li>\n<li>Un diploma por las horas indicadas, con el respaldo de Proyectum<\/li>\n<\/ul>\n<p>[\/vc_column_text][\/vc_tta_section][vc_tta_section title=\u00bbObjetivos\u00bb tab_id=\u00bb1586282495978-8bf42fa2-ce7d\u00bb][vc_column_text]<span style=\"color: #000000;\"><strong>Al finalizar esta capacitaci\u00f3n usted ser\u00e1 capaz de:<\/strong><\/span><\/p>\n<p>&nbsp;<\/p>\n<ul>\n<li>Conocer las distintas fases de las que consta un proyecto<\/li>\n<li>Realizar un plan de proyecto<\/li>\n<li>Reconocer y diferenciar los distintos tipos de recursos que intervienen en un proyecto<\/li>\n<li>Buscar optimizar la planificaci\u00f3n<\/li>\n<li>Realizar el seguimiento del proyecto y analizar las variaciones que se producen con la planificaci\u00f3n inicial<\/li>\n<li>Controlar la programaci\u00f3n (tiempo) y las finanzas (costos) de un proyecto<\/li>\n<li>Elaborar informes durante el proyecto<\/li>\n<\/ul>\n<p>&nbsp;<\/p>\n<ul>\n<li style=\"list-style-type: none;\"><\/li>\n<\/ul>\n<p>[\/vc_column_text][\/vc_tta_section][\/vc_tta_tabs][\/vc_column][vc_column width=\u00bb1\/3&#8243;][vc_images_carousel images=\u00bb7267&#8243; img_size=\u00bbmedium\u00bb onclick=\u00bblink_no\u00bb speed=\u00bb2500&#8243; autoplay=\u00bbyes\u00bb hide_pagination_control=\u00bbyes\u00bb hide_prev_next_buttons=\u00bbyes\u00bb wrap=\u00bbyes\u00bb css=\u00bb.vc_custom_1607962451628{padding-top: 40px !important;padding-right: 70px !important;padding-left: 70px !important;}\u00bb]<div class=\"porto-u-heading  wpb_custom_95aa9a11c17ad45cfabaf210d84ee7cc porto-u-9649\"><div class=\"porto-u-main-heading\"><h2  >CAPACITACI\u00d3N<\/h2><\/div><style>.porto-u-9649.porto-u-heading{text-align:center}<\/style><\/div>[vc_tta_accordion][vc_tta_section title=\u00bbCERTIFICACIONES\u00bb tab_id=\u00bb1606150990516-9bf9ea1d-e38f\u00bb][vc_wp_custommenu nav_menu=\u00bb75&#8243;][\/vc_tta_section][vc_tta_section title=\u00bbAGILIDAD\u00bb tab_id=\u00bb1606150990516-3918fc62-26d9&#8243;][vc_wp_custommenu nav_menu=\u00bb73&#8243;][\/vc_tta_section][vc_tta_section title=\u00bbM\u00c1S PROGRAMAS&#8230;\u00bb tab_id=\u00bb1606151037047-48bbdcec-b366&#8243;][vc_wp_custommenu nav_menu=\u00bb74&#8243;][\/vc_tta_section][\/vc_tta_accordion][\/vc_column][\/vc_row][vc_row full_width=\u00bbstretch_row_content_no_spaces\u00bb equal_height=\u00bbyes\u00bb][vc_column el_class=\u00bbbackground-color-primary\u00bb]<div class=\"porto-container container\">[vc_custom_heading text=\u00bb\u00bfQUIERES M\u00c1S INFORMACI\u00d3N DE laCapacitaci\u00f3n Microsoft Project Professional para Administradores de Proyectos-B\u00e1sico\/Intermedio?\u00bb font_container=\u00bbtag:h2|text_align:left|color:%23f7f6f4&#8243; use_theme_fonts=\u00bbyes\u00bb text_transform=\u00bbtext-uppercase\u00bb][vc_column_text]<span style=\"color: #a19ae6;\">D\u00e9janos tus datos y te escribiremos<\/span>[\/vc_column_text]\n<div class=\"wpcf7 no-js\" id=\"wpcf7-f7483-o1\" lang=\"es-ES\" dir=\"ltr\">\n<div class=\"screen-reader-response\"><p role=\"status\" aria-live=\"polite\" aria-atomic=\"true\"><\/p> <ul><\/ul><\/div>\n<form action=\"\/co\/wp-json\/wp\/v2\/pages\/11131#wpcf7-f7483-o1\" method=\"post\" class=\"wpcf7-form init\" aria-label=\"Formulario de contacto\" novalidate=\"novalidate\" data-status=\"init\">\n<div style=\"display: none;\">\n<input type=\"hidden\" name=\"_wpcf7\" value=\"7483\" \/>\n<input type=\"hidden\" name=\"_wpcf7_version\" value=\"5.9.8\" \/>\n<input type=\"hidden\" name=\"_wpcf7_locale\" value=\"es_ES\" \/>\n<input type=\"hidden\" name=\"_wpcf7_unit_tag\" value=\"wpcf7-f7483-o1\" \/>\n<input type=\"hidden\" name=\"_wpcf7_container_post\" value=\"0\" \/>\n<input type=\"hidden\" name=\"_wpcf7_posted_data_hash\" value=\"\" \/>\n<\/div>\n<div style=\"display:none\"><span class=\"wpcf7-form-control-wrap\" data-name=\"donde\"><input size=\"40\" maxlength=\"400\" class=\"wpcf7-form-control wpcf7-text custom-contact-input donde\" aria-invalid=\"false\" value=\"\" type=\"text\" name=\"donde\" \/><\/span><\/div>\n<div class=\"row\">\n    <div class=\"col-lg-6\">\n        <i class=\"Simple-Line-Icons-user text-color-light\"><\/i><span class=\"wpcf7-form-control-wrap\" data-name=\"your-name\"><input size=\"40\" maxlength=\"400\" class=\"wpcf7-form-control wpcf7-text wpcf7-validates-as-required custom-contact-input\" aria-required=\"true\" aria-invalid=\"false\" placeholder=\"Nombre *\" value=\"\" type=\"text\" name=\"your-name\" \/><\/span>\n    <\/div>\n    <div class=\"col-lg-6\">\n        <i class=\"Simple-Line-Icons-envelope text-color-light\"><\/i><span class=\"wpcf7-form-control-wrap\" data-name=\"your-email\"><input size=\"40\" maxlength=\"400\" class=\"wpcf7-form-control wpcf7-email wpcf7-validates-as-required wpcf7-text wpcf7-validates-as-email custom-contact-input\" aria-required=\"true\" aria-invalid=\"false\" placeholder=\"Email *\" value=\"\" type=\"email\" name=\"your-email\" \/><\/span>\n    <\/div>\n<\/div>\n<div class=\"row\">\n    <div class=\"col-lg-6\">\n        <i class=\"Simple-Line-Icons-call-out icons text-color-light\"><\/i><span class=\"wpcf7-form-control-wrap\" data-name=\"your-phone\"><input size=\"40\" maxlength=\"400\" class=\"wpcf7-form-control wpcf7-text custom-contact-input\" aria-invalid=\"false\" placeholder=\"Tel\u00e9fono\" value=\"\" type=\"text\" name=\"your-phone\" \/><\/span>\n    <\/div>\n<\/div>\n<div class=\"row\">\n    <div class=\"col-md-12\">\n        <div class=\"row\">\n            <div class=\"text-left text-checkbox\"><span class=\"wpcf7-form-control-wrap\" data-name=\"resumen\"><span class=\"wpcf7-form-control wpcf7-acceptance optional\"><span class=\"wpcf7-list-item\"><label><input type=\"checkbox\" name=\"resumen\" value=\"1\" aria-invalid=\"false\" \/><span class=\"wpcf7-list-item-label\">Deseo recibir los res\u00famenes de libros<\/span><\/label><\/span><\/span><\/span><\/div>\n            <div class=\"text-left text-checkbox\"><span class=\"wpcf7-form-control-wrap\" data-name=\"webinars\"><span class=\"wpcf7-form-control wpcf7-acceptance optional\"><span class=\"wpcf7-list-item\"><label><input type=\"checkbox\" name=\"webinars\" value=\"1\" aria-invalid=\"false\" \/><span class=\"wpcf7-list-item-label\">Deseo recibir invitaciones a webinars<\/span><\/label><\/span><\/span><\/span><\/div>\n            <div class=\"text-left text-checkbox\"><span class=\"wpcf7-form-control-wrap\" data-name=\"boletin\"><span class=\"wpcf7-form-control wpcf7-acceptance optional\"><span class=\"wpcf7-list-item\"><label><input type=\"checkbox\" name=\"boletin\" value=\"1\" aria-invalid=\"false\" \/><span class=\"wpcf7-list-item-label\">Deseo recibir el bolet\u00edn quincenal<\/span><\/label><\/span><\/span><\/span><\/div>\n        <\/div>\n    <\/div>\n<\/div>\n<div class=\"row center\">\n    <div class=\"col-lg-12\"><input class=\"wpcf7-form-control wpcf7-submit has-spinner custom-btn-style-4\" type=\"submit\" value=\"ENVIAR\" \/><\/div>\n<\/div>\n\n<style>\n.text-checkbox{\ndisplay:block !important;\nwidth: 100%;\ncolor: #fff;\n}\n.wpcf7-form > .row > *{ margin-bottom: 25px; }\n.wpcf7-form i{ position: absolute; top: 10px; }\n.wpcf7-form-control.custom-contact-input {\n    width: 100%;\n    background: none;\n    border: 0px;\n    border-bottom: 1px solid rgba(255, 255, 255, 0.2);\n    box-shadow: none;\n    padding: 10px 10px 10px 30px;\n    color: #fff;\n    -webkit-appearance: none;\n    -moz-appearance: none;\n    -ms-appearance: none;\n    -o-appearance: none;\n    appearance: none;\n}\n.custom-select-style:after {\n    content: '';\n    display: block;\n    position: absolute;\n    top: 50%;\n    right: 25px;\n    width: 10px;\n    height: 10px;\n    border-right: 1px solid #c8d4ea;\n    border-bottom: 1px solid #c8d4ea;\n    z-index: 0;\n    -webkit-transform: translateY(-50%) rotate(45deg);\n    -moz-transform: translateY(-50%) rotate(45deg);\n    -ms-transform: translateY(-50%) rotate(45deg);\n    -o-transform: translateY(-50%) rotate(45deg);\n    transform: translateY(-50%) rotate(45deg);\n}\nselect.custom-contact-input option { color: #818898; }\n.wpcf7-submit.custom-btn-style-4 {\n    background: transparent !important;\n    color: #FFF;\n    font-weight: 900 !important;\n    border: 2px solid #fff !important;\n    padding: 10px 20px !important;\n    font-size: 14px;\n    border-radius: 0px !important;\n}\n.wpcf7-submit.custom-btn-style-4:hover {\n    background: #FFF !important;\n    color: #6a80a9 !important;\n}\n::-webkit-input-placeholder { color: #c8d4ea; }\n::-moz-placeholder { color: #c8d4ea; }\n:-ms-input-placeholder { color: #c8d4ea; }\n:-moz-placeholder{ color: #c8d4ea; }\n@media(max-width: 991px){\n\t.wpcf7-form > .row > *{ margin-bottom: 15px; }\n\t.wpcf7-form .row.center{ margin-top: 10px; }\n}\n<\/style><div class=\"wpcf7-response-output\" aria-hidden=\"true\"><\/div>\n<\/form>\n<\/div>\n<\/div>[\/vc_column][\/vc_row]<\/p>\n<\/div>","protected":false},"excerpt":{"rendered":"<p>[vc_row full_width=\u00bbstretch_row_content\u00bb css=\u00bb.vc_custom_1584804929969{padding-top: 58px !important;padding-bottom: 58px !important;background-image: url(https:\/\/proyectum.com\/co\/wp-content\/uploads\/2018\/09\/curso-tipo.png?id=6990) !important;background-position: center !important;background-repeat: no-repeat !important;background-size: cover !important;}\u00bb][vc_column width=\u00bb1\/2&#8243;][vc_custom_heading text=\u00bbCapacitaci\u00f3n Microsoft Project Professional para Administradores de Proyectos-B\u00e1sico\/Intermedio\u00bb font_container=\u00bbtag:h1|font_size:40|text_align:center|color:%23ffffff\u00bb use_theme_fonts=\u00bbyes\u00bb css=\u00bb.vc_custom_1638554379642{padding-top: 55px !important;padding-left: 75px !important;}\u00bb][\/vc_column][vc_column width=\u00bb1\/2&#8243;][vc_single_image image=\u00bb9634&#8243; img_size=\u00bb200&#215;170&#8243; css=\u00bb.vc_custom_1602877877665{padding-left: 250px !important;}\u00bb][\/vc_column][\/vc_row][vc_column][\/vc_column][vc_row][vc_column width=\u00bb2\/3&#8243;][vc_column_text css=\u00bb.vc_custom_1683822012669{padding-top: 20px !important;}\u00bb] Este curso est\u00e1 orientado al control y monitoreo de proyectos utilizando una herramienta de [&hellip;]<\/p>\n","protected":false},"author":26,"featured_media":0,"parent":7466,"menu_order":0,"comment_status":"closed","ping_status":"closed","template":"","meta":{"_acf_changed":false,"footnotes":""},"acf":[],"yoast_head":"<!-- This site is optimized with the Yoast SEO plugin v24.5 - https:\/\/yoast.com\/wordpress\/plugins\/seo\/ -->\n<title>Capacitaci\u00f3n Microsoft Project Professional para Administradores de Proyectos-B\u00e1sico\/Intermedio - Proyectum Colombia<\/title>\n<meta name=\"robots\" content=\"index, follow, max-snippet:-1, max-image-preview:large, max-video-preview:-1\" \/>\n<link rel=\"canonical\" href=\"https:\/\/proyectum.com\/co\/capacitacion\/project_basico_intermedio\/\" \/>\n<meta property=\"og:locale\" content=\"es_ES\" \/>\n<meta property=\"og:type\" content=\"article\" \/>\n<meta property=\"og:title\" content=\"Capacitaci\u00f3n Microsoft Project Professional para Administradores de Proyectos-B\u00e1sico\/Intermedio - Proyectum Colombia\" \/>\n<meta property=\"og:description\" content=\"[vc_row full_width=\u00bbstretch_row_content\u00bb css=\u00bb.vc_custom_1584804929969{padding-top: 58px !important;padding-bottom: 58px !important;background-image: url(https:\/\/proyectum.com\/co\/wp-content\/uploads\/2018\/09\/curso-tipo.png?id=6990) !important;background-position: center !important;background-repeat: no-repeat !important;background-size: cover !important;}\u00bb][vc_column width=\u00bb1\/2&#8243;][vc_custom_heading text=\u00bbCapacitaci\u00f3n Microsoft Project Professional para Administradores de Proyectos-B\u00e1sico\/Intermedio\u00bb font_container=\u00bbtag:h1|font_size:40|text_align:center|color:%23ffffff\u00bb use_theme_fonts=\u00bbyes\u00bb css=\u00bb.vc_custom_1638554379642{padding-top: 55px !important;padding-left: 75px !important;}\u00bb][\/vc_column][vc_column width=\u00bb1\/2&#8243;][vc_single_image image=\u00bb9634&#8243; img_size=\u00bb200&#215;170&#8243; css=\u00bb.vc_custom_1602877877665{padding-left: 250px !important;}\u00bb][\/vc_column][\/vc_row][vc_column][\/vc_column][vc_row][vc_column width=\u00bb2\/3&#8243;][vc_column_text css=\u00bb.vc_custom_1683822012669{padding-top: 20px !important;}\u00bb] Este curso est\u00e1 orientado al control y monitoreo de proyectos utilizando una herramienta de [&hellip;]\" \/>\n<meta property=\"og:url\" content=\"https:\/\/proyectum.com\/co\/capacitacion\/project_basico_intermedio\/\" \/>\n<meta property=\"og:site_name\" content=\"Proyectum Colombia\" \/>\n<meta property=\"article:publisher\" content=\"https:\/\/www.facebook.com\/proyectumcr\/\" \/>\n<meta property=\"article:modified_time\" content=\"2025-04-22T14:49:03+00:00\" \/>\n<meta name=\"twitter:card\" content=\"summary_large_image\" \/>\n<meta name=\"twitter:label1\" content=\"Tiempo de lectura\" \/>\n\t<meta name=\"twitter:data1\" content=\"3 minutos\" \/>\n<script type=\"application\/ld+json\" class=\"yoast-schema-graph\">{\"@context\":\"https:\/\/schema.org\",\"@graph\":[{\"@type\":\"WebPage\",\"@id\":\"https:\/\/proyectum.com\/co\/capacitacion\/project_basico_intermedio\/\",\"url\":\"https:\/\/proyectum.com\/co\/capacitacion\/project_basico_intermedio\/\",\"name\":\"Capacitaci\u00f3n Microsoft Project Professional para Administradores de Proyectos-B\u00e1sico\/Intermedio - Proyectum Colombia\",\"isPartOf\":{\"@id\":\"https:\/\/proyectum.com\/co\/#website\"},\"datePublished\":\"2021-12-03T15:11:06+00:00\",\"dateModified\":\"2025-04-22T14:49:03+00:00\",\"breadcrumb\":{\"@id\":\"https:\/\/proyectum.com\/co\/capacitacion\/project_basico_intermedio\/#breadcrumb\"},\"inLanguage\":\"es\",\"potentialAction\":[{\"@type\":\"ReadAction\",\"target\":[\"https:\/\/proyectum.com\/co\/capacitacion\/project_basico_intermedio\/\"]}]},{\"@type\":\"BreadcrumbList\",\"@id\":\"https:\/\/proyectum.com\/co\/capacitacion\/project_basico_intermedio\/#breadcrumb\",\"itemListElement\":[{\"@type\":\"ListItem\",\"position\":1,\"name\":\"Home\",\"item\":\"https:\/\/proyectum.com\/co\/\"},{\"@type\":\"ListItem\",\"position\":2,\"name\":\"Capacitaciones\",\"item\":\"https:\/\/proyectum.com\/co\/capacitacion\/\"},{\"@type\":\"ListItem\",\"position\":3,\"name\":\"Capacitaci\u00f3n Microsoft Project Professional para Administradores de Proyectos-B\u00e1sico\/Intermedio\"}]},{\"@type\":\"WebSite\",\"@id\":\"https:\/\/proyectum.com\/co\/#website\",\"url\":\"https:\/\/proyectum.com\/co\/\",\"name\":\"Proyectum Costa Rica\",\"description\":\"Centro Autorizado de Capacitaci\u00f3n del Project Management Institute - ATP del PMI\",\"publisher\":{\"@id\":\"https:\/\/proyectum.com\/co\/#organization\"},\"potentialAction\":[{\"@type\":\"SearchAction\",\"target\":{\"@type\":\"EntryPoint\",\"urlTemplate\":\"https:\/\/proyectum.com\/co\/?s={search_term_string}\"},\"query-input\":{\"@type\":\"PropertyValueSpecification\",\"valueRequired\":true,\"valueName\":\"search_term_string\"}}],\"inLanguage\":\"es\"},{\"@type\":\"Organization\",\"@id\":\"https:\/\/proyectum.com\/co\/#organization\",\"name\":\"Proyectum Costa Rica\",\"url\":\"https:\/\/proyectum.com\/co\/\",\"logo\":{\"@type\":\"ImageObject\",\"inLanguage\":\"es\",\"@id\":\"https:\/\/proyectum.com\/co\/#\/schema\/logo\/image\/\",\"url\":\"https:\/\/i0.wp.com\/proyectum.com\/co\/wp-content\/uploads\/proyectum-logo-snippet.png?fit=600%2C315&ssl=1\",\"contentUrl\":\"https:\/\/i0.wp.com\/proyectum.com\/co\/wp-content\/uploads\/proyectum-logo-snippet.png?fit=600%2C315&ssl=1\",\"width\":600,\"height\":315,\"caption\":\"Proyectum Costa Rica\"},\"image\":{\"@id\":\"https:\/\/proyectum.com\/co\/#\/schema\/logo\/image\/\"},\"sameAs\":[\"https:\/\/www.facebook.com\/proyectumcr\/\",\"https:\/\/www.instagram.com\/proyectumcostarica\/\",\"https:\/\/www.linkedin.com\/company\/proyectum-costarica\/\",\"https:\/\/www.youtube.com\/channel\/UCljouWimyhK_cNcC2jniUgw\"]}]}<\/script>\n<!-- \/ Yoast SEO plugin. -->","yoast_head_json":{"title":"Capacitaci\u00f3n Microsoft Project Professional para Administradores de Proyectos-B\u00e1sico\/Intermedio - Proyectum Colombia","robots":{"index":"index","follow":"follow","max-snippet":"max-snippet:-1","max-image-preview":"max-image-preview:large","max-video-preview":"max-video-preview:-1"},"canonical":"https:\/\/proyectum.com\/co\/capacitacion\/project_basico_intermedio\/","og_locale":"es_ES","og_type":"article","og_title":"Capacitaci\u00f3n Microsoft Project Professional para Administradores de Proyectos-B\u00e1sico\/Intermedio - Proyectum Colombia","og_description":"[vc_row full_width=\u00bbstretch_row_content\u00bb css=\u00bb.vc_custom_1584804929969{padding-top: 58px !important;padding-bottom: 58px !important;background-image: url(https:\/\/proyectum.com\/co\/wp-content\/uploads\/2018\/09\/curso-tipo.png?id=6990) !important;background-position: center !important;background-repeat: no-repeat !important;background-size: cover !important;}\u00bb][vc_column width=\u00bb1\/2&#8243;][vc_custom_heading text=\u00bbCapacitaci\u00f3n Microsoft Project Professional para Administradores de Proyectos-B\u00e1sico\/Intermedio\u00bb font_container=\u00bbtag:h1|font_size:40|text_align:center|color:%23ffffff\u00bb use_theme_fonts=\u00bbyes\u00bb css=\u00bb.vc_custom_1638554379642{padding-top: 55px !important;padding-left: 75px !important;}\u00bb][\/vc_column][vc_column width=\u00bb1\/2&#8243;][vc_single_image image=\u00bb9634&#8243; img_size=\u00bb200&#215;170&#8243; css=\u00bb.vc_custom_1602877877665{padding-left: 250px !important;}\u00bb][\/vc_column][\/vc_row][vc_column][\/vc_column][vc_row][vc_column width=\u00bb2\/3&#8243;][vc_column_text css=\u00bb.vc_custom_1683822012669{padding-top: 20px !important;}\u00bb] Este curso est\u00e1 orientado al control y monitoreo de proyectos utilizando una herramienta de [&hellip;]","og_url":"https:\/\/proyectum.com\/co\/capacitacion\/project_basico_intermedio\/","og_site_name":"Proyectum Colombia","article_publisher":"https:\/\/www.facebook.com\/proyectumcr\/","article_modified_time":"2025-04-22T14:49:03+00:00","twitter_card":"summary_large_image","twitter_misc":{"Tiempo de lectura":"3 minutos"},"schema":{"@context":"https:\/\/schema.org","@graph":[{"@type":"WebPage","@id":"https:\/\/proyectum.com\/co\/capacitacion\/project_basico_intermedio\/","url":"https:\/\/proyectum.com\/co\/capacitacion\/project_basico_intermedio\/","name":"Capacitaci\u00f3n Microsoft Project Professional para Administradores de Proyectos-B\u00e1sico\/Intermedio - Proyectum Colombia","isPartOf":{"@id":"https:\/\/proyectum.com\/co\/#website"},"datePublished":"2021-12-03T15:11:06+00:00","dateModified":"2025-04-22T14:49:03+00:00","breadcrumb":{"@id":"https:\/\/proyectum.com\/co\/capacitacion\/project_basico_intermedio\/#breadcrumb"},"inLanguage":"es","potentialAction":[{"@type":"ReadAction","target":["https:\/\/proyectum.com\/co\/capacitacion\/project_basico_intermedio\/"]}]},{"@type":"BreadcrumbList","@id":"https:\/\/proyectum.com\/co\/capacitacion\/project_basico_intermedio\/#breadcrumb","itemListElement":[{"@type":"ListItem","position":1,"name":"Home","item":"https:\/\/proyectum.com\/co\/"},{"@type":"ListItem","position":2,"name":"Capacitaciones","item":"https:\/\/proyectum.com\/co\/capacitacion\/"},{"@type":"ListItem","position":3,"name":"Capacitaci\u00f3n Microsoft Project Professional para Administradores de Proyectos-B\u00e1sico\/Intermedio"}]},{"@type":"WebSite","@id":"https:\/\/proyectum.com\/co\/#website","url":"https:\/\/proyectum.com\/co\/","name":"Proyectum Costa Rica","description":"Centro Autorizado de Capacitaci\u00f3n del Project Management Institute - ATP del PMI","publisher":{"@id":"https:\/\/proyectum.com\/co\/#organization"},"potentialAction":[{"@type":"SearchAction","target":{"@type":"EntryPoint","urlTemplate":"https:\/\/proyectum.com\/co\/?s={search_term_string}"},"query-input":{"@type":"PropertyValueSpecification","valueRequired":true,"valueName":"search_term_string"}}],"inLanguage":"es"},{"@type":"Organization","@id":"https:\/\/proyectum.com\/co\/#organization","name":"Proyectum Costa Rica","url":"https:\/\/proyectum.com\/co\/","logo":{"@type":"ImageObject","inLanguage":"es","@id":"https:\/\/proyectum.com\/co\/#\/schema\/logo\/image\/","url":"https:\/\/i0.wp.com\/proyectum.com\/co\/wp-content\/uploads\/proyectum-logo-snippet.png?fit=600%2C315&ssl=1","contentUrl":"https:\/\/i0.wp.com\/proyectum.com\/co\/wp-content\/uploads\/proyectum-logo-snippet.png?fit=600%2C315&ssl=1","width":600,"height":315,"caption":"Proyectum Costa Rica"},"image":{"@id":"https:\/\/proyectum.com\/co\/#\/schema\/logo\/image\/"},"sameAs":["https:\/\/www.facebook.com\/proyectumcr\/","https:\/\/www.instagram.com\/proyectumcostarica\/","https:\/\/www.linkedin.com\/company\/proyectum-costarica\/","https:\/\/www.youtube.com\/channel\/UCljouWimyhK_cNcC2jniUgw"]}]}},"jetpack_sharing_enabled":true,"_links":{"self":[{"href":"https:\/\/proyectum.com\/co\/wp-json\/wp\/v2\/pages\/11131"}],"collection":[{"href":"https:\/\/proyectum.com\/co\/wp-json\/wp\/v2\/pages"}],"about":[{"href":"https:\/\/proyectum.com\/co\/wp-json\/wp\/v2\/types\/page"}],"author":[{"embeddable":true,"href":"https:\/\/proyectum.com\/co\/wp-json\/wp\/v2\/users\/26"}],"replies":[{"embeddable":true,"href":"https:\/\/proyectum.com\/co\/wp-json\/wp\/v2\/comments?post=11131"}],"version-history":[{"count":12,"href":"https:\/\/proyectum.com\/co\/wp-json\/wp\/v2\/pages\/11131\/revisions"}],"predecessor-version":[{"id":12269,"href":"https:\/\/proyectum.com\/co\/wp-json\/wp\/v2\/pages\/11131\/revisions\/12269"}],"up":[{"embeddable":true,"href":"https:\/\/proyectum.com\/co\/wp-json\/wp\/v2\/pages\/7466"}],"wp:attachment":[{"href":"https:\/\/proyectum.com\/co\/wp-json\/wp\/v2\/media?parent=11131"}],"curies":[{"name":"wp","href":"https:\/\/api.w.org\/{rel}","templated":true}]}}