{"id":12432,"date":"2025-08-05T13:15:48","date_gmt":"2025-08-05T18:15:48","guid":{"rendered":"https:\/\/proyectum.com\/co\/?page_id=12432"},"modified":"2025-10-02T15:59:15","modified_gmt":"2025-10-02T20:59:15","slug":"inteligencia-artificial-para-project-managers","status":"publish","type":"page","link":"https:\/\/proyectum.com\/co\/capacitacion\/inteligencia-artificial-para-project-managers\/","title":{"rendered":"Inteligencia Artificial para Project Managers"},"content":{"rendered":"<div class=\"wpb-content-wrapper\"><p>[vc_row full_width=\u00bbstretch_row_content\u00bb conditional_render=\u00bb%5B%7B%22value_role%22%3A%22administrator%22%7D%5D\u00bb][vc_column width=\u00bb1\/2&#8243;][vc_custom_heading text=\u00bbInteligencia Artificial para Project Managers\u00bb font_container=\u00bbtag:h1|font_size:40|text_align:center\u00bb use_theme_fonts=\u00bbyes\u00bb css=\u00bb\u00bb][\/vc_column][vc_column width=\u00bb1\/2&#8243;][vc_single_image image=\u00bb12439&#8243; img_size=\u00bb200&#215;170&#8243; css=\u00bb\u00bb][\/vc_column][\/vc_row][vc_row][vc_column width=\u00bb2\/3&#8243;][vc_column_text css=\u00bb\u00bb]\u00a1Proyectum te ayuda a mantenerte actualizado con las novedades de la industria!<\/p>\n<p>Este curso intensivo\u00a0 est\u00e1 dise\u00f1ado para proporcionar a los profesionales de la gesti\u00f3n de proyectos una comprensi\u00f3n pr\u00e1ctica y profunda de c\u00f3mo la inteligencia artificial, y en particular la IA generativa, puede transformar sus pr\u00e1cticas y mejorar los resultados de los proyectos.<\/p>\n<p>A trav\u00e9s de m\u00f3dulos te\u00f3ricos y pr\u00e1cticos, los participantes aprender\u00e1n a aplicar herramientas y t\u00e9cnicas de IA, formular prompts efectivos y liderar la implementaci\u00f3n de soluciones de GenAI en sus organizaciones.<\/p>\n<p>El curso incluye una introducci\u00f3n a los conceptos b\u00e1sicos de IA, un an\u00e1lisis del paisaje de datos de GenAI, t\u00e9cnicas avanzadas de ingenier\u00eda de prompts, y aplicaciones pr\u00e1cticas de GenAI en proyectos.<\/p>\n<p>Adem\u00e1s, se realizar\u00e1n talleres pr\u00e1cticos y discusiones para consolidar los conocimientos adquiridos.<\/p>\n<ul>\n<li><strong>Duraci\u00f3n:<\/strong>\u00a09 horas de capacitaci\u00f3n<\/li>\n<li><strong>Con material en ESPA\u00d1OL<\/strong><\/li>\n<li><strong>Modalidad:<\/strong>\u00a0Online<\/li>\n<li><strong>Requisitos:<\/strong>\u00a0No tiene requisitos<\/li>\n<li><strong>Hora: <span data-olk-copy-source=\"MessageBody\">6:30pm a 9:30pm\u00a0<\/span><\/strong><\/li>\n<\/ul>\n<p><em>Si ya tomaste un curso con nosotros, tienes un\u00a0<strong>10% de descuento<\/strong>\u00a0en\u00a0<strong>todos<\/strong>\u00a0nuestros cursos.\u00a0<\/em><em>\u00a1<strong>Solic\u00edtalo<\/strong>! (Aplican restricciones)<\/em><\/p>\n<p><strong>\u00a1Aprovecha nuestros descuentos por grupos en TODOS nuestros cursos!<\/strong>[\/vc_column_text][\/vc_column][vc_column width=\u00bb1\/3&#8243;][vc_images_carousel images=\u00bb12441&#8243; img_size=\u00bb200&#215;100&#8243; onclick=\u00bbcustom_link\u00bb custom_links_target=\u00bb_blank\u00bb speed=\u00bb2500&#8243; autoplay=\u00bbyes\u00bb hide_pagination_control=\u00bbyes\u00bb hide_prev_next_buttons=\u00bbyes\u00bb wrap=\u00bbyes\u00bb css=\u00bb\u00bb]<div class=\"porto-u-heading  wpb_custom_95aa9a11c17ad45cfabaf210d84ee7cc porto-u-5515\"><div class=\"porto-u-main-heading\"><h2  >CAPACITACI\u00d3N<\/h2><\/div><style>.porto-u-5515.porto-u-heading{text-align:center}<\/style><\/div>[vc_tta_accordion][vc_tta_section title=\u00bbAGILIDAD\u00bb tab_id=\u00bb1754416759088-103817e0-097e\u00bb][vc_wp_custommenu nav_menu=\u00bb73&#8243;][\/vc_tta_section][vc_tta_section title=\u00bbCERTIFICACIONES\u00bb tab_id=\u00bb1754416759118-ab941a52-c815&#8243;][vc_wp_custommenu nav_menu=\u00bb75&#8243;][\/vc_tta_section][vc_tta_section title=\u00bbM\u00c1S PROGRAMAS&#8230;\u00bb tab_id=\u00bb1754416917242-cfc4f4f3-cea8&#8243;][vc_wp_custommenu nav_menu=\u00bb74&#8243;][\/vc_tta_section][\/vc_tta_accordion][\/vc_column][\/vc_row][vc_row][vc_column][vc_tta_tabs active_section=\u00bb1&#8243;][vc_tta_section title=\u00bbPerfil\u00bb tab_id=\u00bb1754414275836-ca7920d0-e03b\u00bb][vc_column_text css=\u00bb\u00bb]<strong>En este taller podr\u00e1n participar:\u00a0<\/strong><\/p>\n<ul>\n<li><strong>Project Managers<\/strong>: Profesionales responsables de la planificaci\u00f3n, ejecuci\u00f3n y cierre de proyectos que buscan mejorar sus habilidades y conocimientos en el uso de IA y GenAI.<\/li>\n<li><strong>Team Leaders<\/strong>: L\u00edderes de equipos de proyectos que desean integrar tecnolog\u00edas avanzadas de IA en sus procesos de trabajo.<\/li>\n<li><strong>Data Analysts<\/strong>: Analistas de datos interesados en aplicar t\u00e9cnicas de GenAI para mejorar la gesti\u00f3n de proyectos.<\/li>\n<li><strong>IT Professionals<\/strong>: Profesionales de TI que buscan comprender c\u00f3mo la IA puede ser utilizada para optimizar la gesti\u00f3n de proyectos.<\/li>\n<li><strong>Business Analysts<\/strong>: Analistas de negocios que desean explorar el impacto de la IA en la toma de decisiones y la eficiencia de los proyectos.<\/li>\n<\/ul>\n<p>[\/vc_column_text][\/vc_tta_section][vc_tta_section title=\u00bbTemario\u00bb tab_id=\u00bb1754414275863-c3d28c68-5cb7&#8243;][vc_column_text css=\u00bb\u00bb]<\/p>\n<ul>\n<li><strong>Inteligencia ArtificiaI Generativa para Project Managers<\/strong><\/li>\n<li><strong>Fundamentos del Paisaje de Datos<\/strong><\/li>\n<li><strong>Paisaje de Datos de GenAI para Project Managers<\/strong><\/li>\n<li><strong>Fundamentos de la Ingenier\u00eda de Prompts<\/strong><\/li>\n<li><strong>Ingenier\u00eda de Prompts para Project Managers<\/strong><\/li>\n<li><strong>Herramientas y Tecnolog\u00edas de GenAI<\/strong><\/li>\n<li><strong>Aplicaciones pr\u00e1cticas de GenAI para Project Managers<\/strong><\/li>\n<li><strong>Taller Pr\u00e1ctico<\/strong><\/li>\n<li><strong>Discusi\u00f3n y Conclusiones<\/strong><\/li>\n<\/ul>\n<p>[\/vc_column_text][\/vc_tta_section][vc_tta_section title=\u00bbObjetivo\u00bb tab_id=\u00bb1754414279306-c2e2c195-13c6&#8243;][vc_column_text css=\u00bb\u00bb]<\/p>\n<ul>\n<li>Proporcionar una comprensi\u00f3n profunda de los conceptos b\u00e1sicos y avanzados de la inteligencia artificial (IA) y la IA generativa (GenAI).<\/li>\n<li>Ense\u00f1ar a los participantes c\u00f3mo aplicar herramientas y t\u00e9cnicas de GenAI en la gesti\u00f3n de proyectos.<\/li>\n<li>Desarrollar habilidades en la ingenier\u00eda de prompts para interactuar eficazmente con sistemas de IA.<\/li>\n<li>Facilitar la integraci\u00f3n de GenAI en los procesos de gesti\u00f3n de proyectos para mejorar la toma de decisiones y los resultados.<\/li>\n<li>Ofrecer experiencias pr\u00e1cticas y estudios de caso para implementar GenAI en proyectos reales.<\/li>\n<\/ul>\n<p>[\/vc_column_text][\/vc_tta_section][\/vc_tta_tabs][\/vc_column][\/vc_row][vc_row][vc_column]<div class=\"porto-container container\">[vc_custom_heading text=\u00bb\u00bfQuieres m\u00e1s informaci\u00f3n sobre el taller de Inteligencia Artificial para Project Managers?\u00bb use_theme_fonts=\u00bbyes\u00bb css=\u00bb\u00bb text_transform=\u00bbtext-uppercase\u00bb][vc_column_text css=\u00bb\u00bb el_class=\u00bbtext-color-dark m-b-md\u00bb]<span style=\"font-size: 16px; color: #c6d4ee;\">D\u00e9janos tus datos para que te llamemos<\/span>[\/vc_column_text]\n<div class=\"wpcf7 no-js\" id=\"wpcf7-f7483-o1\" lang=\"es-ES\" dir=\"ltr\">\n<div class=\"screen-reader-response\"><p role=\"status\" aria-live=\"polite\" aria-atomic=\"true\"><\/p> <ul><\/ul><\/div>\n<form action=\"\/co\/wp-json\/wp\/v2\/pages\/12432#wpcf7-f7483-o1\" method=\"post\" class=\"wpcf7-form init\" aria-label=\"Formulario de contacto\" novalidate=\"novalidate\" data-status=\"init\">\n<div style=\"display: none;\">\n<input type=\"hidden\" name=\"_wpcf7\" value=\"7483\" \/>\n<input type=\"hidden\" name=\"_wpcf7_version\" value=\"5.9.8\" \/>\n<input type=\"hidden\" name=\"_wpcf7_locale\" value=\"es_ES\" \/>\n<input type=\"hidden\" name=\"_wpcf7_unit_tag\" value=\"wpcf7-f7483-o1\" \/>\n<input type=\"hidden\" name=\"_wpcf7_container_post\" value=\"0\" \/>\n<input type=\"hidden\" name=\"_wpcf7_posted_data_hash\" value=\"\" \/>\n<\/div>\n<div style=\"display:none\"><span class=\"wpcf7-form-control-wrap\" data-name=\"donde\"><input size=\"40\" maxlength=\"400\" class=\"wpcf7-form-control wpcf7-text custom-contact-input donde\" aria-invalid=\"false\" value=\"\" type=\"text\" name=\"donde\" \/><\/span><\/div>\n<div class=\"row\">\n    <div class=\"col-lg-6\">\n        <i class=\"Simple-Line-Icons-user text-color-light\"><\/i><span class=\"wpcf7-form-control-wrap\" data-name=\"your-name\"><input size=\"40\" maxlength=\"400\" class=\"wpcf7-form-control wpcf7-text wpcf7-validates-as-required custom-contact-input\" aria-required=\"true\" aria-invalid=\"false\" placeholder=\"Nombre *\" value=\"\" type=\"text\" name=\"your-name\" \/><\/span>\n    <\/div>\n    <div class=\"col-lg-6\">\n        <i class=\"Simple-Line-Icons-envelope text-color-light\"><\/i><span class=\"wpcf7-form-control-wrap\" data-name=\"your-email\"><input size=\"40\" maxlength=\"400\" class=\"wpcf7-form-control wpcf7-email wpcf7-validates-as-required wpcf7-text wpcf7-validates-as-email custom-contact-input\" aria-required=\"true\" aria-invalid=\"false\" placeholder=\"Email *\" value=\"\" type=\"email\" name=\"your-email\" \/><\/span>\n    <\/div>\n<\/div>\n<div class=\"row\">\n    <div class=\"col-lg-6\">\n        <i class=\"Simple-Line-Icons-call-out icons text-color-light\"><\/i><span class=\"wpcf7-form-control-wrap\" data-name=\"your-phone\"><input size=\"40\" maxlength=\"400\" class=\"wpcf7-form-control wpcf7-text custom-contact-input\" aria-invalid=\"false\" placeholder=\"Tel\u00e9fono\" value=\"\" type=\"text\" name=\"your-phone\" \/><\/span>\n    <\/div>\n<\/div>\n<div class=\"row\">\n    <div class=\"col-md-12\">\n        <div class=\"row\">\n            <div class=\"text-left text-checkbox\"><span class=\"wpcf7-form-control-wrap\" data-name=\"resumen\"><span class=\"wpcf7-form-control wpcf7-acceptance optional\"><span class=\"wpcf7-list-item\"><label><input type=\"checkbox\" name=\"resumen\" value=\"1\" aria-invalid=\"false\" \/><span class=\"wpcf7-list-item-label\">Deseo recibir los res\u00famenes de libros<\/span><\/label><\/span><\/span><\/span><\/div>\n            <div class=\"text-left text-checkbox\"><span class=\"wpcf7-form-control-wrap\" data-name=\"webinars\"><span class=\"wpcf7-form-control wpcf7-acceptance optional\"><span class=\"wpcf7-list-item\"><label><input type=\"checkbox\" name=\"webinars\" value=\"1\" aria-invalid=\"false\" \/><span class=\"wpcf7-list-item-label\">Deseo recibir invitaciones a webinars<\/span><\/label><\/span><\/span><\/span><\/div>\n            <div class=\"text-left text-checkbox\"><span class=\"wpcf7-form-control-wrap\" data-name=\"boletin\"><span class=\"wpcf7-form-control wpcf7-acceptance optional\"><span class=\"wpcf7-list-item\"><label><input type=\"checkbox\" name=\"boletin\" value=\"1\" aria-invalid=\"false\" \/><span class=\"wpcf7-list-item-label\">Deseo recibir el bolet\u00edn quincenal<\/span><\/label><\/span><\/span><\/span><\/div>\n        <\/div>\n    <\/div>\n<\/div>\n<div class=\"row center\">\n    <div class=\"col-lg-12\"><input class=\"wpcf7-form-control wpcf7-submit has-spinner custom-btn-style-4\" type=\"submit\" value=\"ENVIAR\" \/><\/div>\n<\/div>\n\n<style>\n.text-checkbox{\ndisplay:block !important;\nwidth: 100%;\ncolor: #fff;\n}\n.wpcf7-form > .row > *{ margin-bottom: 25px; }\n.wpcf7-form i{ position: absolute; top: 10px; }\n.wpcf7-form-control.custom-contact-input {\n    width: 100%;\n    background: none;\n    border: 0px;\n    border-bottom: 1px solid rgba(255, 255, 255, 0.2);\n    box-shadow: none;\n    padding: 10px 10px 10px 30px;\n    color: #fff;\n    -webkit-appearance: none;\n    -moz-appearance: none;\n    -ms-appearance: none;\n    -o-appearance: none;\n    appearance: none;\n}\n.custom-select-style:after {\n    content: '';\n    display: block;\n    position: absolute;\n    top: 50%;\n    right: 25px;\n    width: 10px;\n    height: 10px;\n    border-right: 1px solid #c8d4ea;\n    border-bottom: 1px solid #c8d4ea;\n    z-index: 0;\n    -webkit-transform: translateY(-50%) rotate(45deg);\n    -moz-transform: translateY(-50%) rotate(45deg);\n    -ms-transform: translateY(-50%) rotate(45deg);\n    -o-transform: translateY(-50%) rotate(45deg);\n    transform: translateY(-50%) rotate(45deg);\n}\nselect.custom-contact-input option { color: #818898; }\n.wpcf7-submit.custom-btn-style-4 {\n    background: transparent !important;\n    color: #FFF;\n    font-weight: 900 !important;\n    border: 2px solid #fff !important;\n    padding: 10px 20px !important;\n    font-size: 14px;\n    border-radius: 0px !important;\n}\n.wpcf7-submit.custom-btn-style-4:hover {\n    background: #FFF !important;\n    color: #6a80a9 !important;\n}\n::-webkit-input-placeholder { color: #c8d4ea; }\n::-moz-placeholder { color: #c8d4ea; }\n:-ms-input-placeholder { color: #c8d4ea; }\n:-moz-placeholder{ color: #c8d4ea; }\n@media(max-width: 991px){\n\t.wpcf7-form > .row > *{ margin-bottom: 15px; }\n\t.wpcf7-form .row.center{ margin-top: 10px; }\n}\n<\/style><div class=\"wpcf7-response-output\" aria-hidden=\"true\"><\/div>\n<\/form>\n<\/div>\n<\/div>[\/vc_column][\/vc_row]<\/p>\n<\/div>","protected":false},"excerpt":{"rendered":"<p>[vc_row full_width=\u00bbstretch_row_content\u00bb conditional_render=\u00bb%5B%7B%22value_role%22%3A%22administrator%22%7D%5D\u00bb][vc_column width=\u00bb1\/2&#8243;][vc_custom_heading text=\u00bbInteligencia Artificial para Project Managers\u00bb font_container=\u00bbtag:h1|font_size:40|text_align:center\u00bb use_theme_fonts=\u00bbyes\u00bb css=\u00bb\u00bb][\/vc_column][vc_column width=\u00bb1\/2&#8243;][vc_single_image image=\u00bb12439&#8243; img_size=\u00bb200&#215;170&#8243; css=\u00bb\u00bb][\/vc_column][\/vc_row][vc_row][vc_column width=\u00bb2\/3&#8243;][vc_column_text css=\u00bb\u00bb]\u00a1Proyectum te ayuda a mantenerte actualizado con las novedades de la industria! Este curso intensivo\u00a0 est\u00e1 dise\u00f1ado para proporcionar a los profesionales de la gesti\u00f3n de proyectos una comprensi\u00f3n pr\u00e1ctica y profunda de c\u00f3mo la inteligencia artificial, y [&hellip;]<\/p>\n","protected":false},"author":61,"featured_media":0,"parent":7466,"menu_order":0,"comment_status":"closed","ping_status":"closed","template":"","meta":{"_acf_changed":false,"footnotes":""},"acf":[],"yoast_head":"<!-- This site is optimized with the Yoast SEO plugin v24.5 - https:\/\/yoast.com\/wordpress\/plugins\/seo\/ -->\n<title>Inteligencia Artificial para Project Managers - Proyectum Colombia<\/title>\n<meta name=\"robots\" content=\"index, follow, max-snippet:-1, max-image-preview:large, max-video-preview:-1\" \/>\n<link rel=\"canonical\" href=\"https:\/\/proyectum.com\/co\/capacitacion\/inteligencia-artificial-para-project-managers\/\" \/>\n<meta property=\"og:locale\" content=\"es_ES\" \/>\n<meta property=\"og:type\" content=\"article\" \/>\n<meta property=\"og:title\" content=\"Inteligencia Artificial para Project Managers - Proyectum Colombia\" \/>\n<meta property=\"og:description\" content=\"[vc_row full_width=\u00bbstretch_row_content\u00bb conditional_render=\u00bb%5B%7B%22value_role%22%3A%22administrator%22%7D%5D\u00bb][vc_column width=\u00bb1\/2&#8243;][vc_custom_heading text=\u00bbInteligencia Artificial para Project Managers\u00bb font_container=\u00bbtag:h1|font_size:40|text_align:center\u00bb use_theme_fonts=\u00bbyes\u00bb css=\u00bb\u00bb][\/vc_column][vc_column width=\u00bb1\/2&#8243;][vc_single_image image=\u00bb12439&#8243; img_size=\u00bb200&#215;170&#8243; css=\u00bb\u00bb][\/vc_column][\/vc_row][vc_row][vc_column width=\u00bb2\/3&#8243;][vc_column_text css=\u00bb\u00bb]\u00a1Proyectum te ayuda a mantenerte actualizado con las novedades de la industria! Este curso intensivo\u00a0 est\u00e1 dise\u00f1ado para proporcionar a los profesionales de la gesti\u00f3n de proyectos una comprensi\u00f3n pr\u00e1ctica y profunda de c\u00f3mo la inteligencia artificial, y [&hellip;]\" \/>\n<meta property=\"og:url\" content=\"https:\/\/proyectum.com\/co\/capacitacion\/inteligencia-artificial-para-project-managers\/\" \/>\n<meta property=\"og:site_name\" content=\"Proyectum Colombia\" \/>\n<meta property=\"article:publisher\" content=\"https:\/\/www.facebook.com\/proyectumcr\/\" \/>\n<meta property=\"article:modified_time\" content=\"2025-10-02T20:59:15+00:00\" \/>\n<meta name=\"twitter:card\" content=\"summary_large_image\" \/>\n<meta name=\"twitter:label1\" content=\"Tiempo de lectura\" \/>\n\t<meta name=\"twitter:data1\" content=\"3 minutos\" \/>\n<script type=\"application\/ld+json\" class=\"yoast-schema-graph\">{\"@context\":\"https:\/\/schema.org\",\"@graph\":[{\"@type\":\"WebPage\",\"@id\":\"https:\/\/proyectum.com\/co\/capacitacion\/inteligencia-artificial-para-project-managers\/\",\"url\":\"https:\/\/proyectum.com\/co\/capacitacion\/inteligencia-artificial-para-project-managers\/\",\"name\":\"Inteligencia Artificial para Project Managers - Proyectum Colombia\",\"isPartOf\":{\"@id\":\"https:\/\/proyectum.com\/co\/#website\"},\"datePublished\":\"2025-08-05T18:15:48+00:00\",\"dateModified\":\"2025-10-02T20:59:15+00:00\",\"breadcrumb\":{\"@id\":\"https:\/\/proyectum.com\/co\/capacitacion\/inteligencia-artificial-para-project-managers\/#breadcrumb\"},\"inLanguage\":\"es\",\"potentialAction\":[{\"@type\":\"ReadAction\",\"target\":[\"https:\/\/proyectum.com\/co\/capacitacion\/inteligencia-artificial-para-project-managers\/\"]}]},{\"@type\":\"BreadcrumbList\",\"@id\":\"https:\/\/proyectum.com\/co\/capacitacion\/inteligencia-artificial-para-project-managers\/#breadcrumb\",\"itemListElement\":[{\"@type\":\"ListItem\",\"position\":1,\"name\":\"Home\",\"item\":\"https:\/\/proyectum.com\/co\/\"},{\"@type\":\"ListItem\",\"position\":2,\"name\":\"Capacitaciones\",\"item\":\"https:\/\/proyectum.com\/co\/capacitacion\/\"},{\"@type\":\"ListItem\",\"position\":3,\"name\":\"Inteligencia Artificial para Project Managers\"}]},{\"@type\":\"WebSite\",\"@id\":\"https:\/\/proyectum.com\/co\/#website\",\"url\":\"https:\/\/proyectum.com\/co\/\",\"name\":\"Proyectum Costa Rica\",\"description\":\"Centro Autorizado de Capacitaci\u00f3n del Project Management Institute - ATP del PMI\",\"publisher\":{\"@id\":\"https:\/\/proyectum.com\/co\/#organization\"},\"potentialAction\":[{\"@type\":\"SearchAction\",\"target\":{\"@type\":\"EntryPoint\",\"urlTemplate\":\"https:\/\/proyectum.com\/co\/?s={search_term_string}\"},\"query-input\":{\"@type\":\"PropertyValueSpecification\",\"valueRequired\":true,\"valueName\":\"search_term_string\"}}],\"inLanguage\":\"es\"},{\"@type\":\"Organization\",\"@id\":\"https:\/\/proyectum.com\/co\/#organization\",\"name\":\"Proyectum Costa Rica\",\"url\":\"https:\/\/proyectum.com\/co\/\",\"logo\":{\"@type\":\"ImageObject\",\"inLanguage\":\"es\",\"@id\":\"https:\/\/proyectum.com\/co\/#\/schema\/logo\/image\/\",\"url\":\"https:\/\/i0.wp.com\/proyectum.com\/co\/wp-content\/uploads\/proyectum-logo-snippet.png?fit=600%2C315&ssl=1\",\"contentUrl\":\"https:\/\/i0.wp.com\/proyectum.com\/co\/wp-content\/uploads\/proyectum-logo-snippet.png?fit=600%2C315&ssl=1\",\"width\":600,\"height\":315,\"caption\":\"Proyectum Costa Rica\"},\"image\":{\"@id\":\"https:\/\/proyectum.com\/co\/#\/schema\/logo\/image\/\"},\"sameAs\":[\"https:\/\/www.facebook.com\/proyectumcr\/\",\"https:\/\/www.instagram.com\/proyectumcostarica\/\",\"https:\/\/www.linkedin.com\/company\/proyectum-costarica\/\",\"https:\/\/www.youtube.com\/channel\/UCljouWimyhK_cNcC2jniUgw\"]}]}<\/script>\n<!-- \/ Yoast SEO plugin. -->","yoast_head_json":{"title":"Inteligencia Artificial para Project Managers - Proyectum Colombia","robots":{"index":"index","follow":"follow","max-snippet":"max-snippet:-1","max-image-preview":"max-image-preview:large","max-video-preview":"max-video-preview:-1"},"canonical":"https:\/\/proyectum.com\/co\/capacitacion\/inteligencia-artificial-para-project-managers\/","og_locale":"es_ES","og_type":"article","og_title":"Inteligencia Artificial para Project Managers - Proyectum Colombia","og_description":"[vc_row full_width=\u00bbstretch_row_content\u00bb conditional_render=\u00bb%5B%7B%22value_role%22%3A%22administrator%22%7D%5D\u00bb][vc_column width=\u00bb1\/2&#8243;][vc_custom_heading text=\u00bbInteligencia Artificial para Project Managers\u00bb font_container=\u00bbtag:h1|font_size:40|text_align:center\u00bb use_theme_fonts=\u00bbyes\u00bb css=\u00bb\u00bb][\/vc_column][vc_column width=\u00bb1\/2&#8243;][vc_single_image image=\u00bb12439&#8243; img_size=\u00bb200&#215;170&#8243; css=\u00bb\u00bb][\/vc_column][\/vc_row][vc_row][vc_column width=\u00bb2\/3&#8243;][vc_column_text css=\u00bb\u00bb]\u00a1Proyectum te ayuda a mantenerte actualizado con las novedades de la industria! Este curso intensivo\u00a0 est\u00e1 dise\u00f1ado para proporcionar a los profesionales de la gesti\u00f3n de proyectos una comprensi\u00f3n pr\u00e1ctica y profunda de c\u00f3mo la inteligencia artificial, y [&hellip;]","og_url":"https:\/\/proyectum.com\/co\/capacitacion\/inteligencia-artificial-para-project-managers\/","og_site_name":"Proyectum Colombia","article_publisher":"https:\/\/www.facebook.com\/proyectumcr\/","article_modified_time":"2025-10-02T20:59:15+00:00","twitter_card":"summary_large_image","twitter_misc":{"Tiempo de lectura":"3 minutos"},"schema":{"@context":"https:\/\/schema.org","@graph":[{"@type":"WebPage","@id":"https:\/\/proyectum.com\/co\/capacitacion\/inteligencia-artificial-para-project-managers\/","url":"https:\/\/proyectum.com\/co\/capacitacion\/inteligencia-artificial-para-project-managers\/","name":"Inteligencia Artificial para Project Managers - Proyectum Colombia","isPartOf":{"@id":"https:\/\/proyectum.com\/co\/#website"},"datePublished":"2025-08-05T18:15:48+00:00","dateModified":"2025-10-02T20:59:15+00:00","breadcrumb":{"@id":"https:\/\/proyectum.com\/co\/capacitacion\/inteligencia-artificial-para-project-managers\/#breadcrumb"},"inLanguage":"es","potentialAction":[{"@type":"ReadAction","target":["https:\/\/proyectum.com\/co\/capacitacion\/inteligencia-artificial-para-project-managers\/"]}]},{"@type":"BreadcrumbList","@id":"https:\/\/proyectum.com\/co\/capacitacion\/inteligencia-artificial-para-project-managers\/#breadcrumb","itemListElement":[{"@type":"ListItem","position":1,"name":"Home","item":"https:\/\/proyectum.com\/co\/"},{"@type":"ListItem","position":2,"name":"Capacitaciones","item":"https:\/\/proyectum.com\/co\/capacitacion\/"},{"@type":"ListItem","position":3,"name":"Inteligencia Artificial para Project Managers"}]},{"@type":"WebSite","@id":"https:\/\/proyectum.com\/co\/#website","url":"https:\/\/proyectum.com\/co\/","name":"Proyectum Costa Rica","description":"Centro Autorizado de Capacitaci\u00f3n del Project Management Institute - ATP del PMI","publisher":{"@id":"https:\/\/proyectum.com\/co\/#organization"},"potentialAction":[{"@type":"SearchAction","target":{"@type":"EntryPoint","urlTemplate":"https:\/\/proyectum.com\/co\/?s={search_term_string}"},"query-input":{"@type":"PropertyValueSpecification","valueRequired":true,"valueName":"search_term_string"}}],"inLanguage":"es"},{"@type":"Organization","@id":"https:\/\/proyectum.com\/co\/#organization","name":"Proyectum Costa Rica","url":"https:\/\/proyectum.com\/co\/","logo":{"@type":"ImageObject","inLanguage":"es","@id":"https:\/\/proyectum.com\/co\/#\/schema\/logo\/image\/","url":"https:\/\/i0.wp.com\/proyectum.com\/co\/wp-content\/uploads\/proyectum-logo-snippet.png?fit=600%2C315&ssl=1","contentUrl":"https:\/\/i0.wp.com\/proyectum.com\/co\/wp-content\/uploads\/proyectum-logo-snippet.png?fit=600%2C315&ssl=1","width":600,"height":315,"caption":"Proyectum Costa Rica"},"image":{"@id":"https:\/\/proyectum.com\/co\/#\/schema\/logo\/image\/"},"sameAs":["https:\/\/www.facebook.com\/proyectumcr\/","https:\/\/www.instagram.com\/proyectumcostarica\/","https:\/\/www.linkedin.com\/company\/proyectum-costarica\/","https:\/\/www.youtube.com\/channel\/UCljouWimyhK_cNcC2jniUgw"]}]}},"jetpack_sharing_enabled":true,"_links":{"self":[{"href":"https:\/\/proyectum.com\/co\/wp-json\/wp\/v2\/pages\/12432"}],"collection":[{"href":"https:\/\/proyectum.com\/co\/wp-json\/wp\/v2\/pages"}],"about":[{"href":"https:\/\/proyectum.com\/co\/wp-json\/wp\/v2\/types\/page"}],"author":[{"embeddable":true,"href":"https:\/\/proyectum.com\/co\/wp-json\/wp\/v2\/users\/61"}],"replies":[{"embeddable":true,"href":"https:\/\/proyectum.com\/co\/wp-json\/wp\/v2\/comments?post=12432"}],"version-history":[{"count":16,"href":"https:\/\/proyectum.com\/co\/wp-json\/wp\/v2\/pages\/12432\/revisions"}],"predecessor-version":[{"id":12504,"href":"https:\/\/proyectum.com\/co\/wp-json\/wp\/v2\/pages\/12432\/revisions\/12504"}],"up":[{"embeddable":true,"href":"https:\/\/proyectum.com\/co\/wp-json\/wp\/v2\/pages\/7466"}],"wp:attachment":[{"href":"https:\/\/proyectum.com\/co\/wp-json\/wp\/v2\/media?parent=12432"}],"curies":[{"name":"wp","href":"https:\/\/api.w.org\/{rel}","templated":true}]}}