{"id":3846,"date":"2015-01-16T20:53:58","date_gmt":"2015-01-17T01:53:58","guid":{"rendered":"http:\/\/tenstep.mundobox.cl\/?page_id=3846"},"modified":"2023-05-11T10:52:36","modified_gmt":"2023-05-11T15:52:36","slug":"taller-pmp-sprint-practico","status":"publish","type":"page","link":"https:\/\/proyectum.com\/co\/capacitacion\/taller-pmp-sprint-practico\/","title":{"rendered":"Taller PMP\u00ae SPRINT (100% Pr\u00e1ctico)"},"content":{"rendered":"<div class=\"wpb-content-wrapper\"><p>[vc_row full_width=\u00bbstretch_row_content\u00bb css=\u00bb.vc_custom_1581028741803{padding-top: 58px !important;padding-bottom: 58px !important;background-image: url(https:\/\/proyectum.com\/co\/wp-content\/uploads\/2018\/09\/curso-tipo.png?id=6990) !important;background-position: center !important;background-repeat: no-repeat !important;background-size: cover !important;}\u00bb][vc_column width=\u00bb1\/2&#8243;][vc_custom_heading text=\u00bbTaller PMP\u00ae SPRINT<br \/>\n(100% Pr\u00e1ctico)\u00bb font_container=\u00bbtag:h1|font_size:40|text_align:center|color:%23ffffff\u00bb use_theme_fonts=\u00bbyes\u00bb css=\u00bb.vc_custom_1632701650489{margin-bottom: 0px !important;padding-top: 25px !important;padding-left: 100px !important;}\u00bb][\/vc_column][vc_column width=\u00bb1\/2&#8243;][vc_single_image image=\u00bb9634&#8243; img_size=\u00bb200&#215;170&#8243; css=\u00bb.vc_custom_1602877772706{padding-left: 250px !important;}\u00bb][\/vc_column][\/vc_row][vc_row][vc_column width=\u00bb2\/3&#8243;][vc_column_text]<\/p>\n<div style=\"width: 100%; text-align: center; margin-bottom: 7px;\"><\/div>\n<div>\n<p><span style=\"color: #000000;\">El \u201cTaller PMP SPRINT\u201d es un taller pr\u00e1ctico, impartido por un instructor PMP\u00ae\u00a0certificado, en el que se realizar\u00e1n ex\u00e1menes con sus respectivas revisiones, basados en los est\u00e1ndares internacionales del Project Management Institute.\u00a0 Este taller tiene como fin apoyar a los participantes a terminar de prepararse y darles fuerza, conocimiento y confianza, a fin de que puedan programar y hacer su examen de certificaci\u00f3n con una alta probabilidad de ganarlo.<\/span><\/p>\n<p>&nbsp;<\/p>\n<\/div>\n<div>\n<ul>\n<li><span style=\"color: #000000;\"><strong>Duraci\u00f3n:<\/strong>\u00a020 horas (5 sesiones)<\/span><\/li>\n<li><span style=\"color: #000000;\"><strong>Modalidad:<\/strong>\u00a0Online (instructor en vivo)<\/span><\/li>\n<li><span style=\"color: #000000;\"><strong>Requisitos del curso:<\/strong>\u00a0Tener al menos un curso de preparaci\u00f3n PMP\u00a0 de 36 horas o bien una maestr\u00eda en administraci\u00f3n de proyectos.<\/span><\/li>\n<li><span style=\"color: #000000;\"><strong>Requisitos del PMI\u00ae\u00a0<\/strong>3 a\u00f1os de experiencia en Direcci\u00f3n de Proyectos m\u00e1s t\u00edtulo universitario, si no tiene el t\u00edtulo, debe contar 5 a\u00f1os de experiencia en Direcci\u00f3n de Proyectos.<\/span><\/li>\n<li><span style=\"color: #000000;\"><strong>Precio: <\/strong>$ 1.868.895 pesos colombianos IVAi<\/span><\/li>\n<\/ul>\n<p><span style=\"color: #000000;\"><em>Si ya tomaste un curso con nosotros, tienes un\u00a0<strong>20% de descuento<\/strong>\u00a0en\u00a0<strong>todos<\/strong>\u00a0nuestros cursos.\u00a0<\/em><\/span><\/p>\n<p><span style=\"color: #000000;\"><em>\u00a1<strong>Solic\u00edtalo<\/strong>! (Aplican restricciones)<\/em><\/span><\/p>\n<p><span style=\"color: #000000;\"><strong>NOTA:\u00a0<\/strong>Este es un taller impartido por instructores certificados por el PMI\u00ae<\/span><\/p>\n<\/div>\n<p>[\/vc_column_text][vc_tta_tabs][vc_tta_section title=\u00bbPerfil\u00bb tab_id=\u00bb1581028770313-75fb8e1f-88df\u00bb][vc_column_text]<span style=\"color: #000000;\"><strong>En este taller podr\u00e1n participar:\u00a0<\/strong><\/span><\/p>\n<ul>\n<li><span style=\"color: #000000;\">Profesionales que vayan a realizar el examen de certificaci\u00f3n del PMP\u00ae y\u00a0deseen complementar\u00a0 su preparaci\u00f3n con pr\u00e1ctica que le permita ir m\u00e1s seguro a realizar el examen a fin de certificarse.<\/span><\/li>\n<\/ul>\n<p>[\/vc_column_text][\/vc_tta_section][vc_tta_section title=\u00bbContenido\u00bb tab_id=\u00bb1581028877983-cd8ac879-ee85&#8243;][vc_column_text]<\/p>\n<div class=\"vc_column_container col-md-8 vc_custom_1579695241240\">\n<div class=\"wpb_wrapper vc_column-inner\">\n<div class=\"vc_tta-container\" data-vc-action=\"collapse\">\n<div class=\"vc_general vc_tta vc_tta-tabs vc_tta-color-grey vc_tta-style-classic vc_tta-shape-rounded vc_tta-spacing-1 vc_tta-tabs-position-top vc_tta-controls-align-left\">\n<div class=\"vc_tta-panels-container\">\n<div class=\"vc_tta-panels\">\n<div id=\"1579695571754-4227bf7c-dfe0\" class=\"vc_tta-panel vc_active\" data-vc-content=\".vc_tta-panel-body\">\n<div class=\"vc_tta-panel-body\">\n<div class=\"wpb_text_column wpb_content_element \">\n<div class=\"wpb_wrapper\">\n<p><span style=\"color: #000000;\"><b>Sesi\u00f3n 0:<br \/>\n<\/b>Publicaci\u00f3n de los ex\u00e1menes de sesi\u00f3n 1<\/span><\/p>\n<p><span style=\"color: #000000;\"><b>Sesi\u00f3n 1:<br \/>\n<\/b>Registro al PMI y explicaci\u00f3n del proceso de registro al examen<\/span><br \/>\n<span style=\"color: #000000;\">Tema 01: Ciclo de Vida de Proyectos<\/span><br \/>\n<span style=\"color: #000000;\">Tema 02: Gesti\u00f3n de la Integraci\u00f3n del Proyecto<\/span><br \/>\n<span style=\"color: #000000;\">Tema 03: Gesti\u00f3n del Alcance del Proyecto<\/span><\/p>\n<p><span style=\"color: #000000;\"><strong>Sesi\u00f3n 2:<br \/>\n<\/strong>Apoyo en proceso de registro ante el PMI<\/span><br \/>\n<span style=\"color: #000000;\">Tema 04: Gesti\u00f3n del Cronograma del Proyecto<\/span><br \/>\n<span style=\"color: #000000;\">Tema 05: Gesti\u00f3n de Costos del Proyecto<\/span><br \/>\n<span style=\"color: #000000;\">Tema 06: Gesti\u00f3n de la Calidad del Proyecto<\/span><\/p>\n<p><span style=\"color: #000000;\"><strong>Sesi\u00f3n 3:<br \/>\n<\/strong>Apoyo en proceso de registro ante el PMI<\/span><br \/>\n<span style=\"color: #000000;\">Tema 07: Gesti\u00f3n de Recursos del Proyecto (Parte I)<\/span><br \/>\n<span style=\"color: #000000;\">Tema 08: Gesti\u00f3n de Recursos del Proyecto (Parte II)<\/span><br \/>\n<span style=\"color: #000000;\">Tema 09: Gesti\u00f3n de las Comunicaciones del Proyecto<\/span><\/p>\n<p><span style=\"color: #000000;\"><strong>Sesi\u00f3n 4:<br \/>\n<\/strong>Registro al examen de certificaci\u00f3n PMP en el PMI<\/span><br \/>\n<span style=\"color: #000000;\">Tema 10: Gesti\u00f3n de Riesgos del Proyecto<\/span><br \/>\n<span style=\"color: #000000;\">Tema 11: Gesti\u00f3n de las Adquisiciones del Proyecto<\/span><br \/>\n<span style=\"color: #000000;\">Tema 12: Gesti\u00f3n de los Interesados del Proyecto<\/span><\/p>\n<p><span style=\"color: #000000;\"><strong>Sesi\u00f3n 5:<\/strong><\/span><br \/>\n<span style=\"color: #000000;\">Revisi\u00f3n del simulaci\u00f3n completo de 180 preguntas<\/span><\/div>\n<\/div>\n<\/div>\n<\/div>\n<\/div>\n<\/div>\n<\/div>\n<\/div>\n<\/div>\n<\/div>\n<p>[\/vc_column_text][\/vc_tta_section][vc_tta_section title=\u00bbIncluye\u00bb tab_id=\u00bb1581028826107-4ebbdac8-35d4&#8243;][vc_column_text]<span style=\"color: #000000;\"><strong>Al matricular este taller usted contar\u00e1 con:<\/strong><\/span><\/p>\n<ul>\n<li style=\"list-style-type: none;\">\n<ul>\n<li><span style=\"color: #000000;\">20 horas de taller, divididas en 5 sesiones<\/span><\/li>\n<li><span style=\"color: #000000;\">Explicaci\u00f3n del proceso de inscripci\u00f3n al PMI y se le ayudar\u00e1 a realizarlo.<\/span><\/li>\n<li><span style=\"color: #000000;\">Se resolver\u00e1n dudas y se discutir\u00e1n ex\u00e1menes en todas las sesiones.<\/span><\/li>\n<li><span style=\"color: #000000;\">Examen final completo al final del taller.<\/span><\/li>\n<li><span style=\"color: #000000;\">Membres\u00eda al PM\u00ae por un a\u00f1o<\/span><br \/>\n<span style=\"color: #000000;\">(si usted es miembro del PMI se le descontar\u00e1n $126)<\/span><\/li>\n<li><span style=\"color: #000000;\">Gu\u00eda de estudio.<\/span><\/li>\n<\/ul>\n<\/li>\n<\/ul>\n<p>[\/vc_column_text][\/vc_tta_section][vc_tta_section title=\u00bbObjetivos\u00bb tab_id=\u00bb1632701249306-667f73c1-6759&#8243;][vc_column_text]<span style=\"color: #000000;\"><strong>Al finalizar este taller usted habr\u00e1:<\/strong><\/span><\/p>\n<ul>\n<li><span style=\"color: #000000;\">Profundizado los conceptos que ser\u00e1n evaluados en el examen de certificaci\u00f3n del PMI.<\/span><\/li>\n<li><span style=\"color: #000000;\">Realizado diez pr\u00e1cticas dirigidas de preguntas similares al examen del PMI\u00ae\u00a0bajo la tutor\u00eda del instructor certificado PMP\u00ae.<\/span><\/li>\n<li><span style=\"color: #000000;\">Llevado a cabo el proceso de inscripci\u00f3n al examen.<\/span><\/li>\n<li><span style=\"color: #000000;\">Realizado un examen comprensivo de 180 preguntas de simulaci\u00f3n del examen.<\/span><\/li>\n<\/ul>\n<p>[\/vc_column_text][\/vc_tta_section][vc_tta_section title=\u00bbPr\u00f3ximas Fechas\u00bb tab_id=\u00bb1605634144747-71977bff-59c2&#8243;][vc_column_text]<\/p>\n<table style=\"height: 200px;\" width=\"300\">\n<tbody>\n<tr>\n<th style=\"text-align: center;\"><span style=\"color: #003366;\">C\u00f3digo<\/span><\/th>\n<th style=\"text-align: center;\"><span style=\"color: #003366;\">Primera Sesi\u00f3n<\/span><\/th>\n<th style=\"text-align: center;\"><span style=\"color: #003366;\">Estado<\/span><\/th>\n<\/tr>\n<tr>\n<td style=\"text-align: center;\"><\/td>\n<td style=\"text-align: center;\"><\/td>\n<td style=\"text-align: center;\"><\/td>\n<\/tr>\n<tr>\n<td style=\"text-align: center;\"><\/td>\n<td style=\"text-align: center;\"><\/td>\n<td style=\"text-align: center;\"><\/td>\n<\/tr>\n<tr>\n<td style=\"text-align: center;\"><\/td>\n<td style=\"text-align: center;\"><\/td>\n<td style=\"text-align: center;\"><\/td>\n<\/tr>\n<tr>\n<td style=\"text-align: center;\"><\/td>\n<td style=\"text-align: center;\"><\/td>\n<td style=\"text-align: center;\"><\/td>\n<\/tr>\n<\/tbody>\n<\/table>\n<p>[\/vc_column_text][\/vc_tta_section][\/vc_tta_tabs][\/vc_column][vc_column width=\u00bb1\/3&#8243;][vc_images_carousel images=\u00bb8779&#8243; img_size=\u00bb150&#215;75&#8243; onclick=\u00bbcustom_link\u00bb custom_links_target=\u00bb_blank\u00bb speed=\u00bb2500&#8243; autoplay=\u00bbyes\u00bb hide_pagination_control=\u00bbyes\u00bb hide_prev_next_buttons=\u00bbyes\u00bb wrap=\u00bbyes\u00bb css=\u00bb.vc_custom_1632701932791{padding-right: 70px !important;padding-left: 70px !important;}\u00bb]<div class=\"porto-u-heading  wpb_custom_95aa9a11c17ad45cfabaf210d84ee7cc porto-u-3726\"><div class=\"porto-u-main-heading\"><h2  >CAPACITACI\u00d3N<\/h2><\/div><style>.porto-u-3726.porto-u-heading{text-align:center}<\/style><\/div>[vc_tta_accordion][vc_tta_section title=\u00bbCERTIFICACIONES\u00bb tab_id=\u00bb1606150716615-b8f53c6f-0e97&#8243;][vc_wp_custommenu nav_menu=\u00bb75&#8243;][\/vc_tta_section][vc_tta_section title=\u00bbCERTIFICACIONES\u00bb tab_id=\u00bb1632700967999-6e63154b-e81d\u00bb][vc_wp_custommenu nav_menu=\u00bb75&#8243;][\/vc_tta_section][\/vc_tta_accordion]<div class=\"porto-products wpb_content_element\"><h2 class=\"section-title\">Adquiere aqu\u00ed tu cupo al Taller PMP Sprint<\/h2><div class=\"woocommerce \"><ul class=\"products products-container grid pcols-lg-1 pcols-md-1 pcols-xs-1 pcols-ls-1 pwidth-lg-1 pwidth-md-1 pwidth-xs-1 pwidth-ls-1 is-shortcode\"\r\n\t data-product_layout=\"product-default\">\r\n\r\n<li class=\"product-col product-default product type-product post-10969 status-publish first instock product_cat-proyectum has-post-thumbnail taxable shipping-taxable purchasable product-type-simple\">\r\n<div class=\"product-inner\">\r\n\t\r\n\t<div class=\"product-image\">\r\n\r\n\t\t<a  href=\"https:\/\/proyectum.com\/co\/product\/taller-pmp-sprint\/\" aria-label=\"product\">\r\n\t\t\t<div class=\"inner\"><img loading=\"lazy\" decoding=\"async\" width=\"300\" height=\"300\" src=\"https:\/\/i0.wp.com\/proyectum.com\/co\/wp-content\/uploads\/2021\/09\/Sprin-PMP-JPG.jpg?resize=300%2C300&amp;ssl=1\" class=\" wp-post-image\" alt=\"\" \/><\/div>\t\t<\/a>\r\n\t\t\t<\/div>\r\n\r\n\t<div class=\"product-content\">\r\n\t\t<span class=\"category-list\"><a href=\"https:\/\/proyectum.com\/co\/product-category\/proyectum\/\" rel=\"tag\">Proyectum<\/a><\/span>\r\n\t\t\t<a class=\"product-loop-title\"  href=\"https:\/\/proyectum.com\/co\/product\/taller-pmp-sprint\/\">\r\n\t<h3 class=\"woocommerce-loop-product__title\">Taller PMP Sprint<\/h3>\t<\/a>\r\n\t\r\n\t\t\n\t<span class=\"price\"><span class=\"woocommerce-Price-amount amount\"><bdi><span class=\"woocommerce-Price-currencySymbol\">&#36;<\/span>&nbsp;1,570,500.0<\/bdi><\/span><\/span>\n\r\n\t\t<div class=\"add-links-wrap\">\r\n\t<div class=\"add-links clearfix\">\r\n\t\t<a href=\"?add-to-cart=10969\" data-quantity=\"1\" class=\"viewcart-style-3 button product_type_simple add_to_cart_button ajax_add_to_cart\" data-product_id=\"10969\" data-product_sku=\"\" aria-label=\"A\u00f1adir al carrito: &ldquo;Taller PMP Sprint&rdquo;\" rel=\"nofollow\" data-success_message=\"\u00abTaller PMP Sprint\u00bb se ha a\u00f1adido a tu carrito\">A\u00f1adir al carrito<\/a><div class=\"quickview\" data-id=\"10969\" title=\"Quick View\">Quick View<\/div>\t<\/div>\r\n\t<\/div>\r\n<span class=\"gtm4wp_productdata\" style=\"display:none; visibility:hidden;\" data-gtm4wp_product_data=\"{&quot;internal_id&quot;:10969,&quot;item_id&quot;:10969,&quot;item_name&quot;:&quot;Taller PMP Sprint&quot;,&quot;sku&quot;:10969,&quot;price&quot;:1570500,&quot;stocklevel&quot;:null,&quot;stockstatus&quot;:&quot;instock&quot;,&quot;google_business_vertical&quot;:&quot;retail&quot;,&quot;item_category&quot;:&quot;Proyectum&quot;,&quot;id&quot;:10969,&quot;productlink&quot;:&quot;https:\\\/\\\/proyectum.com\\\/co\\\/product\\\/taller-pmp-sprint\\\/&quot;,&quot;item_list_name&quot;:&quot;Lista general de productos&quot;,&quot;index&quot;:1,&quot;product_type&quot;:&quot;simple&quot;,&quot;item_brand&quot;:&quot;&quot;}\"><\/span>\t<\/div>\r\n<\/div>\r\n<\/li>\r\n<\/ul>\r\n<\/div><\/div>[\/vc_column][\/vc_row][vc_row full_width=\u00bbstretch_row_content_no_spaces\u00bb equal_height=\u00bbyes\u00bb][vc_column el_class=\u00bbbackground-color-primary\u00bb css=\u00bb.vc_custom_1528971916644{padding-top: 60px !important;padding-bottom: 55px !important;padding-left: 15px !important;}\u00bb]<div class=\"porto-container container\">[vc_custom_heading text=\u00bb\u00bfQuieres m\u00e1s informaci\u00f3n sobre el Taller de Fundamentos de Direcci\u00f3n de Proyectos?\u00bb font_container=\u00bbtag:h2|text_align:left|color:%23ffffff\u00bb use_theme_fonts=\u00bbyes\u00bb text_transform=\u00bbtext-uppercase\u00bb css=\u00bb.vc_custom_1581084043783{margin-bottom: 0px !important;}\u00bb][vc_column_text el_class=\u00bbtext-color-dark m-b-md\u00bb]<span style=\"font-size: 16px; color: #c6d4ee;\">D\u00e9janos tus datos para que te llamemos<\/span>[\/vc_column_text]\n<div class=\"wpcf7 no-js\" id=\"wpcf7-f7483-o1\" lang=\"es-ES\" dir=\"ltr\">\n<div class=\"screen-reader-response\"><p role=\"status\" aria-live=\"polite\" aria-atomic=\"true\"><\/p> <ul><\/ul><\/div>\n<form action=\"\/co\/wp-json\/wp\/v2\/pages\/3846#wpcf7-f7483-o1\" method=\"post\" class=\"wpcf7-form init\" aria-label=\"Formulario de contacto\" novalidate=\"novalidate\" data-status=\"init\">\n<div style=\"display: none;\">\n<input type=\"hidden\" name=\"_wpcf7\" value=\"7483\" \/>\n<input type=\"hidden\" name=\"_wpcf7_version\" value=\"5.9.8\" \/>\n<input type=\"hidden\" name=\"_wpcf7_locale\" value=\"es_ES\" \/>\n<input type=\"hidden\" name=\"_wpcf7_unit_tag\" value=\"wpcf7-f7483-o1\" \/>\n<input type=\"hidden\" name=\"_wpcf7_container_post\" value=\"0\" \/>\n<input type=\"hidden\" name=\"_wpcf7_posted_data_hash\" value=\"\" \/>\n<\/div>\n<div style=\"display:none\"><span class=\"wpcf7-form-control-wrap\" data-name=\"donde\"><input size=\"40\" maxlength=\"400\" class=\"wpcf7-form-control wpcf7-text custom-contact-input donde\" aria-invalid=\"false\" value=\"\" type=\"text\" name=\"donde\" \/><\/span><\/div>\n<div class=\"row\">\n    <div class=\"col-lg-6\">\n        <i class=\"Simple-Line-Icons-user text-color-light\"><\/i><span class=\"wpcf7-form-control-wrap\" data-name=\"your-name\"><input size=\"40\" maxlength=\"400\" class=\"wpcf7-form-control wpcf7-text wpcf7-validates-as-required custom-contact-input\" aria-required=\"true\" aria-invalid=\"false\" placeholder=\"Nombre *\" value=\"\" type=\"text\" name=\"your-name\" \/><\/span>\n    <\/div>\n    <div class=\"col-lg-6\">\n        <i class=\"Simple-Line-Icons-envelope text-color-light\"><\/i><span class=\"wpcf7-form-control-wrap\" data-name=\"your-email\"><input size=\"40\" maxlength=\"400\" class=\"wpcf7-form-control wpcf7-email wpcf7-validates-as-required wpcf7-text wpcf7-validates-as-email custom-contact-input\" aria-required=\"true\" aria-invalid=\"false\" placeholder=\"Email *\" value=\"\" type=\"email\" name=\"your-email\" \/><\/span>\n    <\/div>\n<\/div>\n<div class=\"row\">\n    <div class=\"col-lg-6\">\n        <i class=\"Simple-Line-Icons-call-out icons text-color-light\"><\/i><span class=\"wpcf7-form-control-wrap\" data-name=\"your-phone\"><input size=\"40\" maxlength=\"400\" class=\"wpcf7-form-control wpcf7-text custom-contact-input\" aria-invalid=\"false\" placeholder=\"Tel\u00e9fono\" value=\"\" type=\"text\" name=\"your-phone\" \/><\/span>\n    <\/div>\n<\/div>\n<div class=\"row\">\n    <div class=\"col-md-12\">\n        <div class=\"row\">\n            <div class=\"text-left text-checkbox\"><span class=\"wpcf7-form-control-wrap\" data-name=\"resumen\"><span class=\"wpcf7-form-control wpcf7-acceptance optional\"><span class=\"wpcf7-list-item\"><label><input type=\"checkbox\" name=\"resumen\" value=\"1\" aria-invalid=\"false\" \/><span class=\"wpcf7-list-item-label\">Deseo recibir los res\u00famenes de libros<\/span><\/label><\/span><\/span><\/span><\/div>\n            <div class=\"text-left text-checkbox\"><span class=\"wpcf7-form-control-wrap\" data-name=\"webinars\"><span class=\"wpcf7-form-control wpcf7-acceptance optional\"><span class=\"wpcf7-list-item\"><label><input type=\"checkbox\" name=\"webinars\" value=\"1\" aria-invalid=\"false\" \/><span class=\"wpcf7-list-item-label\">Deseo recibir invitaciones a webinars<\/span><\/label><\/span><\/span><\/span><\/div>\n            <div class=\"text-left text-checkbox\"><span class=\"wpcf7-form-control-wrap\" data-name=\"boletin\"><span class=\"wpcf7-form-control wpcf7-acceptance optional\"><span class=\"wpcf7-list-item\"><label><input type=\"checkbox\" name=\"boletin\" value=\"1\" aria-invalid=\"false\" \/><span class=\"wpcf7-list-item-label\">Deseo recibir el bolet\u00edn quincenal<\/span><\/label><\/span><\/span><\/span><\/div>\n        <\/div>\n    <\/div>\n<\/div>\n<div class=\"row center\">\n    <div class=\"col-lg-12\"><input class=\"wpcf7-form-control wpcf7-submit has-spinner custom-btn-style-4\" type=\"submit\" value=\"ENVIAR\" \/><\/div>\n<\/div>\n\n<style>\n.text-checkbox{\ndisplay:block !important;\nwidth: 100%;\ncolor: #fff;\n}\n.wpcf7-form > .row > *{ margin-bottom: 25px; }\n.wpcf7-form i{ position: absolute; top: 10px; }\n.wpcf7-form-control.custom-contact-input {\n    width: 100%;\n    background: none;\n    border: 0px;\n    border-bottom: 1px solid rgba(255, 255, 255, 0.2);\n    box-shadow: none;\n    padding: 10px 10px 10px 30px;\n    color: #fff;\n    -webkit-appearance: none;\n    -moz-appearance: none;\n    -ms-appearance: none;\n    -o-appearance: none;\n    appearance: none;\n}\n.custom-select-style:after {\n    content: '';\n    display: block;\n    position: absolute;\n    top: 50%;\n    right: 25px;\n    width: 10px;\n    height: 10px;\n    border-right: 1px solid #c8d4ea;\n    border-bottom: 1px solid #c8d4ea;\n    z-index: 0;\n    -webkit-transform: translateY(-50%) rotate(45deg);\n    -moz-transform: translateY(-50%) rotate(45deg);\n    -ms-transform: translateY(-50%) rotate(45deg);\n    -o-transform: translateY(-50%) rotate(45deg);\n    transform: translateY(-50%) rotate(45deg);\n}\nselect.custom-contact-input option { color: #818898; }\n.wpcf7-submit.custom-btn-style-4 {\n    background: transparent !important;\n    color: #FFF;\n    font-weight: 900 !important;\n    border: 2px solid #fff !important;\n    padding: 10px 20px !important;\n    font-size: 14px;\n    border-radius: 0px !important;\n}\n.wpcf7-submit.custom-btn-style-4:hover {\n    background: #FFF !important;\n    color: #6a80a9 !important;\n}\n::-webkit-input-placeholder { color: #c8d4ea; }\n::-moz-placeholder { color: #c8d4ea; }\n:-ms-input-placeholder { color: #c8d4ea; }\n:-moz-placeholder{ color: #c8d4ea; }\n@media(max-width: 991px){\n\t.wpcf7-form > .row > *{ margin-bottom: 15px; }\n\t.wpcf7-form .row.center{ margin-top: 10px; }\n}\n<\/style><div class=\"wpcf7-response-output\" aria-hidden=\"true\"><\/div>\n<\/form>\n<\/div>\n<\/div>[\/vc_column][\/vc_row]<\/p>\n<\/div>","protected":false},"excerpt":{"rendered":"<p>[vc_row full_width=\u00bbstretch_row_content\u00bb css=\u00bb.vc_custom_1581028741803{padding-top: 58px !important;padding-bottom: 58px !important;background-image: url(https:\/\/proyectum.com\/co\/wp-content\/uploads\/2018\/09\/curso-tipo.png?id=6990) !important;background-position: center !important;background-repeat: no-repeat !important;background-size: cover !important;}\u00bb][vc_column width=\u00bb1\/2&#8243;][vc_custom_heading text=\u00bbTaller PMP\u00ae SPRINT (100% Pr\u00e1ctico)\u00bb font_container=\u00bbtag:h1|font_size:40|text_align:center|color:%23ffffff\u00bb use_theme_fonts=\u00bbyes\u00bb css=\u00bb.vc_custom_1632701650489{margin-bottom: 0px !important;padding-top: 25px !important;padding-left: 100px !important;}\u00bb][\/vc_column][vc_column width=\u00bb1\/2&#8243;][vc_single_image image=\u00bb9634&#8243; img_size=\u00bb200&#215;170&#8243; css=\u00bb.vc_custom_1602877772706{padding-left: 250px !important;}\u00bb][\/vc_column][\/vc_row][vc_row][vc_column width=\u00bb2\/3&#8243;][vc_column_text] El \u201cTaller PMP SPRINT\u201d es un taller pr\u00e1ctico, impartido por un instructor PMP\u00ae\u00a0certificado, en el que se realizar\u00e1n [&hellip;]<\/p>\n","protected":false},"author":2,"featured_media":0,"parent":7466,"menu_order":3,"comment_status":"closed","ping_status":"closed","template":"","meta":{"_acf_changed":false,"footnotes":""},"acf":[],"yoast_head":"<!-- This site is optimized with the Yoast SEO plugin v24.5 - https:\/\/yoast.com\/wordpress\/plugins\/seo\/ -->\n<title>Taller PMP\u00ae SPRINT (100% Pr\u00e1ctico) - Proyectum Colombia<\/title>\n<meta name=\"robots\" content=\"index, follow, max-snippet:-1, max-image-preview:large, max-video-preview:-1\" \/>\n<link rel=\"canonical\" href=\"https:\/\/proyectum.com\/co\/capacitacion\/taller-pmp-sprint-practico\/\" \/>\n<meta property=\"og:locale\" content=\"es_ES\" \/>\n<meta property=\"og:type\" content=\"article\" \/>\n<meta property=\"og:title\" content=\"Taller PMP\u00ae SPRINT (100% Pr\u00e1ctico) - Proyectum Colombia\" \/>\n<meta property=\"og:description\" content=\"[vc_row full_width=\u00bbstretch_row_content\u00bb css=\u00bb.vc_custom_1581028741803{padding-top: 58px !important;padding-bottom: 58px !important;background-image: url(https:\/\/proyectum.com\/co\/wp-content\/uploads\/2018\/09\/curso-tipo.png?id=6990) !important;background-position: center !important;background-repeat: no-repeat !important;background-size: cover !important;}\u00bb][vc_column width=\u00bb1\/2&#8243;][vc_custom_heading text=\u00bbTaller PMP\u00ae SPRINT (100% Pr\u00e1ctico)\u00bb font_container=\u00bbtag:h1|font_size:40|text_align:center|color:%23ffffff\u00bb use_theme_fonts=\u00bbyes\u00bb css=\u00bb.vc_custom_1632701650489{margin-bottom: 0px !important;padding-top: 25px !important;padding-left: 100px !important;}\u00bb][\/vc_column][vc_column width=\u00bb1\/2&#8243;][vc_single_image image=\u00bb9634&#8243; img_size=\u00bb200&#215;170&#8243; css=\u00bb.vc_custom_1602877772706{padding-left: 250px !important;}\u00bb][\/vc_column][\/vc_row][vc_row][vc_column width=\u00bb2\/3&#8243;][vc_column_text] El \u201cTaller PMP SPRINT\u201d es un taller pr\u00e1ctico, impartido por un instructor PMP\u00ae\u00a0certificado, en el que se realizar\u00e1n [&hellip;]\" \/>\n<meta property=\"og:url\" content=\"https:\/\/proyectum.com\/co\/capacitacion\/taller-pmp-sprint-practico\/\" \/>\n<meta property=\"og:site_name\" content=\"Proyectum Colombia\" \/>\n<meta property=\"article:publisher\" content=\"https:\/\/www.facebook.com\/proyectumcr\/\" \/>\n<meta property=\"article:modified_time\" content=\"2023-05-11T15:52:36+00:00\" \/>\n<meta name=\"twitter:card\" content=\"summary_large_image\" \/>\n<meta name=\"twitter:label1\" content=\"Tiempo de lectura\" \/>\n\t<meta name=\"twitter:data1\" content=\"3 minutos\" \/>\n<script type=\"application\/ld+json\" class=\"yoast-schema-graph\">{\"@context\":\"https:\/\/schema.org\",\"@graph\":[{\"@type\":\"WebPage\",\"@id\":\"https:\/\/proyectum.com\/co\/capacitacion\/taller-pmp-sprint-practico\/\",\"url\":\"https:\/\/proyectum.com\/co\/capacitacion\/taller-pmp-sprint-practico\/\",\"name\":\"Taller PMP\u00ae SPRINT (100% Pr\u00e1ctico) - Proyectum Colombia\",\"isPartOf\":{\"@id\":\"https:\/\/proyectum.com\/co\/#website\"},\"datePublished\":\"2015-01-17T01:53:58+00:00\",\"dateModified\":\"2023-05-11T15:52:36+00:00\",\"breadcrumb\":{\"@id\":\"https:\/\/proyectum.com\/co\/capacitacion\/taller-pmp-sprint-practico\/#breadcrumb\"},\"inLanguage\":\"es\",\"potentialAction\":[{\"@type\":\"ReadAction\",\"target\":[\"https:\/\/proyectum.com\/co\/capacitacion\/taller-pmp-sprint-practico\/\"]}]},{\"@type\":\"BreadcrumbList\",\"@id\":\"https:\/\/proyectum.com\/co\/capacitacion\/taller-pmp-sprint-practico\/#breadcrumb\",\"itemListElement\":[{\"@type\":\"ListItem\",\"position\":1,\"name\":\"Home\",\"item\":\"https:\/\/proyectum.com\/co\/\"},{\"@type\":\"ListItem\",\"position\":2,\"name\":\"Capacitaciones\",\"item\":\"https:\/\/proyectum.com\/co\/capacitacion\/\"},{\"@type\":\"ListItem\",\"position\":3,\"name\":\"Taller PMP\u00ae SPRINT (100% Pr\u00e1ctico)\"}]},{\"@type\":\"WebSite\",\"@id\":\"https:\/\/proyectum.com\/co\/#website\",\"url\":\"https:\/\/proyectum.com\/co\/\",\"name\":\"Proyectum Costa Rica\",\"description\":\"Centro Autorizado de Capacitaci\u00f3n del Project Management Institute - ATP del PMI\",\"publisher\":{\"@id\":\"https:\/\/proyectum.com\/co\/#organization\"},\"potentialAction\":[{\"@type\":\"SearchAction\",\"target\":{\"@type\":\"EntryPoint\",\"urlTemplate\":\"https:\/\/proyectum.com\/co\/?s={search_term_string}\"},\"query-input\":{\"@type\":\"PropertyValueSpecification\",\"valueRequired\":true,\"valueName\":\"search_term_string\"}}],\"inLanguage\":\"es\"},{\"@type\":\"Organization\",\"@id\":\"https:\/\/proyectum.com\/co\/#organization\",\"name\":\"Proyectum Costa Rica\",\"url\":\"https:\/\/proyectum.com\/co\/\",\"logo\":{\"@type\":\"ImageObject\",\"inLanguage\":\"es\",\"@id\":\"https:\/\/proyectum.com\/co\/#\/schema\/logo\/image\/\",\"url\":\"https:\/\/i0.wp.com\/proyectum.com\/co\/wp-content\/uploads\/proyectum-logo-snippet.png?fit=600%2C315&ssl=1\",\"contentUrl\":\"https:\/\/i0.wp.com\/proyectum.com\/co\/wp-content\/uploads\/proyectum-logo-snippet.png?fit=600%2C315&ssl=1\",\"width\":600,\"height\":315,\"caption\":\"Proyectum Costa Rica\"},\"image\":{\"@id\":\"https:\/\/proyectum.com\/co\/#\/schema\/logo\/image\/\"},\"sameAs\":[\"https:\/\/www.facebook.com\/proyectumcr\/\",\"https:\/\/www.instagram.com\/proyectumcostarica\/\",\"https:\/\/www.linkedin.com\/company\/proyectum-costarica\/\",\"https:\/\/www.youtube.com\/channel\/UCljouWimyhK_cNcC2jniUgw\"]}]}<\/script>\n<!-- \/ Yoast SEO plugin. -->","yoast_head_json":{"title":"Taller PMP\u00ae SPRINT (100% Pr\u00e1ctico) - Proyectum Colombia","robots":{"index":"index","follow":"follow","max-snippet":"max-snippet:-1","max-image-preview":"max-image-preview:large","max-video-preview":"max-video-preview:-1"},"canonical":"https:\/\/proyectum.com\/co\/capacitacion\/taller-pmp-sprint-practico\/","og_locale":"es_ES","og_type":"article","og_title":"Taller PMP\u00ae SPRINT (100% Pr\u00e1ctico) - Proyectum Colombia","og_description":"[vc_row full_width=\u00bbstretch_row_content\u00bb css=\u00bb.vc_custom_1581028741803{padding-top: 58px !important;padding-bottom: 58px !important;background-image: url(https:\/\/proyectum.com\/co\/wp-content\/uploads\/2018\/09\/curso-tipo.png?id=6990) !important;background-position: center !important;background-repeat: no-repeat !important;background-size: cover !important;}\u00bb][vc_column width=\u00bb1\/2&#8243;][vc_custom_heading text=\u00bbTaller PMP\u00ae SPRINT (100% Pr\u00e1ctico)\u00bb font_container=\u00bbtag:h1|font_size:40|text_align:center|color:%23ffffff\u00bb use_theme_fonts=\u00bbyes\u00bb css=\u00bb.vc_custom_1632701650489{margin-bottom: 0px !important;padding-top: 25px !important;padding-left: 100px !important;}\u00bb][\/vc_column][vc_column width=\u00bb1\/2&#8243;][vc_single_image image=\u00bb9634&#8243; img_size=\u00bb200&#215;170&#8243; css=\u00bb.vc_custom_1602877772706{padding-left: 250px !important;}\u00bb][\/vc_column][\/vc_row][vc_row][vc_column width=\u00bb2\/3&#8243;][vc_column_text] El \u201cTaller PMP SPRINT\u201d es un taller pr\u00e1ctico, impartido por un instructor PMP\u00ae\u00a0certificado, en el que se realizar\u00e1n [&hellip;]","og_url":"https:\/\/proyectum.com\/co\/capacitacion\/taller-pmp-sprint-practico\/","og_site_name":"Proyectum Colombia","article_publisher":"https:\/\/www.facebook.com\/proyectumcr\/","article_modified_time":"2023-05-11T15:52:36+00:00","twitter_card":"summary_large_image","twitter_misc":{"Tiempo de lectura":"3 minutos"},"schema":{"@context":"https:\/\/schema.org","@graph":[{"@type":"WebPage","@id":"https:\/\/proyectum.com\/co\/capacitacion\/taller-pmp-sprint-practico\/","url":"https:\/\/proyectum.com\/co\/capacitacion\/taller-pmp-sprint-practico\/","name":"Taller PMP\u00ae SPRINT (100% Pr\u00e1ctico) - Proyectum Colombia","isPartOf":{"@id":"https:\/\/proyectum.com\/co\/#website"},"datePublished":"2015-01-17T01:53:58+00:00","dateModified":"2023-05-11T15:52:36+00:00","breadcrumb":{"@id":"https:\/\/proyectum.com\/co\/capacitacion\/taller-pmp-sprint-practico\/#breadcrumb"},"inLanguage":"es","potentialAction":[{"@type":"ReadAction","target":["https:\/\/proyectum.com\/co\/capacitacion\/taller-pmp-sprint-practico\/"]}]},{"@type":"BreadcrumbList","@id":"https:\/\/proyectum.com\/co\/capacitacion\/taller-pmp-sprint-practico\/#breadcrumb","itemListElement":[{"@type":"ListItem","position":1,"name":"Home","item":"https:\/\/proyectum.com\/co\/"},{"@type":"ListItem","position":2,"name":"Capacitaciones","item":"https:\/\/proyectum.com\/co\/capacitacion\/"},{"@type":"ListItem","position":3,"name":"Taller PMP\u00ae SPRINT (100% Pr\u00e1ctico)"}]},{"@type":"WebSite","@id":"https:\/\/proyectum.com\/co\/#website","url":"https:\/\/proyectum.com\/co\/","name":"Proyectum Costa Rica","description":"Centro Autorizado de Capacitaci\u00f3n del Project Management Institute - ATP del PMI","publisher":{"@id":"https:\/\/proyectum.com\/co\/#organization"},"potentialAction":[{"@type":"SearchAction","target":{"@type":"EntryPoint","urlTemplate":"https:\/\/proyectum.com\/co\/?s={search_term_string}"},"query-input":{"@type":"PropertyValueSpecification","valueRequired":true,"valueName":"search_term_string"}}],"inLanguage":"es"},{"@type":"Organization","@id":"https:\/\/proyectum.com\/co\/#organization","name":"Proyectum Costa Rica","url":"https:\/\/proyectum.com\/co\/","logo":{"@type":"ImageObject","inLanguage":"es","@id":"https:\/\/proyectum.com\/co\/#\/schema\/logo\/image\/","url":"https:\/\/i0.wp.com\/proyectum.com\/co\/wp-content\/uploads\/proyectum-logo-snippet.png?fit=600%2C315&ssl=1","contentUrl":"https:\/\/i0.wp.com\/proyectum.com\/co\/wp-content\/uploads\/proyectum-logo-snippet.png?fit=600%2C315&ssl=1","width":600,"height":315,"caption":"Proyectum Costa Rica"},"image":{"@id":"https:\/\/proyectum.com\/co\/#\/schema\/logo\/image\/"},"sameAs":["https:\/\/www.facebook.com\/proyectumcr\/","https:\/\/www.instagram.com\/proyectumcostarica\/","https:\/\/www.linkedin.com\/company\/proyectum-costarica\/","https:\/\/www.youtube.com\/channel\/UCljouWimyhK_cNcC2jniUgw"]}]}},"jetpack_sharing_enabled":true,"_links":{"self":[{"href":"https:\/\/proyectum.com\/co\/wp-json\/wp\/v2\/pages\/3846"}],"collection":[{"href":"https:\/\/proyectum.com\/co\/wp-json\/wp\/v2\/pages"}],"about":[{"href":"https:\/\/proyectum.com\/co\/wp-json\/wp\/v2\/types\/page"}],"author":[{"embeddable":true,"href":"https:\/\/proyectum.com\/co\/wp-json\/wp\/v2\/users\/2"}],"replies":[{"embeddable":true,"href":"https:\/\/proyectum.com\/co\/wp-json\/wp\/v2\/comments?post=3846"}],"version-history":[{"count":77,"href":"https:\/\/proyectum.com\/co\/wp-json\/wp\/v2\/pages\/3846\/revisions"}],"predecessor-version":[{"id":11816,"href":"https:\/\/proyectum.com\/co\/wp-json\/wp\/v2\/pages\/3846\/revisions\/11816"}],"up":[{"embeddable":true,"href":"https:\/\/proyectum.com\/co\/wp-json\/wp\/v2\/pages\/7466"}],"wp:attachment":[{"href":"https:\/\/proyectum.com\/co\/wp-json\/wp\/v2\/media?parent=3846"}],"curies":[{"name":"wp","href":"https:\/\/api.w.org\/{rel}","templated":true}]}}