{"id":7058,"date":"2019-02-19T16:50:19","date_gmt":"2019-02-19T22:50:19","guid":{"rendered":"https:\/\/proyectum.com\/co\/?page_id=7058"},"modified":"2025-04-22T09:38:06","modified_gmt":"2025-04-22T14:38:06","slug":"programa_de_especializacion_en_gestion_de_proyectos-2","status":"publish","type":"page","link":"https:\/\/proyectum.com\/co\/capacitacion\/programa_de_especializacion_en_gestion_de_proyectos-2\/","title":{"rendered":"Programa de Especializaci\u00f3n en Gesti\u00f3n de Proyectos"},"content":{"rendered":"<div class=\"wpb-content-wrapper\"><p>[vc_row full_width=\u00bbstretch_row_content\u00bb css=\u00bb.vc_custom_1584804929969{padding-top: 58px !important;padding-bottom: 58px !important;background-image: url(https:\/\/proyectum.com\/co\/wp-content\/uploads\/2018\/09\/curso-tipo.png?id=6990) !important;background-position: center !important;background-repeat: no-repeat !important;background-size: cover !important;}\u00bb][vc_column width=\u00bb1\/2&#8243;][vc_custom_heading text=\u00bbPrograma de Especializaci\u00f3n en Gesti\u00f3n de Proyectos\u00bb font_container=\u00bbtag:h1|font_size:40|text_align:center|color:%23ffffff\u00bb use_theme_fonts=\u00bbyes\u00bb css=\u00bb.vc_custom_1587694036137{padding-top: 20px !important;padding-left: 75px !important;}\u00bb][\/vc_column][vc_column width=\u00bb1\/2&#8243;][vc_single_image image=\u00bb9634&#8243; img_size=\u00bb200&#215;170&#8243; css=\u00bb.vc_custom_1602877877665{padding-left: 250px !important;}\u00bb][\/vc_column][\/vc_row][vc_column][\/vc_column][vc_row][vc_column width=\u00bb2\/3&#8243;][vc_column_text css=\u00bb.vc_custom_1745332668712{padding-top: 20px !important;}\u00bb]<\/p>\n<div style=\"width: 100%; text-align: center; margin-bottom: 7px;\"><\/div>\n<p><span style=\"color: #000000;\">Crear un proyecto permite utilizar un conjunto formal de procesos y t\u00e9cnicas de gesti\u00f3n de proyectos para definir el esfuerzo, y luego subsecuentemente dirigir y controlar el trabajo.<\/span><\/p>\n<p><span style=\"color: #000000;\">El utilizar procesos de direcci\u00f3n de proyectos le permite a un l\u00edder de proyecto pro activamente gestionar el alcance, incidencias, riesgos, la calidad y la comunicaci\u00f3n. Entendiendo y utilizando los conceptos que se ense\u00f1an en este curso incrementa las posibilidades de \u00e9xito en un proyecto.<\/span><\/p>\n<p><span style=\"color: #000000;\">Con este programa usted tendr\u00e1 una visi\u00f3n clara del proceso de definici\u00f3n del proyecto y su alcance, haciendo uso de t\u00e9cnicas y herramientas adquiridas en el curso, incrementando la probabilidad de \u00e9xito de este. <strong>Adem\u00e1s, si usted necesita reforzar alg\u00fan grupo de procesos, puede optar por llevar el m\u00f3dulo que usted desee.<\/strong><\/span><\/p>\n<ul>\n<li><span style=\"color: #000000;\"><strong>Duraci\u00f3n:<\/strong>\u00a048 horas en 12 sesiones de 4 horas cada una (3 M\u00f3dulos)<\/span><\/li>\n<li><span style=\"color: #000000;\"><strong>Modalidad:<\/strong>\u00a0Online<\/span><\/li>\n<li><span style=\"color: #000000;\"><strong>Requisitos:<\/strong>\u00a0No tiene requisitos<\/span><\/li>\n<li><span style=\"color: #000000;\"><strong>Acreditaci\u00f3n:<\/strong>\u00a035 PDUs T\u00e9cnicos<\/span><\/li>\n<li><span style=\"color: #000000;\"><strong>Precio:<\/strong> <span data-sheets-value=\"{&quot;1&quot;:3,&quot;3&quot;:4176900}\" data-sheets-userformat=\"{&quot;2&quot;:31231,&quot;3&quot;:{&quot;1&quot;:2,&quot;2&quot;:&quot;_-\\&quot;$\\&quot;\\\\ * #,##0_-;\\\\-\\&quot;$\\&quot;\\\\ * #,##0_-;_-\\&quot;$\\&quot;\\\\ * \\&quot;-\\&quot;??_-;_-@&quot;,&quot;3&quot;:1},&quot;4&quot;:{&quot;1&quot;:2,&quot;2&quot;:16099829},&quot;5&quot;:{&quot;1&quot;:[{&quot;1&quot;:2,&quot;2&quot;:0,&quot;5&quot;:{&quot;1&quot;:2,&quot;2&quot;:0}},{&quot;1&quot;:0,&quot;2&quot;:0,&quot;3&quot;:3},{&quot;1&quot;:1,&quot;2&quot;:0,&quot;4&quot;:2}]},&quot;6&quot;:{&quot;1&quot;:[{&quot;1&quot;:2,&quot;2&quot;:0,&quot;5&quot;:{&quot;1&quot;:2,&quot;2&quot;:0}},{&quot;1&quot;:0,&quot;2&quot;:0,&quot;3&quot;:3},{&quot;1&quot;:1,&quot;2&quot;:0,&quot;4&quot;:2}]},&quot;7&quot;:{&quot;1&quot;:[{&quot;1&quot;:2,&quot;2&quot;:0,&quot;5&quot;:{&quot;1&quot;:2,&quot;2&quot;:0}},{&quot;1&quot;:0,&quot;2&quot;:0,&quot;3&quot;:3},{&quot;1&quot;:1,&quot;2&quot;:0,&quot;4&quot;:1}]},&quot;8&quot;:{&quot;1&quot;:[{&quot;1&quot;:2,&quot;2&quot;:0,&quot;5&quot;:{&quot;1&quot;:2,&quot;2&quot;:0}},{&quot;1&quot;:0,&quot;2&quot;:0,&quot;3&quot;:3},{&quot;1&quot;:1,&quot;2&quot;:0,&quot;4&quot;:1}]},&quot;9&quot;:1,&quot;10&quot;:1,&quot;11&quot;:4,&quot;14&quot;:{&quot;1&quot;:2,&quot;2&quot;:0},&quot;15&quot;:&quot;Arial&quot;,&quot;16&quot;:11,&quot;17&quot;:1}\" data-sheets-formula=\"=+R[0]C[-3]\"> $ 4.176.900 <\/span> pesos colombianos IVAi<\/span><\/li>\n<li><strong>\u00a0<\/strong><strong>Si ya tomaste un curso con nosotros, tienes un 10% de descuento en todos nuestros cursos. \u00a0<\/strong><\/li>\n<\/ul>\n<p>[\/vc_column_text][vc_btn title=\u00bbDescargue el volante aqu\u00ed\u00bb i_icon_fontawesome=\u00bbfa fa-file-pdf-o\u00bb add_icon=\u00bbtrue\u00bb link=\u00bburl:https%3A%2F%2Fproyectum.com%2Fco%2Fwp-content%2Fuploads%2F2021%2F06%2FPEGP.pdf||target:%20_blank|\u00bb][vc_tta_tabs][vc_tta_section title=\u00bbPerfil\u00bb tab_id=\u00bb1586282350362-cf1f74eb-ced4&#8243;][vc_column_text]<span style=\"color: #000000;\"><strong>En este programa podr\u00e1n participar:<\/strong><\/span><\/p>\n<ul>\n<li><span style=\"color: #000000;\">T\u00e9cnicos y profesionales que en su trabajo diario necesita desarrollar proyectos.<\/span><\/li>\n<li><span style=\"color: #000000;\">Profesionales que deseen complementar sus carreras con excelentes conocimientos en administraci\u00f3n de proyectos.<\/span><\/li>\n<li><span style=\"color: #000000;\">Profesionales que deseen de forma intensiva obtener una especializaci\u00f3n que les permita gestionar proyectos en sus lugares de trabajo, de manera exitosa y bajos los est\u00e1ndares del PMI.<\/span><\/li>\n<\/ul>\n<p>[\/vc_column_text][\/vc_tta_section][vc_tta_section title=\u00bbContenido\u00bb tab_id=\u00bb1586282350363-3af196ba-9a3e\u00bb][vc_column_text]<span style=\"color: #000000;\"><strong>Durante el programa usted estudiar\u00e1 los siguientes grupos de procesos:<\/strong><\/span><\/p>\n<p><span style=\"color: #000000;\">M\u00f3dulo 1: Gesti\u00f3n del alcance del proyecto y sus cambios,<\/span><\/p>\n<p><span style=\"color: #000000;\">M\u00f3dulo 2: Gesti\u00f3n del cronograma de los proyectos.<\/span><\/p>\n<p><span style=\"color: #000000;\">M\u00f3dulo 3: Gesti\u00f3n del presupuesto en los proyectos.<\/span><\/p>\n<p><span style=\"color: #000000;\">M\u00f3dulo 4: Gesti\u00f3n de la comunicaci\u00f3n del proyecto.<\/span><\/p>\n<p><span style=\"color: #000000;\">M\u00f3dulo 5: Gesti\u00f3n de riesgos en el proyecto.<\/span><\/p>\n<p><span style=\"color: #000000;\">M\u00f3dulo 6: Gesti\u00f3n de las contrataciones y contratos en el proyecto<\/span>[\/vc_column_text][\/vc_tta_section][vc_tta_section title=\u00bbIncluye\u00bb tab_id=\u00bb1586282494032-81e78e02-6cb8&#8243;][vc_column_text]<span style=\"color: #000000;\"><strong>Al matricular todos los m\u00f3dulos de este programa, usted contar\u00e1 con:<\/strong><\/span><\/p>\n<ul>\n<li><span style=\"color: #000000;\">48 horas de capacitaci\u00f3n<\/span><\/li>\n<li><span style=\"color: #000000;\">T\u00edtulo de participaci\u00f3n o aprovechamiento<\/span><\/li>\n<li><span style=\"color: #000000;\">Presentaciones utilizadas durante el Programa<\/span><\/li>\n<li><span style=\"color: #000000;\">Ex\u00e1menes por sesi\u00f3n<\/span><\/li>\n<li><span style=\"color: #000000;\"> Herramientas virtuales did\u00e1cticas<\/span><\/li>\n<li><span style=\"color: #000000;\">Instructora certificada PMP, SMC y con m\u00e1s de 10 a\u00f1os de experiencia en Gesti\u00f3n de Proyectos<\/span><\/li>\n<li><span style=\"color: #000000;\">Taller con el respaldo de la\u00a0 CICR\u00a0<\/span><\/li>\n<\/ul>\n<p>[\/vc_column_text][\/vc_tta_section][vc_tta_section title=\u00bbObjetivos\u00bb tab_id=\u00bb1586282495978-8bf42fa2-ce7d\u00bb][vc_column_text]<span style=\"color: #000000;\"><strong>Al finalizar este programa usted ser\u00e1 capaz de:<\/strong><\/span><\/p>\n<ul>\n<li><span style=\"color: #000000;\">Conocer y poner en pr\u00e1ctica conceptos y herramientas para definir los objetivos y el alcance de los proyectos, gestionar sus cambios y aumentar la probabilidad de \u00e9xito de estos proyectos.<\/span><\/li>\n<li><span style=\"color: #000000;\">Conocer y poner en pr\u00e1ctica conceptos y herramientas para crear, estimar, controlar y validar el cronograma de trabajo del proyecto.<\/span><\/li>\n<li><span style=\"color: #000000;\">Conocer y poner en pr\u00e1ctica conceptos y herramientas para planificar, estimar, determinar y controlar los costos del proyecto.<\/span><\/li>\n<li><span style=\"color: #000000;\">Conocer y poner en pr\u00e1ctica conceptos y herramientas para realizar la gesti\u00f3n de los recursos, los interesados y las comunicaciones del proyecto.<\/span><\/li>\n<li><span style=\"color: #000000;\">Conocer y poner en pr\u00e1ctica conceptos y herramientas para la identificaci\u00f3n de los riesgos del proyecto, as\u00ed como poder implementar las respuestas y monitoreo de estos.<\/span><\/li>\n<li><span style=\"color: #000000;\">Conocer y poner en pr\u00e1ctica conceptos y herramientas para gestionar, efectuar y controlar las contrataciones con los proveedores de los proyectos.<\/span><\/li>\n<\/ul>\n<p>[\/vc_column_text][\/vc_tta_section][\/vc_tta_tabs][\/vc_column][vc_column width=\u00bb1\/3&#8243;][vc_images_carousel images=\u00bb7267&#8243; img_size=\u00bbmedium\u00bb onclick=\u00bblink_no\u00bb speed=\u00bb2500&#8243; autoplay=\u00bbyes\u00bb hide_pagination_control=\u00bbyes\u00bb hide_prev_next_buttons=\u00bbyes\u00bb wrap=\u00bbyes\u00bb css=\u00bb.vc_custom_1624559578899{padding-top: 40px !important;padding-right: 70px !important;padding-left: 70px !important;}\u00bb]<div class=\"porto-u-heading  wpb_custom_95aa9a11c17ad45cfabaf210d84ee7cc porto-u-8668\"><div class=\"porto-u-main-heading\"><h2  >CAPACITACI\u00d3N<\/h2><\/div><style>.porto-u-8668.porto-u-heading{text-align:center}<\/style><\/div>[vc_tta_accordion][vc_tta_section title=\u00bbCERTIFICACIONES\u00bb tab_id=\u00bb1606150990516-9bf9ea1d-e38f\u00bb][vc_wp_custommenu nav_menu=\u00bb75&#8243;][\/vc_tta_section][vc_tta_section title=\u00bbAGILIDAD\u00bb tab_id=\u00bb1606150990516-3918fc62-26d9&#8243;][vc_wp_custommenu nav_menu=\u00bb73&#8243;][\/vc_tta_section][vc_tta_section title=\u00bbM\u00c1S PROGRAMAS&#8230;\u00bb tab_id=\u00bb1606151037047-48bbdcec-b366&#8243;][vc_wp_custommenu nav_menu=\u00bb74&#8243;][\/vc_tta_section][\/vc_tta_accordion]<div id=\"porto-products-9921\" class=\"porto-products wpb_content_element theme_option wpb_custom_c9b29ede315f81ce7e062dc664e7ed90\"><h2 class=\"section-title\">Programa de Especializaci\u00f3n en Gesti\u00f3n de Proyectos<\/h2><div class=\"woocommerce columns-1 \"><ul class=\"products products-container grid show-nav-middle pcols-lg-1 pcols-md-1 pcols-xs-1 pcols-ls-1 pwidth-lg-1 pwidth-md-1 pwidth-xs-1 pwidth-ls-1 is-shortcode\"\r\n\t data-product_layout=\"product-default\">\r\n\r\n<li class=\"product-col product-default product type-product post-11595 status-publish first instock product_cat-proyectum has-post-thumbnail taxable shipping-taxable purchasable product-type-simple\">\r\n<div class=\"product-inner\">\r\n\t\r\n\t<div class=\"product-image\">\r\n\r\n\t\t<a  href=\"https:\/\/proyectum.com\/co\/product\/pegp\/\" aria-label=\"product\">\r\n\t\t\t<div class=\"inner\"><img loading=\"lazy\" decoding=\"async\" width=\"300\" height=\"300\" src=\"https:\/\/i0.wp.com\/proyectum.com\/co\/wp-content\/uploads\/2021\/08\/Fundamentos-Proyectos.jpg?resize=300%2C300&amp;ssl=1\" class=\" wp-post-image\" alt=\"\" \/><\/div>\t\t<\/a>\r\n\t\t\t<\/div>\r\n\r\n\t<div class=\"product-content\">\r\n\t\t<span class=\"category-list\"><a href=\"https:\/\/proyectum.com\/co\/product-category\/proyectum\/\" rel=\"tag\">Proyectum<\/a><\/span>\r\n\t\t\t<a class=\"product-loop-title\"  href=\"https:\/\/proyectum.com\/co\/product\/pegp\/\">\r\n\t<h3 class=\"woocommerce-loop-product__title\">Programa de Especializaci\u00f3n en Gesti\u00f3n de Proyectos<\/h3>\t<\/a>\r\n\t\r\n\t\t\n\t<span class=\"price\"><span class=\"woocommerce-Price-amount amount\"><bdi><span class=\"woocommerce-Price-currencySymbol\">&#36;<\/span>&nbsp;4,275,000.0<\/bdi><\/span><\/span>\n\r\n\t\t<div class=\"add-links-wrap\">\r\n\t<div class=\"add-links clearfix\">\r\n\t\t<a href=\"?add-to-cart=11595\" data-quantity=\"1\" class=\"viewcart-style-3 button product_type_simple add_to_cart_button ajax_add_to_cart\" data-product_id=\"11595\" data-product_sku=\"\" aria-label=\"A\u00f1adir al carrito: &ldquo;Programa de Especializaci\u00f3n en Gesti\u00f3n de Proyectos&rdquo;\" rel=\"nofollow\" data-success_message=\"\u00abPrograma de Especializaci\u00f3n en Gesti\u00f3n de Proyectos\u00bb se ha a\u00f1adido a tu carrito\">A\u00f1adir al carrito<\/a><div class=\"quickview\" data-id=\"11595\" title=\"Quick View\">Quick View<\/div>\t<\/div>\r\n\t<\/div>\r\n<span class=\"gtm4wp_productdata\" style=\"display:none; visibility:hidden;\" data-gtm4wp_product_data=\"{&quot;internal_id&quot;:11595,&quot;item_id&quot;:11595,&quot;item_name&quot;:&quot;Programa de Especializaci\\u00f3n en Gesti\\u00f3n de Proyectos&quot;,&quot;sku&quot;:11595,&quot;price&quot;:4275000,&quot;stocklevel&quot;:null,&quot;stockstatus&quot;:&quot;instock&quot;,&quot;google_business_vertical&quot;:&quot;retail&quot;,&quot;item_category&quot;:&quot;Proyectum&quot;,&quot;id&quot;:11595,&quot;productlink&quot;:&quot;https:\\\/\\\/proyectum.com\\\/co\\\/product\\\/pegp\\\/&quot;,&quot;item_list_name&quot;:&quot;Lista general de productos&quot;,&quot;index&quot;:1,&quot;product_type&quot;:&quot;simple&quot;,&quot;item_brand&quot;:&quot;&quot;}\"><\/span>\t<\/div>\r\n<\/div>\r\n<\/li>\r\n<\/ul>\r\n<\/div><\/div>[\/vc_column][\/vc_row][vc_row full_width=\u00bbstretch_row_content_no_spaces\u00bb equal_height=\u00bbyes\u00bb][vc_column el_class=\u00bbbackground-color-primary\u00bb]<div class=\"porto-container container\">[vc_custom_heading text=\u00bb\u00bfQUIERES M\u00c1S INFORMACI\u00d3N DEL PROGRAMA DE ESPECIALIZACI\u00d3N EN GESTI\u00d3N DE PROYECTOS?\u00bb font_container=\u00bbtag:h2|text_align:left|color:%23f7f6f4&#8243; use_theme_fonts=\u00bbyes\u00bb text_transform=\u00bbtext-uppercase\u00bb][vc_column_text]<span style=\"color: #a19ae6;\">D\u00e9janos tus datos y te escribiremos<\/span>[\/vc_column_text]\n<div class=\"wpcf7 no-js\" id=\"wpcf7-f7483-o1\" lang=\"es-ES\" dir=\"ltr\">\n<div class=\"screen-reader-response\"><p role=\"status\" aria-live=\"polite\" aria-atomic=\"true\"><\/p> <ul><\/ul><\/div>\n<form action=\"\/co\/wp-json\/wp\/v2\/pages\/7058#wpcf7-f7483-o1\" method=\"post\" class=\"wpcf7-form init\" aria-label=\"Formulario de contacto\" novalidate=\"novalidate\" data-status=\"init\">\n<div style=\"display: none;\">\n<input type=\"hidden\" name=\"_wpcf7\" value=\"7483\" \/>\n<input type=\"hidden\" name=\"_wpcf7_version\" value=\"5.9.8\" \/>\n<input type=\"hidden\" name=\"_wpcf7_locale\" value=\"es_ES\" \/>\n<input type=\"hidden\" name=\"_wpcf7_unit_tag\" value=\"wpcf7-f7483-o1\" \/>\n<input type=\"hidden\" name=\"_wpcf7_container_post\" value=\"0\" \/>\n<input type=\"hidden\" name=\"_wpcf7_posted_data_hash\" value=\"\" \/>\n<\/div>\n<div style=\"display:none\"><span class=\"wpcf7-form-control-wrap\" data-name=\"donde\"><input size=\"40\" maxlength=\"400\" class=\"wpcf7-form-control wpcf7-text custom-contact-input donde\" aria-invalid=\"false\" value=\"\" type=\"text\" name=\"donde\" \/><\/span><\/div>\n<div class=\"row\">\n    <div class=\"col-lg-6\">\n        <i class=\"Simple-Line-Icons-user text-color-light\"><\/i><span class=\"wpcf7-form-control-wrap\" data-name=\"your-name\"><input size=\"40\" maxlength=\"400\" class=\"wpcf7-form-control wpcf7-text wpcf7-validates-as-required custom-contact-input\" aria-required=\"true\" aria-invalid=\"false\" placeholder=\"Nombre *\" value=\"\" type=\"text\" name=\"your-name\" \/><\/span>\n    <\/div>\n    <div class=\"col-lg-6\">\n        <i class=\"Simple-Line-Icons-envelope text-color-light\"><\/i><span class=\"wpcf7-form-control-wrap\" data-name=\"your-email\"><input size=\"40\" maxlength=\"400\" class=\"wpcf7-form-control wpcf7-email wpcf7-validates-as-required wpcf7-text wpcf7-validates-as-email custom-contact-input\" aria-required=\"true\" aria-invalid=\"false\" placeholder=\"Email *\" value=\"\" type=\"email\" name=\"your-email\" \/><\/span>\n    <\/div>\n<\/div>\n<div class=\"row\">\n    <div class=\"col-lg-6\">\n        <i class=\"Simple-Line-Icons-call-out icons text-color-light\"><\/i><span class=\"wpcf7-form-control-wrap\" data-name=\"your-phone\"><input size=\"40\" maxlength=\"400\" class=\"wpcf7-form-control wpcf7-text custom-contact-input\" aria-invalid=\"false\" placeholder=\"Tel\u00e9fono\" value=\"\" type=\"text\" name=\"your-phone\" \/><\/span>\n    <\/div>\n<\/div>\n<div class=\"row\">\n    <div class=\"col-md-12\">\n        <div class=\"row\">\n            <div class=\"text-left text-checkbox\"><span class=\"wpcf7-form-control-wrap\" data-name=\"resumen\"><span class=\"wpcf7-form-control wpcf7-acceptance optional\"><span class=\"wpcf7-list-item\"><label><input type=\"checkbox\" name=\"resumen\" value=\"1\" aria-invalid=\"false\" \/><span class=\"wpcf7-list-item-label\">Deseo recibir los res\u00famenes de libros<\/span><\/label><\/span><\/span><\/span><\/div>\n            <div class=\"text-left text-checkbox\"><span class=\"wpcf7-form-control-wrap\" data-name=\"webinars\"><span class=\"wpcf7-form-control wpcf7-acceptance optional\"><span class=\"wpcf7-list-item\"><label><input type=\"checkbox\" name=\"webinars\" value=\"1\" aria-invalid=\"false\" \/><span class=\"wpcf7-list-item-label\">Deseo recibir invitaciones a webinars<\/span><\/label><\/span><\/span><\/span><\/div>\n            <div class=\"text-left text-checkbox\"><span class=\"wpcf7-form-control-wrap\" data-name=\"boletin\"><span class=\"wpcf7-form-control wpcf7-acceptance optional\"><span class=\"wpcf7-list-item\"><label><input type=\"checkbox\" name=\"boletin\" value=\"1\" aria-invalid=\"false\" \/><span class=\"wpcf7-list-item-label\">Deseo recibir el bolet\u00edn quincenal<\/span><\/label><\/span><\/span><\/span><\/div>\n        <\/div>\n    <\/div>\n<\/div>\n<div class=\"row center\">\n    <div class=\"col-lg-12\"><input class=\"wpcf7-form-control wpcf7-submit has-spinner custom-btn-style-4\" type=\"submit\" value=\"ENVIAR\" \/><\/div>\n<\/div>\n\n<style>\n.text-checkbox{\ndisplay:block !important;\nwidth: 100%;\ncolor: #fff;\n}\n.wpcf7-form > .row > *{ margin-bottom: 25px; }\n.wpcf7-form i{ position: absolute; top: 10px; }\n.wpcf7-form-control.custom-contact-input {\n    width: 100%;\n    background: none;\n    border: 0px;\n    border-bottom: 1px solid rgba(255, 255, 255, 0.2);\n    box-shadow: none;\n    padding: 10px 10px 10px 30px;\n    color: #fff;\n    -webkit-appearance: none;\n    -moz-appearance: none;\n    -ms-appearance: none;\n    -o-appearance: none;\n    appearance: none;\n}\n.custom-select-style:after {\n    content: '';\n    display: block;\n    position: absolute;\n    top: 50%;\n    right: 25px;\n    width: 10px;\n    height: 10px;\n    border-right: 1px solid #c8d4ea;\n    border-bottom: 1px solid #c8d4ea;\n    z-index: 0;\n    -webkit-transform: translateY(-50%) rotate(45deg);\n    -moz-transform: translateY(-50%) rotate(45deg);\n    -ms-transform: translateY(-50%) rotate(45deg);\n    -o-transform: translateY(-50%) rotate(45deg);\n    transform: translateY(-50%) rotate(45deg);\n}\nselect.custom-contact-input option { color: #818898; }\n.wpcf7-submit.custom-btn-style-4 {\n    background: transparent !important;\n    color: #FFF;\n    font-weight: 900 !important;\n    border: 2px solid #fff !important;\n    padding: 10px 20px !important;\n    font-size: 14px;\n    border-radius: 0px !important;\n}\n.wpcf7-submit.custom-btn-style-4:hover {\n    background: #FFF !important;\n    color: #6a80a9 !important;\n}\n::-webkit-input-placeholder { color: #c8d4ea; }\n::-moz-placeholder { color: #c8d4ea; }\n:-ms-input-placeholder { color: #c8d4ea; }\n:-moz-placeholder{ color: #c8d4ea; }\n@media(max-width: 991px){\n\t.wpcf7-form > .row > *{ margin-bottom: 15px; }\n\t.wpcf7-form .row.center{ margin-top: 10px; }\n}\n<\/style><div class=\"wpcf7-response-output\" aria-hidden=\"true\"><\/div>\n<\/form>\n<\/div>\n<\/div>[\/vc_column][\/vc_row]<\/p>\n<\/div>","protected":false},"excerpt":{"rendered":"<p>[vc_row full_width=\u00bbstretch_row_content\u00bb css=\u00bb.vc_custom_1584804929969{padding-top: 58px !important;padding-bottom: 58px !important;background-image: url(https:\/\/proyectum.com\/co\/wp-content\/uploads\/2018\/09\/curso-tipo.png?id=6990) !important;background-position: center !important;background-repeat: no-repeat !important;background-size: cover !important;}\u00bb][vc_column width=\u00bb1\/2&#8243;][vc_custom_heading text=\u00bbPrograma de Especializaci\u00f3n en Gesti\u00f3n de Proyectos\u00bb font_container=\u00bbtag:h1|font_size:40|text_align:center|color:%23ffffff\u00bb use_theme_fonts=\u00bbyes\u00bb css=\u00bb.vc_custom_1587694036137{padding-top: 20px !important;padding-left: 75px !important;}\u00bb][\/vc_column][vc_column width=\u00bb1\/2&#8243;][vc_single_image image=\u00bb9634&#8243; img_size=\u00bb200&#215;170&#8243; css=\u00bb.vc_custom_1602877877665{padding-left: 250px !important;}\u00bb][\/vc_column][\/vc_row][vc_column][\/vc_column][vc_row][vc_column width=\u00bb2\/3&#8243;][vc_column_text css=\u00bb.vc_custom_1745332668712{padding-top: 20px !important;}\u00bb] Crear un proyecto permite utilizar un conjunto formal de procesos y t\u00e9cnicas de gesti\u00f3n de [&hellip;]<\/p>\n","protected":false},"author":8,"featured_media":0,"parent":7466,"menu_order":0,"comment_status":"closed","ping_status":"closed","template":"","meta":{"_acf_changed":false,"footnotes":""},"acf":[],"yoast_head":"<!-- This site is optimized with the Yoast SEO plugin v24.5 - https:\/\/yoast.com\/wordpress\/plugins\/seo\/ -->\n<title>Programa de Especializaci\u00f3n en Gesti\u00f3n de Proyectos - Proyectum Colombia<\/title>\n<meta name=\"robots\" content=\"index, follow, max-snippet:-1, max-image-preview:large, max-video-preview:-1\" \/>\n<link rel=\"canonical\" href=\"https:\/\/proyectum.com\/co\/capacitacion\/programa_de_especializacion_en_gestion_de_proyectos-2\/\" \/>\n<meta property=\"og:locale\" content=\"es_ES\" \/>\n<meta property=\"og:type\" content=\"article\" \/>\n<meta property=\"og:title\" content=\"Programa de Especializaci\u00f3n en Gesti\u00f3n de Proyectos - Proyectum Colombia\" \/>\n<meta property=\"og:description\" content=\"[vc_row full_width=\u00bbstretch_row_content\u00bb css=\u00bb.vc_custom_1584804929969{padding-top: 58px !important;padding-bottom: 58px !important;background-image: url(https:\/\/proyectum.com\/co\/wp-content\/uploads\/2018\/09\/curso-tipo.png?id=6990) !important;background-position: center !important;background-repeat: no-repeat !important;background-size: cover !important;}\u00bb][vc_column width=\u00bb1\/2&#8243;][vc_custom_heading text=\u00bbPrograma de Especializaci\u00f3n en Gesti\u00f3n de Proyectos\u00bb font_container=\u00bbtag:h1|font_size:40|text_align:center|color:%23ffffff\u00bb use_theme_fonts=\u00bbyes\u00bb css=\u00bb.vc_custom_1587694036137{padding-top: 20px !important;padding-left: 75px !important;}\u00bb][\/vc_column][vc_column width=\u00bb1\/2&#8243;][vc_single_image image=\u00bb9634&#8243; img_size=\u00bb200&#215;170&#8243; css=\u00bb.vc_custom_1602877877665{padding-left: 250px !important;}\u00bb][\/vc_column][\/vc_row][vc_column][\/vc_column][vc_row][vc_column width=\u00bb2\/3&#8243;][vc_column_text css=\u00bb.vc_custom_1745332668712{padding-top: 20px !important;}\u00bb] Crear un proyecto permite utilizar un conjunto formal de procesos y t\u00e9cnicas de gesti\u00f3n de [&hellip;]\" \/>\n<meta property=\"og:url\" content=\"https:\/\/proyectum.com\/co\/capacitacion\/programa_de_especializacion_en_gestion_de_proyectos-2\/\" \/>\n<meta property=\"og:site_name\" content=\"Proyectum Colombia\" \/>\n<meta property=\"article:publisher\" content=\"https:\/\/www.facebook.com\/proyectumcr\/\" \/>\n<meta property=\"article:modified_time\" content=\"2025-04-22T14:38:06+00:00\" \/>\n<meta name=\"twitter:card\" content=\"summary_large_image\" \/>\n<meta name=\"twitter:label1\" content=\"Tiempo de lectura\" \/>\n\t<meta name=\"twitter:data1\" content=\"4 minutos\" \/>\n<script type=\"application\/ld+json\" class=\"yoast-schema-graph\">{\"@context\":\"https:\/\/schema.org\",\"@graph\":[{\"@type\":\"WebPage\",\"@id\":\"https:\/\/proyectum.com\/co\/capacitacion\/programa_de_especializacion_en_gestion_de_proyectos-2\/\",\"url\":\"https:\/\/proyectum.com\/co\/capacitacion\/programa_de_especializacion_en_gestion_de_proyectos-2\/\",\"name\":\"Programa de Especializaci\u00f3n en Gesti\u00f3n de Proyectos - Proyectum Colombia\",\"isPartOf\":{\"@id\":\"https:\/\/proyectum.com\/co\/#website\"},\"datePublished\":\"2019-02-19T22:50:19+00:00\",\"dateModified\":\"2025-04-22T14:38:06+00:00\",\"breadcrumb\":{\"@id\":\"https:\/\/proyectum.com\/co\/capacitacion\/programa_de_especializacion_en_gestion_de_proyectos-2\/#breadcrumb\"},\"inLanguage\":\"es\",\"potentialAction\":[{\"@type\":\"ReadAction\",\"target\":[\"https:\/\/proyectum.com\/co\/capacitacion\/programa_de_especializacion_en_gestion_de_proyectos-2\/\"]}]},{\"@type\":\"BreadcrumbList\",\"@id\":\"https:\/\/proyectum.com\/co\/capacitacion\/programa_de_especializacion_en_gestion_de_proyectos-2\/#breadcrumb\",\"itemListElement\":[{\"@type\":\"ListItem\",\"position\":1,\"name\":\"Home\",\"item\":\"https:\/\/proyectum.com\/co\/\"},{\"@type\":\"ListItem\",\"position\":2,\"name\":\"Capacitaciones\",\"item\":\"https:\/\/proyectum.com\/co\/capacitacion\/\"},{\"@type\":\"ListItem\",\"position\":3,\"name\":\"Programa de Especializaci\u00f3n en Gesti\u00f3n de Proyectos\"}]},{\"@type\":\"WebSite\",\"@id\":\"https:\/\/proyectum.com\/co\/#website\",\"url\":\"https:\/\/proyectum.com\/co\/\",\"name\":\"Proyectum Costa Rica\",\"description\":\"Centro Autorizado de Capacitaci\u00f3n del Project Management Institute - ATP del PMI\",\"publisher\":{\"@id\":\"https:\/\/proyectum.com\/co\/#organization\"},\"potentialAction\":[{\"@type\":\"SearchAction\",\"target\":{\"@type\":\"EntryPoint\",\"urlTemplate\":\"https:\/\/proyectum.com\/co\/?s={search_term_string}\"},\"query-input\":{\"@type\":\"PropertyValueSpecification\",\"valueRequired\":true,\"valueName\":\"search_term_string\"}}],\"inLanguage\":\"es\"},{\"@type\":\"Organization\",\"@id\":\"https:\/\/proyectum.com\/co\/#organization\",\"name\":\"Proyectum Costa Rica\",\"url\":\"https:\/\/proyectum.com\/co\/\",\"logo\":{\"@type\":\"ImageObject\",\"inLanguage\":\"es\",\"@id\":\"https:\/\/proyectum.com\/co\/#\/schema\/logo\/image\/\",\"url\":\"https:\/\/i0.wp.com\/proyectum.com\/co\/wp-content\/uploads\/proyectum-logo-snippet.png?fit=600%2C315&ssl=1\",\"contentUrl\":\"https:\/\/i0.wp.com\/proyectum.com\/co\/wp-content\/uploads\/proyectum-logo-snippet.png?fit=600%2C315&ssl=1\",\"width\":600,\"height\":315,\"caption\":\"Proyectum Costa Rica\"},\"image\":{\"@id\":\"https:\/\/proyectum.com\/co\/#\/schema\/logo\/image\/\"},\"sameAs\":[\"https:\/\/www.facebook.com\/proyectumcr\/\",\"https:\/\/www.instagram.com\/proyectumcostarica\/\",\"https:\/\/www.linkedin.com\/company\/proyectum-costarica\/\",\"https:\/\/www.youtube.com\/channel\/UCljouWimyhK_cNcC2jniUgw\"]}]}<\/script>\n<!-- \/ Yoast SEO plugin. -->","yoast_head_json":{"title":"Programa de Especializaci\u00f3n en Gesti\u00f3n de Proyectos - Proyectum Colombia","robots":{"index":"index","follow":"follow","max-snippet":"max-snippet:-1","max-image-preview":"max-image-preview:large","max-video-preview":"max-video-preview:-1"},"canonical":"https:\/\/proyectum.com\/co\/capacitacion\/programa_de_especializacion_en_gestion_de_proyectos-2\/","og_locale":"es_ES","og_type":"article","og_title":"Programa de Especializaci\u00f3n en Gesti\u00f3n de Proyectos - Proyectum Colombia","og_description":"[vc_row full_width=\u00bbstretch_row_content\u00bb css=\u00bb.vc_custom_1584804929969{padding-top: 58px !important;padding-bottom: 58px !important;background-image: url(https:\/\/proyectum.com\/co\/wp-content\/uploads\/2018\/09\/curso-tipo.png?id=6990) !important;background-position: center !important;background-repeat: no-repeat !important;background-size: cover !important;}\u00bb][vc_column width=\u00bb1\/2&#8243;][vc_custom_heading text=\u00bbPrograma de Especializaci\u00f3n en Gesti\u00f3n de Proyectos\u00bb font_container=\u00bbtag:h1|font_size:40|text_align:center|color:%23ffffff\u00bb use_theme_fonts=\u00bbyes\u00bb css=\u00bb.vc_custom_1587694036137{padding-top: 20px !important;padding-left: 75px !important;}\u00bb][\/vc_column][vc_column width=\u00bb1\/2&#8243;][vc_single_image image=\u00bb9634&#8243; img_size=\u00bb200&#215;170&#8243; css=\u00bb.vc_custom_1602877877665{padding-left: 250px !important;}\u00bb][\/vc_column][\/vc_row][vc_column][\/vc_column][vc_row][vc_column width=\u00bb2\/3&#8243;][vc_column_text css=\u00bb.vc_custom_1745332668712{padding-top: 20px !important;}\u00bb] Crear un proyecto permite utilizar un conjunto formal de procesos y t\u00e9cnicas de gesti\u00f3n de [&hellip;]","og_url":"https:\/\/proyectum.com\/co\/capacitacion\/programa_de_especializacion_en_gestion_de_proyectos-2\/","og_site_name":"Proyectum Colombia","article_publisher":"https:\/\/www.facebook.com\/proyectumcr\/","article_modified_time":"2025-04-22T14:38:06+00:00","twitter_card":"summary_large_image","twitter_misc":{"Tiempo de lectura":"4 minutos"},"schema":{"@context":"https:\/\/schema.org","@graph":[{"@type":"WebPage","@id":"https:\/\/proyectum.com\/co\/capacitacion\/programa_de_especializacion_en_gestion_de_proyectos-2\/","url":"https:\/\/proyectum.com\/co\/capacitacion\/programa_de_especializacion_en_gestion_de_proyectos-2\/","name":"Programa de Especializaci\u00f3n en Gesti\u00f3n de Proyectos - Proyectum Colombia","isPartOf":{"@id":"https:\/\/proyectum.com\/co\/#website"},"datePublished":"2019-02-19T22:50:19+00:00","dateModified":"2025-04-22T14:38:06+00:00","breadcrumb":{"@id":"https:\/\/proyectum.com\/co\/capacitacion\/programa_de_especializacion_en_gestion_de_proyectos-2\/#breadcrumb"},"inLanguage":"es","potentialAction":[{"@type":"ReadAction","target":["https:\/\/proyectum.com\/co\/capacitacion\/programa_de_especializacion_en_gestion_de_proyectos-2\/"]}]},{"@type":"BreadcrumbList","@id":"https:\/\/proyectum.com\/co\/capacitacion\/programa_de_especializacion_en_gestion_de_proyectos-2\/#breadcrumb","itemListElement":[{"@type":"ListItem","position":1,"name":"Home","item":"https:\/\/proyectum.com\/co\/"},{"@type":"ListItem","position":2,"name":"Capacitaciones","item":"https:\/\/proyectum.com\/co\/capacitacion\/"},{"@type":"ListItem","position":3,"name":"Programa de Especializaci\u00f3n en Gesti\u00f3n de Proyectos"}]},{"@type":"WebSite","@id":"https:\/\/proyectum.com\/co\/#website","url":"https:\/\/proyectum.com\/co\/","name":"Proyectum Costa Rica","description":"Centro Autorizado de Capacitaci\u00f3n del Project Management Institute - ATP del PMI","publisher":{"@id":"https:\/\/proyectum.com\/co\/#organization"},"potentialAction":[{"@type":"SearchAction","target":{"@type":"EntryPoint","urlTemplate":"https:\/\/proyectum.com\/co\/?s={search_term_string}"},"query-input":{"@type":"PropertyValueSpecification","valueRequired":true,"valueName":"search_term_string"}}],"inLanguage":"es"},{"@type":"Organization","@id":"https:\/\/proyectum.com\/co\/#organization","name":"Proyectum Costa Rica","url":"https:\/\/proyectum.com\/co\/","logo":{"@type":"ImageObject","inLanguage":"es","@id":"https:\/\/proyectum.com\/co\/#\/schema\/logo\/image\/","url":"https:\/\/i0.wp.com\/proyectum.com\/co\/wp-content\/uploads\/proyectum-logo-snippet.png?fit=600%2C315&ssl=1","contentUrl":"https:\/\/i0.wp.com\/proyectum.com\/co\/wp-content\/uploads\/proyectum-logo-snippet.png?fit=600%2C315&ssl=1","width":600,"height":315,"caption":"Proyectum Costa Rica"},"image":{"@id":"https:\/\/proyectum.com\/co\/#\/schema\/logo\/image\/"},"sameAs":["https:\/\/www.facebook.com\/proyectumcr\/","https:\/\/www.instagram.com\/proyectumcostarica\/","https:\/\/www.linkedin.com\/company\/proyectum-costarica\/","https:\/\/www.youtube.com\/channel\/UCljouWimyhK_cNcC2jniUgw"]}]}},"jetpack_sharing_enabled":true,"_links":{"self":[{"href":"https:\/\/proyectum.com\/co\/wp-json\/wp\/v2\/pages\/7058"}],"collection":[{"href":"https:\/\/proyectum.com\/co\/wp-json\/wp\/v2\/pages"}],"about":[{"href":"https:\/\/proyectum.com\/co\/wp-json\/wp\/v2\/types\/page"}],"author":[{"embeddable":true,"href":"https:\/\/proyectum.com\/co\/wp-json\/wp\/v2\/users\/8"}],"replies":[{"embeddable":true,"href":"https:\/\/proyectum.com\/co\/wp-json\/wp\/v2\/comments?post=7058"}],"version-history":[{"count":104,"href":"https:\/\/proyectum.com\/co\/wp-json\/wp\/v2\/pages\/7058\/revisions"}],"predecessor-version":[{"id":12265,"href":"https:\/\/proyectum.com\/co\/wp-json\/wp\/v2\/pages\/7058\/revisions\/12265"}],"up":[{"embeddable":true,"href":"https:\/\/proyectum.com\/co\/wp-json\/wp\/v2\/pages\/7466"}],"wp:attachment":[{"href":"https:\/\/proyectum.com\/co\/wp-json\/wp\/v2\/media?parent=7058"}],"curies":[{"name":"wp","href":"https:\/\/api.w.org\/{rel}","templated":true}]}}