{"id":7466,"date":"2020-02-04T12:33:15","date_gmt":"2020-02-04T18:33:15","guid":{"rendered":"https:\/\/proyectum.com\/co\/?page_id=7466"},"modified":"2025-09-29T18:35:13","modified_gmt":"2025-09-29T23:35:13","slug":"capacitacion","status":"publish","type":"page","link":"https:\/\/proyectum.com\/co\/capacitacion\/","title":{"rendered":"Capacitaciones"},"content":{"rendered":"<div class=\"wpb-content-wrapper\"><p>[vc_row full_width=\u00bbstretch_row_content\u00bb css=\u00bb.vc_custom_1606253575344{padding-top: 58px !important;padding-bottom: 58px !important;background-image: url(https:\/\/proyectum.com\/co\/wp-content\/uploads\/2018\/09\/curso-tipo.png?id=6990) !important;}\u00bb][vc_column width=\u00bb1\/2&#8243;][vc_custom_heading text=\u00bbCAPACITACI\u00d3N\u00bb font_container=\u00bbtag:h1|font_size:60|text_align:center|color:%23ffffff\u00bb use_theme_fonts=\u00bbyes\u00bb css=\u00bb.vc_custom_1759188909419{padding-top: 50px !important;}\u00bb][\/vc_column][vc_column width=\u00bb1\/2&#8243;][vc_single_image image=\u00bb9634&#8243; img_size=\u00bb200&#215;170&#8243; css=\u00bb.vc_custom_1606253363925{padding-left: 250px !important;}\u00bb][\/vc_column][\/vc_row][vc_row][vc_column width=\u00bb2\/3&#8243;][vc_column_text css=\u00bb\u00bb]<\/p>\n<p style=\"text-align: center;\" data-start=\"89\" data-end=\"306\"><span style=\"font-size: 17px;\"><strong><span style=\"color: #1c4875;\">Somos la empresa que ha acompa\u00f1ado a m\u00e1s profesionales en Latinoam\u00e9rica a certificarse CAPM\u00ae y PMP\u00ae. M\u00e1s de 2,500 PMP\u00ae y 1,500 CAPM\u00ae han logrado su certificaci\u00f3n a trav\u00e9s de nuestros talleres de preparaci\u00f3n.<\/span><\/strong><\/span><\/p>\n<p style=\"text-align: left;\" data-start=\"308\" data-end=\"539\"><span style=\"color: #1c4875;\">Con m\u00e1s de <strong data-start=\"319\" data-end=\"345\">15 a\u00f1os de experiencia<\/strong>, ofrecemos programas de formaci\u00f3n dise\u00f1ados para responder a las necesidades actuales del mercado, incluyendo certificaciones en <strong data-start=\"475\" data-end=\"509\">Scrum, SAFe, Disciplined Agile<\/strong>, entre otros marcos \u00e1giles.<\/span><\/p>\n<p style=\"text-align: left;\" data-start=\"541\" data-end=\"737\"><span style=\"color: #1c4875;\">Nuestros instructores combinan <strong data-start=\"572\" data-end=\"629\">experiencia pr\u00e1ctica en proyectos de gran envergadura<\/strong> con s\u00f3lidas habilidades pedag\u00f3gicas, garantizando una <strong data-start=\"684\" data-end=\"734\">experiencia de aprendizaje efectiva y aplicada<\/strong>.<\/span><\/p>\n<p style=\"text-align: left;\" data-start=\"739\" data-end=\"872\"><span style=\"color: #1c4875;\">Somos un <strong data-start=\"748\" data-end=\"833\">Authorized Training Partner (ATP) Premier del Project Management Institute (PMI\u00ae)<\/strong>, lo que asegura que nuestros cursos:<\/span><\/p>\n<ul style=\"text-align: left;\" data-start=\"873\" data-end=\"1150\">\n<li data-start=\"873\" data-end=\"935\">\n<p data-start=\"875\" data-end=\"935\"><span style=\"color: #1c4875;\">Cumplen con los <strong data-start=\"891\" data-end=\"932\">est\u00e1ndares internacionales de calidad<\/strong>.<\/span><\/p>\n<\/li>\n<li data-start=\"936\" data-end=\"1019\">\n<p data-start=\"938\" data-end=\"1019\"><span style=\"color: #1c4875;\">Est\u00e1n siempre <strong data-start=\"952\" data-end=\"1016\">alineados con las \u00faltimas versiones de los ex\u00e1menes del PMI\u00ae<\/strong>.<\/span><\/p>\n<\/li>\n<li data-start=\"1020\" data-end=\"1150\">\n<p data-start=\"1022\" data-end=\"1150\"><span style=\"color: #1c4875;\">Otorgan <strong data-start=\"1030\" data-end=\"1076\">Unidades de Desarrollo Profesional (PDUs\u00ae)<\/strong> para el crecimiento y actualizaci\u00f3n continua de nuestros participantes.<\/span><\/p>\n<\/li>\n<\/ul>\n<p style=\"text-align: left;\" data-start=\"1152\" data-end=\"1422\"><span style=\"color: #1c4875;\">A trav\u00e9s de nuestros programas, apoyamos a las organizaciones en la <strong data-start=\"1220\" data-end=\"1328\">implementaci\u00f3n de estrategias, mejora de resultados y fortalecimiento de procesos y pr\u00e1cticas de negocio<\/strong>, utilizando la direcci\u00f3n profesional de proyectos, la colaboraci\u00f3n y la agilidad como base.<\/span><\/p>\n<p style=\"text-align: left;\" data-start=\"1424\" data-end=\"1505\"><span style=\"color: #1c4875;\">En s\u00edntesis, <strong data-start=\"1437\" data-end=\"1502\">hacemos que nuestros clientes y sus equipos alcancen el \u00e9xito<\/strong>.<\/span><\/p>\n<p>[\/vc_column_text][\/vc_column][vc_column width=\u00bb1\/3&#8243;]<div class=\"porto-u-heading  wpb_custom_95aa9a11c17ad45cfabaf210d84ee7cc porto-u-1162\"><div class=\"porto-u-main-heading\"><h2  >Capacitaci\u00f3n<\/h2><\/div><style>.porto-u-1162.porto-u-heading{text-align:center}<\/style><\/div>[vc_tta_accordion][vc_tta_section title=\u00bbCERTIFICACIONES\u00bb tab_id=\u00bb1606252537722-25aa393b-2906&#8243;][vc_wp_custommenu nav_menu=\u00bb75&#8243;][\/vc_tta_section][vc_tta_section title=\u00bbAGILIDAD\u00bb tab_id=\u00bb1606252433729-95cb0260-d458&#8243;][vc_wp_custommenu nav_menu=\u00bb73&#8243;][\/vc_tta_section][vc_tta_section title=\u00bbM\u00c1S PROGRAMAS&#8230;\u00bb tab_id=\u00bb1606252433728-8da048c4-4112&#8243;][vc_wp_custommenu nav_menu=\u00bb74&#8243;][\/vc_tta_section][\/vc_tta_accordion][\/vc_column][vc_column][\/vc_column][\/vc_row][vc_row][vc_column css=\u00bb.vc_custom_1751649343132{padding-top: 40px !important;padding-right: 20px !important;padding-bottom: 40px !important;padding-left: 20px !important;background-color: #6a80a9 !important;border-radius: 10px !important;}\u00bb conditional_render=\u00bb%5B%7B%22value_role%22%3A%22administrator%22%7D%5D\u00bb]\n<div class=\"wpcf7 no-js\" id=\"wpcf7-f12371-o1\" lang=\"es-ES\" dir=\"ltr\">\n<div class=\"screen-reader-response\"><p role=\"status\" aria-live=\"polite\" aria-atomic=\"true\"><\/p> <ul><\/ul><\/div>\n<form action=\"\/co\/wp-json\/wp\/v2\/pages\/7466#wpcf7-f12371-o1\" method=\"post\" class=\"wpcf7-form init\" aria-label=\"Formulario de contacto\" novalidate=\"novalidate\" data-status=\"init\">\n<div style=\"display: none;\">\n<input type=\"hidden\" name=\"_wpcf7\" value=\"12371\" \/>\n<input type=\"hidden\" name=\"_wpcf7_version\" value=\"5.9.8\" \/>\n<input type=\"hidden\" name=\"_wpcf7_locale\" value=\"es_ES\" \/>\n<input type=\"hidden\" name=\"_wpcf7_unit_tag\" value=\"wpcf7-f12371-o1\" \/>\n<input type=\"hidden\" name=\"_wpcf7_container_post\" value=\"0\" \/>\n<input type=\"hidden\" name=\"_wpcf7_posted_data_hash\" value=\"\" \/>\n<\/div>\n<div class=\"row\">\n    <div class=\"input-filled col-lg-6 col-md-6\" id=\"contact-name\"><span class=\"wpcf7-form-control-wrap\" data-name=\"Nombre\"><input size=\"40\" maxlength=\"400\" class=\"wpcf7-form-control wpcf7-text wpcf7-validates-as-required custom-class\" aria-required=\"true\" aria-invalid=\"false\" placeholder=\"Nombre*\" value=\"\" type=\"text\" name=\"Nombre\" \/><\/span><\/div>\n    <div class=\"input-filled col-lg-6 col-md-6\" id=\"contact-lastname\"><span class=\"wpcf7-form-control-wrap\" data-name=\"Apellido\"><input size=\"40\" maxlength=\"400\" class=\"wpcf7-form-control wpcf7-text wpcf7-validates-as-required custom-class\" aria-required=\"true\" aria-invalid=\"false\" placeholder=\"Pais*\" value=\"\" type=\"text\" name=\"Apellido\" \/><\/span><\/div>\n<\/div>\n\n<div class=\"row\">\n    <div class=\"input-filled col-lg-6 col-md-6\" id=\"contact-email\"><span class=\"wpcf7-form-control-wrap\" data-name=\"Email\"><input size=\"40\" maxlength=\"400\" class=\"wpcf7-form-control wpcf7-email wpcf7-validates-as-required wpcf7-text wpcf7-validates-as-email custom-class\" aria-required=\"true\" aria-invalid=\"false\" placeholder=\"Correo electronico*\" value=\"\" type=\"email\" name=\"Email\" \/><\/span><\/div>\n    <div class=\"input-filled col-lg-6 col-md-6\" id=\"contact-tel\"><span class=\"wpcf7-form-control-wrap\" data-name=\"Telefono\"><input size=\"40\" maxlength=\"400\" class=\"wpcf7-form-control wpcf7-tel wpcf7-validates-as-required wpcf7-text wpcf7-validates-as-tel custom-class\" aria-required=\"true\" aria-invalid=\"false\" placeholder=\"Tel\u00e9fono*\" value=\"\" type=\"tel\" name=\"Telefono\" \/><\/span><\/div>\n<\/div>\n\n<div class=\"row\">\n    <div class=\"input-filled\" id=\"contact-message\">\n      <textarea class=\"custom-class\" name=\"Mensaje\" placeholder=\"Mensaje\"><\/textarea>\n    <\/div>\n  <\/div>\n\n<div class=\"contacbtn\">\n    <button type=\"submit\" class=\"wpcf7-submit btn custom-button\">\n        <svg height=\"24\" width=\"24\" viewBox=\"0 0 24 24\" xmlns=\"http:\/\/www.w3.org\/2000\/svg\">\n            <path d=\"M0 0h24v24H0z\" fill=\"none\"><\/path>\n            <path d=\"M1.946 9.315c-.522-.174-.527-.455.01-.634l19.087-6.362c.529-.176.832.12.684.638l-5.454 19.086c-.15.529-.455.547-.679.045L12 14l6-8-8 6-8.054-2.685z\" fill=\"currentColor\"><\/path>\n        <\/svg>\n        <span>Enviar mensaje<\/span>\n    <\/button>\n<\/div><div class=\"wpcf7-response-output\" aria-hidden=\"true\"><\/div>\n<\/form>\n<\/div>\n[\/vc_column][\/vc_row]<\/p>\n<\/div>","protected":false},"excerpt":{"rendered":"<p>[vc_row full_width=\u00bbstretch_row_content\u00bb css=\u00bb.vc_custom_1606253575344{padding-top: 58px !important;padding-bottom: 58px !important;background-image: url(https:\/\/proyectum.com\/co\/wp-content\/uploads\/2018\/09\/curso-tipo.png?id=6990) !important;}\u00bb][vc_column width=\u00bb1\/2&#8243;][vc_custom_heading text=\u00bbCAPACITACI\u00d3N\u00bb font_container=\u00bbtag:h1|font_size:60|text_align:center|color:%23ffffff\u00bb use_theme_fonts=\u00bbyes\u00bb css=\u00bb.vc_custom_1759188909419{padding-top: 50px !important;}\u00bb][\/vc_column][vc_column width=\u00bb1\/2&#8243;][vc_single_image image=\u00bb9634&#8243; img_size=\u00bb200&#215;170&#8243; css=\u00bb.vc_custom_1606253363925{padding-left: 250px !important;}\u00bb][\/vc_column][\/vc_row][vc_row][vc_column width=\u00bb2\/3&#8243;][vc_column_text css=\u00bb\u00bb] Somos la empresa que ha acompa\u00f1ado a m\u00e1s profesionales en Latinoam\u00e9rica a certificarse CAPM\u00ae y PMP\u00ae. M\u00e1s de 2,500 PMP\u00ae y 1,500 CAPM\u00ae han logrado su certificaci\u00f3n a trav\u00e9s de nuestros [&hellip;]<\/p>\n","protected":false},"author":8,"featured_media":0,"parent":0,"menu_order":0,"comment_status":"closed","ping_status":"closed","template":"","meta":{"_acf_changed":false,"footnotes":""},"acf":[],"yoast_head":"<!-- This site is optimized with the Yoast SEO plugin v24.5 - https:\/\/yoast.com\/wordpress\/plugins\/seo\/ -->\n<title>Capacitaciones - Proyectum Colombia<\/title>\n<meta name=\"robots\" content=\"index, follow, max-snippet:-1, max-image-preview:large, max-video-preview:-1\" \/>\n<link rel=\"canonical\" href=\"https:\/\/proyectum.com\/co\/capacitacion\/\" \/>\n<meta property=\"og:locale\" content=\"es_ES\" \/>\n<meta property=\"og:type\" content=\"article\" \/>\n<meta property=\"og:title\" content=\"Capacitaciones - Proyectum Colombia\" \/>\n<meta property=\"og:description\" content=\"[vc_row full_width=\u00bbstretch_row_content\u00bb css=\u00bb.vc_custom_1606253575344{padding-top: 58px !important;padding-bottom: 58px !important;background-image: url(https:\/\/proyectum.com\/co\/wp-content\/uploads\/2018\/09\/curso-tipo.png?id=6990) !important;}\u00bb][vc_column width=\u00bb1\/2&#8243;][vc_custom_heading text=\u00bbCAPACITACI\u00d3N\u00bb font_container=\u00bbtag:h1|font_size:60|text_align:center|color:%23ffffff\u00bb use_theme_fonts=\u00bbyes\u00bb css=\u00bb.vc_custom_1759188909419{padding-top: 50px !important;}\u00bb][\/vc_column][vc_column width=\u00bb1\/2&#8243;][vc_single_image image=\u00bb9634&#8243; img_size=\u00bb200&#215;170&#8243; css=\u00bb.vc_custom_1606253363925{padding-left: 250px !important;}\u00bb][\/vc_column][\/vc_row][vc_row][vc_column width=\u00bb2\/3&#8243;][vc_column_text css=\u00bb\u00bb] Somos la empresa que ha acompa\u00f1ado a m\u00e1s profesionales en Latinoam\u00e9rica a certificarse CAPM\u00ae y PMP\u00ae. M\u00e1s de 2,500 PMP\u00ae y 1,500 CAPM\u00ae han logrado su certificaci\u00f3n a trav\u00e9s de nuestros [&hellip;]\" \/>\n<meta property=\"og:url\" content=\"https:\/\/proyectum.com\/co\/capacitacion\/\" \/>\n<meta property=\"og:site_name\" content=\"Proyectum Colombia\" \/>\n<meta property=\"article:publisher\" content=\"https:\/\/www.facebook.com\/proyectumcr\/\" \/>\n<meta property=\"article:modified_time\" content=\"2025-09-29T23:35:13+00:00\" \/>\n<meta name=\"twitter:card\" content=\"summary_large_image\" \/>\n<meta name=\"twitter:label1\" content=\"Tiempo de lectura\" \/>\n\t<meta name=\"twitter:data1\" content=\"2 minutos\" \/>\n<script type=\"application\/ld+json\" class=\"yoast-schema-graph\">{\"@context\":\"https:\/\/schema.org\",\"@graph\":[{\"@type\":\"WebPage\",\"@id\":\"https:\/\/proyectum.com\/co\/capacitacion\/\",\"url\":\"https:\/\/proyectum.com\/co\/capacitacion\/\",\"name\":\"Capacitaciones - Proyectum Colombia\",\"isPartOf\":{\"@id\":\"https:\/\/proyectum.com\/co\/#website\"},\"datePublished\":\"2020-02-04T18:33:15+00:00\",\"dateModified\":\"2025-09-29T23:35:13+00:00\",\"breadcrumb\":{\"@id\":\"https:\/\/proyectum.com\/co\/capacitacion\/#breadcrumb\"},\"inLanguage\":\"es\",\"potentialAction\":[{\"@type\":\"ReadAction\",\"target\":[\"https:\/\/proyectum.com\/co\/capacitacion\/\"]}]},{\"@type\":\"BreadcrumbList\",\"@id\":\"https:\/\/proyectum.com\/co\/capacitacion\/#breadcrumb\",\"itemListElement\":[{\"@type\":\"ListItem\",\"position\":1,\"name\":\"Home\",\"item\":\"https:\/\/proyectum.com\/co\/\"},{\"@type\":\"ListItem\",\"position\":2,\"name\":\"Capacitaciones\"}]},{\"@type\":\"WebSite\",\"@id\":\"https:\/\/proyectum.com\/co\/#website\",\"url\":\"https:\/\/proyectum.com\/co\/\",\"name\":\"Proyectum Costa Rica\",\"description\":\"Centro Autorizado de Capacitaci\u00f3n del Project Management Institute - ATP del PMI\",\"publisher\":{\"@id\":\"https:\/\/proyectum.com\/co\/#organization\"},\"potentialAction\":[{\"@type\":\"SearchAction\",\"target\":{\"@type\":\"EntryPoint\",\"urlTemplate\":\"https:\/\/proyectum.com\/co\/?s={search_term_string}\"},\"query-input\":{\"@type\":\"PropertyValueSpecification\",\"valueRequired\":true,\"valueName\":\"search_term_string\"}}],\"inLanguage\":\"es\"},{\"@type\":\"Organization\",\"@id\":\"https:\/\/proyectum.com\/co\/#organization\",\"name\":\"Proyectum Costa Rica\",\"url\":\"https:\/\/proyectum.com\/co\/\",\"logo\":{\"@type\":\"ImageObject\",\"inLanguage\":\"es\",\"@id\":\"https:\/\/proyectum.com\/co\/#\/schema\/logo\/image\/\",\"url\":\"https:\/\/i0.wp.com\/proyectum.com\/co\/wp-content\/uploads\/proyectum-logo-snippet.png?fit=600%2C315&ssl=1\",\"contentUrl\":\"https:\/\/i0.wp.com\/proyectum.com\/co\/wp-content\/uploads\/proyectum-logo-snippet.png?fit=600%2C315&ssl=1\",\"width\":600,\"height\":315,\"caption\":\"Proyectum Costa Rica\"},\"image\":{\"@id\":\"https:\/\/proyectum.com\/co\/#\/schema\/logo\/image\/\"},\"sameAs\":[\"https:\/\/www.facebook.com\/proyectumcr\/\",\"https:\/\/www.instagram.com\/proyectumcostarica\/\",\"https:\/\/www.linkedin.com\/company\/proyectum-costarica\/\",\"https:\/\/www.youtube.com\/channel\/UCljouWimyhK_cNcC2jniUgw\"]}]}<\/script>\n<!-- \/ Yoast SEO plugin. -->","yoast_head_json":{"title":"Capacitaciones - Proyectum Colombia","robots":{"index":"index","follow":"follow","max-snippet":"max-snippet:-1","max-image-preview":"max-image-preview:large","max-video-preview":"max-video-preview:-1"},"canonical":"https:\/\/proyectum.com\/co\/capacitacion\/","og_locale":"es_ES","og_type":"article","og_title":"Capacitaciones - Proyectum Colombia","og_description":"[vc_row full_width=\u00bbstretch_row_content\u00bb css=\u00bb.vc_custom_1606253575344{padding-top: 58px !important;padding-bottom: 58px !important;background-image: url(https:\/\/proyectum.com\/co\/wp-content\/uploads\/2018\/09\/curso-tipo.png?id=6990) !important;}\u00bb][vc_column width=\u00bb1\/2&#8243;][vc_custom_heading text=\u00bbCAPACITACI\u00d3N\u00bb font_container=\u00bbtag:h1|font_size:60|text_align:center|color:%23ffffff\u00bb use_theme_fonts=\u00bbyes\u00bb css=\u00bb.vc_custom_1759188909419{padding-top: 50px !important;}\u00bb][\/vc_column][vc_column width=\u00bb1\/2&#8243;][vc_single_image image=\u00bb9634&#8243; img_size=\u00bb200&#215;170&#8243; css=\u00bb.vc_custom_1606253363925{padding-left: 250px !important;}\u00bb][\/vc_column][\/vc_row][vc_row][vc_column width=\u00bb2\/3&#8243;][vc_column_text css=\u00bb\u00bb] Somos la empresa que ha acompa\u00f1ado a m\u00e1s profesionales en Latinoam\u00e9rica a certificarse CAPM\u00ae y PMP\u00ae. M\u00e1s de 2,500 PMP\u00ae y 1,500 CAPM\u00ae han logrado su certificaci\u00f3n a trav\u00e9s de nuestros [&hellip;]","og_url":"https:\/\/proyectum.com\/co\/capacitacion\/","og_site_name":"Proyectum Colombia","article_publisher":"https:\/\/www.facebook.com\/proyectumcr\/","article_modified_time":"2025-09-29T23:35:13+00:00","twitter_card":"summary_large_image","twitter_misc":{"Tiempo de lectura":"2 minutos"},"schema":{"@context":"https:\/\/schema.org","@graph":[{"@type":"WebPage","@id":"https:\/\/proyectum.com\/co\/capacitacion\/","url":"https:\/\/proyectum.com\/co\/capacitacion\/","name":"Capacitaciones - Proyectum Colombia","isPartOf":{"@id":"https:\/\/proyectum.com\/co\/#website"},"datePublished":"2020-02-04T18:33:15+00:00","dateModified":"2025-09-29T23:35:13+00:00","breadcrumb":{"@id":"https:\/\/proyectum.com\/co\/capacitacion\/#breadcrumb"},"inLanguage":"es","potentialAction":[{"@type":"ReadAction","target":["https:\/\/proyectum.com\/co\/capacitacion\/"]}]},{"@type":"BreadcrumbList","@id":"https:\/\/proyectum.com\/co\/capacitacion\/#breadcrumb","itemListElement":[{"@type":"ListItem","position":1,"name":"Home","item":"https:\/\/proyectum.com\/co\/"},{"@type":"ListItem","position":2,"name":"Capacitaciones"}]},{"@type":"WebSite","@id":"https:\/\/proyectum.com\/co\/#website","url":"https:\/\/proyectum.com\/co\/","name":"Proyectum Costa Rica","description":"Centro Autorizado de Capacitaci\u00f3n del Project Management Institute - ATP del PMI","publisher":{"@id":"https:\/\/proyectum.com\/co\/#organization"},"potentialAction":[{"@type":"SearchAction","target":{"@type":"EntryPoint","urlTemplate":"https:\/\/proyectum.com\/co\/?s={search_term_string}"},"query-input":{"@type":"PropertyValueSpecification","valueRequired":true,"valueName":"search_term_string"}}],"inLanguage":"es"},{"@type":"Organization","@id":"https:\/\/proyectum.com\/co\/#organization","name":"Proyectum Costa Rica","url":"https:\/\/proyectum.com\/co\/","logo":{"@type":"ImageObject","inLanguage":"es","@id":"https:\/\/proyectum.com\/co\/#\/schema\/logo\/image\/","url":"https:\/\/i0.wp.com\/proyectum.com\/co\/wp-content\/uploads\/proyectum-logo-snippet.png?fit=600%2C315&ssl=1","contentUrl":"https:\/\/i0.wp.com\/proyectum.com\/co\/wp-content\/uploads\/proyectum-logo-snippet.png?fit=600%2C315&ssl=1","width":600,"height":315,"caption":"Proyectum Costa Rica"},"image":{"@id":"https:\/\/proyectum.com\/co\/#\/schema\/logo\/image\/"},"sameAs":["https:\/\/www.facebook.com\/proyectumcr\/","https:\/\/www.instagram.com\/proyectumcostarica\/","https:\/\/www.linkedin.com\/company\/proyectum-costarica\/","https:\/\/www.youtube.com\/channel\/UCljouWimyhK_cNcC2jniUgw"]}]}},"jetpack_sharing_enabled":true,"_links":{"self":[{"href":"https:\/\/proyectum.com\/co\/wp-json\/wp\/v2\/pages\/7466"}],"collection":[{"href":"https:\/\/proyectum.com\/co\/wp-json\/wp\/v2\/pages"}],"about":[{"href":"https:\/\/proyectum.com\/co\/wp-json\/wp\/v2\/types\/page"}],"author":[{"embeddable":true,"href":"https:\/\/proyectum.com\/co\/wp-json\/wp\/v2\/users\/8"}],"replies":[{"embeddable":true,"href":"https:\/\/proyectum.com\/co\/wp-json\/wp\/v2\/comments?post=7466"}],"version-history":[{"count":49,"href":"https:\/\/proyectum.com\/co\/wp-json\/wp\/v2\/pages\/7466\/revisions"}],"predecessor-version":[{"id":12483,"href":"https:\/\/proyectum.com\/co\/wp-json\/wp\/v2\/pages\/7466\/revisions\/12483"}],"wp:attachment":[{"href":"https:\/\/proyectum.com\/co\/wp-json\/wp\/v2\/media?parent=7466"}],"curies":[{"name":"wp","href":"https:\/\/api.w.org\/{rel}","templated":true}]}}