{"id":89,"date":"2017-03-03T21:15:53","date_gmt":"2017-03-03T21:15:53","guid":{"rendered":"http:\/\/sw-themes.com\/porto_dummy\/?page_id=89"},"modified":"2025-07-07T10:32:09","modified_gmt":"2025-07-07T15:32:09","slug":"quienes-somos","status":"publish","type":"page","link":"https:\/\/proyectum.com\/co\/quienes-somos\/","title":{"rendered":"Qui\u00e9nes somos"},"content":{"rendered":"<div class=\"wpb-content-wrapper\"><p>[vc_row full_width=\u00bbstretch_row\u00bb parallax=\u00bbcontent-moving\u00bb parallax_image=\u00bb6995&#8243; css=\u00bb.vc_custom_1538088125850{padding-top: 128px !important;padding-bottom: 128px !important;}\u00bb el_class=\u00bbbg-degrade-header\u00bb][vc_column][vc_custom_heading text=\u00bbQUI\u00c9NES SOMOS\u00bb font_container=\u00bbtag:h1|text_align:center|color:%23ffffff\u00bb use_theme_fonts=\u00bbyes\u00bb css=\u00bb.vc_custom_1538088134807{margin-bottom: 0px !important;}\u00bb][\/vc_column][\/vc_row][vc_row css=\u00bb.vc_custom_1488777218947{padding-top: 25px !important;padding-bottom: 60px !important;}\u00bb][vc_column]<div class=\"porto-u-heading  wpb_custom_95aa9a11c17ad45cfabaf210d84ee7cc porto-u-2392\"><div class=\"porto-u-main-heading\"><h2   style=\"font-weight:bold;line-height:27px;\">SOBRE NOSOTROS<\/h2><\/div><style>.porto-u-2392.porto-u-heading{text-align:center}<\/style><\/div>[vc_column_text css=\u00bb.vc_custom_1536773256441{margin-top: 30px !important;}\u00bb]<\/p>\n<p style=\"text-align: center;\">Proyectum es una empresa especializada en consultor\u00eda y capacitaci\u00f3n en gesti\u00f3n de proyectos. Ayudamos a las organizaciones a implementar sus objetivos estrat\u00e9gicos a trav\u00e9s de la implementaci\u00f3n exitosa de sus proyectos.<\/p>\n<p>[\/vc_column_text][vc_video link=\u00bbhttps:\/\/www.youtube.com\/watch?v=C3rX7EjWCqI\u00bb align=\u00bbcenter\u00bb title=\u00bb\u00bfQu\u00e9 hacemos y c\u00f3mo lo hacemos?\u00bb][vc_row_inner][vc_column_inner width=\u00bb1\/2&#8243;]<div class=\"porto-sicon-box  wpb_custom_1efe903570d178ff0a9b7bfa5febd3a4 style_1 default-icon\"><div class=\"porto-sicon-header\"><h3 class=\"porto-sicon-title\" style=\"\">Proyectum Latinoam\u00e9rica<\/h3><\/div> <!-- header --><\/div><!-- porto-sicon-box -->[vc_column_text]<span style=\"color: #000000;\">Nuestra firma est\u00e1 presente en Chile, Ecuador, Panam\u00e1, Costa Rica, Guatemala, Rep\u00fablica Dominicana, El Salvador, M\u00e9xico y Colombia poniendo al servicio de nuestros mercados los productos Proyectum, la capacitaci\u00f3n y los servicios con nuestros est\u00e1ndares, con el conocimiento de la realidad de nuestros pa\u00edses.<\/span><\/p>\n<p><span style=\"color: #000000;\">Tenemos una gama completa de servicios de consultor\u00eda, incluyendo la implementaci\u00f3n de la gesti\u00f3n de proyectos, creaci\u00f3n y gesti\u00f3n de la Oficina de Gesti\u00f3n de Proyectos (PMO), la definici\u00f3n de los procesos de gesti\u00f3n de cartera estrat\u00e9gica de proyectos, entre otros, as\u00ed como un extenso curr\u00edculum en cursos de formaci\u00f3n.<\/span><\/p>\n<p><span style=\"color: #000000;\">Nuestras soluciones est\u00e1n respaldadas por un conjunto de metodolog\u00edas desarrolladas durante los a\u00f1os, que abarcan la gesti\u00f3n de proyectos, oficinas de gesti\u00f3n y carteras de proyectos.<\/span><\/p>\n<ul>\n<li><span style=\"color: #000000;\">Oficinas en 10 pa\u00edses<\/span><\/li>\n<li><span style=\"color: #000000;\">Portafolio educativo de m\u00e1s de 60 cursos<\/span><\/li>\n<li><span style=\"color: #000000;\">ATP (Authorized Training Partner) del PMI\u00ae<\/span><\/li>\n<\/ul>\n<p>[\/vc_column_text][\/vc_column_inner][vc_column_inner width=\u00bb1\/2&#8243;]<div class=\"porto-sicon-box  wpb_custom_1efe903570d178ff0a9b7bfa5febd3a4 style_1 default-icon\"><div class=\"porto-sicon-header\"><h3 class=\"porto-sicon-title\" style=\"\">Proyectum en Colombia<\/h3><\/div> <!-- header --><\/div><!-- porto-sicon-box -->[vc_column_text]<span style=\"color: #333333;\">Somos una firma multinacional de consultor\u00eda, capacitaci\u00f3n y educaci\u00f3n continua. Apoyamos a nuestros clientes a implementar su estrategia, mejorar sus resultados, procesos y pr\u00e1cticas de negocio, utilizando como base la direcci\u00f3n profesional de proyectos. Creemos en la entrega de valor continuo al cliente, en el trabajo en equipo, la colaboraci\u00f3n, en la agilidad de negocios, en entender las necesidades de nuestro entorno y ponemos todo nuestro esfuerzo y conocimientos en la implementaci\u00f3n de soluciones pr\u00e1cticas para nuestros clientes. Ayudamos a nuestros clientes a ser exitosos.<\/span>[\/vc_column_text][\/vc_column_inner][\/vc_row_inner][\/vc_column][\/vc_row][vc_row full_width=\u00bbstretch_row\u00bb css=\u00bb.vc_custom_1488887722850{padding-top: 60px !important;padding-bottom: 45px !important;background-color: #6a80a9 !important;}\u00bb][vc_column width=\u00bb1\/2&#8243;]<div class=\"porto-sicon-box  vc_custom_1536773333438  wpb_custom_74c312c6382c672d88415152636ca045 style_1 left-icon\"><div class=\"porto-sicon-left\"><div id=\"porto-icon-102989810569f36b0fe6657\" class=\"porto-just-icon-wrapper porto-sicon-img\" style=\"font-size: 45px;\"><img loading=\"lazy\" decoding=\"async\" class=\"img-icon\" alt=\"\" src=\"https:\/\/i0.wp.com\/proyectum.com\/co\/wp-content\/uploads\/2017\/03\/custom-icon-2-1.png?fit=45%2C47&#038;ssl=1\" width=\"45\" height=\"47\" \/><\/div><\/div><div class=\"porto-sicon-body\"><div class=\"porto-sicon-header\"><h3 class=\"porto-sicon-title\" style=\"font-weight:700;font-size:25px;line-height:27px;\">MISI\u00d3N<\/h3><\/div> <!-- header --><\/div><\/div><!-- porto-sicon-box -->[vc_column_text]<span style=\"color: #f5f5f5;\">Nos especializamos en consultor\u00eda, implementaci\u00f3n estrat\u00e9gica del negocio y formaci\u00f3n profesional; mediante el desarrollo de su oficina de gesti\u00f3n de proyectos, la gesti\u00f3n estrat\u00e9gica de portafolios, programas y proyectos.<\/span>[\/vc_column_text]<div class=\"porto-sicon-box  vc_custom_1536773306846  wpb_custom_74c312c6382c672d88415152636ca045 style_1 left-icon\"><div class=\"porto-sicon-left\"><div id=\"porto-icon-135787252669f36b0fe71bf\" class=\"porto-just-icon-wrapper porto-sicon-img\" style=\"font-size: 45px;\"><img loading=\"lazy\" decoding=\"async\" class=\"img-icon\" alt=\"\" src=\"https:\/\/i0.wp.com\/proyectum.com\/co\/wp-content\/uploads\/2017\/03\/custom-icon-1-1.png?fit=45%2C47&#038;ssl=1\" width=\"45\" height=\"47\" \/><\/div><\/div><div class=\"porto-sicon-body\"><div class=\"porto-sicon-header\"><h3 class=\"porto-sicon-title\" style=\"font-weight:700;font-size:25px;line-height:27px;\">VISI\u00d3N<\/h3><\/div> <!-- header --><\/div><\/div><!-- porto-sicon-box -->[vc_column_text]<span style=\"color: #f5f5f5;\">Ser el mejor socio de negocios de las empresas p\u00fablicas y privadas l\u00edderes de la regi\u00f3n haciendo realidad sus planes y proyectos estrat\u00e9gicos.<\/span>[\/vc_column_text][\/vc_column][vc_column width=\u00bb1\/2&#8243;]<div class=\"porto-sicon-box  vc_custom_1536773619284  wpb_custom_74c312c6382c672d88415152636ca045 style_1 left-icon\"><div class=\"porto-sicon-left\"><div id=\"porto-icon-36593827969f36b0fe7753\" class=\"porto-just-icon-wrapper porto-sicon-img\" style=\"font-size: 45px;\"><img loading=\"lazy\" decoding=\"async\" class=\"img-icon\" alt=\"\" src=\"https:\/\/i0.wp.com\/proyectum.com\/co\/wp-content\/uploads\/2017\/03\/custom-icon-1-1.png?fit=45%2C47&#038;ssl=1\" width=\"45\" height=\"47\" \/><\/div><\/div><div class=\"porto-sicon-body\"><div class=\"porto-sicon-header\"><h3 class=\"porto-sicon-title\" style=\"font-weight:700;font-size:25px;line-height:27px;\">VALORES<\/h3><\/div> <!-- header --><\/div><\/div><!-- porto-sicon-box -->[vc_column_text]<span style=\"color: #f5f5f5;\">Siendo considerados como aquellos principios \u00e9ticos sobre los que se asienta la cultura de la empresa y permiten crear las pautas de comportamiento:<\/span><\/p>\n<p><span style=\"color: #f5f5f5;\"><strong>Excelencia:<\/strong>\u00a0<\/span><br \/>\n<span style=\"color: #f5f5f5;\">Llevamos nuestro profesionalismo y calidad al nivel \u00f3ptimo.<\/span><\/p>\n<p><span style=\"color: #f5f5f5;\"><strong>Integridad:<\/strong>\u00a0<\/span><br \/>\n<span style=\"color: #f5f5f5;\">Actuamos con determinaci\u00f3n, honestidad y coherencia con\u00a0nuestros valores.<\/span><\/p>\n<p><span style=\"color: #f5f5f5;\"><strong>Trabajo en equipo:<\/strong>\u00a0<\/span><br \/>\n<span style=\"color: #f5f5f5;\">Con el aporte de todos, buscamos el logro de los objetivos de su organizaci\u00f3n.<\/span><\/p>\n<p><span style=\"color: #f5f5f5;\"><strong>Liderazgo:<\/strong>\u00a0<\/span><br \/>\n<span style=\"color: #f5f5f5;\">Potenciamos su negocio para que provea productos de excelencia y servicios de clase mundial<\/span>[\/vc_column_text][\/vc_column][\/vc_row][vc_row full_width=\u00bbstretch_row_content\u00bb conditional_render=\u00bb%5B%7B%22value_role%22%3A%22administrator%22%7D%5D\u00bb][vc_column width=\u00bb1\/2&#8243; css=\u00bb.vc_custom_1751902249635{padding-top: 40px !important;padding-right: 20px !important;padding-bottom: 40px !important;padding-left: 20px !important;background-color: #6a80a9 !important;}\u00bb conditional_render=\u00bb%5B%7B%22value_role%22%3A%22administrator%22%7D%5D\u00bb]\n<div class=\"wpcf7 no-js\" id=\"wpcf7-f12371-o1\" lang=\"es-ES\" dir=\"ltr\">\n<div class=\"screen-reader-response\"><p role=\"status\" aria-live=\"polite\" aria-atomic=\"true\"><\/p> <ul><\/ul><\/div>\n<form action=\"\/co\/wp-json\/wp\/v2\/pages\/89#wpcf7-f12371-o1\" method=\"post\" class=\"wpcf7-form init\" aria-label=\"Formulario de contacto\" novalidate=\"novalidate\" data-status=\"init\">\n<div style=\"display: none;\">\n<input type=\"hidden\" name=\"_wpcf7\" value=\"12371\" \/>\n<input type=\"hidden\" name=\"_wpcf7_version\" value=\"5.9.8\" \/>\n<input type=\"hidden\" name=\"_wpcf7_locale\" value=\"es_ES\" \/>\n<input type=\"hidden\" name=\"_wpcf7_unit_tag\" value=\"wpcf7-f12371-o1\" \/>\n<input type=\"hidden\" name=\"_wpcf7_container_post\" value=\"0\" \/>\n<input type=\"hidden\" name=\"_wpcf7_posted_data_hash\" value=\"\" \/>\n<\/div>\n<div class=\"row\">\n    <div class=\"input-filled col-lg-6 col-md-6\" id=\"contact-name\"><span class=\"wpcf7-form-control-wrap\" data-name=\"Nombre\"><input size=\"40\" maxlength=\"400\" class=\"wpcf7-form-control wpcf7-text wpcf7-validates-as-required custom-class\" aria-required=\"true\" aria-invalid=\"false\" placeholder=\"Nombre*\" value=\"\" type=\"text\" name=\"Nombre\" \/><\/span><\/div>\n    <div class=\"input-filled col-lg-6 col-md-6\" id=\"contact-lastname\"><span class=\"wpcf7-form-control-wrap\" data-name=\"Apellido\"><input size=\"40\" maxlength=\"400\" class=\"wpcf7-form-control wpcf7-text wpcf7-validates-as-required custom-class\" aria-required=\"true\" aria-invalid=\"false\" placeholder=\"Pais*\" value=\"\" type=\"text\" name=\"Apellido\" \/><\/span><\/div>\n<\/div>\n\n<div class=\"row\">\n    <div class=\"input-filled col-lg-6 col-md-6\" id=\"contact-email\"><span class=\"wpcf7-form-control-wrap\" data-name=\"Email\"><input size=\"40\" maxlength=\"400\" class=\"wpcf7-form-control wpcf7-email wpcf7-validates-as-required wpcf7-text wpcf7-validates-as-email custom-class\" aria-required=\"true\" aria-invalid=\"false\" placeholder=\"Correo electronico*\" value=\"\" type=\"email\" name=\"Email\" \/><\/span><\/div>\n    <div class=\"input-filled col-lg-6 col-md-6\" id=\"contact-tel\"><span class=\"wpcf7-form-control-wrap\" data-name=\"Telefono\"><input size=\"40\" maxlength=\"400\" class=\"wpcf7-form-control wpcf7-tel wpcf7-validates-as-required wpcf7-text wpcf7-validates-as-tel custom-class\" aria-required=\"true\" aria-invalid=\"false\" placeholder=\"Tel\u00e9fono*\" value=\"\" type=\"tel\" name=\"Telefono\" \/><\/span><\/div>\n<\/div>\n\n<div class=\"row\">\n    <div class=\"input-filled\" id=\"contact-message\">\n      <textarea class=\"custom-class\" name=\"Mensaje\" placeholder=\"Mensaje\"><\/textarea>\n    <\/div>\n  <\/div>\n\n<div class=\"contacbtn\">\n    <button type=\"submit\" class=\"wpcf7-submit btn custom-button\">\n        <svg height=\"24\" width=\"24\" viewBox=\"0 0 24 24\" xmlns=\"http:\/\/www.w3.org\/2000\/svg\">\n            <path d=\"M0 0h24v24H0z\" fill=\"none\"><\/path>\n            <path d=\"M1.946 9.315c-.522-.174-.527-.455.01-.634l19.087-6.362c.529-.176.832.12.684.638l-5.454 19.086c-.15.529-.455.547-.679.045L12 14l6-8-8 6-8.054-2.685z\" fill=\"currentColor\"><\/path>\n        <\/svg>\n        <span>Enviar mensaje<\/span>\n    <\/button>\n<\/div><div class=\"wpcf7-response-output\" aria-hidden=\"true\"><\/div>\n<\/form>\n<\/div>\n[\/vc_column][vc_column width=\u00bb1\/2&#8243; css=\u00bb.vc_custom_1751902287375{padding-top: 40px !important;padding-right: 20px !important;padding-bottom: 40px !important;padding-left: 20px !important;background-color: #6a80a9 !important;}\u00bb conditional_render=\u00bb%5B%7B%22value_role%22%3A%22administrator%22%7D%5D\u00bb]<div class=\"porto-sicon-box  wpb_custom_c768fd15f39f209bb86552c75536d231 style_1 default-icon\"><div class=\"porto-sicon-default\"><div class=\"porto-just-icon-wrapper porto-icon none\" style=\"color:#ffffff;font-size:32px;\"><i class=\"Simple-Line-Icons-location-pin\"><\/i><\/div><\/div><div class=\"porto-sicon-header\"><h3 class=\"porto-sicon-title\" style=\"\">Nuestra ubicaci\u00f3n<\/h3><\/div> <!-- header --><\/div><!-- porto-sicon-box -->[vc_gmaps link=\u00bb#E-8_JTNDaWZyYW1lJTIwc3JjJTNEJTIyaHR0cHMlM0ElMkYlMkZ3d3cuZ29vZ2xlLmNvbSUyRm1hcHMlMkZlbWJlZCUzRnBiJTNEJTIxMW0xOCUyMTFtMTIlMjExbTMlMjExZDM5NzYuMTc0NjYzMzgwNTM1JTIxMmQtNzQuMDM4Mzc1OTg0NjAyMzclMjEzZDQuNzM5NjkzOTk2NTU3NjIzJTIxMm0zJTIxMWYwJTIxMmYwJTIxM2YwJTIxM20yJTIxMWkxMDI0JTIxMmk3NjglMjE0ZjEzLjElMjEzbTMlMjExbTIlMjExczB4OGUzZjg1ZDc1MjdhMjVhOSUyNTNBMHhlMGQ3ZDUxOWI1YjhhNWEzJTIxMnNDcmEuJTI1MjAxNGIlMjUyMCUyNTIzMTYxLTA5JTI1MkMlMjUyMEJvZ290JTI1QzMlMjVBMSUyNTJDJTI1MjBDb2xvbWJpYSUyMTVlMCUyMTNtMiUyMTFzZXMtNDE5JTIxMnNlYyUyMTR2MTYxMjQ4MDM0MTkwMyUyMTVtMiUyMTFzZXMtNDE5JTIxMnNlYyUyMiUyMHdpZHRoJTNEJTIyNjAwJTIyJTIwaGVpZ2h0JTNEJTIyNDUwJTIyJTIwZnJhbWVib3JkZXIlM0QlMjIwJTIyJTIwc3R5bGUlM0QlMjJib3JkZXIlM0EwJTNCJTIyJTIwYWxsb3dmdWxsc2NyZWVuJTNEJTIyJTIyJTIwYXJpYS1oaWRkZW4lM0QlMjJmYWxzZSUyMiUyMHRhYmluZGV4JTNEJTIyMCUyMiUzRSUzQyUyRmlmcmFtZSUzRQ==\u00bb css=\u00bb\u00bb][\/vc_column][\/vc_row]<\/p>\n<\/div>","protected":false},"excerpt":{"rendered":"<p>[vc_row full_width=\u00bbstretch_row\u00bb parallax=\u00bbcontent-moving\u00bb parallax_image=\u00bb6995&#8243; css=\u00bb.vc_custom_1538088125850{padding-top: 128px !important;padding-bottom: 128px !important;}\u00bb el_class=\u00bbbg-degrade-header\u00bb][vc_column][vc_custom_heading text=\u00bbQUI\u00c9NES SOMOS\u00bb font_container=\u00bbtag:h1|text_align:center|color:%23ffffff\u00bb use_theme_fonts=\u00bbyes\u00bb css=\u00bb.vc_custom_1538088134807{margin-bottom: 0px !important;}\u00bb][\/vc_column][\/vc_row][vc_row css=\u00bb.vc_custom_1488777218947{padding-top: 25px !important;padding-bottom: 60px !important;}\u00bb][vc_column][vc_column_text css=\u00bb.vc_custom_1536773256441{margin-top: 30px !important;}\u00bb] Proyectum es una empresa especializada en consultor\u00eda y capacitaci\u00f3n en gesti\u00f3n de proyectos. Ayudamos a las organizaciones a implementar sus objetivos estrat\u00e9gicos a trav\u00e9s de la implementaci\u00f3n exitosa de sus [&hellip;]<\/p>\n","protected":false},"author":2,"featured_media":0,"parent":0,"menu_order":0,"comment_status":"closed","ping_status":"closed","template":"","meta":{"_acf_changed":false,"footnotes":""},"acf":[],"yoast_head":"<!-- This site is optimized with the Yoast SEO plugin v24.5 - https:\/\/yoast.com\/wordpress\/plugins\/seo\/ -->\n<title>Qui\u00e9nes somos - Proyectum Colombia<\/title>\n<meta name=\"robots\" content=\"index, follow, max-snippet:-1, max-image-preview:large, max-video-preview:-1\" \/>\n<link rel=\"canonical\" href=\"https:\/\/proyectum.com\/co\/quienes-somos\/\" \/>\n<meta property=\"og:locale\" content=\"es_ES\" \/>\n<meta property=\"og:type\" content=\"article\" \/>\n<meta property=\"og:title\" content=\"Qui\u00e9nes somos - Proyectum Colombia\" \/>\n<meta property=\"og:description\" content=\"[vc_row full_width=\u00bbstretch_row\u00bb parallax=\u00bbcontent-moving\u00bb parallax_image=\u00bb6995&#8243; css=\u00bb.vc_custom_1538088125850{padding-top: 128px !important;padding-bottom: 128px !important;}\u00bb el_class=\u00bbbg-degrade-header\u00bb][vc_column][vc_custom_heading text=\u00bbQUI\u00c9NES SOMOS\u00bb font_container=\u00bbtag:h1|text_align:center|color:%23ffffff\u00bb use_theme_fonts=\u00bbyes\u00bb css=\u00bb.vc_custom_1538088134807{margin-bottom: 0px !important;}\u00bb][\/vc_column][\/vc_row][vc_row css=\u00bb.vc_custom_1488777218947{padding-top: 25px !important;padding-bottom: 60px !important;}\u00bb][vc_column][vc_column_text css=\u00bb.vc_custom_1536773256441{margin-top: 30px !important;}\u00bb] Proyectum es una empresa especializada en consultor\u00eda y capacitaci\u00f3n en gesti\u00f3n de proyectos. Ayudamos a las organizaciones a implementar sus objetivos estrat\u00e9gicos a trav\u00e9s de la implementaci\u00f3n exitosa de sus [&hellip;]\" \/>\n<meta property=\"og:url\" content=\"https:\/\/proyectum.com\/co\/quienes-somos\/\" \/>\n<meta property=\"og:site_name\" content=\"Proyectum Colombia\" \/>\n<meta property=\"article:publisher\" content=\"https:\/\/www.facebook.com\/proyectumcr\/\" \/>\n<meta property=\"article:modified_time\" content=\"2025-07-07T15:32:09+00:00\" \/>\n<meta name=\"twitter:card\" content=\"summary_large_image\" \/>\n<meta name=\"twitter:label1\" content=\"Tiempo de lectura\" \/>\n\t<meta name=\"twitter:data1\" content=\"4 minutos\" \/>\n<script type=\"application\/ld+json\" class=\"yoast-schema-graph\">{\"@context\":\"https:\/\/schema.org\",\"@graph\":[{\"@type\":\"WebPage\",\"@id\":\"https:\/\/proyectum.com\/co\/quienes-somos\/\",\"url\":\"https:\/\/proyectum.com\/co\/quienes-somos\/\",\"name\":\"Qui\u00e9nes somos - Proyectum Colombia\",\"isPartOf\":{\"@id\":\"https:\/\/proyectum.com\/co\/#website\"},\"datePublished\":\"2017-03-03T21:15:53+00:00\",\"dateModified\":\"2025-07-07T15:32:09+00:00\",\"breadcrumb\":{\"@id\":\"https:\/\/proyectum.com\/co\/quienes-somos\/#breadcrumb\"},\"inLanguage\":\"es\",\"potentialAction\":[{\"@type\":\"ReadAction\",\"target\":[\"https:\/\/proyectum.com\/co\/quienes-somos\/\"]}]},{\"@type\":\"BreadcrumbList\",\"@id\":\"https:\/\/proyectum.com\/co\/quienes-somos\/#breadcrumb\",\"itemListElement\":[{\"@type\":\"ListItem\",\"position\":1,\"name\":\"Home\",\"item\":\"https:\/\/proyectum.com\/co\/\"},{\"@type\":\"ListItem\",\"position\":2,\"name\":\"Qui\u00e9nes somos\"}]},{\"@type\":\"WebSite\",\"@id\":\"https:\/\/proyectum.com\/co\/#website\",\"url\":\"https:\/\/proyectum.com\/co\/\",\"name\":\"Proyectum Costa Rica\",\"description\":\"Centro Autorizado de Capacitaci\u00f3n del Project Management Institute - ATP del PMI\",\"publisher\":{\"@id\":\"https:\/\/proyectum.com\/co\/#organization\"},\"potentialAction\":[{\"@type\":\"SearchAction\",\"target\":{\"@type\":\"EntryPoint\",\"urlTemplate\":\"https:\/\/proyectum.com\/co\/?s={search_term_string}\"},\"query-input\":{\"@type\":\"PropertyValueSpecification\",\"valueRequired\":true,\"valueName\":\"search_term_string\"}}],\"inLanguage\":\"es\"},{\"@type\":\"Organization\",\"@id\":\"https:\/\/proyectum.com\/co\/#organization\",\"name\":\"Proyectum Costa Rica\",\"url\":\"https:\/\/proyectum.com\/co\/\",\"logo\":{\"@type\":\"ImageObject\",\"inLanguage\":\"es\",\"@id\":\"https:\/\/proyectum.com\/co\/#\/schema\/logo\/image\/\",\"url\":\"https:\/\/i0.wp.com\/proyectum.com\/co\/wp-content\/uploads\/proyectum-logo-snippet.png?fit=600%2C315&ssl=1\",\"contentUrl\":\"https:\/\/i0.wp.com\/proyectum.com\/co\/wp-content\/uploads\/proyectum-logo-snippet.png?fit=600%2C315&ssl=1\",\"width\":600,\"height\":315,\"caption\":\"Proyectum Costa Rica\"},\"image\":{\"@id\":\"https:\/\/proyectum.com\/co\/#\/schema\/logo\/image\/\"},\"sameAs\":[\"https:\/\/www.facebook.com\/proyectumcr\/\",\"https:\/\/www.instagram.com\/proyectumcostarica\/\",\"https:\/\/www.linkedin.com\/company\/proyectum-costarica\/\",\"https:\/\/www.youtube.com\/channel\/UCljouWimyhK_cNcC2jniUgw\"]}]}<\/script>\n<!-- \/ Yoast SEO plugin. -->","yoast_head_json":{"title":"Qui\u00e9nes somos - Proyectum Colombia","robots":{"index":"index","follow":"follow","max-snippet":"max-snippet:-1","max-image-preview":"max-image-preview:large","max-video-preview":"max-video-preview:-1"},"canonical":"https:\/\/proyectum.com\/co\/quienes-somos\/","og_locale":"es_ES","og_type":"article","og_title":"Qui\u00e9nes somos - Proyectum Colombia","og_description":"[vc_row full_width=\u00bbstretch_row\u00bb parallax=\u00bbcontent-moving\u00bb parallax_image=\u00bb6995&#8243; css=\u00bb.vc_custom_1538088125850{padding-top: 128px !important;padding-bottom: 128px !important;}\u00bb el_class=\u00bbbg-degrade-header\u00bb][vc_column][vc_custom_heading text=\u00bbQUI\u00c9NES SOMOS\u00bb font_container=\u00bbtag:h1|text_align:center|color:%23ffffff\u00bb use_theme_fonts=\u00bbyes\u00bb css=\u00bb.vc_custom_1538088134807{margin-bottom: 0px !important;}\u00bb][\/vc_column][\/vc_row][vc_row css=\u00bb.vc_custom_1488777218947{padding-top: 25px !important;padding-bottom: 60px !important;}\u00bb][vc_column][vc_column_text css=\u00bb.vc_custom_1536773256441{margin-top: 30px !important;}\u00bb] Proyectum es una empresa especializada en consultor\u00eda y capacitaci\u00f3n en gesti\u00f3n de proyectos. Ayudamos a las organizaciones a implementar sus objetivos estrat\u00e9gicos a trav\u00e9s de la implementaci\u00f3n exitosa de sus [&hellip;]","og_url":"https:\/\/proyectum.com\/co\/quienes-somos\/","og_site_name":"Proyectum Colombia","article_publisher":"https:\/\/www.facebook.com\/proyectumcr\/","article_modified_time":"2025-07-07T15:32:09+00:00","twitter_card":"summary_large_image","twitter_misc":{"Tiempo de lectura":"4 minutos"},"schema":{"@context":"https:\/\/schema.org","@graph":[{"@type":"WebPage","@id":"https:\/\/proyectum.com\/co\/quienes-somos\/","url":"https:\/\/proyectum.com\/co\/quienes-somos\/","name":"Qui\u00e9nes somos - Proyectum Colombia","isPartOf":{"@id":"https:\/\/proyectum.com\/co\/#website"},"datePublished":"2017-03-03T21:15:53+00:00","dateModified":"2025-07-07T15:32:09+00:00","breadcrumb":{"@id":"https:\/\/proyectum.com\/co\/quienes-somos\/#breadcrumb"},"inLanguage":"es","potentialAction":[{"@type":"ReadAction","target":["https:\/\/proyectum.com\/co\/quienes-somos\/"]}]},{"@type":"BreadcrumbList","@id":"https:\/\/proyectum.com\/co\/quienes-somos\/#breadcrumb","itemListElement":[{"@type":"ListItem","position":1,"name":"Home","item":"https:\/\/proyectum.com\/co\/"},{"@type":"ListItem","position":2,"name":"Qui\u00e9nes somos"}]},{"@type":"WebSite","@id":"https:\/\/proyectum.com\/co\/#website","url":"https:\/\/proyectum.com\/co\/","name":"Proyectum Costa Rica","description":"Centro Autorizado de Capacitaci\u00f3n del Project Management Institute - ATP del PMI","publisher":{"@id":"https:\/\/proyectum.com\/co\/#organization"},"potentialAction":[{"@type":"SearchAction","target":{"@type":"EntryPoint","urlTemplate":"https:\/\/proyectum.com\/co\/?s={search_term_string}"},"query-input":{"@type":"PropertyValueSpecification","valueRequired":true,"valueName":"search_term_string"}}],"inLanguage":"es"},{"@type":"Organization","@id":"https:\/\/proyectum.com\/co\/#organization","name":"Proyectum Costa Rica","url":"https:\/\/proyectum.com\/co\/","logo":{"@type":"ImageObject","inLanguage":"es","@id":"https:\/\/proyectum.com\/co\/#\/schema\/logo\/image\/","url":"https:\/\/i0.wp.com\/proyectum.com\/co\/wp-content\/uploads\/proyectum-logo-snippet.png?fit=600%2C315&ssl=1","contentUrl":"https:\/\/i0.wp.com\/proyectum.com\/co\/wp-content\/uploads\/proyectum-logo-snippet.png?fit=600%2C315&ssl=1","width":600,"height":315,"caption":"Proyectum Costa Rica"},"image":{"@id":"https:\/\/proyectum.com\/co\/#\/schema\/logo\/image\/"},"sameAs":["https:\/\/www.facebook.com\/proyectumcr\/","https:\/\/www.instagram.com\/proyectumcostarica\/","https:\/\/www.linkedin.com\/company\/proyectum-costarica\/","https:\/\/www.youtube.com\/channel\/UCljouWimyhK_cNcC2jniUgw"]}]}},"jetpack_sharing_enabled":true,"_links":{"self":[{"href":"https:\/\/proyectum.com\/co\/wp-json\/wp\/v2\/pages\/89"}],"collection":[{"href":"https:\/\/proyectum.com\/co\/wp-json\/wp\/v2\/pages"}],"about":[{"href":"https:\/\/proyectum.com\/co\/wp-json\/wp\/v2\/types\/page"}],"author":[{"embeddable":true,"href":"https:\/\/proyectum.com\/co\/wp-json\/wp\/v2\/users\/2"}],"replies":[{"embeddable":true,"href":"https:\/\/proyectum.com\/co\/wp-json\/wp\/v2\/comments?post=89"}],"version-history":[{"count":36,"href":"https:\/\/proyectum.com\/co\/wp-json\/wp\/v2\/pages\/89\/revisions"}],"predecessor-version":[{"id":12416,"href":"https:\/\/proyectum.com\/co\/wp-json\/wp\/v2\/pages\/89\/revisions\/12416"}],"wp:attachment":[{"href":"https:\/\/proyectum.com\/co\/wp-json\/wp\/v2\/media?parent=89"}],"curies":[{"name":"wp","href":"https:\/\/api.w.org\/{rel}","templated":true}]}}