{"id":11523,"date":"2022-09-30T15:22:01","date_gmt":"2022-09-30T20:22:01","guid":{"rendered":"https:\/\/proyectum.com\/co\/?post_type=product&#038;p=11523"},"modified":"2022-12-12T12:23:21","modified_gmt":"2022-12-12T17:23:21","slug":"pmptracto","status":"publish","type":"product","link":"https:\/\/proyectum.com\/co\/product\/pmptracto\/","title":{"rendered":"Taller PMP , TRACTO"},"content":{"rendered":"<div class=\"wpb-content-wrapper\"><div class=\"wpb_text_column wpb_content_element box-contenido\">\n<div class=\"vc_row wpb_row vc_inner row\">\n<div class=\"vc_column_container col-md-12\">\n<div class=\"wpb_wrapper vc_column-inner\">\n<ul>\n<li><\/li>\n<\/ul>\n<p><span style=\"color: #000000;\"><b>Acerca de Proyectum<\/b><\/span><\/p>\n<p><span style=\"color: #000000;\">Somos una organizaci\u00f3n multinacional de consultor\u00eda, capacitaci\u00f3n y formaci\u00f3n continua con presencia en 7 pa\u00edses.<\/span><\/p>\n<p><span style=\"color: #000000;\">Apoyamos a nuestros clientes a implementar su estrategia,\u00a0mejorar sus resultados, procesos y pr\u00e1cticas de negocio, utilizando como base la direcci\u00f3n profesional de proyectos.<\/span><\/p>\n<p><span style=\"color: #000000;\">Creemos en la entrega de valor continuo al cliente, en el trabajo en equipo, la colaboraci\u00f3n, en la agilidad de negocios, en entender las necesidades de nuestro entorno y ponemos todos nuestro esfuerzos y conocimientos en la implementaci\u00f3n de soluciones pr\u00e1cticas para nuestros clientes.<\/span><\/p>\n<p><span style=\"color: #000000;\">Contamos con la denominaci\u00f3n\u00a0<strong>Premier Authorized Training Partner\u00a0<\/strong>por parte del PMI\u00ae.<\/span><\/p>\n<\/div>\n<\/div>\n<\/div>\n<div class=\"vc_row wpb_row vc_inner row\">\n<div class=\"vc_column_container col-md-12\">\n<div class=\"wpb_wrapper vc_column-inner\">\n<div class=\"wpb_text_column wpb_content_element \">\n<div class=\"wpb_wrapper\"><\/div>\n<\/div>\n<\/div>\n<\/div>\n<\/div>\n<\/div>\n<\/div>","protected":false},"excerpt":{"rendered":"<p>Acerca de Proyectum Somos una organizaci\u00f3n multinacional de consultor\u00eda, capacitaci\u00f3n y formaci\u00f3n continua con presencia en 7 pa\u00edses. Apoyamos a nuestros clientes a implementar su estrategia,\u00a0mejorar sus resultados, procesos y pr\u00e1cticas de negocio, utilizando como base la direcci\u00f3n profesional de proyectos. Creemos en la entrega de valor continuo al cliente, en el trabajo en equipo, [&hellip;]<\/p>\n","protected":false},"featured_media":11513,"template":"","meta":{"_acf_changed":false},"product_cat":[83],"product_tag":[],"acf":[],"yoast_head":"<!-- This site is optimized with the Yoast SEO plugin v24.5 - https:\/\/yoast.com\/wordpress\/plugins\/seo\/ -->\n<title>Taller PMP , TRACTO - Proyectum Colombia<\/title>\n<meta name=\"robots\" content=\"index, follow, max-snippet:-1, max-image-preview:large, max-video-preview:-1\" \/>\n<link rel=\"canonical\" href=\"https:\/\/proyectum.com\/co\/product\/pmptracto\/\" \/>\n<meta property=\"og:locale\" content=\"es_ES\" \/>\n<meta property=\"og:type\" content=\"article\" \/>\n<meta property=\"og:title\" content=\"Taller PMP , TRACTO - Proyectum Colombia\" \/>\n<meta property=\"og:description\" content=\"Acerca de Proyectum Somos una organizaci\u00f3n multinacional de consultor\u00eda, capacitaci\u00f3n y formaci\u00f3n continua con presencia en 7 pa\u00edses. Apoyamos a nuestros clientes a implementar su estrategia,\u00a0mejorar sus resultados, procesos y pr\u00e1cticas de negocio, utilizando como base la direcci\u00f3n profesional de proyectos. Creemos en la entrega de valor continuo al cliente, en el trabajo en equipo, [&hellip;]\" \/>\n<meta property=\"og:url\" content=\"https:\/\/proyectum.com\/co\/product\/pmptracto\/\" \/>\n<meta property=\"og:site_name\" content=\"Proyectum Colombia\" \/>\n<meta property=\"article:publisher\" content=\"https:\/\/www.facebook.com\/proyectumcr\/\" \/>\n<meta property=\"article:modified_time\" content=\"2022-12-12T17:23:21+00:00\" \/>\n<meta property=\"og:image\" content=\"https:\/\/i0.wp.com\/proyectum.com\/co\/wp-content\/uploads\/2022\/09\/FOTOS-PARA-UTLIZAR-2.png?fit=1080%2C1080&ssl=1\" \/>\n\t<meta property=\"og:image:width\" content=\"1080\" \/>\n\t<meta property=\"og:image:height\" content=\"1080\" \/>\n\t<meta property=\"og:image:type\" content=\"image\/png\" \/>\n<meta name=\"twitter:card\" content=\"summary_large_image\" \/>\n<meta name=\"twitter:label1\" content=\"Tiempo de lectura\" \/>\n\t<meta name=\"twitter:data1\" content=\"1 minuto\" \/>\n<script type=\"application\/ld+json\" class=\"yoast-schema-graph\">{\"@context\":\"https:\/\/schema.org\",\"@graph\":[{\"@type\":\"WebPage\",\"@id\":\"https:\/\/proyectum.com\/co\/product\/pmptracto\/\",\"url\":\"https:\/\/proyectum.com\/co\/product\/pmptracto\/\",\"name\":\"Taller PMP , TRACTO - Proyectum Colombia\",\"isPartOf\":{\"@id\":\"https:\/\/proyectum.com\/co\/#website\"},\"primaryImageOfPage\":{\"@id\":\"https:\/\/proyectum.com\/co\/product\/pmptracto\/#primaryimage\"},\"image\":{\"@id\":\"https:\/\/proyectum.com\/co\/product\/pmptracto\/#primaryimage\"},\"thumbnailUrl\":\"https:\/\/i0.wp.com\/proyectum.com\/co\/wp-content\/uploads\/2022\/09\/FOTOS-PARA-UTLIZAR-2.png?fit=1080%2C1080&ssl=1\",\"datePublished\":\"2022-09-30T20:22:01+00:00\",\"dateModified\":\"2022-12-12T17:23:21+00:00\",\"breadcrumb\":{\"@id\":\"https:\/\/proyectum.com\/co\/product\/pmptracto\/#breadcrumb\"},\"inLanguage\":\"es\",\"potentialAction\":[{\"@type\":\"ReadAction\",\"target\":[\"https:\/\/proyectum.com\/co\/product\/pmptracto\/\"]}]},{\"@type\":\"ImageObject\",\"inLanguage\":\"es\",\"@id\":\"https:\/\/proyectum.com\/co\/product\/pmptracto\/#primaryimage\",\"url\":\"https:\/\/i0.wp.com\/proyectum.com\/co\/wp-content\/uploads\/2022\/09\/FOTOS-PARA-UTLIZAR-2.png?fit=1080%2C1080&ssl=1\",\"contentUrl\":\"https:\/\/i0.wp.com\/proyectum.com\/co\/wp-content\/uploads\/2022\/09\/FOTOS-PARA-UTLIZAR-2.png?fit=1080%2C1080&ssl=1\",\"width\":1080,\"height\":1080},{\"@type\":\"BreadcrumbList\",\"@id\":\"https:\/\/proyectum.com\/co\/product\/pmptracto\/#breadcrumb\",\"itemListElement\":[{\"@type\":\"ListItem\",\"position\":1,\"name\":\"Home\",\"item\":\"https:\/\/proyectum.com\/co\/\"},{\"@type\":\"ListItem\",\"position\":2,\"name\":\"Tienda\",\"item\":\"https:\/\/proyectum.com\/co\/tienda\/\"},{\"@type\":\"ListItem\",\"position\":3,\"name\":\"Taller PMP , TRACTO\"}]},{\"@type\":\"WebSite\",\"@id\":\"https:\/\/proyectum.com\/co\/#website\",\"url\":\"https:\/\/proyectum.com\/co\/\",\"name\":\"Proyectum Costa Rica\",\"description\":\"Centro Autorizado de Capacitaci\u00f3n del Project Management Institute - ATP del PMI\",\"publisher\":{\"@id\":\"https:\/\/proyectum.com\/co\/#organization\"},\"potentialAction\":[{\"@type\":\"SearchAction\",\"target\":{\"@type\":\"EntryPoint\",\"urlTemplate\":\"https:\/\/proyectum.com\/co\/?s={search_term_string}\"},\"query-input\":{\"@type\":\"PropertyValueSpecification\",\"valueRequired\":true,\"valueName\":\"search_term_string\"}}],\"inLanguage\":\"es\"},{\"@type\":\"Organization\",\"@id\":\"https:\/\/proyectum.com\/co\/#organization\",\"name\":\"Proyectum Costa Rica\",\"url\":\"https:\/\/proyectum.com\/co\/\",\"logo\":{\"@type\":\"ImageObject\",\"inLanguage\":\"es\",\"@id\":\"https:\/\/proyectum.com\/co\/#\/schema\/logo\/image\/\",\"url\":\"https:\/\/i0.wp.com\/proyectum.com\/co\/wp-content\/uploads\/proyectum-logo-snippet.png?fit=600%2C315&ssl=1\",\"contentUrl\":\"https:\/\/i0.wp.com\/proyectum.com\/co\/wp-content\/uploads\/proyectum-logo-snippet.png?fit=600%2C315&ssl=1\",\"width\":600,\"height\":315,\"caption\":\"Proyectum Costa Rica\"},\"image\":{\"@id\":\"https:\/\/proyectum.com\/co\/#\/schema\/logo\/image\/\"},\"sameAs\":[\"https:\/\/www.facebook.com\/proyectumcr\/\",\"https:\/\/www.instagram.com\/proyectumcostarica\/\",\"https:\/\/www.linkedin.com\/company\/proyectum-costarica\/\",\"https:\/\/www.youtube.com\/channel\/UCljouWimyhK_cNcC2jniUgw\"]}]}<\/script>\n<!-- \/ Yoast SEO plugin. -->","yoast_head_json":{"title":"Taller PMP , TRACTO - Proyectum Colombia","robots":{"index":"index","follow":"follow","max-snippet":"max-snippet:-1","max-image-preview":"max-image-preview:large","max-video-preview":"max-video-preview:-1"},"canonical":"https:\/\/proyectum.com\/co\/product\/pmptracto\/","og_locale":"es_ES","og_type":"article","og_title":"Taller PMP , TRACTO - Proyectum Colombia","og_description":"Acerca de Proyectum Somos una organizaci\u00f3n multinacional de consultor\u00eda, capacitaci\u00f3n y formaci\u00f3n continua con presencia en 7 pa\u00edses. Apoyamos a nuestros clientes a implementar su estrategia,\u00a0mejorar sus resultados, procesos y pr\u00e1cticas de negocio, utilizando como base la direcci\u00f3n profesional de proyectos. Creemos en la entrega de valor continuo al cliente, en el trabajo en equipo, [&hellip;]","og_url":"https:\/\/proyectum.com\/co\/product\/pmptracto\/","og_site_name":"Proyectum Colombia","article_publisher":"https:\/\/www.facebook.com\/proyectumcr\/","article_modified_time":"2022-12-12T17:23:21+00:00","og_image":[{"width":1080,"height":1080,"url":"https:\/\/i0.wp.com\/proyectum.com\/co\/wp-content\/uploads\/2022\/09\/FOTOS-PARA-UTLIZAR-2.png?fit=1080%2C1080&ssl=1","type":"image\/png"}],"twitter_card":"summary_large_image","twitter_misc":{"Tiempo de lectura":"1 minuto"},"schema":{"@context":"https:\/\/schema.org","@graph":[{"@type":"WebPage","@id":"https:\/\/proyectum.com\/co\/product\/pmptracto\/","url":"https:\/\/proyectum.com\/co\/product\/pmptracto\/","name":"Taller PMP , TRACTO - Proyectum Colombia","isPartOf":{"@id":"https:\/\/proyectum.com\/co\/#website"},"primaryImageOfPage":{"@id":"https:\/\/proyectum.com\/co\/product\/pmptracto\/#primaryimage"},"image":{"@id":"https:\/\/proyectum.com\/co\/product\/pmptracto\/#primaryimage"},"thumbnailUrl":"https:\/\/i0.wp.com\/proyectum.com\/co\/wp-content\/uploads\/2022\/09\/FOTOS-PARA-UTLIZAR-2.png?fit=1080%2C1080&ssl=1","datePublished":"2022-09-30T20:22:01+00:00","dateModified":"2022-12-12T17:23:21+00:00","breadcrumb":{"@id":"https:\/\/proyectum.com\/co\/product\/pmptracto\/#breadcrumb"},"inLanguage":"es","potentialAction":[{"@type":"ReadAction","target":["https:\/\/proyectum.com\/co\/product\/pmptracto\/"]}]},{"@type":"ImageObject","inLanguage":"es","@id":"https:\/\/proyectum.com\/co\/product\/pmptracto\/#primaryimage","url":"https:\/\/i0.wp.com\/proyectum.com\/co\/wp-content\/uploads\/2022\/09\/FOTOS-PARA-UTLIZAR-2.png?fit=1080%2C1080&ssl=1","contentUrl":"https:\/\/i0.wp.com\/proyectum.com\/co\/wp-content\/uploads\/2022\/09\/FOTOS-PARA-UTLIZAR-2.png?fit=1080%2C1080&ssl=1","width":1080,"height":1080},{"@type":"BreadcrumbList","@id":"https:\/\/proyectum.com\/co\/product\/pmptracto\/#breadcrumb","itemListElement":[{"@type":"ListItem","position":1,"name":"Home","item":"https:\/\/proyectum.com\/co\/"},{"@type":"ListItem","position":2,"name":"Tienda","item":"https:\/\/proyectum.com\/co\/tienda\/"},{"@type":"ListItem","position":3,"name":"Taller PMP , TRACTO"}]},{"@type":"WebSite","@id":"https:\/\/proyectum.com\/co\/#website","url":"https:\/\/proyectum.com\/co\/","name":"Proyectum Costa Rica","description":"Centro Autorizado de Capacitaci\u00f3n del Project Management Institute - ATP del PMI","publisher":{"@id":"https:\/\/proyectum.com\/co\/#organization"},"potentialAction":[{"@type":"SearchAction","target":{"@type":"EntryPoint","urlTemplate":"https:\/\/proyectum.com\/co\/?s={search_term_string}"},"query-input":{"@type":"PropertyValueSpecification","valueRequired":true,"valueName":"search_term_string"}}],"inLanguage":"es"},{"@type":"Organization","@id":"https:\/\/proyectum.com\/co\/#organization","name":"Proyectum Costa Rica","url":"https:\/\/proyectum.com\/co\/","logo":{"@type":"ImageObject","inLanguage":"es","@id":"https:\/\/proyectum.com\/co\/#\/schema\/logo\/image\/","url":"https:\/\/i0.wp.com\/proyectum.com\/co\/wp-content\/uploads\/proyectum-logo-snippet.png?fit=600%2C315&ssl=1","contentUrl":"https:\/\/i0.wp.com\/proyectum.com\/co\/wp-content\/uploads\/proyectum-logo-snippet.png?fit=600%2C315&ssl=1","width":600,"height":315,"caption":"Proyectum Costa Rica"},"image":{"@id":"https:\/\/proyectum.com\/co\/#\/schema\/logo\/image\/"},"sameAs":["https:\/\/www.facebook.com\/proyectumcr\/","https:\/\/www.instagram.com\/proyectumcostarica\/","https:\/\/www.linkedin.com\/company\/proyectum-costarica\/","https:\/\/www.youtube.com\/channel\/UCljouWimyhK_cNcC2jniUgw"]}]}},"jetpack_sharing_enabled":true,"_links":{"self":[{"href":"https:\/\/proyectum.com\/co\/wp-json\/wp\/v2\/product\/11523"}],"collection":[{"href":"https:\/\/proyectum.com\/co\/wp-json\/wp\/v2\/product"}],"about":[{"href":"https:\/\/proyectum.com\/co\/wp-json\/wp\/v2\/types\/product"}],"wp:featuredmedia":[{"embeddable":true,"href":"https:\/\/proyectum.com\/co\/wp-json\/wp\/v2\/media\/11513"}],"wp:attachment":[{"href":"https:\/\/proyectum.com\/co\/wp-json\/wp\/v2\/media?parent=11523"}],"wp:term":[{"taxonomy":"product_cat","embeddable":true,"href":"https:\/\/proyectum.com\/co\/wp-json\/wp\/v2\/product_cat?post=11523"},{"taxonomy":"product_tag","embeddable":true,"href":"https:\/\/proyectum.com\/co\/wp-json\/wp\/v2\/product_tag?post=11523"}],"curies":[{"name":"wp","href":"https:\/\/api.w.org\/{rel}","templated":true}]}}