{"id":10001,"date":"2020-12-16T19:20:32","date_gmt":"2020-12-17T01:20:32","guid":{"rendered":"https:\/\/www.proyectum.com\/cr\/?page_id=10001"},"modified":"2025-07-13T20:26:34","modified_gmt":"2025-07-14T02:26:34","slug":"gestion_de_programas_de_proyectos","status":"publish","type":"page","link":"https:\/\/proyectum.com\/cr\/capacitacion\/gestion_de_programas_de_proyectos\/","title":{"rendered":"Gesti\u00f3n de Programas de Proyectos"},"content":{"rendered":"<div class=\"wpb-content-wrapper\"><p>[vc_row full_width=\u00bbstretch_row_content\u00bb css=\u00bb.vc_custom_1584804929969{padding-top: 58px !important;padding-bottom: 58px !important;background-image: url(https:\/\/www.proyectum.com\/cr\/wp-content\/uploads\/2018\/09\/curso-tipo.png?id=6990) !important;background-position: center !important;background-repeat: no-repeat !important;background-size: cover !important;}\u00bb][vc_column width=\u00bb1\/2&#8243;][vc_custom_heading text=\u00bbGesti\u00f3n de Programas de Proyectos\u00bb font_container=\u00bbtag:h1|font_size:40|text_align:center|color:%23ffffff\u00bb use_theme_fonts=\u00bbyes\u00bb css=\u00bb.vc_custom_1608169421949{padding-top: 55px !important;padding-left: 75px !important;}\u00bb][\/vc_column][vc_column width=\u00bb1\/2&#8243;][vc_single_image image=\u00bb9634&#8243; img_size=\u00bb200&#215;170&#8243; css=\u00bb.vc_custom_1602877877665{padding-left: 250px !important;}\u00bb][\/vc_column][\/vc_row][vc_column][\/vc_column][vc_row][vc_column width=\u00bb2\/3&#8243;][vc_column_text css=\u00bb.vc_custom_1720581163962{padding-top: 20px !important;}\u00bb]<span style=\"color: #000000;\">Las organizaciones modernas han venido trabajando la tem\u00e1tica de Administraci\u00f3n de Proyectos, eficientizando su realizaci\u00f3n, y se han percatado de que con eso no basta, por lo que han incorporado t\u00e9cnicas y concepto de Gesti\u00f3n de Portafolio, en su afan de mejorar la utilizaci\u00f3n de los escasos recursos de que se dispone.<\/span><\/p>\n<p><span style=\"color: #000000;\">Ahora, que se ha logrado mejorar en estos temas, surge una necesidad adicional, en el mismo sentido, la cual se enfoca en el agrupamiento de proyectos que requieren de una administraci\u00f3n conjunta o centralizada para poder priorizar la obtencion de beneficios particulares, tanto estrat\u00e9gicos como operativos. Es por ello que cada vez m\u00e1s se recurre a la Gesti\u00f3n de Programas, para estos fines.<\/span><\/p>\n<ul>\n<li><span style=\"color: #000000;\"><strong>Duraci\u00f3n:<\/strong> 12 horas (3 sesiones de 4 horas cada una)<\/span><\/li>\n<li><span style=\"color: #000000;\"><strong>Modalidad:<\/strong> Online<\/span><\/li>\n<li><span style=\"color: #000000;\"><strong>Requisitos:<\/strong> No tiene requisitos<\/span><\/li>\n<li><span style=\"color: #000000;\"><strong>Acreditaci\u00f3n:<\/strong> 12 PDUs t\u00e9cnicos<\/span><\/li>\n<li><span style=\"color: #000000;\"><strong>Precio: <\/strong>$550 (+2%<span style=\"font-size: 13px;\">IVA)<\/span><\/span><\/li>\n<li><span style=\"color: #000000;\"><span style=\"color: #000000;\"><b>Pr\u00f3xima<\/b><\/span><b style=\"color: #000000;\"> fecha: <\/b><span style=\"color: #000000;\">Disponible \u00fanicamente para grupos empresariales<\/span><\/span><\/li>\n<\/ul>\n<p><em><span style=\"color: #000000;\">S\u00ed ya tomaste un curso con nosotros, tienes un<strong> 10% de descuento<\/strong> en <strong>TODOS<\/strong> nuestros cursos.\u00a0 <\/span><\/em><em><span style=\"color: #000000;\">\u00a1Solic\u00edtalo! (Aplican restricciones)<\/span><\/em><\/p>\n<p>.[\/vc_column_text][vc_btn title=\u00bbDescargue el volante aqu\u00ed\u00bb i_icon_fontawesome=\u00bbfa fa-file-pdf-o\u00bb add_icon=\u00bbtrue\u00bb link=\u00bburl:https%3A%2F%2Fwww.proyectum.com%2Fcr%2Fwp-content%2Fuploads%2F2021%2F04%2FGPP.pdf||target:%20_blank|\u00bb][vc_tta_tabs][vc_tta_section title=\u00bbPerfil\u00bb tab_id=\u00bb1586282350362-cf1f74eb-ced4&#8243;][vc_column_text]<span style=\"color: #000000;\"><strong>En este programa podr\u00e1n participar:<\/strong><\/span><\/p>\n<ul>\n<li><span style=\"color: #000000;\">Gerentes Generales, Gerentes de Divisi\u00f3n, \u00c1rea o Departamento, Asistentes de Gerencia, Responsables de Procesos de Planificaci\u00f3n Estrat\u00e9gica, Gerentes de Portafolio, Oficinales de PMO, Gerentes de Proyecto.<\/span><\/li>\n<\/ul>\n<p>[\/vc_column_text][\/vc_tta_section][vc_tta_section title=\u00bbContenido\u00bb tab_id=\u00bb1586282350363-3af196ba-9a3e\u00bb][vc_column_text]<span style=\"color: #000000;\"><strong>Durante el curso usted aprender\u00e1 sobre:<\/strong><\/span><\/p>\n<ol>\n<li><span style=\"color: #000000;\">Diferenciaci\u00f3n entre un Portafolio, un Programa y un Proyecto.<\/span><\/li>\n<li><span style=\"color: #000000;\">Ciclo Funcional de la Gesti\u00f3n de Programas.<\/span><\/li>\n<li><span style=\"color: #000000;\">Desarrollo del perfil del programa.<\/span><\/li>\n<li><span style=\"color: #000000;\">Desarrollo de la EDT del programa.<\/span><\/li>\n<li><span style=\"color: #000000;\">Administraci\u00f3n de los interesados.<\/span><\/li>\n<li><span style=\"color: #000000;\">T\u00e9cnicas de revisi\u00f3n del programa.<\/span><\/li>\n<li><span style=\"color: #000000;\">T\u00e9cnicas de Selecci\u00f3n y Priorizaci\u00f3n.<\/span><\/li>\n<li><span style=\"color: #000000;\">Seguimiento y control de Programas.<\/span><\/li>\n<li><span style=\"color: #000000;\">Administraci\u00f3n de beneficios.<\/span><\/li>\n<\/ol>\n<p>[\/vc_column_text][\/vc_tta_section][vc_tta_section title=\u00bbIncluye\u00bb tab_id=\u00bb1586282494032-81e78e02-6cb8&#8243;][vc_column_text]<span style=\"color: #000000;\"><strong>Al matricular todos los m\u00f3dulos de este programa, usted contar\u00e1 con:<\/strong><\/span><\/p>\n<ul>\n<li><span style=\"color: #000000;\">12 horas de capacitaci\u00f3n<\/span><\/li>\n<li><span style=\"color: #000000;\">T\u00edtulo de participaci\u00f3n<\/span><\/li>\n<li><span style=\"color: #000000;\">Presentaciones utilizadas durante el curso<\/span><\/li>\n<li><span style=\"color: #000000;\">Ex\u00e1menes por sesi\u00f3n<\/span><\/li>\n<li><span style=\"color: #000000;\"> Herramientas virtuales did\u00e1cticas<\/span><\/li>\n<li><span style=\"color: #000000;\">Instructor certificado y con m\u00e1s de 30 a\u00f1os de experiencia en Gesti\u00f3n de Programas.<\/span><\/li>\n<\/ul>\n<p>[\/vc_column_text][\/vc_tta_section][vc_tta_section title=\u00bbObjetivos\u00bb tab_id=\u00bb1586282495978-8bf42fa2-ce7d\u00bb][vc_column_text]<span style=\"color: #000000;\"><strong>Al finalizar el curso los participantes estar\u00e1n en capacidad de:<\/strong><\/span><\/p>\n<ul>\n<li><span style=\"color: #000000;\">Identificar las opciones de implementaci\u00f3n de programas<\/span><\/li>\n<li><span style=\"color: #000000;\">Crear un programa<\/span><\/li>\n<li><span style=\"color: #000000;\">Gestionar un programa<\/span><\/li>\n<li><span style=\"color: #000000;\">Cerrar un programa<\/span><\/li>\n<li><span style=\"color: #000000;\">Identificar y gestionar beneficios.<\/span><\/li>\n<\/ul>\n<p>[\/vc_column_text][\/vc_tta_section][vc_tta_section title=\u00bbPr\u00f3ximas Fechas\u00bb tab_id=\u00bb1605634586858-c104669a-e006&#8243;][\/vc_tta_section][\/vc_tta_tabs][\/vc_column][vc_column width=\u00bb1\/3&#8243;][vc_images_carousel images=\u00bb7267&#8243; img_size=\u00bbmedium\u00bb onclick=\u00bblink_no\u00bb speed=\u00bb2500&#8243; autoplay=\u00bbyes\u00bb hide_pagination_control=\u00bbyes\u00bb hide_prev_next_buttons=\u00bbyes\u00bb wrap=\u00bbyes\u00bb css=\u00bb.vc_custom_1607962451628{padding-top: 40px !important;padding-right: 70px !important;padding-left: 70px !important;}\u00bb]<div class=\"porto-u-heading  wpb_custom_95aa9a11c17ad45cfabaf210d84ee7cc porto-u-6332\"><div class=\"porto-u-main-heading\"><h2  >CAPACITACI\u00d3N<\/h2><\/div><style>.porto-u-6332.porto-u-heading{text-align:center}<\/style><\/div>[vc_tta_accordion][vc_tta_section title=\u00bbCERTIFICACIONES\u00bb tab_id=\u00bb1606150990516-9bf9ea1d-e38f\u00bb][vc_wp_custommenu nav_menu=\u00bb75&#8243;][\/vc_tta_section][vc_tta_section title=\u00bbAGILIDAD\u00bb tab_id=\u00bb1606150990516-3918fc62-26d9&#8243;][vc_wp_custommenu nav_menu=\u00bb73&#8243;][\/vc_tta_section][vc_tta_section title=\u00bbM\u00c1S PROGRAMAS&#8230;\u00bb tab_id=\u00bb1606151037047-48bbdcec-b366&#8243;][vc_wp_custommenu nav_menu=\u00bb74&#8243;][\/vc_tta_section][\/vc_tta_accordion][\/vc_column][\/vc_row][vc_row full_width=\u00bbstretch_row_content_no_spaces\u00bb equal_height=\u00bbyes\u00bb][vc_column el_class=\u00bbbackground-color-primary\u00bb]<div class=\"col-half-section half-container col-fullwidth-md\">[vc_custom_heading text=\u00bbLlene el siguiente formulario, pronto un asesor experto en el programa se pondr\u00e1 en contacto con usted\u00bb font_container=\u00bbtag:h2|text_align:left|color:%23f7f6f4&#8243; use_theme_fonts=\u00bbyes\u00bb css=\u00bb\u00bb text_transform=\u00bbtext-uppercase\u00bb][vc_raw_html css=\u00bb\u00bb]JTNDc2NyaXB0JTIwY2hhcnNldCUzRCUyMnV0Zi04JTIyJTIwdHlwZSUzRCUyMnRleHQlMkZqYXZhc2NyaXB0JTIyJTIwc3JjJTNEJTIyJTJGJTJGanMuaHNmb3Jtcy5uZXQlMkZmb3JtcyUyRmVtYmVkJTJGdjIuanMlMjIlM0UlM0MlMkZzY3JpcHQlM0UlMEElM0NzY3JpcHQlM0UlMEElMjAlMjBoYnNwdC5mb3Jtcy5jcmVhdGUlMjglN0IlMEElMjAlMjAlMjAlMjBwb3J0YWxJZCUzQSUyMCUyMjQ5NjQ1MTg5JTIyJTJDJTBBJTIwJTIwJTIwJTIwZm9ybUlkJTNBJTIwJTIyOWNiN2FlOTctYzVmYS00ZTMwLWFlZWQtNzEyMjgzNWY1NjY1JTIyJTJDJTBBJTIwJTIwJTIwJTIwcmVnaW9uJTNBJTIwJTIybmExJTIyJTBBJTIwJTIwJTdEJTI5JTNCJTBBJTNDJTJGc2NyaXB0JTNF[\/vc_raw_html]<\/div>[\/vc_column][\/vc_row]<\/p>\n<\/div>","protected":false},"excerpt":{"rendered":"<p>[vc_row full_width=\u00bbstretch_row_content\u00bb css=\u00bb.vc_custom_1584804929969{padding-top: 58px !important;padding-bottom: 58px !important;background-image: url(https:\/\/www.proyectum.com\/cr\/wp-content\/uploads\/2018\/09\/curso-tipo.png?id=6990) !important;background-position: center !important;background-repeat: no-repeat !important;background-size: cover !important;}\u00bb][vc_column width=\u00bb1\/2&#8243;][vc_custom_heading text=\u00bbGesti\u00f3n de Programas de Proyectos\u00bb font_container=\u00bbtag:h1|font_size:40|text_align:center|color:%23ffffff\u00bb use_theme_fonts=\u00bbyes\u00bb css=\u00bb.vc_custom_1608169421949{padding-top: 55px !important;padding-left: 75px !important;}\u00bb][\/vc_column][vc_column width=\u00bb1\/2&#8243;][vc_single_image image=\u00bb9634&#8243; img_size=\u00bb200&#215;170&#8243; css=\u00bb.vc_custom_1602877877665{padding-left: 250px !important;}\u00bb][\/vc_column][\/vc_row][vc_column][\/vc_column][vc_row][vc_column width=\u00bb2\/3&#8243;][vc_column_text css=\u00bb.vc_custom_1720581163962{padding-top: 20px !important;}\u00bb]Las organizaciones modernas han venido trabajando la tem\u00e1tica de Administraci\u00f3n de Proyectos, eficientizando su realizaci\u00f3n, y se han [&hellip;]<\/p>\n","protected":false},"author":15,"featured_media":0,"parent":7466,"menu_order":0,"comment_status":"closed","ping_status":"closed","template":"","meta":{"content-type":"","footnotes":""},"class_list":["post-10001","page","type-page","status-publish","hentry"],"acf":[],"yoast_head":"<!-- This site is optimized with the Yoast SEO plugin v27.5 - https:\/\/yoast.com\/product\/yoast-seo-wordpress\/ -->\n<title>Gesti\u00f3n de Programas de Proyectos - Proyectum Costa Rica<\/title>\n<meta name=\"robots\" content=\"index, follow, max-snippet:-1, max-image-preview:large, max-video-preview:-1\" \/>\n<link rel=\"canonical\" href=\"https:\/\/proyectum.com\/cr\/capacitacion\/gestion_de_programas_de_proyectos\/\" \/>\n<meta property=\"og:locale\" content=\"es_ES\" \/>\n<meta property=\"og:type\" content=\"article\" \/>\n<meta property=\"og:title\" content=\"Gesti\u00f3n de Programas de Proyectos - Proyectum Costa Rica\" \/>\n<meta property=\"og:description\" content=\"[vc_row full_width=\u00bbstretch_row_content\u00bb css=\u00bb.vc_custom_1584804929969{padding-top: 58px !important;padding-bottom: 58px !important;background-image: url(https:\/\/www.proyectum.com\/cr\/wp-content\/uploads\/2018\/09\/curso-tipo.png?id=6990) !important;background-position: center !important;background-repeat: no-repeat !important;background-size: cover !important;}\u00bb][vc_column width=\u00bb1\/2&#8243;][vc_custom_heading text=\u00bbGesti\u00f3n de Programas de Proyectos\u00bb font_container=\u00bbtag:h1|font_size:40|text_align:center|color:%23ffffff\u00bb use_theme_fonts=\u00bbyes\u00bb css=\u00bb.vc_custom_1608169421949{padding-top: 55px !important;padding-left: 75px !important;}\u00bb][\/vc_column][vc_column width=\u00bb1\/2&#8243;][vc_single_image image=\u00bb9634&#8243; img_size=\u00bb200&#215;170&#8243; css=\u00bb.vc_custom_1602877877665{padding-left: 250px !important;}\u00bb][\/vc_column][\/vc_row][vc_column][\/vc_column][vc_row][vc_column width=\u00bb2\/3&#8243;][vc_column_text css=\u00bb.vc_custom_1720581163962{padding-top: 20px !important;}\u00bb]Las organizaciones modernas han venido trabajando la tem\u00e1tica de Administraci\u00f3n de Proyectos, eficientizando su realizaci\u00f3n, y se han [&hellip;]\" \/>\n<meta property=\"og:url\" content=\"https:\/\/proyectum.com\/cr\/capacitacion\/gestion_de_programas_de_proyectos\/\" \/>\n<meta property=\"og:site_name\" content=\"Proyectum Costa Rica\" \/>\n<meta property=\"article:publisher\" content=\"https:\/\/www.facebook.com\/proyectumcr\/\" \/>\n<meta property=\"article:modified_time\" content=\"2025-07-14T02:26:34+00:00\" \/>\n<meta name=\"twitter:card\" content=\"summary_large_image\" \/>\n<meta name=\"twitter:label1\" content=\"Tiempo de lectura\" \/>\n\t<meta name=\"twitter:data1\" content=\"3 minutos\" \/>\n<script type=\"application\/ld+json\" class=\"yoast-schema-graph\">{\"@context\":\"https:\\\/\\\/schema.org\",\"@graph\":[{\"@type\":\"WebPage\",\"@id\":\"https:\\\/\\\/proyectum.com\\\/cr\\\/capacitacion\\\/gestion_de_programas_de_proyectos\\\/\",\"url\":\"https:\\\/\\\/proyectum.com\\\/cr\\\/capacitacion\\\/gestion_de_programas_de_proyectos\\\/\",\"name\":\"Gesti\u00f3n de Programas de Proyectos - Proyectum Costa Rica\",\"isPartOf\":{\"@id\":\"https:\\\/\\\/proyectum.com\\\/cr\\\/#website\"},\"datePublished\":\"2020-12-17T01:20:32+00:00\",\"dateModified\":\"2025-07-14T02:26:34+00:00\",\"breadcrumb\":{\"@id\":\"https:\\\/\\\/proyectum.com\\\/cr\\\/capacitacion\\\/gestion_de_programas_de_proyectos\\\/#breadcrumb\"},\"inLanguage\":\"es\",\"potentialAction\":[{\"@type\":\"ReadAction\",\"target\":[\"https:\\\/\\\/proyectum.com\\\/cr\\\/capacitacion\\\/gestion_de_programas_de_proyectos\\\/\"]}]},{\"@type\":\"BreadcrumbList\",\"@id\":\"https:\\\/\\\/proyectum.com\\\/cr\\\/capacitacion\\\/gestion_de_programas_de_proyectos\\\/#breadcrumb\",\"itemListElement\":[{\"@type\":\"ListItem\",\"position\":1,\"name\":\"Home\",\"item\":\"https:\\\/\\\/proyectum.com\\\/cr\\\/\"},{\"@type\":\"ListItem\",\"position\":2,\"name\":\"Capacitaciones\",\"item\":\"https:\\\/\\\/proyectum.com\\\/cr\\\/capacitacion\\\/\"},{\"@type\":\"ListItem\",\"position\":3,\"name\":\"Gesti\u00f3n de Programas de Proyectos\"}]},{\"@type\":\"WebSite\",\"@id\":\"https:\\\/\\\/proyectum.com\\\/cr\\\/#website\",\"url\":\"https:\\\/\\\/proyectum.com\\\/cr\\\/\",\"name\":\"Proyectum Costa Rica\",\"description\":\"La Agilidad Empresarial es una obligaci\u00f3n\",\"publisher\":{\"@id\":\"https:\\\/\\\/proyectum.com\\\/cr\\\/#organization\"},\"potentialAction\":[{\"@type\":\"SearchAction\",\"target\":{\"@type\":\"EntryPoint\",\"urlTemplate\":\"https:\\\/\\\/proyectum.com\\\/cr\\\/?s={search_term_string}\"},\"query-input\":{\"@type\":\"PropertyValueSpecification\",\"valueRequired\":true,\"valueName\":\"search_term_string\"}}],\"inLanguage\":\"es\"},{\"@type\":\"Organization\",\"@id\":\"https:\\\/\\\/proyectum.com\\\/cr\\\/#organization\",\"name\":\"Proyectum Costa Rica\",\"url\":\"https:\\\/\\\/proyectum.com\\\/cr\\\/\",\"logo\":{\"@type\":\"ImageObject\",\"inLanguage\":\"es\",\"@id\":\"https:\\\/\\\/proyectum.com\\\/cr\\\/#\\\/schema\\\/logo\\\/image\\\/\",\"url\":\"https:\\\/\\\/i1.wp.com\\\/www.proyectum.com\\\/cr\\\/wp-content\\\/uploads\\\/proyectum-logo-snippet.png?fit=600%2C315&ssl=1\",\"contentUrl\":\"https:\\\/\\\/i1.wp.com\\\/www.proyectum.com\\\/cr\\\/wp-content\\\/uploads\\\/proyectum-logo-snippet.png?fit=600%2C315&ssl=1\",\"width\":600,\"height\":315,\"caption\":\"Proyectum Costa Rica\"},\"image\":{\"@id\":\"https:\\\/\\\/proyectum.com\\\/cr\\\/#\\\/schema\\\/logo\\\/image\\\/\"},\"sameAs\":[\"https:\\\/\\\/www.facebook.com\\\/proyectumcr\\\/\",\"https:\\\/\\\/www.instagram.com\\\/proyectumcostarica\\\/\",\"https:\\\/\\\/www.linkedin.com\\\/company\\\/proyectum-costarica\\\/\",\"https:\\\/\\\/www.youtube.com\\\/channel\\\/UCljouWimyhK_cNcC2jniUgw\"]}]}<\/script>\n<!-- \/ Yoast SEO plugin. -->","yoast_head_json":{"title":"Gesti\u00f3n de Programas de Proyectos - Proyectum Costa Rica","robots":{"index":"index","follow":"follow","max-snippet":"max-snippet:-1","max-image-preview":"max-image-preview:large","max-video-preview":"max-video-preview:-1"},"canonical":"https:\/\/proyectum.com\/cr\/capacitacion\/gestion_de_programas_de_proyectos\/","og_locale":"es_ES","og_type":"article","og_title":"Gesti\u00f3n de Programas de Proyectos - Proyectum Costa Rica","og_description":"[vc_row full_width=\u00bbstretch_row_content\u00bb css=\u00bb.vc_custom_1584804929969{padding-top: 58px !important;padding-bottom: 58px !important;background-image: url(https:\/\/www.proyectum.com\/cr\/wp-content\/uploads\/2018\/09\/curso-tipo.png?id=6990) !important;background-position: center !important;background-repeat: no-repeat !important;background-size: cover !important;}\u00bb][vc_column width=\u00bb1\/2&#8243;][vc_custom_heading text=\u00bbGesti\u00f3n de Programas de Proyectos\u00bb font_container=\u00bbtag:h1|font_size:40|text_align:center|color:%23ffffff\u00bb use_theme_fonts=\u00bbyes\u00bb css=\u00bb.vc_custom_1608169421949{padding-top: 55px !important;padding-left: 75px !important;}\u00bb][\/vc_column][vc_column width=\u00bb1\/2&#8243;][vc_single_image image=\u00bb9634&#8243; img_size=\u00bb200&#215;170&#8243; css=\u00bb.vc_custom_1602877877665{padding-left: 250px !important;}\u00bb][\/vc_column][\/vc_row][vc_column][\/vc_column][vc_row][vc_column width=\u00bb2\/3&#8243;][vc_column_text css=\u00bb.vc_custom_1720581163962{padding-top: 20px !important;}\u00bb]Las organizaciones modernas han venido trabajando la tem\u00e1tica de Administraci\u00f3n de Proyectos, eficientizando su realizaci\u00f3n, y se han [&hellip;]","og_url":"https:\/\/proyectum.com\/cr\/capacitacion\/gestion_de_programas_de_proyectos\/","og_site_name":"Proyectum Costa Rica","article_publisher":"https:\/\/www.facebook.com\/proyectumcr\/","article_modified_time":"2025-07-14T02:26:34+00:00","twitter_card":"summary_large_image","twitter_misc":{"Tiempo de lectura":"3 minutos"},"schema":{"@context":"https:\/\/schema.org","@graph":[{"@type":"WebPage","@id":"https:\/\/proyectum.com\/cr\/capacitacion\/gestion_de_programas_de_proyectos\/","url":"https:\/\/proyectum.com\/cr\/capacitacion\/gestion_de_programas_de_proyectos\/","name":"Gesti\u00f3n de Programas de Proyectos - Proyectum Costa Rica","isPartOf":{"@id":"https:\/\/proyectum.com\/cr\/#website"},"datePublished":"2020-12-17T01:20:32+00:00","dateModified":"2025-07-14T02:26:34+00:00","breadcrumb":{"@id":"https:\/\/proyectum.com\/cr\/capacitacion\/gestion_de_programas_de_proyectos\/#breadcrumb"},"inLanguage":"es","potentialAction":[{"@type":"ReadAction","target":["https:\/\/proyectum.com\/cr\/capacitacion\/gestion_de_programas_de_proyectos\/"]}]},{"@type":"BreadcrumbList","@id":"https:\/\/proyectum.com\/cr\/capacitacion\/gestion_de_programas_de_proyectos\/#breadcrumb","itemListElement":[{"@type":"ListItem","position":1,"name":"Home","item":"https:\/\/proyectum.com\/cr\/"},{"@type":"ListItem","position":2,"name":"Capacitaciones","item":"https:\/\/proyectum.com\/cr\/capacitacion\/"},{"@type":"ListItem","position":3,"name":"Gesti\u00f3n de Programas de Proyectos"}]},{"@type":"WebSite","@id":"https:\/\/proyectum.com\/cr\/#website","url":"https:\/\/proyectum.com\/cr\/","name":"Proyectum Costa Rica","description":"La Agilidad Empresarial es una obligaci\u00f3n","publisher":{"@id":"https:\/\/proyectum.com\/cr\/#organization"},"potentialAction":[{"@type":"SearchAction","target":{"@type":"EntryPoint","urlTemplate":"https:\/\/proyectum.com\/cr\/?s={search_term_string}"},"query-input":{"@type":"PropertyValueSpecification","valueRequired":true,"valueName":"search_term_string"}}],"inLanguage":"es"},{"@type":"Organization","@id":"https:\/\/proyectum.com\/cr\/#organization","name":"Proyectum Costa Rica","url":"https:\/\/proyectum.com\/cr\/","logo":{"@type":"ImageObject","inLanguage":"es","@id":"https:\/\/proyectum.com\/cr\/#\/schema\/logo\/image\/","url":"https:\/\/i1.wp.com\/www.proyectum.com\/cr\/wp-content\/uploads\/proyectum-logo-snippet.png?fit=600%2C315&ssl=1","contentUrl":"https:\/\/i1.wp.com\/www.proyectum.com\/cr\/wp-content\/uploads\/proyectum-logo-snippet.png?fit=600%2C315&ssl=1","width":600,"height":315,"caption":"Proyectum Costa Rica"},"image":{"@id":"https:\/\/proyectum.com\/cr\/#\/schema\/logo\/image\/"},"sameAs":["https:\/\/www.facebook.com\/proyectumcr\/","https:\/\/www.instagram.com\/proyectumcostarica\/","https:\/\/www.linkedin.com\/company\/proyectum-costarica\/","https:\/\/www.youtube.com\/channel\/UCljouWimyhK_cNcC2jniUgw"]}]}},"jetpack_sharing_enabled":true,"_links":{"self":[{"href":"https:\/\/proyectum.com\/cr\/wp-json\/wp\/v2\/pages\/10001","targetHints":{"allow":["GET"]}}],"collection":[{"href":"https:\/\/proyectum.com\/cr\/wp-json\/wp\/v2\/pages"}],"about":[{"href":"https:\/\/proyectum.com\/cr\/wp-json\/wp\/v2\/types\/page"}],"author":[{"embeddable":true,"href":"https:\/\/proyectum.com\/cr\/wp-json\/wp\/v2\/users\/15"}],"replies":[{"embeddable":true,"href":"https:\/\/proyectum.com\/cr\/wp-json\/wp\/v2\/comments?post=10001"}],"version-history":[{"count":32,"href":"https:\/\/proyectum.com\/cr\/wp-json\/wp\/v2\/pages\/10001\/revisions"}],"predecessor-version":[{"id":13183,"href":"https:\/\/proyectum.com\/cr\/wp-json\/wp\/v2\/pages\/10001\/revisions\/13183"}],"up":[{"embeddable":true,"href":"https:\/\/proyectum.com\/cr\/wp-json\/wp\/v2\/pages\/7466"}],"wp:attachment":[{"href":"https:\/\/proyectum.com\/cr\/wp-json\/wp\/v2\/media?parent=10001"}],"curies":[{"name":"wp","href":"https:\/\/api.w.org\/{rel}","templated":true}]}}