{"id":10532,"date":"2021-03-10T11:55:43","date_gmt":"2021-03-10T17:55:43","guid":{"rendered":"https:\/\/www.proyectum.com\/cr\/?page_id=10532"},"modified":"2026-02-03T16:47:55","modified_gmt":"2026-02-03T22:47:55","slug":"microsoft_project_basico_intermedio","status":"publish","type":"page","link":"https:\/\/proyectum.com\/cr\/capacitacion\/microsoft_project_basico_intermedio\/","title":{"rendered":"Capacitaci\u00f3n Microsoft Project Professional para Administradores de Proyectos &#8211; B\u00e1sico a Intermedio"},"content":{"rendered":"<div class=\"wpb-content-wrapper\"><p>[vc_row full_width=\u00bbstretch_row_content\u00bb css=\u00bb.vc_custom_1581028741803{padding-top: 58px !important;padding-bottom: 58px !important;background-image: url(https:\/\/www.proyectum.com\/cr\/wp-content\/uploads\/2018\/09\/curso-tipo.png?id=6990) !important;background-position: center !important;background-repeat: no-repeat !important;background-size: cover !important;}\u00bb][vc_column width=\u00bb1\/2&#8243;][vc_custom_heading text=\u00bbTaller MS Project 2020 para Administradores de Proyectos-B\u00e1sico\/Intermedio\u00bb font_container=\u00bbtag:h1|font_size:38|text_align:center|color:%23ffffff\u00bb use_theme_fonts=\u00bbyes\u00bb css=\u00bb.vc_custom_1770157836820{margin-bottom: 0px !important;padding-top: 25px !important;padding-left: 35px !important;}\u00bb][\/vc_column][vc_column width=\u00bb1\/2&#8243;][vc_single_image image=\u00bb9634&#8243; img_size=\u00bb200&#215;170&#8243; css=\u00bb.vc_custom_1602877772706{padding-left: 250px !important;}\u00bb][\/vc_column][\/vc_row][vc_row][vc_column width=\u00bb2\/3&#8243;][vc_column_text css=\u00bb\u00bb]<span style=\"font-size: 17px; color: #000000;\">Nuestro curso lo hemos considerado de manera intensiva ya que permite en poco tiempo lograr un aprendizaje de alto nivel para manejar exitosamente el uso de MS Project 2020 y as\u00ed contribuir al \u00e9xito de los proyectos.\u00a0<\/span><\/p>\n<p><span style=\"font-size: 17px; color: #000000;\">Prerrequisitos:<\/span><\/p>\n<p><span style=\"font-size: 17px; color: #000000;\">Este curso ayuda a manejar la herramienta a trav\u00e9s de cada etapa del ciclo de vida de la Direcci\u00f3n del Proyecto y ofrece diversos ejercicios que ayudan a poner en pr\u00e1ctica las buenas pr\u00e1cticas recomendadas por el PMI en el Project Management Body of Knowledge.<\/span><\/p>\n<p><span style=\"font-size: 17px; color: #000000;\">Se recomienda que las personas que tomen este curso est\u00e9n familiarizadas con los conceptos b\u00e1sicos y la terminolog\u00eda de la disciplina en Direcci\u00f3n de Proyectos.<\/span><\/p>\n<ul>\n<li><span style=\"color: #000000; font-size: 17px;\"><strong>Duraci\u00f3n:<\/strong> 16 horas en 5 sesiones de 3,15min horas cada una.<\/span><\/li>\n<li><span style=\"color: #000000; font-size: 17px;\"><strong>Modali<span style=\"color: #000000;\">dad<\/span><\/strong>: Online<\/span><\/li>\n<li><span style=\"color: #000000;\"><strong>Inversi\u00f3n: <\/strong>$450 + 2% IVA<\/span><\/li>\n<li><span style=\"color: #000000; font-size: 17px;\"><strong>Requisitos:<\/strong>\u00a0<\/span>\n<ul>\n<li style=\"list-style-type: none;\">\n<ul>\n<li><span style=\"color: #000000; font-size: 17px;\">Contar con una computadora con acceso a Internet<\/span><\/li>\n<li><span style=\"color: #000000; font-size: 17px;\">Apertura del curso sujeta a matr\u00edcula y cupo m\u00ednimo<\/span><\/li>\n<li><span style=\"color: #000000; font-size: 17px;\">El estudiante debe contar con el software que requiere para el curso<\/span><\/li>\n<li><span style=\"color: #000000;\">No incluye capacitaci\u00f3n y\/o configuraci\u00f3n para MS Project online<\/span><\/li>\n<\/ul>\n<\/li>\n<\/ul>\n<\/li>\n<\/ul>\n<p><span style=\"font-size: 17px;\"><em><span style=\"color: #000000;\">Si ya tomaste un curso con nosotros, tienes un <strong>10% de descuento<\/strong> en <strong>TODOS<\/strong> nuestros cursos. <\/span><\/em><em><span style=\"color: #000000;\"><strong>\u00a1Solic\u00edtalo!<\/strong> (Aplican restricciones)<\/span><\/em><\/span><\/p>\n<p><span style=\"font-size: 17px;\"><em><strong><span style=\"color: #000000;\">Aprovecha nuestros descuentos por grupos en TODOS nuestros cursos<\/span><\/strong><\/em><\/span><\/p>\n<p>.[\/vc_column_text][vc_btn title=\u00bbDescargue el volante aqu\u00ed\u00bb i_icon_fontawesome=\u00bbfa fa-file-pdf-o\u00bb add_icon=\u00bbtrue\u00bb link=\u00bburl:https%3A%2F%2Fwww.proyectum.com%2Fcr%2Fwp-content%2Fuploads%2F2021%2F04%2FMSPBI.pdf||target:%20_blank|\u00bb][vc_tta_tabs][vc_tta_section title=\u00bbPerfil\u00bb tab_id=\u00bb1606163879488-e0971b68-a2a6&#8243;][vc_column_text]<span style=\"color: #000000;\">Persona responsable de tomar decisiones, tanto grandes como peque\u00f1as. Los administradores de proyectos deben asegurarse de controlar el riesgo y minimizar la incertidumbre, cada decisi\u00f3n que tomen debe beneficiar directamente a su proyecto, desde la fase de inicio, la planificaci\u00f3n, el dise\u00f1o, la ejecuci\u00f3n, la revisi\u00f3n, el control y el cierre de dicho proyecto para que sea exitoso.<\/span><\/p>\n<p><span style=\"color: #000000;\"><strong>En esta capacitaci\u00f3n podr\u00e1n participar:\u00a0<\/strong><\/span><\/p>\n<ul>\n<li><span style=\"color: #000000;\">Jefes y administradores de Proyectos<\/span><\/li>\n<li><span style=\"color: #000000;\">Equipo de desarrollo de software<\/span><\/li>\n<li><span style=\"color: #000000;\">L\u00edderes de proyectos<\/span><\/li>\n<li><span style=\"color: #000000;\">L\u00edderes de equipos \u00e1giles<\/span><\/li>\n<li><span style=\"color: #000000;\">Todos los interesados en mejorar su desempe\u00f1o y conocer herramientas innovadoras que permitan gestionar los cambios del entorno<\/span><\/li>\n<\/ul>\n<p>[\/vc_column_text][\/vc_tta_section][vc_tta_section title=\u00bbContenido\u00bb tab_id=\u00bb1606163879489-533e5792-cde7&#8243;][vc_column_text css=\u00bb\u00bb]<span style=\"color: #000000;\"><strong>Durante la capacitaci\u00f3n usted podr\u00e1 aprender acerca de:<\/strong><\/span><\/p>\n<ul class=\"list_check-b list_outside\">\n<li><span style=\"color: #000000;\"><strong>M\u00f3dulo 1 &#8211; Repaso de Conceptos generales de Direcci\u00f3n de Proyectos <\/strong><\/span><\/li>\n<li><span style=\"color: #000000;\"><strong>M\u00f3dulo 2 \u2013 Conocer el ambiente y configuraci\u00f3n de MS Project 2020<\/strong><\/span><\/li>\n<li><span style=\"color: #000000;\"><strong>M\u00f3dulo 3 &#8211; Iniciar el proyecto<\/strong><\/span><\/li>\n<li><span style=\"color: #000000;\"><strong>M\u00f3dulo 4 &#8211; Planear las tareas<\/strong><\/span><\/li>\n<li><span style=\"color: #000000;\"><strong>M\u00f3dulo 5 &#8211; Asignar recursos<\/strong><\/span><\/li>\n<li><span style=\"color: #000000;\"><strong>M\u00f3dulo 6 &#8211; Establecer la l\u00ednea base del proyecto<\/strong><\/span><\/li>\n<li><span style=\"color: #000000;\"><strong>M\u00f3dulo 7 &#8211; Actualizar el progreso<\/strong><\/span><\/li>\n<li><span style=\"color: #000000;\"><strong>M\u00f3dulo 8 &#8211; Presentar la informaci\u00f3n del proyecto<\/strong><\/span><\/li>\n<li><span style=\"color: #000000;\"><strong>M\u00f3dulo 9 &#8211; Cerrar un proyecto <\/strong><\/span><\/li>\n<li><span style=\"color: #000000;\"><strong>M\u00f3dulo 10 &#8211; Algunas alternativas a MS Project<\/strong><\/span><\/li>\n<\/ul>\n<p>[\/vc_column_text][\/vc_tta_section][vc_tta_section title=\u00bbIncluye\u00bb tab_id=\u00bb1615411741839-32d904ac-be5b\u00bb][vc_column_text css=\u00bb\u00bb]<strong><span style=\"color: #000000;\">Al matricular esta capacitaci\u00f3n usted contar\u00e1 con:<\/span><\/strong><\/p>\n<ul>\n<li><span style=\"color: #000000;\">Instructor con m\u00e1s de 15 a\u00f1os de experiencia y certificado en Microsoft Project<\/span><\/li>\n<li><span style=\"color: #000000;\">Material, ejercicios y pr\u00e1cticas<\/span><\/li>\n<li><span style=\"color: #000000;\">Un diploma por las horas indicadas, con el respaldo de Proyectum<\/span><\/li>\n<li><span style=\"color: #000000;\">Material del participante usado por el instructor en espa\u00f1ol<\/span><\/li>\n<li><span style=\"color: #000000;\">Valor curricular ante el PMI\u00ae, al finalizar el programa se otorga una constancia de participaci\u00f3n a los alumnos en donde se avalan 16 horas de contacto o Professional Development Units (PDUs).<\/span><\/li>\n<\/ul>\n<p>[\/vc_column_text][\/vc_tta_section][vc_tta_section title=\u00bbObjetivos\u00bb tab_id=\u00bb1606163941039-c230282b-6109&#8243;][vc_column_text css=\u00bb\u00bb]<span style=\"color: #000000;\"><strong>Al finalizar esta capacitaci\u00f3n usted ser\u00e1 capaz de:<\/strong><\/span><\/p>\n<ul class=\"list_check-b list_outside\">\n<li><span style=\"color: #000000;\">Explicar los aspectos fundamentales de la direcci\u00f3n de proyectos necesarios para trabajar con MS Project 2020.<\/span><\/li>\n<li><span style=\"color: #000000;\">Conocer c\u00f3mo planear, administrar y controlar un proyecto usando MS Project 2020, a lo largo de su ciclo de vida.<\/span><\/li>\n<\/ul>\n<p>[\/vc_column_text][\/vc_tta_section][vc_tta_section title=\u00bbPr\u00f3ximas fechas\u00bb tab_id=\u00bb1615482730016-0a47db20-436b\u00bb][\/vc_tta_section][\/vc_tta_tabs][\/vc_column][vc_column width=\u00bb1\/3&#8243;][vc_images_carousel images=\u00bb8779&#8243; img_size=\u00bbmedium\u00bb onclick=\u00bbcustom_link\u00bb custom_links_target=\u00bb_blank\u00bb speed=\u00bb2500&#8243; autoplay=\u00bbyes\u00bb hide_pagination_control=\u00bbyes\u00bb hide_prev_next_buttons=\u00bbyes\u00bb wrap=\u00bbyes\u00bb css=\u00bb.vc_custom_1603230802341{padding-top: 50px !important;padding-left: 50px !important;}\u00bb]<div class=\"porto-u-heading  wpb_custom_95aa9a11c17ad45cfabaf210d84ee7cc porto-u-1612\"><div class=\"porto-u-main-heading\"><h2  >CAPACITACI\u00d3N<\/h2><\/div><style>.porto-u-1612.porto-u-heading{text-align:center}<\/style><\/div>[vc_tta_accordion][vc_tta_section title=\u00bbAGILIDAD\u00bb tab_id=\u00bb1606150644419-a9254c0e-fd40&#8243;][vc_wp_custommenu nav_menu=\u00bb73&#8243;][\/vc_tta_section][vc_tta_section title=\u00bbCERTIFICACIONES\u00bb tab_id=\u00bb1606150644419-8401476d-b9d0&#8243;][vc_wp_custommenu nav_menu=\u00bb75&#8243;][\/vc_tta_section][vc_tta_section title=\u00bbM\u00c1S PROGRAMAS&#8230;\u00bb tab_id=\u00bb1606150703576-7d08b087-5275&#8243;][vc_wp_custommenu nav_menu=\u00bb74&#8243;][\/vc_tta_section][\/vc_tta_accordion][\/vc_column][\/vc_row][vc_row full_width=\u00bbstretch_row_content_no_spaces\u00bb equal_height=\u00bbyes\u00bb][vc_column el_class=\u00bbbackground-color-primary\u00bb css=\u00bb.vc_custom_1528971916644{padding-top: 60px !important;padding-bottom: 55px !important;padding-left: 15px !important;}\u00bb]<div class=\"col-half-section half-container col-fullwidth-md\">[vc_custom_heading text=\u00bbLlene el siguiente formulario, pronto un asesor experto en el curso se pondr\u00e1 en contacto con usted\u00bb font_container=\u00bbtag:h2|text_align:left|color:%23ffffff\u00bb use_theme_fonts=\u00bbyes\u00bb css=\u00bb.vc_custom_1752460945029{margin-bottom: 0px !important;}\u00bb text_transform=\u00bbtext-uppercase\u00bb][vc_raw_html css=\u00bb\u00bb]JTNDc2NyaXB0JTIwY2hhcnNldCUzRCUyMnV0Zi04JTIyJTIwdHlwZSUzRCUyMnRleHQlMkZqYXZhc2NyaXB0JTIyJTIwc3JjJTNEJTIyJTJGJTJGanMuaHNmb3Jtcy5uZXQlMkZmb3JtcyUyRmVtYmVkJTJGdjIuanMlMjIlM0UlM0MlMkZzY3JpcHQlM0UlMEElM0NzY3JpcHQlM0UlMEElMjAlMjBoYnNwdC5mb3Jtcy5jcmVhdGUlMjglN0IlMEElMjAlMjAlMjAlMjBwb3J0YWxJZCUzQSUyMCUyMjQ5NjQ1MTg5JTIyJTJDJTBBJTIwJTIwJTIwJTIwZm9ybUlkJTNBJTIwJTIyYzAzYTU1YTItYjQ3OC00OTE1LWE4NjctNzFiMGNhNzk2NDcyJTIyJTJDJTBBJTIwJTIwJTIwJTIwcmVnaW9uJTNBJTIwJTIybmExJTIyJTBBJTIwJTIwJTdEJTI5JTNCJTBBJTNDJTJGc2NyaXB0JTNF[\/vc_raw_html]<\/div>[\/vc_column][\/vc_row]<\/p>\n<\/div>","protected":false},"excerpt":{"rendered":"<p>[vc_row full_width=\u00bbstretch_row_content\u00bb css=\u00bb.vc_custom_1581028741803{padding-top: 58px !important;padding-bottom: 58px !important;background-image: url(https:\/\/www.proyectum.com\/cr\/wp-content\/uploads\/2018\/09\/curso-tipo.png?id=6990) !important;background-position: center !important;background-repeat: no-repeat !important;background-size: cover !important;}\u00bb][vc_column width=\u00bb1\/2&#8243;][vc_custom_heading text=\u00bbTaller MS Project 2020 para Administradores de Proyectos-B\u00e1sico\/Intermedio\u00bb font_container=\u00bbtag:h1|font_size:38|text_align:center|color:%23ffffff\u00bb use_theme_fonts=\u00bbyes\u00bb css=\u00bb.vc_custom_1770157836820{margin-bottom: 0px !important;padding-top: 25px !important;padding-left: 35px !important;}\u00bb][\/vc_column][vc_column width=\u00bb1\/2&#8243;][vc_single_image image=\u00bb9634&#8243; img_size=\u00bb200&#215;170&#8243; css=\u00bb.vc_custom_1602877772706{padding-left: 250px !important;}\u00bb][\/vc_column][\/vc_row][vc_row][vc_column width=\u00bb2\/3&#8243;][vc_column_text css=\u00bb\u00bb]Nuestro curso lo hemos considerado de manera intensiva ya que permite en poco tiempo lograr [&hellip;]<\/p>\n","protected":false},"author":15,"featured_media":0,"parent":7466,"menu_order":2,"comment_status":"closed","ping_status":"closed","template":"","meta":{"content-type":"","footnotes":""},"class_list":["post-10532","page","type-page","status-publish","hentry"],"acf":[],"yoast_head":"<!-- This site is optimized with the Yoast SEO plugin v27.5 - https:\/\/yoast.com\/product\/yoast-seo-wordpress\/ -->\n<title>Capacitaci\u00f3n Microsoft Project Professional para Administradores de Proyectos - B\u00e1sico a Intermedio - Proyectum Costa Rica<\/title>\n<meta name=\"robots\" content=\"index, follow, max-snippet:-1, max-image-preview:large, max-video-preview:-1\" \/>\n<link rel=\"canonical\" href=\"https:\/\/proyectum.com\/cr\/capacitacion\/microsoft_project_basico_intermedio\/\" \/>\n<meta property=\"og:locale\" content=\"es_ES\" \/>\n<meta property=\"og:type\" content=\"article\" \/>\n<meta property=\"og:title\" content=\"Capacitaci\u00f3n Microsoft Project Professional para Administradores de Proyectos - B\u00e1sico a Intermedio - Proyectum Costa Rica\" \/>\n<meta property=\"og:description\" content=\"[vc_row full_width=\u00bbstretch_row_content\u00bb css=\u00bb.vc_custom_1581028741803{padding-top: 58px !important;padding-bottom: 58px !important;background-image: url(https:\/\/www.proyectum.com\/cr\/wp-content\/uploads\/2018\/09\/curso-tipo.png?id=6990) !important;background-position: center !important;background-repeat: no-repeat !important;background-size: cover !important;}\u00bb][vc_column width=\u00bb1\/2&#8243;][vc_custom_heading text=\u00bbTaller MS Project 2020 para Administradores de Proyectos-B\u00e1sico\/Intermedio\u00bb font_container=\u00bbtag:h1|font_size:38|text_align:center|color:%23ffffff\u00bb use_theme_fonts=\u00bbyes\u00bb css=\u00bb.vc_custom_1770157836820{margin-bottom: 0px !important;padding-top: 25px !important;padding-left: 35px !important;}\u00bb][\/vc_column][vc_column width=\u00bb1\/2&#8243;][vc_single_image image=\u00bb9634&#8243; img_size=\u00bb200&#215;170&#8243; css=\u00bb.vc_custom_1602877772706{padding-left: 250px !important;}\u00bb][\/vc_column][\/vc_row][vc_row][vc_column width=\u00bb2\/3&#8243;][vc_column_text css=\u00bb\u00bb]Nuestro curso lo hemos considerado de manera intensiva ya que permite en poco tiempo lograr [&hellip;]\" \/>\n<meta property=\"og:url\" content=\"https:\/\/proyectum.com\/cr\/capacitacion\/microsoft_project_basico_intermedio\/\" \/>\n<meta property=\"og:site_name\" content=\"Proyectum Costa Rica\" \/>\n<meta property=\"article:publisher\" content=\"https:\/\/www.facebook.com\/proyectumcr\/\" \/>\n<meta property=\"article:modified_time\" content=\"2026-02-03T22:47:55+00:00\" \/>\n<meta name=\"twitter:card\" content=\"summary_large_image\" \/>\n<meta name=\"twitter:label1\" content=\"Tiempo de lectura\" \/>\n\t<meta name=\"twitter:data1\" content=\"4 minutos\" \/>\n<script type=\"application\/ld+json\" class=\"yoast-schema-graph\">{\"@context\":\"https:\\\/\\\/schema.org\",\"@graph\":[{\"@type\":\"WebPage\",\"@id\":\"https:\\\/\\\/proyectum.com\\\/cr\\\/capacitacion\\\/microsoft_project_basico_intermedio\\\/\",\"url\":\"https:\\\/\\\/proyectum.com\\\/cr\\\/capacitacion\\\/microsoft_project_basico_intermedio\\\/\",\"name\":\"Capacitaci\u00f3n Microsoft Project Professional para Administradores de Proyectos - B\u00e1sico a Intermedio - Proyectum Costa Rica\",\"isPartOf\":{\"@id\":\"https:\\\/\\\/proyectum.com\\\/cr\\\/#website\"},\"datePublished\":\"2021-03-10T17:55:43+00:00\",\"dateModified\":\"2026-02-03T22:47:55+00:00\",\"breadcrumb\":{\"@id\":\"https:\\\/\\\/proyectum.com\\\/cr\\\/capacitacion\\\/microsoft_project_basico_intermedio\\\/#breadcrumb\"},\"inLanguage\":\"es\",\"potentialAction\":[{\"@type\":\"ReadAction\",\"target\":[\"https:\\\/\\\/proyectum.com\\\/cr\\\/capacitacion\\\/microsoft_project_basico_intermedio\\\/\"]}]},{\"@type\":\"BreadcrumbList\",\"@id\":\"https:\\\/\\\/proyectum.com\\\/cr\\\/capacitacion\\\/microsoft_project_basico_intermedio\\\/#breadcrumb\",\"itemListElement\":[{\"@type\":\"ListItem\",\"position\":1,\"name\":\"Home\",\"item\":\"https:\\\/\\\/proyectum.com\\\/cr\\\/\"},{\"@type\":\"ListItem\",\"position\":2,\"name\":\"Capacitaciones\",\"item\":\"https:\\\/\\\/proyectum.com\\\/cr\\\/capacitacion\\\/\"},{\"@type\":\"ListItem\",\"position\":3,\"name\":\"Capacitaci\u00f3n Microsoft Project Professional para Administradores de Proyectos &#8211; B\u00e1sico a Intermedio\"}]},{\"@type\":\"WebSite\",\"@id\":\"https:\\\/\\\/proyectum.com\\\/cr\\\/#website\",\"url\":\"https:\\\/\\\/proyectum.com\\\/cr\\\/\",\"name\":\"Proyectum Costa Rica\",\"description\":\"La Agilidad Empresarial es una obligaci\u00f3n\",\"publisher\":{\"@id\":\"https:\\\/\\\/proyectum.com\\\/cr\\\/#organization\"},\"potentialAction\":[{\"@type\":\"SearchAction\",\"target\":{\"@type\":\"EntryPoint\",\"urlTemplate\":\"https:\\\/\\\/proyectum.com\\\/cr\\\/?s={search_term_string}\"},\"query-input\":{\"@type\":\"PropertyValueSpecification\",\"valueRequired\":true,\"valueName\":\"search_term_string\"}}],\"inLanguage\":\"es\"},{\"@type\":\"Organization\",\"@id\":\"https:\\\/\\\/proyectum.com\\\/cr\\\/#organization\",\"name\":\"Proyectum Costa Rica\",\"url\":\"https:\\\/\\\/proyectum.com\\\/cr\\\/\",\"logo\":{\"@type\":\"ImageObject\",\"inLanguage\":\"es\",\"@id\":\"https:\\\/\\\/proyectum.com\\\/cr\\\/#\\\/schema\\\/logo\\\/image\\\/\",\"url\":\"https:\\\/\\\/i1.wp.com\\\/www.proyectum.com\\\/cr\\\/wp-content\\\/uploads\\\/proyectum-logo-snippet.png?fit=600%2C315&ssl=1\",\"contentUrl\":\"https:\\\/\\\/i1.wp.com\\\/www.proyectum.com\\\/cr\\\/wp-content\\\/uploads\\\/proyectum-logo-snippet.png?fit=600%2C315&ssl=1\",\"width\":600,\"height\":315,\"caption\":\"Proyectum Costa Rica\"},\"image\":{\"@id\":\"https:\\\/\\\/proyectum.com\\\/cr\\\/#\\\/schema\\\/logo\\\/image\\\/\"},\"sameAs\":[\"https:\\\/\\\/www.facebook.com\\\/proyectumcr\\\/\",\"https:\\\/\\\/www.instagram.com\\\/proyectumcostarica\\\/\",\"https:\\\/\\\/www.linkedin.com\\\/company\\\/proyectum-costarica\\\/\",\"https:\\\/\\\/www.youtube.com\\\/channel\\\/UCljouWimyhK_cNcC2jniUgw\"]}]}<\/script>\n<!-- \/ Yoast SEO plugin. -->","yoast_head_json":{"title":"Capacitaci\u00f3n Microsoft Project Professional para Administradores de Proyectos - B\u00e1sico a Intermedio - Proyectum Costa Rica","robots":{"index":"index","follow":"follow","max-snippet":"max-snippet:-1","max-image-preview":"max-image-preview:large","max-video-preview":"max-video-preview:-1"},"canonical":"https:\/\/proyectum.com\/cr\/capacitacion\/microsoft_project_basico_intermedio\/","og_locale":"es_ES","og_type":"article","og_title":"Capacitaci\u00f3n Microsoft Project Professional para Administradores de Proyectos - B\u00e1sico a Intermedio - Proyectum Costa Rica","og_description":"[vc_row full_width=\u00bbstretch_row_content\u00bb css=\u00bb.vc_custom_1581028741803{padding-top: 58px !important;padding-bottom: 58px !important;background-image: url(https:\/\/www.proyectum.com\/cr\/wp-content\/uploads\/2018\/09\/curso-tipo.png?id=6990) !important;background-position: center !important;background-repeat: no-repeat !important;background-size: cover !important;}\u00bb][vc_column width=\u00bb1\/2&#8243;][vc_custom_heading text=\u00bbTaller MS Project 2020 para Administradores de Proyectos-B\u00e1sico\/Intermedio\u00bb font_container=\u00bbtag:h1|font_size:38|text_align:center|color:%23ffffff\u00bb use_theme_fonts=\u00bbyes\u00bb css=\u00bb.vc_custom_1770157836820{margin-bottom: 0px !important;padding-top: 25px !important;padding-left: 35px !important;}\u00bb][\/vc_column][vc_column width=\u00bb1\/2&#8243;][vc_single_image image=\u00bb9634&#8243; img_size=\u00bb200&#215;170&#8243; css=\u00bb.vc_custom_1602877772706{padding-left: 250px !important;}\u00bb][\/vc_column][\/vc_row][vc_row][vc_column width=\u00bb2\/3&#8243;][vc_column_text css=\u00bb\u00bb]Nuestro curso lo hemos considerado de manera intensiva ya que permite en poco tiempo lograr [&hellip;]","og_url":"https:\/\/proyectum.com\/cr\/capacitacion\/microsoft_project_basico_intermedio\/","og_site_name":"Proyectum Costa Rica","article_publisher":"https:\/\/www.facebook.com\/proyectumcr\/","article_modified_time":"2026-02-03T22:47:55+00:00","twitter_card":"summary_large_image","twitter_misc":{"Tiempo de lectura":"4 minutos"},"schema":{"@context":"https:\/\/schema.org","@graph":[{"@type":"WebPage","@id":"https:\/\/proyectum.com\/cr\/capacitacion\/microsoft_project_basico_intermedio\/","url":"https:\/\/proyectum.com\/cr\/capacitacion\/microsoft_project_basico_intermedio\/","name":"Capacitaci\u00f3n Microsoft Project Professional para Administradores de Proyectos - B\u00e1sico a Intermedio - Proyectum Costa Rica","isPartOf":{"@id":"https:\/\/proyectum.com\/cr\/#website"},"datePublished":"2021-03-10T17:55:43+00:00","dateModified":"2026-02-03T22:47:55+00:00","breadcrumb":{"@id":"https:\/\/proyectum.com\/cr\/capacitacion\/microsoft_project_basico_intermedio\/#breadcrumb"},"inLanguage":"es","potentialAction":[{"@type":"ReadAction","target":["https:\/\/proyectum.com\/cr\/capacitacion\/microsoft_project_basico_intermedio\/"]}]},{"@type":"BreadcrumbList","@id":"https:\/\/proyectum.com\/cr\/capacitacion\/microsoft_project_basico_intermedio\/#breadcrumb","itemListElement":[{"@type":"ListItem","position":1,"name":"Home","item":"https:\/\/proyectum.com\/cr\/"},{"@type":"ListItem","position":2,"name":"Capacitaciones","item":"https:\/\/proyectum.com\/cr\/capacitacion\/"},{"@type":"ListItem","position":3,"name":"Capacitaci\u00f3n Microsoft Project Professional para Administradores de Proyectos &#8211; B\u00e1sico a Intermedio"}]},{"@type":"WebSite","@id":"https:\/\/proyectum.com\/cr\/#website","url":"https:\/\/proyectum.com\/cr\/","name":"Proyectum Costa Rica","description":"La Agilidad Empresarial es una obligaci\u00f3n","publisher":{"@id":"https:\/\/proyectum.com\/cr\/#organization"},"potentialAction":[{"@type":"SearchAction","target":{"@type":"EntryPoint","urlTemplate":"https:\/\/proyectum.com\/cr\/?s={search_term_string}"},"query-input":{"@type":"PropertyValueSpecification","valueRequired":true,"valueName":"search_term_string"}}],"inLanguage":"es"},{"@type":"Organization","@id":"https:\/\/proyectum.com\/cr\/#organization","name":"Proyectum Costa Rica","url":"https:\/\/proyectum.com\/cr\/","logo":{"@type":"ImageObject","inLanguage":"es","@id":"https:\/\/proyectum.com\/cr\/#\/schema\/logo\/image\/","url":"https:\/\/i1.wp.com\/www.proyectum.com\/cr\/wp-content\/uploads\/proyectum-logo-snippet.png?fit=600%2C315&ssl=1","contentUrl":"https:\/\/i1.wp.com\/www.proyectum.com\/cr\/wp-content\/uploads\/proyectum-logo-snippet.png?fit=600%2C315&ssl=1","width":600,"height":315,"caption":"Proyectum Costa Rica"},"image":{"@id":"https:\/\/proyectum.com\/cr\/#\/schema\/logo\/image\/"},"sameAs":["https:\/\/www.facebook.com\/proyectumcr\/","https:\/\/www.instagram.com\/proyectumcostarica\/","https:\/\/www.linkedin.com\/company\/proyectum-costarica\/","https:\/\/www.youtube.com\/channel\/UCljouWimyhK_cNcC2jniUgw"]}]}},"jetpack_sharing_enabled":true,"_links":{"self":[{"href":"https:\/\/proyectum.com\/cr\/wp-json\/wp\/v2\/pages\/10532","targetHints":{"allow":["GET"]}}],"collection":[{"href":"https:\/\/proyectum.com\/cr\/wp-json\/wp\/v2\/pages"}],"about":[{"href":"https:\/\/proyectum.com\/cr\/wp-json\/wp\/v2\/types\/page"}],"author":[{"embeddable":true,"href":"https:\/\/proyectum.com\/cr\/wp-json\/wp\/v2\/users\/15"}],"replies":[{"embeddable":true,"href":"https:\/\/proyectum.com\/cr\/wp-json\/wp\/v2\/comments?post=10532"}],"version-history":[{"count":27,"href":"https:\/\/proyectum.com\/cr\/wp-json\/wp\/v2\/pages\/10532\/revisions"}],"predecessor-version":[{"id":13446,"href":"https:\/\/proyectum.com\/cr\/wp-json\/wp\/v2\/pages\/10532\/revisions\/13446"}],"up":[{"embeddable":true,"href":"https:\/\/proyectum.com\/cr\/wp-json\/wp\/v2\/pages\/7466"}],"wp:attachment":[{"href":"https:\/\/proyectum.com\/cr\/wp-json\/wp\/v2\/media?parent=10532"}],"curies":[{"name":"wp","href":"https:\/\/api.w.org\/{rel}","templated":true}]}}