{"id":12506,"date":"2023-08-28T15:52:30","date_gmt":"2023-08-28T21:52:30","guid":{"rendered":"https:\/\/www.proyectum.com\/cr\/?page_id=12506"},"modified":"2025-08-05T09:08:05","modified_gmt":"2025-08-05T15:08:05","slug":"creacionpmo","status":"publish","type":"page","link":"https:\/\/proyectum.com\/cr\/capacitacion\/creacionpmo\/","title":{"rendered":"Creaci\u00f3n de Oficina de Proyectos (PMO)"},"content":{"rendered":"<div class=\"wpb-content-wrapper\"><p>[vc_row full_width=\u00bbstretch_row_content\u00bb gap=\u00bb5&#8243; equal_height=\u00bbyes\u00bb content_placement=\u00bbmiddle\u00bb css=\u00bb.vc_custom_1628172484983{padding-top: 58px !important;padding-bottom: 58px !important;background-image: url(https:\/\/www.proyectum.com\/cr\/wp-content\/uploads\/2018\/09\/curso-tipo.png?id=6990) !important;background-position: center !important;background-repeat: no-repeat !important;background-size: cover !important;}\u00bb][vc_column][vc_custom_heading text=\u00bbCreaci\u00f3n de Oficina de Proyectos\u00bb font_container=\u00bbtag:h3|font_size:50|text_align:center|color:%23ffffff|line_height:1&#8243; use_theme_fonts=\u00bbyes\u00bb css=\u00bb.vc_custom_1692721732155{margin-bottom: 0px !important;padding-right: 50px !important;padding-left: 50px !important;}\u00bb][\/vc_column][\/vc_row][vc_row gap=\u00bb5&#8243;][vc_column width=\u00bb2\/3&#8243;][vc_column_text]<span style=\"color: #000000; font-size: 17px;\">La direcci\u00f3n de proyectos es <strong>LA COMPETENCIA<\/strong> organizacional del siglo XXI. Todas las organizaciones, de cualquier tipo y tama\u00f1o, en cualquier industria, llevan a cabo proyectos. En el mundo moderno los proyectos tienen una pluralidad importante pues a trav\u00e9s de \u00e9stos se concreta la estrategia, las organizaciones logran innovar y mejorar continuamente, lo que en conjunto les permite adaptarse continuamente a un mundo vertiginoso, en constante efervescencia y cambio.<\/span><\/p>\n<p><span style=\"color: #000000; font-size: 17px;\">La oficina de proyectos est\u00e1 llamada a ser una entidad clave en el ecosistema de la entrega de la estrategia corporativa, pues al mismo tiempo facilita el que los proyectos se lleven a cabo de manera disciplinada y a la vez son un \u00f3rgano de gobierno que garantiza la transparencia, la equidad y la rendici\u00f3n de cuentas en todos los niveles de este ecosistema.<\/span><\/p>\n<p><span style=\"color: #000000; font-size: 17px;\">Este taller\u00a0 est\u00e1 dise\u00f1ado para co-crear una PMO conceptual inicial en tu organizaci\u00f3n, a partir de las necesidades espec\u00edficas de tu organizaci\u00f3n y generar un mapa de ruta con un enfoque \u00e1gil, que contribuya a que tu organizaci\u00f3n cuente con una PMO que genere valor en cuesti\u00f3n de semanas.<\/span><\/p>\n<p><span style=\"font-size: 17px; color: #000000;\">El instructor de este taller es el autor del libro \u00abCamino \u00e1gil hacia la PMO\u00bb Jorge Vald\u00e9s GarciaTorres<\/span>[\/vc_column_text][vc_btn title=\u00bb\u00a1Adquiere tu cupo aqu\u00ed!\u00bb color=\u00bbgreen\u00bb align=\u00bbcenter\u00bb link=\u00bburl:https%3A%2F%2Fcheckout.baccredomatic.com%2FLjVlNDQzYTA2NWFmNjU3MzQ2NDc3N2UxNjkzNDE2MDMw||target:%20_blank|\u00bb][vc_single_image image=\u00bb12526&#8243; img_size=\u00bb700&#215;550&#8243; alignment=\u00bbcenter\u00bb][vc_column_text]<span style=\"font-size: 17px; color: #000000;\">Capac\u00edtese con el mejor material basado en las mejores pr\u00e1cticas internacionales sobre Oficina de Proyectos<\/span><\/p>\n<ul>\n<li><span style=\"color: #000000;\"><strong><span style=\"font-size: 17px;\">Al final del taller, los participantes<\/span><\/strong><\/span><strong style=\"color: #000000;\"><span style=\"font-size: 17px;\"><span style=\"color: #000000;\"><strong>:<\/strong><\/span>\u00a0<\/span><\/strong>\n<ul>\n<li><span style=\"color: #000000;\">Explicar\u00e1n que es una PMO<\/span><\/li>\n<li><span style=\"color: #000000;\">Identificar\u00e1n a las principales organizaciones que est\u00e1n hablando de PMOs.<\/span><\/li>\n<li><span style=\"color: #000000;\">Mencionar\u00e1n las principales funciones de una PMO<\/span><\/li>\n<li><span style=\"color: #000000;\">Explicar\u00e1n cuales son los beneficios de contar con una PMO en la organizaci\u00f3n.<\/span><\/li>\n<li><span style=\"color: #000000;\">Describiran el ecosistema de direcci\u00f3nd e proyectos<\/span><\/li>\n<li><span style=\"color: #000000;\">Aplicar\u00e1n un diagn\u00f3stico ligero del sistema Organizacional de Direcci\u00f3n de Proyectos<\/span><\/li>\n<li><span style=\"color: #000000;\">Desarrollar\u00e1n el \u00e1cta de la PMO que requiere su organizaci\u00f3n<\/span><\/li>\n<li><span style=\"color: #000000;\">Establecer un mapa de ruta priorizado de las acciones recomendadas para desplegar la PMO<\/span><\/li>\n<\/ul>\n<\/li>\n<li><span style=\"font-size: 17px; color: #000000;\"><strong>Duraci\u00f3n: <\/strong><span style=\"font-size: 16px;\">21 horas de capacitaci\u00f3n efectiva.<\/span><\/span><\/li>\n<li><span style=\"font-size: 17px; color: #000000;\"><strong>Sesiones: <\/strong>7<span style=\"font-size: 16px;\"> sesiones totales de 3 horas cada una.<\/span><\/span><\/li>\n<li><span style=\"font-size: 17px; color: #000000;\"><strong>Modalidad:<\/strong> <span style=\"font-size: 16px;\">Online con instructor en vivo.<\/span><\/span><\/li>\n<li><span style=\"font-size: 17px; color: #000000;\"><strong>Inversi\u00f3n del taller: <\/strong><span style=\"font-size: 16px;\">$295 (+2% IVA)<\/span><\/span><\/li>\n<li><span style=\"font-size: 17px; color: #000000;\"><strong>Pr\u00f3ximo curso: <\/strong>27 de setiembre<\/span><\/li>\n<li><span style=\"font-size: 17px; color: #000000;\"><strong>Horario: <\/strong>5:30pm a 8:30pm UTC-6<\/span><\/li>\n<li><span style=\"color: #000000;\"><span style=\"font-size: 17px;\"><strong>D\u00edas de curso:<\/strong><\/span> <span style=\"font-size: 17px;\">Mi\u00e9rcoles<\/span><\/span><\/li>\n<\/ul>\n<p><span style=\"color: #000000; font-size: 17px;\">No desaproveches esta oportunidad&#8230; es CUPO limitado y solo se dar\u00e1 1 vez al a\u00f1o<\/span><\/p>\n<p><span style=\"color: #000000; font-size: 17px;\"><em>Si ya tomaste un curso con nosotros, tienes un\u00a0<strong>20% de descuento<\/strong>\u00a0en\u00a0<strong>todos<\/strong>\u00a0nuestros cursos\u00a0<\/em><em>\u00a1<strong>Solic\u00edtalo<\/strong>! (Aplican restricciones)<\/em><\/span><\/p>\n<p><span style=\"color: #000000; font-size: 17px;\"><strong>\u00a1Consulta por el financiamiento con mini-cuotas BAC!\u00a0<\/strong><em>(Aplican restricciones)<\/em><\/span><\/p>\n<p><span style=\"color: #000000; font-size: 17px;\"><strong>\u00a1Aprovecha nuestros descuentos por grupos en todos nuestros cursos!<\/strong><\/span>[\/vc_column_text][vc_btn title=\u00bb\u00a1Adquiere tu cupo aqu\u00ed!\u00bb color=\u00bbgreen\u00bb align=\u00bbcenter\u00bb link=\u00bburl:https%3A%2F%2Fcheckout.baccredomatic.com%2FLjVlNDQzYTA2NWFmNjU3MzQ2NDc3N2UxNjkzNDE2MDMw||target:%20_blank|\u00bb][vc_separator color=\u00bbwhite\u00bb border_width=\u00bb5&#8243;][vc_column_text css=\u00bb.vc_custom_1672687498367{padding-right: 50px !important;padding-left: 10px !important;}\u00bb]<\/p>\n<p style=\"text-align: center;\"><span style=\"color: #000000; font-size: 35px;\"><strong>MAKING STRATEGY WORK<\/strong><\/span><\/p>\n<p>[\/vc_column_text][\/vc_column][vc_column width=\u00bb1\/3&#8243;][vc_images_carousel images=\u00bb11921,12519&#8243; img_size=\u00bbmedium\u00bb onclick=\u00bblink_no\u00bb speed=\u00bb3000&#8243; autoplay=\u00bbyes\u00bb hide_pagination_control=\u00bbyes\u00bb hide_prev_next_buttons=\u00bbyes\u00bb wrap=\u00bbyes\u00bb css=\u00bb.vc_custom_1692976058996{padding-left: 40px !important;}\u00bb][vc_btn title=\u00bb\u00a1Adquiere tu cupo aqu\u00ed!\u00bb color=\u00bbgreen\u00bb align=\u00bbcenter\u00bb link=\u00bburl:https%3A%2F%2Fcheckout.baccredomatic.com%2FLjVlNDQzYTA2NWFmNjU3MzQ2NDc3N2UxNjkzNDE2MDMw||target:%20_blank|\u00bb]<div class=\"porto-u-heading  wpb_custom_95aa9a11c17ad45cfabaf210d84ee7cc porto-u-9762\"><div class=\"porto-u-main-heading\"><h2  >Informaci\u00f3n Importante<\/h2><\/div><style>.porto-u-9762.porto-u-heading{text-align:center}<\/style><\/div>[vc_tta_accordion][vc_tta_section title=\u00bb\u00bfQui\u00e9n debe participar?\u00bb tab_id=\u00bb1672696918892-76cd49c7-2eef\u00bb][vc_column_text]<\/p>\n<ul>\n<li><span style=\"color: #000000;\">Los directivos y gerentes que est\u00e1n considerando establecer una PMO<\/span><\/li>\n<li><span style=\"color: #000000;\">Todos los directores de proyectos y otras personas que puedan formar parte del personal de la PMO<\/span><\/li>\n<li><span style=\"color: #000000;\">Los clientes y todas las partes interesadas que tienen inter\u00e9s en establecer una PMO exitosa<\/span><\/li>\n<\/ul>\n<p>[\/vc_column_text][\/vc_tta_section][vc_tta_section title=\u00bbTemario\u00bb tab_id=\u00bb1672697089471-cfb1595b-d8d8&#8243;][vc_column_text]<\/p>\n<ul>\n<li><span style=\"color: #000000;\"><strong>M\u00f3dulo 1 \u2013 Presentaci\u00f3n del curso <\/strong><\/span><\/li>\n<li><span style=\"color: #000000;\"><strong>M\u00f3dulo 2 \u2013 Contexto<\/strong><\/span>\n<ul>\n<li><span style=\"color: #000000;\">El ecosistema de la direcci\u00f3n de proyectos organizacional<\/span><\/li>\n<li><span style=\"color: #000000;\">El modelo sist\u00e9mico OPMS para evaluar el ecosistema organizacional.<\/span><\/li>\n<li><span style=\"color: #000000;\">Un enfoque de intervenci\u00f3n sist\u00e9mico para mejorar u ecosistema organizacional de proyectos.<\/span><\/li>\n<li><span style=\"color: #000000;\">Preparando la intervenci\u00f3n.<\/span><\/li>\n<\/ul>\n<\/li>\n<li><strong style=\"color: #000000;\">M\u00f3dulo 3 \u2013 Fundamentos de la PMO<\/strong>\n<ul>\n<li><span style=\"color: #000000;\">Definici\u00f3n<\/span><\/li>\n<li><span style=\"color: #000000;\">Organizaciones que est\u00e1n impulsando las buenas pr\u00e1cticas<\/span><\/li>\n<li><span style=\"color: #000000;\">Desaf\u00edos de dise\u00f1ar y desplegar esta nueva estructura.<\/span><\/li>\n<li><span style=\"color: #000000;\">Beneficios de integrar una Oficina de Proyectos al ecosistema de proyectos<\/span><\/li>\n<\/ul>\n<\/li>\n<li><strong style=\"color: #000000;\">M\u00f3dulo 4 &#8211; La intervenci\u00f3n<\/strong>\n<ul>\n<li><span style=\"color: #000000;\">El modelo Agile Deployment Method o de las 6ds<\/span><\/li>\n<li><span style=\"color: #000000;\">Breve repaso de cada una de las Ds.<\/span><\/li>\n<li><span style=\"color: #000000;\">Enfoque \u00e1gil de despliegue<\/span><\/li>\n<li><span style=\"color: #000000;\">Liderazgo transformacional<\/span><\/li>\n<li><span style=\"color: #000000;\">Crear el Mapa de ruta priorizado<\/span><\/li>\n<\/ul>\n<\/li>\n<li><span style=\"color: #000000;\"><strong>M\u00f3dulo 5 \u2013 Dise\u00f1o de la PMO <\/strong><\/span>\n<ul>\n<li><span style=\"color: #000000;\">Visi\u00f3n estrat\u00e9gica desde una perspectiva de pensamiento sist\u00e9mico<\/span><\/li>\n<li><span style=\"color: #000000;\">Servicios que ofrece<\/span><\/li>\n<li><span style=\"color: #000000;\">Modelo de procesos<\/span><\/li>\n<li><span style=\"color: #000000;\">Indicadores<\/span><\/li>\n<li><span style=\"color: #000000;\">Roles y responsabilidades<\/span><\/li>\n<li><span style=\"color: #000000;\">PMO Canvas \/ PMO Charter.<\/span><\/li>\n<\/ul>\n<\/li>\n<li><span style=\"color: #000000;\"><strong>M\u00f3dulo 6 &#8211; Fundamentos de cambio organizacional <\/strong><\/span>\n<ul>\n<li><span style=\"color: #000000;\">Principios inmutables del manejo del cambio organizacional<\/span><\/li>\n<li><span style=\"color: #000000;\">El enfoque de cambio por contagio<\/span><\/li>\n<li><span style=\"color: #000000;\">Consideraciones<\/span><\/li>\n<\/ul>\n<\/li>\n<li><span style=\"color: #000000;\"><strong>M\u00f3dulo 7 \u2013 Cierre del curso <\/strong><\/span>\n<ul>\n<li><span style=\"color: #000000;\">Tendencias<\/span><\/li>\n<li><span style=\"color: #000000;\">Conclusiones<\/span><\/li>\n<\/ul>\n<\/li>\n<\/ul>\n<ul>\n<li style=\"list-style-type: none;\"><\/li>\n<\/ul>\n<p>[\/vc_column_text][\/vc_tta_section][vc_tta_section title=\u00bbModalidad\u00bb tab_id=\u00bb1672697748106-f149c9b2-3133&#8243;][vc_column_text]<span style=\"color: #000000;\">Modalidad 100% virtual<\/span>[\/vc_column_text][\/vc_tta_section][vc_tta_section title=\u00bbQue incluye\u00bb tab_id=\u00bb1692726349791-45047205-3612&#8243;][vc_column_text]<\/p>\n<ul>\n<li><span style=\"color: #000000;\">Badge digital<\/span><\/li>\n<li><span style=\"color: #000000;\">Propuesta de marco de gobierno de la PMO<\/span><\/li>\n<li><span style=\"color: #000000;\">Formatos de apoyo<\/span><\/li>\n<li><span style=\"color: #000000;\">Instrumento de diagn\u00f3stico ligero basado en OPMS<\/span><\/li>\n<\/ul>\n<p>[\/vc_column_text][\/vc_tta_section][\/vc_tta_accordion][vc_column_text css=\u00bb.vc_custom_1693259520138{padding-right: 50px !important;padding-left: 10px !important;}\u00bb]<span style=\"font-size: 20px; color: #000000;\"><b>Este taller te acredita 21 PDUs tipo Ways of Working validos ante el PMI<strong>\u00ae <\/strong><\/b><\/span>[\/vc_column_text]<div class=\"porto-u-heading  wpb_custom_95aa9a11c17ad45cfabaf210d84ee7cc porto-u-8165\"><div class=\"porto-u-main-heading\"><h2  >Programa de Especializaci\u00f3n Profesional<\/h2><\/div><div class=\"porto-u-sub-heading\" style=\"\"><span style=\"color: #000000;\">Conozca los talleres que tenemos a su disposici\u00f3n para completar su especializaci\u00f3n profesional en proyectos\u00a0<\/span><\/div><style>.porto-u-8165.porto-u-heading{text-align:center}<\/style><\/div>[vc_tta_accordion][vc_tta_section title=\u00bbCreaci\u00f3n de una Oficina de Proyectos (PMO)\u00bb tab_id=\u00bb1692650853621-f686dfd9-5deb\u00bb][vc_wp_custommenu nav_menu=\u00bb80&#8243;][\/vc_tta_section][vc_tta_section title=\u00bbLiderazgo y Efectividad Personal\u00bb tab_id=\u00bb1692650853624-e2997b85-88a0&#8243;][vc_column_text]<\/p>\n<ul>\n<li><span style=\"color: #000000;\">M\u00f3dulo 01 \u2013 Introducci\u00f3n al programa<\/span><\/li>\n<li><span style=\"color: #000000;\">M\u00f3dulo 02 \u2013 Introducci\u00f3n al contexto social<\/span><\/li>\n<li><span style=\"color: #000000;\">M\u00f3dulo 03 \u2013 Patrones y guiones de conducta<\/span><\/li>\n<li><span style=\"color: #000000;\">M\u00f3dulo 04 \u2013 Perfiles de las cuatro dimensiones<\/span><\/li>\n<li><span style=\"color: #000000;\">M\u00f3dulo 05 \u2013 La Evaluaci\u00f3n de Desarrollo de Equipo y el Sistema de las 4-Dimensiones<\/span><\/li>\n<li><span style=\"color: #000000;\">M\u00f3dulo 06 \u2013 Dimensi\u00f3n Cultivadora<\/span><\/li>\n<li><span style=\"color: #000000;\">M\u00f3dulo 07 \u2013 Dimensi\u00f3n Incluyente<\/span><\/li>\n<li><span style=\"color: #000000;\">M\u00f3dulo 08 \u2013 Dimensi\u00f3n Visionaria<\/span><\/li>\n<li><span style=\"color: #000000;\">M\u00f3dulo 09 \u2013 Dimensi\u00f3n Directiva<\/span><\/li>\n<li><span style=\"color: #000000;\">M\u00f3dulo 10 \u2013 Herramienta de trabajo para transformaci\u00f3n del contexto<\/span><\/li>\n<\/ul>\n<p>[\/vc_column_text][\/vc_tta_section][\/vc_tta_accordion][vc_btn title=\u00bb\u00a1Adquiere tu cupo aqu\u00ed!\u00bb color=\u00bbgreen\u00bb align=\u00bbcenter\u00bb link=\u00bburl:https%3A%2F%2Fcheckout.baccredomatic.com%2FLjVlNDQzYTA2NWFmNjU3MzQ2NDc3N2UxNjkzNDE2MDMw||target:%20_blank|\u00bb][vc_separator color=\u00bbwhite\u00bb border_width=\u00bb7&#8243;][\/vc_column][\/vc_row][vc_row full_width=\u00bbstretch_row_content\u00bb equal_height=\u00bbyes\u00bb][vc_column el_class=\u00bbbackground-color-primary\u00bb css=\u00bb.vc_custom_1528971916644{padding-top: 60px !important;padding-bottom: 55px !important;padding-left: 15px !important;}\u00bb]<div class=\"col-half-section half-container col-fullwidth-md\">[vc_separator color=\u00bbcustom\u00bb border_width=\u00bb10&#8243; accent_color=\u00bbrgba(0,0,0,0.01)\u00bb][vc_custom_heading text=\u00bbLlene el siguiente formulario, pronto un asesor experto en el taller se pondr\u00e1 en contacto con usted\u00bb font_container=\u00bbtag:h2|text_align:center|color:%23ffffff\u00bb use_theme_fonts=\u00bbyes\u00bb css=\u00bb\u00bb][vc_raw_html css=\u00bb\u00bb]JTNDc2NyaXB0JTIwY2hhcnNldCUzRCUyMnV0Zi04JTIyJTIwdHlwZSUzRCUyMnRleHQlMkZqYXZhc2NyaXB0JTIyJTIwc3JjJTNEJTIyJTJGJTJGanMuaHNmb3Jtcy5uZXQlMkZmb3JtcyUyRmVtYmVkJTJGdjIuanMlMjIlM0UlM0MlMkZzY3JpcHQlM0UlMEElM0NzY3JpcHQlM0UlMEElMjAlMjBoYnNwdC5mb3Jtcy5jcmVhdGUlMjglN0IlMEElMjAlMjAlMjAlMjBwb3J0YWxJZCUzQSUyMCUyMjQ5NjQ1MTg5JTIyJTJDJTBBJTIwJTIwJTIwJTIwZm9ybUlkJTNBJTIwJTIyNWMyMDQwYTgtMjU1YS00NzkwLWJjYjktZDk4ZWVjZTQ2ZWIyJTIyJTJDJTBBJTIwJTIwJTIwJTIwcmVnaW9uJTNBJTIwJTIybmExJTIyJTBBJTIwJTIwJTdEJTI5JTNCJTBBJTNDJTJGc2NyaXB0JTNF[\/vc_raw_html]<\/div>[\/vc_column][vc_column][\/vc_column][\/vc_row]<\/p>\n<\/div>","protected":false},"excerpt":{"rendered":"<p>[vc_row full_width=\u00bbstretch_row_content\u00bb gap=\u00bb5&#8243; equal_height=\u00bbyes\u00bb content_placement=\u00bbmiddle\u00bb css=\u00bb.vc_custom_1628172484983{padding-top: 58px !important;padding-bottom: 58px !important;background-image: url(https:\/\/www.proyectum.com\/cr\/wp-content\/uploads\/2018\/09\/curso-tipo.png?id=6990) !important;background-position: center !important;background-repeat: no-repeat !important;background-size: cover !important;}\u00bb][vc_column][vc_custom_heading text=\u00bbCreaci\u00f3n de Oficina de Proyectos\u00bb font_container=\u00bbtag:h3|font_size:50|text_align:center|color:%23ffffff|line_height:1&#8243; use_theme_fonts=\u00bbyes\u00bb css=\u00bb.vc_custom_1692721732155{margin-bottom: 0px !important;padding-right: 50px !important;padding-left: 50px !important;}\u00bb][\/vc_column][\/vc_row][vc_row gap=\u00bb5&#8243;][vc_column width=\u00bb2\/3&#8243;][vc_column_text]La direcci\u00f3n de proyectos es LA COMPETENCIA organizacional del siglo XXI. Todas las organizaciones, de cualquier tipo y tama\u00f1o, en cualquier industria, [&hellip;]<\/p>\n","protected":false},"author":15,"featured_media":0,"parent":7466,"menu_order":1,"comment_status":"closed","ping_status":"closed","template":"","meta":{"content-type":"","footnotes":""},"class_list":["post-12506","page","type-page","status-publish","hentry"],"acf":[],"yoast_head":"<!-- This site is optimized with the Yoast SEO plugin v27.5 - https:\/\/yoast.com\/product\/yoast-seo-wordpress\/ -->\n<title>Creaci\u00f3n de Oficina de Proyectos (PMO) - Proyectum Costa Rica<\/title>\n<meta name=\"robots\" content=\"index, follow, max-snippet:-1, max-image-preview:large, max-video-preview:-1\" \/>\n<link rel=\"canonical\" href=\"https:\/\/proyectum.com\/cr\/capacitacion\/creacionpmo\/\" \/>\n<meta property=\"og:locale\" content=\"es_ES\" \/>\n<meta property=\"og:type\" content=\"article\" \/>\n<meta property=\"og:title\" content=\"Creaci\u00f3n de Oficina de Proyectos (PMO) - Proyectum Costa Rica\" \/>\n<meta property=\"og:description\" content=\"[vc_row full_width=\u00bbstretch_row_content\u00bb gap=\u00bb5&#8243; equal_height=\u00bbyes\u00bb content_placement=\u00bbmiddle\u00bb css=\u00bb.vc_custom_1628172484983{padding-top: 58px !important;padding-bottom: 58px !important;background-image: url(https:\/\/www.proyectum.com\/cr\/wp-content\/uploads\/2018\/09\/curso-tipo.png?id=6990) !important;background-position: center !important;background-repeat: no-repeat !important;background-size: cover !important;}\u00bb][vc_column][vc_custom_heading text=\u00bbCreaci\u00f3n de Oficina de Proyectos\u00bb font_container=\u00bbtag:h3|font_size:50|text_align:center|color:%23ffffff|line_height:1&#8243; use_theme_fonts=\u00bbyes\u00bb css=\u00bb.vc_custom_1692721732155{margin-bottom: 0px !important;padding-right: 50px !important;padding-left: 50px !important;}\u00bb][\/vc_column][\/vc_row][vc_row gap=\u00bb5&#8243;][vc_column width=\u00bb2\/3&#8243;][vc_column_text]La direcci\u00f3n de proyectos es LA COMPETENCIA organizacional del siglo XXI. Todas las organizaciones, de cualquier tipo y tama\u00f1o, en cualquier industria, [&hellip;]\" \/>\n<meta property=\"og:url\" content=\"https:\/\/proyectum.com\/cr\/capacitacion\/creacionpmo\/\" \/>\n<meta property=\"og:site_name\" content=\"Proyectum Costa Rica\" \/>\n<meta property=\"article:publisher\" content=\"https:\/\/www.facebook.com\/proyectumcr\/\" \/>\n<meta property=\"article:modified_time\" content=\"2025-08-05T15:08:05+00:00\" \/>\n<meta name=\"twitter:card\" content=\"summary_large_image\" \/>\n<meta name=\"twitter:label1\" content=\"Tiempo de lectura\" \/>\n\t<meta name=\"twitter:data1\" content=\"5 minutos\" \/>\n<script type=\"application\/ld+json\" class=\"yoast-schema-graph\">{\"@context\":\"https:\\\/\\\/schema.org\",\"@graph\":[{\"@type\":\"WebPage\",\"@id\":\"https:\\\/\\\/proyectum.com\\\/cr\\\/capacitacion\\\/creacionpmo\\\/\",\"url\":\"https:\\\/\\\/proyectum.com\\\/cr\\\/capacitacion\\\/creacionpmo\\\/\",\"name\":\"Creaci\u00f3n de Oficina de Proyectos (PMO) - Proyectum Costa Rica\",\"isPartOf\":{\"@id\":\"https:\\\/\\\/proyectum.com\\\/cr\\\/#website\"},\"datePublished\":\"2023-08-28T21:52:30+00:00\",\"dateModified\":\"2025-08-05T15:08:05+00:00\",\"breadcrumb\":{\"@id\":\"https:\\\/\\\/proyectum.com\\\/cr\\\/capacitacion\\\/creacionpmo\\\/#breadcrumb\"},\"inLanguage\":\"es\",\"potentialAction\":[{\"@type\":\"ReadAction\",\"target\":[\"https:\\\/\\\/proyectum.com\\\/cr\\\/capacitacion\\\/creacionpmo\\\/\"]}]},{\"@type\":\"BreadcrumbList\",\"@id\":\"https:\\\/\\\/proyectum.com\\\/cr\\\/capacitacion\\\/creacionpmo\\\/#breadcrumb\",\"itemListElement\":[{\"@type\":\"ListItem\",\"position\":1,\"name\":\"Home\",\"item\":\"https:\\\/\\\/proyectum.com\\\/cr\\\/\"},{\"@type\":\"ListItem\",\"position\":2,\"name\":\"Capacitaciones\",\"item\":\"https:\\\/\\\/proyectum.com\\\/cr\\\/capacitacion\\\/\"},{\"@type\":\"ListItem\",\"position\":3,\"name\":\"Creaci\u00f3n de Oficina de Proyectos (PMO)\"}]},{\"@type\":\"WebSite\",\"@id\":\"https:\\\/\\\/proyectum.com\\\/cr\\\/#website\",\"url\":\"https:\\\/\\\/proyectum.com\\\/cr\\\/\",\"name\":\"Proyectum Costa Rica\",\"description\":\"La Agilidad Empresarial es una obligaci\u00f3n\",\"publisher\":{\"@id\":\"https:\\\/\\\/proyectum.com\\\/cr\\\/#organization\"},\"potentialAction\":[{\"@type\":\"SearchAction\",\"target\":{\"@type\":\"EntryPoint\",\"urlTemplate\":\"https:\\\/\\\/proyectum.com\\\/cr\\\/?s={search_term_string}\"},\"query-input\":{\"@type\":\"PropertyValueSpecification\",\"valueRequired\":true,\"valueName\":\"search_term_string\"}}],\"inLanguage\":\"es\"},{\"@type\":\"Organization\",\"@id\":\"https:\\\/\\\/proyectum.com\\\/cr\\\/#organization\",\"name\":\"Proyectum Costa Rica\",\"url\":\"https:\\\/\\\/proyectum.com\\\/cr\\\/\",\"logo\":{\"@type\":\"ImageObject\",\"inLanguage\":\"es\",\"@id\":\"https:\\\/\\\/proyectum.com\\\/cr\\\/#\\\/schema\\\/logo\\\/image\\\/\",\"url\":\"https:\\\/\\\/i1.wp.com\\\/www.proyectum.com\\\/cr\\\/wp-content\\\/uploads\\\/proyectum-logo-snippet.png?fit=600%2C315&ssl=1\",\"contentUrl\":\"https:\\\/\\\/i1.wp.com\\\/www.proyectum.com\\\/cr\\\/wp-content\\\/uploads\\\/proyectum-logo-snippet.png?fit=600%2C315&ssl=1\",\"width\":600,\"height\":315,\"caption\":\"Proyectum Costa Rica\"},\"image\":{\"@id\":\"https:\\\/\\\/proyectum.com\\\/cr\\\/#\\\/schema\\\/logo\\\/image\\\/\"},\"sameAs\":[\"https:\\\/\\\/www.facebook.com\\\/proyectumcr\\\/\",\"https:\\\/\\\/www.instagram.com\\\/proyectumcostarica\\\/\",\"https:\\\/\\\/www.linkedin.com\\\/company\\\/proyectum-costarica\\\/\",\"https:\\\/\\\/www.youtube.com\\\/channel\\\/UCljouWimyhK_cNcC2jniUgw\"]}]}<\/script>\n<!-- \/ Yoast SEO plugin. -->","yoast_head_json":{"title":"Creaci\u00f3n de Oficina de Proyectos (PMO) - Proyectum Costa Rica","robots":{"index":"index","follow":"follow","max-snippet":"max-snippet:-1","max-image-preview":"max-image-preview:large","max-video-preview":"max-video-preview:-1"},"canonical":"https:\/\/proyectum.com\/cr\/capacitacion\/creacionpmo\/","og_locale":"es_ES","og_type":"article","og_title":"Creaci\u00f3n de Oficina de Proyectos (PMO) - Proyectum Costa Rica","og_description":"[vc_row full_width=\u00bbstretch_row_content\u00bb gap=\u00bb5&#8243; equal_height=\u00bbyes\u00bb content_placement=\u00bbmiddle\u00bb css=\u00bb.vc_custom_1628172484983{padding-top: 58px !important;padding-bottom: 58px !important;background-image: url(https:\/\/www.proyectum.com\/cr\/wp-content\/uploads\/2018\/09\/curso-tipo.png?id=6990) !important;background-position: center !important;background-repeat: no-repeat !important;background-size: cover !important;}\u00bb][vc_column][vc_custom_heading text=\u00bbCreaci\u00f3n de Oficina de Proyectos\u00bb font_container=\u00bbtag:h3|font_size:50|text_align:center|color:%23ffffff|line_height:1&#8243; use_theme_fonts=\u00bbyes\u00bb css=\u00bb.vc_custom_1692721732155{margin-bottom: 0px !important;padding-right: 50px !important;padding-left: 50px !important;}\u00bb][\/vc_column][\/vc_row][vc_row gap=\u00bb5&#8243;][vc_column width=\u00bb2\/3&#8243;][vc_column_text]La direcci\u00f3n de proyectos es LA COMPETENCIA organizacional del siglo XXI. Todas las organizaciones, de cualquier tipo y tama\u00f1o, en cualquier industria, [&hellip;]","og_url":"https:\/\/proyectum.com\/cr\/capacitacion\/creacionpmo\/","og_site_name":"Proyectum Costa Rica","article_publisher":"https:\/\/www.facebook.com\/proyectumcr\/","article_modified_time":"2025-08-05T15:08:05+00:00","twitter_card":"summary_large_image","twitter_misc":{"Tiempo de lectura":"5 minutos"},"schema":{"@context":"https:\/\/schema.org","@graph":[{"@type":"WebPage","@id":"https:\/\/proyectum.com\/cr\/capacitacion\/creacionpmo\/","url":"https:\/\/proyectum.com\/cr\/capacitacion\/creacionpmo\/","name":"Creaci\u00f3n de Oficina de Proyectos (PMO) - Proyectum Costa Rica","isPartOf":{"@id":"https:\/\/proyectum.com\/cr\/#website"},"datePublished":"2023-08-28T21:52:30+00:00","dateModified":"2025-08-05T15:08:05+00:00","breadcrumb":{"@id":"https:\/\/proyectum.com\/cr\/capacitacion\/creacionpmo\/#breadcrumb"},"inLanguage":"es","potentialAction":[{"@type":"ReadAction","target":["https:\/\/proyectum.com\/cr\/capacitacion\/creacionpmo\/"]}]},{"@type":"BreadcrumbList","@id":"https:\/\/proyectum.com\/cr\/capacitacion\/creacionpmo\/#breadcrumb","itemListElement":[{"@type":"ListItem","position":1,"name":"Home","item":"https:\/\/proyectum.com\/cr\/"},{"@type":"ListItem","position":2,"name":"Capacitaciones","item":"https:\/\/proyectum.com\/cr\/capacitacion\/"},{"@type":"ListItem","position":3,"name":"Creaci\u00f3n de Oficina de Proyectos (PMO)"}]},{"@type":"WebSite","@id":"https:\/\/proyectum.com\/cr\/#website","url":"https:\/\/proyectum.com\/cr\/","name":"Proyectum Costa Rica","description":"La Agilidad Empresarial es una obligaci\u00f3n","publisher":{"@id":"https:\/\/proyectum.com\/cr\/#organization"},"potentialAction":[{"@type":"SearchAction","target":{"@type":"EntryPoint","urlTemplate":"https:\/\/proyectum.com\/cr\/?s={search_term_string}"},"query-input":{"@type":"PropertyValueSpecification","valueRequired":true,"valueName":"search_term_string"}}],"inLanguage":"es"},{"@type":"Organization","@id":"https:\/\/proyectum.com\/cr\/#organization","name":"Proyectum Costa Rica","url":"https:\/\/proyectum.com\/cr\/","logo":{"@type":"ImageObject","inLanguage":"es","@id":"https:\/\/proyectum.com\/cr\/#\/schema\/logo\/image\/","url":"https:\/\/i1.wp.com\/www.proyectum.com\/cr\/wp-content\/uploads\/proyectum-logo-snippet.png?fit=600%2C315&ssl=1","contentUrl":"https:\/\/i1.wp.com\/www.proyectum.com\/cr\/wp-content\/uploads\/proyectum-logo-snippet.png?fit=600%2C315&ssl=1","width":600,"height":315,"caption":"Proyectum Costa Rica"},"image":{"@id":"https:\/\/proyectum.com\/cr\/#\/schema\/logo\/image\/"},"sameAs":["https:\/\/www.facebook.com\/proyectumcr\/","https:\/\/www.instagram.com\/proyectumcostarica\/","https:\/\/www.linkedin.com\/company\/proyectum-costarica\/","https:\/\/www.youtube.com\/channel\/UCljouWimyhK_cNcC2jniUgw"]}]}},"jetpack_sharing_enabled":true,"_links":{"self":[{"href":"https:\/\/proyectum.com\/cr\/wp-json\/wp\/v2\/pages\/12506","targetHints":{"allow":["GET"]}}],"collection":[{"href":"https:\/\/proyectum.com\/cr\/wp-json\/wp\/v2\/pages"}],"about":[{"href":"https:\/\/proyectum.com\/cr\/wp-json\/wp\/v2\/types\/page"}],"author":[{"embeddable":true,"href":"https:\/\/proyectum.com\/cr\/wp-json\/wp\/v2\/users\/15"}],"replies":[{"embeddable":true,"href":"https:\/\/proyectum.com\/cr\/wp-json\/wp\/v2\/comments?post=12506"}],"version-history":[{"count":22,"href":"https:\/\/proyectum.com\/cr\/wp-json\/wp\/v2\/pages\/12506\/revisions"}],"predecessor-version":[{"id":13265,"href":"https:\/\/proyectum.com\/cr\/wp-json\/wp\/v2\/pages\/12506\/revisions\/13265"}],"up":[{"embeddable":true,"href":"https:\/\/proyectum.com\/cr\/wp-json\/wp\/v2\/pages\/7466"}],"wp:attachment":[{"href":"https:\/\/proyectum.com\/cr\/wp-json\/wp\/v2\/media?parent=12506"}],"curies":[{"name":"wp","href":"https:\/\/api.w.org\/{rel}","templated":true}]}}