{"id":4777,"date":"2017-06-22T22:09:42","date_gmt":"2017-06-23T01:09:42","guid":{"rendered":"https:\/\/www.tenstep.cl\/?page_id=4777"},"modified":"2026-03-26T15:31:46","modified_gmt":"2026-03-26T21:31:46","slug":"preparacion-a-la-certificacion-capm","status":"publish","type":"page","link":"https:\/\/proyectum.com\/cr\/capacitacion\/preparacion-a-la-certificacion-capm\/","title":{"rendered":"Associate in Project Management (CAPM\u00ae)"},"content":{"rendered":"<div class=\"wpb-content-wrapper\"><p>[vc_row full_width=\u00bbstretch_row_content\u00bb css=\u00bb.vc_custom_1581010883325{padding-top: 58px !important;padding-bottom: 58px !important;background-image: url(https:\/\/www.proyectum.com\/cr\/wp-content\/uploads\/2018\/09\/curso-tipo.png?id=6990) !important;background-position: center !important;background-repeat: no-repeat !important;background-size: cover !important;}\u00bb][vc_column width=\u00bb1\/2&#8243;][vc_custom_heading text=\u00bbTaller de preparaci\u00f3n para la certificaci\u00f3n CAPM\u00ae\u00bb font_container=\u00bbtag:h1|font_size:40|text_align:center|color:%23ffffff\u00bb use_theme_fonts=\u00bbyes\u00bb css=\u00bb.vc_custom_1587693330776{padding-top: 25px !important;padding-left: 150px !important;}\u00bb][\/vc_column][vc_column width=\u00bb1\/2&#8243;][vc_single_image image=\u00bb9634&#8243; img_size=\u00bb200&#215;170&#8243; css=\u00bb.vc_custom_1602877525368{padding-left: 250px !important;}\u00bb][\/vc_column][\/vc_row][vc_row][vc_column width=\u00bb2\/3&#8243;][vc_btn title=\u00bbDescarga el Volante aqu\u00ed\u00bb color=\u00bbblue\u00bb css=\u00bb\u00bb link=\u00bburl:https%3A%2F%2Fproyectum.com%2Fcr%2Fwp-content%2Fuploads%2F2026%2F01%2FCAPM.pdf|target:_blank\u00bb][vc_column_text css=\u00bb\u00bb]<span style=\"color: #000000; font-size: 17px;\">La certificaci\u00f3n\u00a0<strong><em>\u00abCertified Associate in Project Management\u00bb (CAPM\u00ae)<\/em><\/strong>, es la primera de las ocho certificaciones de la asociaci\u00f3n de administradores de proyectos m\u00e1s grande del mundo, el \u00abProject Management Institute\u00bb (PMI\u00ae). Esta certificaci\u00f3n est\u00e1 espec\u00edficamente dise\u00f1ada para estudiantes y graduados de todas las carreras, que desean aprender y certificarse en los conceptos de Administraci\u00f3n de Proyectos del PMI\u00ae, pero que no tienen o poseen muy poca experiencia en proyectos.\u00a0\u00a0El certificarse CAPM\u00ae, es la forma ideal de ingresar al mundo de la Administraci\u00f3n de Proyectos, porque permite adquirir un excelente conocimiento en este campo que le ayudar\u00e1 a escalar posiciones en el \u00e1rea profesional.<\/span><\/p>\n<ul>\n<li><span style=\"color: #000000; font-size: 17px;\"><strong>Duraci\u00f3n<span style=\"color: #000000;\">:<\/span><\/strong> 36 horas de capacitaci\u00f3n: 10 sesiones + 1 sesi\u00f3n de simulaci\u00f3n total final de examen real de 150 preguntas con 25 preguntas oficiales del PMI + 1 sesi\u00f3n de revisi\u00f3n de la simulaci\u00f3n<\/span><\/li>\n<li><span style=\"font-size: 17px;\"><strong><span style=\"color: #000000;\">Con material en ESPA\u00d1OL e INGLES<\/span><\/strong><\/span><\/li>\n<li><span style=\"color: #000000; font-size: 17px;\"><strong>Moda<span style=\"color: #000000;\">lidad:<\/span><\/strong> Online con instructor 100% en vivo y certificado por el PMI.<\/span><\/li>\n<li><span style=\"color: #000000; font-size: 17px;\"><strong>Requisitos:<\/strong> No tiene requisitos<\/span><\/li>\n<li><span style=\"color: #000000; font-size: 17px;\"><strong>Inversi\u00f3n del taller: <\/strong>$649 + IVA<\/span><\/li>\n<li><span style=\"color: #000000; font-size: 17px;\"><strong>Inversi\u00f3n taller + examen:<\/strong> $889 + IVA<\/span><\/li>\n<li><span style=\"color: #000000; font-size: 17px;\"><strong>Pr\u00f3ximo grupo:<\/strong> jueves 9 de abril 2026<\/span><\/li>\n<li><span style=\"color: #000000; font-size: 17px;\"><strong>Sesiones<\/strong>: D\u00edas jueves. Una vez por semana.<\/span><\/li>\n<li><span style=\"color: #000000; font-size: 17px;\"><strong>Horario<\/strong>: 5:30pm a 8:30pm UTC-6 (Hora Costa Rica)<\/span><\/li>\n<\/ul>\n<p><span style=\"color: #000000;\"><em>Si ya tomaste un curso con nosotros, tienes un <strong>10% de descuento<\/strong>\u00a0en\u00a0<strong>todos<\/strong> nuestros cursos.\u00a0<\/em><\/span><span style=\"color: #000000;\"><em>\u00a1<strong>Solic\u00edtalo<\/strong>! <span style=\"font-size: 14px;\">(Aplican restricciones)<\/span><\/em><\/span><\/p>\n<p><span style=\"color: #000000;\"><strong>\u00a1Consulta por el financiamiento con Tasa 0 a 3 o 6 meses del BAC!\u00a0<em>(Aplican restricciones)<\/em><\/strong><\/span><\/p>\n<p><span style=\"color: #000000;\"><strong>\u00a1Aprovecha nuestros descuentos por grupos en TODOS nuestros cursos!<\/strong><\/span>[\/vc_column_text][vc_btn title=\u00bbDescarga el Volante aqu\u00ed\u00bb color=\u00bbblue\u00bb css=\u00bb\u00bb link=\u00bburl:https%3A%2F%2Fproyectum.com%2Fcr%2Fwp-content%2Fuploads%2F2026%2F01%2FCAPM.pdf|target:_blank\u00bb][vc_tta_tabs active_section=\u00bb1&#8243;][vc_tta_section title=\u00bbPerfil\u00bb tab_id=\u00bb1581010191122-a5dde3dc-bdd6&#8243;][vc_column_text css=\u00bb\u00bb]<span style=\"color: #000000; font-size: 17px;\"><strong>En este taller podr\u00e1n participar:\u00a0<\/strong><\/span><\/p>\n<ul>\n<li><span style=\"color: #000000; font-size: 17px;\">Todos los estudiantes universitarios y profesionales en carreras de Ingenier\u00eda, Construcci\u00f3n, Computaci\u00f3n y cualquier otra profesi\u00f3n, que deseen realizar proyectos, tanto personales como empresariales, de manera exitosa.<\/span><\/li>\n<li><span style=\"color: #000000; font-size: 17px;\">Profesionales que deseen complementar sus carreras con excelentes conocimientos en administraci\u00f3n de proyectos y que quieran tener un certificado reconocido en todo el mundo, como lo es el CAPM\u00ae.<\/span><\/li>\n<\/ul>\n<p>[\/vc_column_text][\/vc_tta_section][vc_tta_section title=\u00bbContenido\u00bb tab_id=\u00bb1585603174729-7af39534-c70a\u00bb][vc_column_text css=\u00bb\u00bb]<span style=\"color: #000000; font-size: 17px;\"><strong>En este taller usted aprender\u00e1 sobre:<\/strong><\/span><\/p>\n<p><span style=\"color: #000000; font-size: 17px;\">\u2022 Demostrar una comprensi\u00f3n de los diversos procesos y ciclos de vida del proyecto.<\/span><br \/>\n<span style=\"color: #000000; font-size: 17px;\">\u2022 Demostrar una comprensi\u00f3n de la planificaci\u00f3n de la gesti\u00f3n de proyectos.<\/span><br \/>\n<span style=\"color: #000000; font-size: 17px;\">\u2022 Demostrar una comprensi\u00f3n de los roles y responsabilidades del proyecto.<\/span><br \/>\n<span style=\"color: #000000; font-size: 17px;\">\u2022 Determinar c\u00f3mo seguir y ejecutar estrategias o marcos planificados.<\/span><br \/>\n<span style=\"color: #000000; font-size: 17px;\">\u2022 Demostrar una comprensi\u00f3n de las herramientas y t\u00e9cnicas comunes de resoluci\u00f3n de problemas.<\/span><br \/>\n<span style=\"color: #000000; font-size: 17px;\">\u2022 Explicar cu\u00e1ndo es apropiado utilizar un enfoque predictivo basado en un plan.<\/span><br \/>\n<span style=\"color: #000000; font-size: 17px;\">\u2022 Demostrar una comprensi\u00f3n del cronograma del plan de gesti\u00f3n de proyectos.<\/span><br \/>\n<span style=\"color: #000000; font-size: 17px;\">\u2022 Determinar c\u00f3mo documentar los controles de proyectos de proyectos predictivos basados en planes.<\/span><br \/>\n<span style=\"color: #000000; font-size: 17px;\">\u2022 Explicar cu\u00e1ndo es apropiado utilizar un enfoque adaptativo.<\/span><br \/>\n<span style=\"color: #000000; font-size: 17px;\">\u2022 Determinar c\u00f3mo planificar las iteraciones del proyecto.<\/span><br \/>\n<span style=\"color: #000000; font-size: 17px;\">\u2022 Determinar c\u00f3mo documentar los controles del proyecto para un proyecto adaptativo.<\/span><br \/>\n<span style=\"color: #000000; font-size: 17px;\">\u2022 Explicar los componentes de un plan adaptativo.<\/span><br \/>\n<span style=\"color: #000000; font-size: 17px;\">\u2022 Determinar c\u00f3mo preparar y ejecutar los pasos de gesti\u00f3n de tareas.<\/span><br \/>\n<span style=\"color: #000000; font-size: 17px;\">\u2022 Demostrar una comprensi\u00f3n de las funciones y responsabilidades del an\u00e1lisis empresarial (BA).<\/span><br \/>\n<span style=\"color: #000000; font-size: 17px;\">\u2022 Determinar c\u00f3mo llevar a cabo la comunicaci\u00f3n con las partes interesadas.<\/span><br \/>\n<span style=\"color: #000000; font-size: 17px;\">\u2022 Determinar c\u00f3mo reunir los requisitos.<\/span><br \/>\n<span style=\"color: #000000; font-size: 17px;\">\u2022 Demostrar una comprensi\u00f3n de las hojas de ruta del producto.<\/span><br \/>\n<span style=\"color: #000000; font-size: 17px;\">\u2022 Determinar c\u00f3mo las metodolog\u00edas de proyectos influyen en los procesos de an\u00e1lisis empresarial.<\/span><br \/>\n<span style=\"color: #000000; font-size: 17px;\">\u2022 Validar requerimientos a trav\u00e9s de la entrega de productos.<\/span>[\/vc_column_text][\/vc_tta_section][vc_tta_section title=\u00bbIncluye\u00bb tab_id=\u00bb1581010237165-b2d3469a-6971&#8243;][vc_column_text css=\u00bb\u00bb]<span style=\"color: #000000; font-size: 16px;\"><strong>Al matricular este taller usted contar\u00e1 con:<\/strong><\/span><\/p>\n<ul>\n<li><span style=\"color: #000000; font-size: 16px;\"><strong>12 sesiones en total, 36 horas.<\/strong><\/span><\/li>\n<li><span style=\"color: #000000; font-size: 16px;\"><strong>10 sesiones de contenidos de 3 horas cada una, impartidas por Instructor certificado como CAPM y PMP\u00ae<\/strong>\u00a0y acreditado como instructor por el Project Management Institute \u2013 PMI<sup>\u00ae<\/sup>.<\/span><\/li>\n<li><span style=\"font-size: 16px;\"><strong>Instructor 100% en vivo<\/strong><\/span><\/li>\n<li><span style=\"font-size: 16px;\"><span style=\"color: #000000;\"><strong>Material <\/strong>en <\/span><span style=\"color: #000000;\">idioma <strong>espa\u00f1ol e ingl\u00e9s.<\/strong><\/span><\/span><\/li>\n<li><span style=\"color: #000000; font-size: 16px;\">En la sesi\u00f3n #11 se realiza un examen completo de 150 preguntas de simulaci\u00f3n.\u00a0 La cual tiene 25 preguntas oficiales del PMI.<\/span><\/li>\n<li><span style=\"color: #000000; font-size: 16px;\">En la sesi\u00f3n #12 se revisa y analizan los resultados del examen.<\/span><\/li>\n<li><span style=\"color: #000000; font-size: 16px;\"><strong>Plan personal<\/strong> de estudio por sesi\u00f3n.<\/span><\/li>\n<li><span style=\"color: #000000; font-size: 16px;\"><strong>70 plantillas de gesti\u00f3n de proyectos<\/strong><\/span><\/li>\n<li><span style=\"color: #000000; font-size: 16px;\"><strong>Acceso exclusivo al CONVERSATORIO PMP<\/strong>, de una hora semanal con instructor en vivo, en total 35 horas adicionales de capacitaci\u00f3n.<\/span><\/li>\n<li><span style=\"color: #000000; font-size: 16px;\">35 horas de contenido de apoyo pregrabado<\/span><\/li>\n<li><span style=\"color: #000000; font-size: 16px;\"><strong>Capacitaci\u00f3n v\u00e1lida ante el PMI\u00ae<\/strong> para optar por hacer el examen de certificaci\u00f3n de CAPM.<\/span><\/li>\n<li><span style=\"color: #000000; font-size: 16px;\"><strong>Ex\u00e1menes<\/strong> de pr\u00e1ctica en cada sesi\u00f3n.<\/span><\/li>\n<li><span style=\"color: #000000; font-size: 16px;\"><strong>Diploma de participaci\u00f3n<\/strong>.<\/span><\/li>\n<li><span style=\"color: #000000; font-size: 16px;\"><strong>Apoyo para matricula <\/strong>al examen de certificaci\u00f3n CAPM\u00ae.<\/span><\/li>\n<\/ul>\n<p>[\/vc_column_text][\/vc_tta_section][vc_tta_section title=\u00bbObjetivos\u00bb tab_id=\u00bb1581010221887-f7fcd374-7016&#8243;][vc_column_text css=\u00bb\u00bb]<span style=\"color: #000000; font-size: 17px;\"><strong>Al finalizar este taller usted ser\u00e1 capaz de:<\/strong><\/span><\/p>\n<ul>\n<li><span style=\"color: #000000; font-size: 17px;\">Conocer profundamente los conceptos, conocimientos, herramientas, procesos y terminolog\u00eda del Project Management Institute PMI, asociados a la certificaci\u00f3n en direcci\u00f3n de proyectos CAPM<\/span><\/li>\n<li><span style=\"color: #000000; font-size: 17px;\">Poder integrarse en proyectos de gran envergadura, siendo un valioso elemento para lograr el \u00e9xito de este.<\/span><\/li>\n<\/ul>\n<p>[\/vc_column_text][\/vc_tta_section][vc_tta_section title=\u00bbPr\u00f3ximas Fechas\u00bb tab_id=\u00bb1605630926639-acd7f5cf-d806&#8243;][vc_column_text css=\u00bb\u00bb]<\/p>\n<table style=\"height: 208px;\" width=\"371\">\n<tbody>\n<tr>\n<th style=\"text-align: center;\"><span style=\"color: #000000; font-size: 17px;\">C\u00f3digo<\/span><\/th>\n<th style=\"text-align: center;\"><span style=\"color: #000000; font-size: 17px;\">Fecha inicio<\/span><\/th>\n<th style=\"text-align: center;\"><span style=\"color: #000000; font-size: 17px;\">Estado<\/span><\/th>\n<th style=\"text-align: center;\"><span style=\"color: #000000; font-size: 17px;\">D\u00eda de clase<\/span><\/th>\n<\/tr>\n<tr>\n<td style=\"text-align: center;\"><span style=\"font-size: 17px; color: #000000;\">G150<\/span><\/td>\n<td style=\"text-align: center;\"><span style=\"font-size: 17px; color: #000000;\">21 abril 2026<\/span><\/td>\n<td style=\"text-align: center;\"><span style=\"color: #000000; font-size: 17px;\">Matr\u00edcula abierta<\/span><\/td>\n<td style=\"text-align: center;\"><span style=\"font-size: 17px; color: #000000;\">Todos los jueves<\/span><\/td>\n<\/tr>\n<tr>\n<td style=\"text-align: center;\"><\/td>\n<td style=\"text-align: center;\"><\/td>\n<td style=\"text-align: center;\"><\/td>\n<td style=\"text-align: center;\"><\/td>\n<\/tr>\n<tr>\n<td style=\"text-align: center;\"><\/td>\n<td style=\"text-align: center;\"><\/td>\n<td style=\"text-align: center;\"><\/td>\n<td style=\"text-align: center;\"><\/td>\n<\/tr>\n<tr>\n<td style=\"text-align: center;\"><\/td>\n<td style=\"text-align: center;\"><\/td>\n<td style=\"text-align: center;\"><\/td>\n<\/tr>\n<\/tbody>\n<\/table>\n<p>[\/vc_column_text][\/vc_tta_section][\/vc_tta_tabs][\/vc_column][vc_column width=\u00bb1\/3&#8243;][vc_single_image image=\u00bb12949&#8243; img_size=\u00bbmedium\u00bb alignment=\u00bbcenter\u00bb css=\u00bb\u00bb][vc_column_text]<\/p>\n<div class=\"wpb_text_column wpb_content_element \">\n<div class=\"wpb_wrapper\">\n<p style=\"text-align: center;\"><span style=\"color: #000000;\"><strong>PASO 1 PARA INSCRIPCI\u00d3N<\/strong><\/span><\/p>\n<\/div>\n<\/div>\n<p>[\/vc_column_text][vc_btn title=\u00bbCompre aqu\u00ed: TALLER\u00bb color=\u00bbwarning\u00bb align=\u00bbcenter\u00bb i_icon_fontawesome=\u00bb\u00bb css=\u00bb\u00bb button_block=\u00bbtrue\u00bb add_icon=\u00bbtrue\u00bb link=\u00bburl:https%3A%2F%2Fcheckout.baccredomatic.com%2FMzUzYjY5YWMyODY1OGMxMjgwODU4LjQxNzU4MjE1MDgw|target:_blank\u00bb][vc_btn title=\u00bbCompre aqu\u00ed: TALLER+EXAMEN\u00bb color=\u00bbwarning\u00bb align=\u00bbcenter\u00bb i_icon_fontawesome=\u00bb\u00bb css=\u00bb\u00bb button_block=\u00bbtrue\u00bb add_icon=\u00bbtrue\u00bb link=\u00bburl:https%3A%2F%2Fcheckout.baccredomatic.com%2FZWVhMjg3NTdmOTU2NzA5ODYwNGM2MC4xNzU4MTI5Nzkx|target:_blank\u00bb][vc_column_text]<\/p>\n<div class=\"wpb_text_column wpb_content_element \">\n<div class=\"wpb_wrapper\">\n<p style=\"text-align: center;\"><span style=\"color: #000000;\"><strong>PASO 2 PARA INSCRIPCI\u00d3N<\/strong><\/span><\/p>\n<\/div>\n<\/div>\n<p>[\/vc_column_text][vc_btn title=\u00bbCompletar formulario posterior a la compra\u00bb color=\u00bbsuccess\u00bb align=\u00bbcenter\u00bb i_icon_fontawesome=\u00bbfa fa-wpforms\u00bb button_block=\u00bbtrue\u00bb add_icon=\u00bbtrue\u00bb link=\u00bburl:https%3A%2F%2Fforms.gle%2FwDpV4wRbyzKRmkBYA||target:%20_blank|\u00bb][vc_images_carousel images=\u00bb7267&#8243; img_size=\u00bbmedium\u00bb onclick=\u00bbcustom_link\u00bb custom_links_target=\u00bb_blank\u00bb speed=\u00bb2500&#8243; autoplay=\u00bbyes\u00bb hide_pagination_control=\u00bbyes\u00bb hide_prev_next_buttons=\u00bbyes\u00bb wrap=\u00bbyes\u00bb css=\u00bb.vc_custom_1603230254637{padding-left: 80px !important;}\u00bb]<div class=\"porto-u-heading  wpb_custom_95aa9a11c17ad45cfabaf210d84ee7cc porto-u-5809\"><div class=\"porto-u-main-heading\"><h2  >CAPACITACI\u00d3N<\/h2><\/div><style>.porto-u-5809.porto-u-heading{text-align:center}<\/style><\/div>[\/vc_column][vc_column][\/vc_column][vc_column][\/vc_column][\/vc_row][vc_row full_width=\u00bbstretch_row_content_no_spaces\u00bb equal_height=\u00bbyes\u00bb][vc_column el_class=\u00bbbackground-color-primary\u00bb css=\u00bb.vc_custom_1528971916644{padding-top: 60px !important;padding-bottom: 55px !important;padding-left: 15px !important;}\u00bb]<div class=\"col-half-section half-container col-fullwidth-md\">[vc_custom_heading text=\u00bbLlene el siguiente formulario, pronto un asesor experto en el taller se pondr\u00e1 en contacto con usted\u00bb font_container=\u00bbtag:h2|text_align:left|color:%23ffffff\u00bb use_theme_fonts=\u00bbyes\u00bb css=\u00bb.vc_custom_1752457068873{margin-bottom: 0px !important;}\u00bb text_transform=\u00bbtext-uppercase\u00bb][vc_raw_html css=\u00bb\u00bb]JTNDc2NyaXB0JTIwY2hhcnNldCUzRCUyMnV0Zi04JTIyJTIwdHlwZSUzRCUyMnRleHQlMkZqYXZhc2NyaXB0JTIyJTIwc3JjJTNEJTIyJTJGJTJGanMuaHNmb3Jtcy5uZXQlMkZmb3JtcyUyRmVtYmVkJTJGdjIuanMlMjIlM0UlM0MlMkZzY3JpcHQlM0UlMEElM0NzY3JpcHQlM0UlMEElMjAlMjBoYnNwdC5mb3Jtcy5jcmVhdGUlMjglN0IlMEElMjAlMjAlMjAlMjBwb3J0YWxJZCUzQSUyMCUyMjQ5NjQ1MTg5JTIyJTJDJTBBJTIwJTIwJTIwJTIwZm9ybUlkJTNBJTIwJTIyODcyNDY3Y2UtOTc3MC00Y2MxLWJmZmQtYzY1NmFiN2Y5ZGVkJTIyJTJDJTBBJTIwJTIwJTIwJTIwcmVnaW9uJTNBJTIwJTIybmExJTIyJTBBJTIwJTIwJTdEJTI5JTNCJTBBJTNDJTJGc2NyaXB0JTNF[\/vc_raw_html]<\/div>[\/vc_column][\/vc_row]<\/p>\n<\/div>","protected":false},"excerpt":{"rendered":"<p>[vc_row full_width=\u00bbstretch_row_content\u00bb css=\u00bb.vc_custom_1581010883325{padding-top: 58px !important;padding-bottom: 58px !important;background-image: url(https:\/\/www.proyectum.com\/cr\/wp-content\/uploads\/2018\/09\/curso-tipo.png?id=6990) !important;background-position: center !important;background-repeat: no-repeat !important;background-size: cover !important;}\u00bb][vc_column width=\u00bb1\/2&#8243;][vc_custom_heading text=\u00bbTaller de preparaci\u00f3n para la certificaci\u00f3n CAPM\u00ae\u00bb font_container=\u00bbtag:h1|font_size:40|text_align:center|color:%23ffffff\u00bb use_theme_fonts=\u00bbyes\u00bb css=\u00bb.vc_custom_1587693330776{padding-top: 25px !important;padding-left: 150px !important;}\u00bb][\/vc_column][vc_column width=\u00bb1\/2&#8243;][vc_single_image image=\u00bb9634&#8243; img_size=\u00bb200&#215;170&#8243; css=\u00bb.vc_custom_1602877525368{padding-left: 250px !important;}\u00bb][\/vc_column][\/vc_row][vc_row][vc_column width=\u00bb2\/3&#8243;][vc_btn title=\u00bbDescarga el Volante aqu\u00ed\u00bb color=\u00bbblue\u00bb css=\u00bb\u00bb link=\u00bburl:https%3A%2F%2Fproyectum.com%2Fcr%2Fwp-content%2Fuploads%2F2026%2F01%2FCAPM.pdf|target:_blank\u00bb][vc_column_text css=\u00bb\u00bb]La certificaci\u00f3n\u00a0\u00abCertified Associate in Project Management\u00bb (CAPM\u00ae), es la primera de [&hellip;]<\/p>\n","protected":false},"author":10,"featured_media":0,"parent":7466,"menu_order":0,"comment_status":"closed","ping_status":"closed","template":"","meta":{"content-type":"","footnotes":""},"class_list":["post-4777","page","type-page","status-publish","hentry"],"acf":[],"yoast_head":"<!-- This site is optimized with the Yoast SEO plugin v27.5 - https:\/\/yoast.com\/product\/yoast-seo-wordpress\/ -->\n<title>Taller Certified Associate in Project Management\u00bb (CAPM\u00ae)<\/title>\n<meta name=\"description\" content=\"Inicie su carrera en gesti\u00f3n de proyectos con el taller CAPM\u00ae. Adquiera bases s\u00f3lidas y preparaci\u00f3n experta con Proyectum Training Center.\" \/>\n<meta name=\"robots\" content=\"index, follow, max-snippet:-1, max-image-preview:large, max-video-preview:-1\" \/>\n<link rel=\"canonical\" href=\"https:\/\/proyectum.com\/cr\/capacitacion\/preparacion-a-la-certificacion-capm\/\" \/>\n<meta property=\"og:locale\" content=\"es_ES\" \/>\n<meta property=\"og:type\" content=\"article\" \/>\n<meta property=\"og:title\" content=\"Taller Certified Associate in Project Management\u00bb (CAPM\u00ae)\" \/>\n<meta property=\"og:description\" content=\"Inicie su carrera en gesti\u00f3n de proyectos con el taller CAPM\u00ae. Adquiera bases s\u00f3lidas y preparaci\u00f3n experta con Proyectum Training Center.\" \/>\n<meta property=\"og:url\" content=\"https:\/\/proyectum.com\/cr\/capacitacion\/preparacion-a-la-certificacion-capm\/\" \/>\n<meta property=\"og:site_name\" content=\"Proyectum Costa Rica\" \/>\n<meta property=\"article:publisher\" content=\"https:\/\/www.facebook.com\/proyectumcr\/\" \/>\n<meta property=\"article:modified_time\" content=\"2026-03-26T21:31:46+00:00\" \/>\n<meta name=\"twitter:card\" content=\"summary_large_image\" \/>\n<meta name=\"twitter:label1\" content=\"Tiempo de lectura\" \/>\n\t<meta name=\"twitter:data1\" content=\"5 minutos\" \/>\n<script type=\"application\/ld+json\" class=\"yoast-schema-graph\">{\"@context\":\"https:\\\/\\\/schema.org\",\"@graph\":[{\"@type\":\"WebPage\",\"@id\":\"https:\\\/\\\/proyectum.com\\\/cr\\\/capacitacion\\\/preparacion-a-la-certificacion-capm\\\/\",\"url\":\"https:\\\/\\\/proyectum.com\\\/cr\\\/capacitacion\\\/preparacion-a-la-certificacion-capm\\\/\",\"name\":\"Taller Certified Associate in Project Management\u00bb (CAPM\u00ae)\",\"isPartOf\":{\"@id\":\"https:\\\/\\\/proyectum.com\\\/cr\\\/#website\"},\"datePublished\":\"2017-06-23T01:09:42+00:00\",\"dateModified\":\"2026-03-26T21:31:46+00:00\",\"description\":\"Inicie su carrera en gesti\u00f3n de proyectos con el taller CAPM\u00ae. Adquiera bases s\u00f3lidas y preparaci\u00f3n experta con Proyectum Training Center.\",\"breadcrumb\":{\"@id\":\"https:\\\/\\\/proyectum.com\\\/cr\\\/capacitacion\\\/preparacion-a-la-certificacion-capm\\\/#breadcrumb\"},\"inLanguage\":\"es\",\"potentialAction\":[{\"@type\":\"ReadAction\",\"target\":[\"https:\\\/\\\/proyectum.com\\\/cr\\\/capacitacion\\\/preparacion-a-la-certificacion-capm\\\/\"]}]},{\"@type\":\"BreadcrumbList\",\"@id\":\"https:\\\/\\\/proyectum.com\\\/cr\\\/capacitacion\\\/preparacion-a-la-certificacion-capm\\\/#breadcrumb\",\"itemListElement\":[{\"@type\":\"ListItem\",\"position\":1,\"name\":\"Home\",\"item\":\"https:\\\/\\\/proyectum.com\\\/cr\\\/\"},{\"@type\":\"ListItem\",\"position\":2,\"name\":\"Capacitaciones\",\"item\":\"https:\\\/\\\/proyectum.com\\\/cr\\\/capacitacion\\\/\"},{\"@type\":\"ListItem\",\"position\":3,\"name\":\"Associate in Project Management (CAPM\u00ae)\"}]},{\"@type\":\"WebSite\",\"@id\":\"https:\\\/\\\/proyectum.com\\\/cr\\\/#website\",\"url\":\"https:\\\/\\\/proyectum.com\\\/cr\\\/\",\"name\":\"Proyectum Costa Rica\",\"description\":\"La Agilidad Empresarial es una obligaci\u00f3n\",\"publisher\":{\"@id\":\"https:\\\/\\\/proyectum.com\\\/cr\\\/#organization\"},\"potentialAction\":[{\"@type\":\"SearchAction\",\"target\":{\"@type\":\"EntryPoint\",\"urlTemplate\":\"https:\\\/\\\/proyectum.com\\\/cr\\\/?s={search_term_string}\"},\"query-input\":{\"@type\":\"PropertyValueSpecification\",\"valueRequired\":true,\"valueName\":\"search_term_string\"}}],\"inLanguage\":\"es\"},{\"@type\":\"Organization\",\"@id\":\"https:\\\/\\\/proyectum.com\\\/cr\\\/#organization\",\"name\":\"Proyectum Costa Rica\",\"url\":\"https:\\\/\\\/proyectum.com\\\/cr\\\/\",\"logo\":{\"@type\":\"ImageObject\",\"inLanguage\":\"es\",\"@id\":\"https:\\\/\\\/proyectum.com\\\/cr\\\/#\\\/schema\\\/logo\\\/image\\\/\",\"url\":\"https:\\\/\\\/i1.wp.com\\\/www.proyectum.com\\\/cr\\\/wp-content\\\/uploads\\\/proyectum-logo-snippet.png?fit=600%2C315&ssl=1\",\"contentUrl\":\"https:\\\/\\\/i1.wp.com\\\/www.proyectum.com\\\/cr\\\/wp-content\\\/uploads\\\/proyectum-logo-snippet.png?fit=600%2C315&ssl=1\",\"width\":600,\"height\":315,\"caption\":\"Proyectum Costa Rica\"},\"image\":{\"@id\":\"https:\\\/\\\/proyectum.com\\\/cr\\\/#\\\/schema\\\/logo\\\/image\\\/\"},\"sameAs\":[\"https:\\\/\\\/www.facebook.com\\\/proyectumcr\\\/\",\"https:\\\/\\\/www.instagram.com\\\/proyectumcostarica\\\/\",\"https:\\\/\\\/www.linkedin.com\\\/company\\\/proyectum-costarica\\\/\",\"https:\\\/\\\/www.youtube.com\\\/channel\\\/UCljouWimyhK_cNcC2jniUgw\"]}]}<\/script>\n<!-- \/ Yoast SEO plugin. -->","yoast_head_json":{"title":"Taller Certified Associate in Project Management\u00bb (CAPM\u00ae)","description":"Inicie su carrera en gesti\u00f3n de proyectos con el taller CAPM\u00ae. Adquiera bases s\u00f3lidas y preparaci\u00f3n experta con Proyectum Training Center.","robots":{"index":"index","follow":"follow","max-snippet":"max-snippet:-1","max-image-preview":"max-image-preview:large","max-video-preview":"max-video-preview:-1"},"canonical":"https:\/\/proyectum.com\/cr\/capacitacion\/preparacion-a-la-certificacion-capm\/","og_locale":"es_ES","og_type":"article","og_title":"Taller Certified Associate in Project Management\u00bb (CAPM\u00ae)","og_description":"Inicie su carrera en gesti\u00f3n de proyectos con el taller CAPM\u00ae. Adquiera bases s\u00f3lidas y preparaci\u00f3n experta con Proyectum Training Center.","og_url":"https:\/\/proyectum.com\/cr\/capacitacion\/preparacion-a-la-certificacion-capm\/","og_site_name":"Proyectum Costa Rica","article_publisher":"https:\/\/www.facebook.com\/proyectumcr\/","article_modified_time":"2026-03-26T21:31:46+00:00","twitter_card":"summary_large_image","twitter_misc":{"Tiempo de lectura":"5 minutos"},"schema":{"@context":"https:\/\/schema.org","@graph":[{"@type":"WebPage","@id":"https:\/\/proyectum.com\/cr\/capacitacion\/preparacion-a-la-certificacion-capm\/","url":"https:\/\/proyectum.com\/cr\/capacitacion\/preparacion-a-la-certificacion-capm\/","name":"Taller Certified Associate in Project Management\u00bb (CAPM\u00ae)","isPartOf":{"@id":"https:\/\/proyectum.com\/cr\/#website"},"datePublished":"2017-06-23T01:09:42+00:00","dateModified":"2026-03-26T21:31:46+00:00","description":"Inicie su carrera en gesti\u00f3n de proyectos con el taller CAPM\u00ae. Adquiera bases s\u00f3lidas y preparaci\u00f3n experta con Proyectum Training Center.","breadcrumb":{"@id":"https:\/\/proyectum.com\/cr\/capacitacion\/preparacion-a-la-certificacion-capm\/#breadcrumb"},"inLanguage":"es","potentialAction":[{"@type":"ReadAction","target":["https:\/\/proyectum.com\/cr\/capacitacion\/preparacion-a-la-certificacion-capm\/"]}]},{"@type":"BreadcrumbList","@id":"https:\/\/proyectum.com\/cr\/capacitacion\/preparacion-a-la-certificacion-capm\/#breadcrumb","itemListElement":[{"@type":"ListItem","position":1,"name":"Home","item":"https:\/\/proyectum.com\/cr\/"},{"@type":"ListItem","position":2,"name":"Capacitaciones","item":"https:\/\/proyectum.com\/cr\/capacitacion\/"},{"@type":"ListItem","position":3,"name":"Associate in Project Management (CAPM\u00ae)"}]},{"@type":"WebSite","@id":"https:\/\/proyectum.com\/cr\/#website","url":"https:\/\/proyectum.com\/cr\/","name":"Proyectum Costa Rica","description":"La Agilidad Empresarial es una obligaci\u00f3n","publisher":{"@id":"https:\/\/proyectum.com\/cr\/#organization"},"potentialAction":[{"@type":"SearchAction","target":{"@type":"EntryPoint","urlTemplate":"https:\/\/proyectum.com\/cr\/?s={search_term_string}"},"query-input":{"@type":"PropertyValueSpecification","valueRequired":true,"valueName":"search_term_string"}}],"inLanguage":"es"},{"@type":"Organization","@id":"https:\/\/proyectum.com\/cr\/#organization","name":"Proyectum Costa Rica","url":"https:\/\/proyectum.com\/cr\/","logo":{"@type":"ImageObject","inLanguage":"es","@id":"https:\/\/proyectum.com\/cr\/#\/schema\/logo\/image\/","url":"https:\/\/i1.wp.com\/www.proyectum.com\/cr\/wp-content\/uploads\/proyectum-logo-snippet.png?fit=600%2C315&ssl=1","contentUrl":"https:\/\/i1.wp.com\/www.proyectum.com\/cr\/wp-content\/uploads\/proyectum-logo-snippet.png?fit=600%2C315&ssl=1","width":600,"height":315,"caption":"Proyectum Costa Rica"},"image":{"@id":"https:\/\/proyectum.com\/cr\/#\/schema\/logo\/image\/"},"sameAs":["https:\/\/www.facebook.com\/proyectumcr\/","https:\/\/www.instagram.com\/proyectumcostarica\/","https:\/\/www.linkedin.com\/company\/proyectum-costarica\/","https:\/\/www.youtube.com\/channel\/UCljouWimyhK_cNcC2jniUgw"]}]}},"jetpack_sharing_enabled":true,"_links":{"self":[{"href":"https:\/\/proyectum.com\/cr\/wp-json\/wp\/v2\/pages\/4777","targetHints":{"allow":["GET"]}}],"collection":[{"href":"https:\/\/proyectum.com\/cr\/wp-json\/wp\/v2\/pages"}],"about":[{"href":"https:\/\/proyectum.com\/cr\/wp-json\/wp\/v2\/types\/page"}],"author":[{"embeddable":true,"href":"https:\/\/proyectum.com\/cr\/wp-json\/wp\/v2\/users\/10"}],"replies":[{"embeddable":true,"href":"https:\/\/proyectum.com\/cr\/wp-json\/wp\/v2\/comments?post=4777"}],"version-history":[{"count":244,"href":"https:\/\/proyectum.com\/cr\/wp-json\/wp\/v2\/pages\/4777\/revisions"}],"predecessor-version":[{"id":13454,"href":"https:\/\/proyectum.com\/cr\/wp-json\/wp\/v2\/pages\/4777\/revisions\/13454"}],"up":[{"embeddable":true,"href":"https:\/\/proyectum.com\/cr\/wp-json\/wp\/v2\/pages\/7466"}],"wp:attachment":[{"href":"https:\/\/proyectum.com\/cr\/wp-json\/wp\/v2\/media?parent=4777"}],"curies":[{"name":"wp","href":"https:\/\/api.w.org\/{rel}","templated":true}]}}