{"id":7058,"date":"2019-02-19T16:50:19","date_gmt":"2019-02-19T22:50:19","guid":{"rendered":"https:\/\/www.proyectum.com\/cr\/?page_id=7058"},"modified":"2025-07-13T20:28:07","modified_gmt":"2025-07-14T02:28:07","slug":"programa_de_especializacion_en_gestion_de_proyectos-2","status":"publish","type":"page","link":"https:\/\/proyectum.com\/cr\/capacitacion\/programa_de_especializacion_en_gestion_de_proyectos-2\/","title":{"rendered":"Programa de Especializaci\u00f3n en Gesti\u00f3n de Proyectos"},"content":{"rendered":"<div class=\"wpb-content-wrapper\"><p>[vc_row full_width=\u00bbstretch_row_content\u00bb css=\u00bb.vc_custom_1584804929969{padding-top: 58px !important;padding-bottom: 58px !important;background-image: url(https:\/\/www.proyectum.com\/cr\/wp-content\/uploads\/2018\/09\/curso-tipo.png?id=6990) !important;background-position: center !important;background-repeat: no-repeat !important;background-size: cover !important;}\u00bb][vc_column width=\u00bb1\/2&#8243;][vc_custom_heading text=\u00bbPrograma de Especializaci\u00f3n en Gesti\u00f3n de Proyectos\u00bb font_container=\u00bbtag:h1|font_size:40|text_align:center|color:%23ffffff\u00bb use_theme_fonts=\u00bbyes\u00bb css=\u00bb.vc_custom_1587694036137{padding-top: 20px !important;padding-left: 75px !important;}\u00bb][\/vc_column][vc_column width=\u00bb1\/2&#8243;][vc_single_image image=\u00bb9634&#8243; img_size=\u00bb200&#215;170&#8243; css=\u00bb.vc_custom_1602877877665{padding-left: 250px !important;}\u00bb][\/vc_column][\/vc_row][vc_column][\/vc_column][vc_row][vc_column width=\u00bb2\/3&#8243;][vc_btn title=\u00bbDescargue le volante aqu\u00ed\u00bb link=\u00bburl:https%3A%2F%2Fwww.proyectum.com%2Fcr%2Fwp-content%2Fuploads%2F2023%2F08%2FProyectum-Costa-Rica-Volante-PEGP.pdf|||\u00bb][vc_column_text css=\u00bb.vc_custom_1720580939821{padding-top: 20px !important;}\u00bb]<span style=\"color: #000000;\">Crear un proyecto permite utilizar un conjunto formal de procesos y t\u00e9cnicas de gesti\u00f3n de proyectos para definir el esfuerzo, y luego subsecuentemente dirigir y controlar el trabajo.<\/span><\/p>\n<p><span style=\"color: #000000;\">El utilizar procesos de direcci\u00f3n de proyectos le permite a un l\u00edder de proyecto pro activamente gestionar el alcance, incidencias, riesgos, la calidad y la comunicaci\u00f3n. Entendiendo y utilizando los conceptos que se ense\u00f1an en este curso incrementa las posibilidades de \u00e9xito en un proyecto.<\/span><\/p>\n<p><span style=\"color: #000000;\">Este programa se imparte en conjunto con la C\u00e1mara de Industrias de Costa Rica (CICR) y con este programa usted tendr\u00e1 una visi\u00f3n clara del proceso de definici\u00f3n del proyecto y su alcance, haciendo uso de t\u00e9cnicas y herramientas adquiridas en el curso, incrementando la probabilidad de \u00e9xito de este. <strong>Adem\u00e1s, si usted necesita reforzar alg\u00fan grupo de procesos, puede optar por llevar el m\u00f3dulo que usted desee.<\/strong><\/span><\/p>\n<ul>\n<li><span style=\"color: #000000;\"><strong>Duraci\u00f3n:<\/strong> 48 horas en 12 sesiones de 4 horas cada una (3 M\u00f3dulos)<\/span><\/li>\n<li><span style=\"color: #000000;\"><strong>Modalidad:<\/strong> Online<\/span><\/li>\n<li><span style=\"color: #000000;\"><strong>Requisitos:<\/strong> No tiene requisitos<\/span><\/li>\n<li><span style=\"color: #000000;\"><strong>Acreditaci\u00f3n:<\/strong> 35 PDUs T\u00e9cnicos<\/span><\/li>\n<li><span style=\"color: #000000;\"><strong>Precio:<\/strong> $780(+2% <span style=\"font-size: 13px;\">IVA<\/span>) <\/span><\/li>\n<li><span style=\"color: #000000;\"><strong>Pr\u00f3ximo taller<\/strong>: Viernes 26 de enero del 2023<\/span><\/li>\n<li><span style=\"color: #000000;\"><strong>Sesione<span style=\"color: #000000;\">s<\/span><\/strong>: Solo d\u00edas viernes<\/span><\/li>\n<li><span style=\"color: #000000;\"><strong>Horario<\/strong>: 8:00am a 12:00md GTM-6<\/span><\/li>\n<\/ul>\n<p><span style=\"color: #000000;\"><em><span style=\"color: #000000;\">Si ya tomaste un curso con nosotros, ti<\/span>enes un <strong>10% de descuento<\/strong>\u00a0en\u00a0<strong>todos<\/strong> nuestros cursos.\u00a0<\/em><\/span><span style=\"color: #000000;\"><em>\u00a1<strong>Solic\u00edtalo<\/strong>! (Aplican restricciones)<\/em><\/span><\/p>\n<p><span style=\"color: #000000;\"><strong>\u00a1Consulta por el financiamiento con Tasa 0 a 3 y 6 meses del BAC! <\/strong><\/span><span style=\"color: #000000;\"><strong><em>(Aplican restricciones)<\/em><\/strong><\/span><\/p>\n<p><span style=\"font-size: 14px;\"><em><strong><span style=\"color: #000000;\">\u00a1Aprovecha nuestros descuentos por grupos en TODOS nuestros cursos!<\/span><\/strong><\/em><\/span><\/p>\n<p>.[\/vc_column_text][vc_tta_tabs][vc_tta_section title=\u00bbPerfil\u00bb tab_id=\u00bb1586282350362-cf1f74eb-ced4&#8243;][vc_column_text]<span style=\"color: #000000;\"><strong>En este programa podr\u00e1n participar:<\/strong><\/span><\/p>\n<ul>\n<li><span style=\"color: #000000;\">T\u00e9cnicos y profesionales que en su trabajo diario necesita desarrollar proyectos.<\/span><\/li>\n<li><span style=\"color: #000000;\">Profesionales que deseen complementar sus carreras con excelentes conocimientos en administraci\u00f3n de proyectos.<\/span><\/li>\n<li><span style=\"color: #000000;\">Profesionales que deseen de forma intensiva obtener una especializaci\u00f3n que les permita gestionar proyectos en sus lugares de trabajo, de manera exitosa y bajos los est\u00e1ndares del PMI.<\/span><\/li>\n<\/ul>\n<p>[\/vc_column_text][\/vc_tta_section][vc_tta_section title=\u00bbContenido\u00bb tab_id=\u00bb1586282350363-3af196ba-9a3e\u00bb][vc_column_text]<span style=\"color: #000000;\"><strong>Durante el programa usted estudiar\u00e1 los siguientes grupos de procesos:<\/strong><\/span><\/p>\n<p><span style=\"color: #000000;\">M\u00f3dulo 1: Gesti\u00f3n del alcance del proyecto y sus cambios,<\/span><\/p>\n<p><span style=\"color: #000000;\">M\u00f3dulo 2: Gesti\u00f3n del cronograma de los proyectos.<\/span><\/p>\n<p><span style=\"color: #000000;\">M\u00f3dulo 3: Gesti\u00f3n del presupuesto en los proyectos.<\/span><\/p>\n<p><span style=\"color: #000000;\">M\u00f3dulo 4: Gesti\u00f3n de la comunicaci\u00f3n del proyecto.<\/span><\/p>\n<p><span style=\"color: #000000;\">M\u00f3dulo 5: Gesti\u00f3n de riesgos en el proyecto.<\/span><\/p>\n<p><span style=\"color: #000000;\">M\u00f3dulo 6: Gesti\u00f3n de las contrataciones y contratos en el proyecto<\/span>[\/vc_column_text][\/vc_tta_section][vc_tta_section title=\u00bbIncluye\u00bb tab_id=\u00bb1586282494032-81e78e02-6cb8&#8243;][vc_column_text]<span style=\"color: #000000;\"><strong>Al matricular todos los m\u00f3dulos de este programa, usted contar\u00e1 con:<\/strong><\/span><\/p>\n<ul>\n<li><span style=\"color: #000000;\">48 horas de capacitaci\u00f3n<\/span><\/li>\n<li><span style=\"color: #000000;\">T\u00edtulo de participaci\u00f3n o aprovechamiento<\/span><\/li>\n<li><span style=\"color: #000000;\">Presentaciones utilizadas durante el Programa<\/span><\/li>\n<li><span style=\"color: #000000;\">Ex\u00e1menes por sesi\u00f3n<\/span><\/li>\n<li><span style=\"color: #000000;\"> Herramientas virtuales did\u00e1cticas<\/span><\/li>\n<li><span style=\"color: #000000;\">Instructora certificada PMP, SMC y con m\u00e1s de 10 a\u00f1os de experiencia en Gesti\u00f3n de Proyectos<\/span><\/li>\n<li><span style=\"color: #000000;\">Taller con el respaldo de la\u00a0 CICR\u00a0<\/span><\/li>\n<\/ul>\n<p>[\/vc_column_text][\/vc_tta_section][vc_tta_section title=\u00bbObjetivos\u00bb tab_id=\u00bb1586282495978-8bf42fa2-ce7d\u00bb][vc_column_text]<span style=\"color: #000000;\"><strong>Al finalizar este programa usted ser\u00e1 capaz de:<\/strong><\/span><\/p>\n<ul>\n<li><span style=\"color: #000000;\">Conocer y poner en pr\u00e1ctica conceptos y herramientas para definir los objetivos y el alcance de los proyectos, gestionar sus cambios y aumentar la probabilidad de \u00e9xito de estos proyectos.<\/span><\/li>\n<li><span style=\"color: #000000;\">Conocer y poner en pr\u00e1ctica conceptos y herramientas para crear, estimar, controlar y validar el cronograma de trabajo del proyecto.<\/span><\/li>\n<li><span style=\"color: #000000;\">Conocer y poner en pr\u00e1ctica conceptos y herramientas para planificar, estimar, determinar y controlar los costos del proyecto.<\/span><\/li>\n<li><span style=\"color: #000000;\">Conocer y poner en pr\u00e1ctica conceptos y herramientas para realizar la gesti\u00f3n de los recursos, los interesados y las comunicaciones del proyecto.<\/span><\/li>\n<li><span style=\"color: #000000;\">Conocer y poner en pr\u00e1ctica conceptos y herramientas para la identificaci\u00f3n de los riesgos del proyecto, as\u00ed como poder implementar las respuestas y monitoreo de estos.<\/span><\/li>\n<li><span style=\"color: #000000;\">Conocer y poner en pr\u00e1ctica conceptos y herramientas para gestionar, efectuar y controlar las contrataciones con los proveedores de los proyectos.<\/span><\/li>\n<\/ul>\n<p>[\/vc_column_text][\/vc_tta_section][vc_tta_section title=\u00bbPr\u00f3ximas Fechas\u00bb tab_id=\u00bb1605634586858-c104669a-e006&#8243;][vc_column_text]<\/p>\n<table style=\"height: 150px;\" width=\"576\">\n<tbody>\n<tr>\n<th style=\"text-align: center;\"><span style=\"color: #003366;\">C\u00f3digo<\/span><\/th>\n<th style=\"text-align: center;\"><span style=\"color: #003366;\">Fecha de inicio<\/span><\/th>\n<th style=\"text-align: center;\"><span style=\"color: #003366;\">Estado<\/span><\/th>\n<\/tr>\n<tr>\n<td style=\"text-align: center;\"><span style=\"color: #000000;\">PEGP013<\/span><\/td>\n<td style=\"text-align: center;\"><span style=\"color: #000000;\">25 de agosto 2023<\/span><\/td>\n<td style=\"text-align: center;\"><span style=\"color: #000000;\">Matr\u00edcula abierta<\/span><\/td>\n<\/tr>\n<tr>\n<td style=\"text-align: center;\"><\/td>\n<td style=\"text-align: center;\"><\/td>\n<td style=\"text-align: center;\"><\/td>\n<\/tr>\n<\/tbody>\n<\/table>\n<p>[\/vc_column_text][\/vc_tta_section][\/vc_tta_tabs][\/vc_column][vc_column width=\u00bb1\/3&#8243;][vc_column_text css=\u00bb.vc_custom_1636143922776{margin-top: 10px !important;}\u00bb]<\/p>\n<p style=\"text-align: center;\"><span style=\"color: #000000;\"><strong>PASO 1 PARA INSCRIPCI\u00d3N<\/strong><\/span><\/p>\n<p>[\/vc_column_text][vc_btn title=\u00bbCompre aqu\u00ed: PROGRAMA COMPLETO\u00bb color=\u00bbwarning\u00bb align=\u00bbcenter\u00bb i_icon_fontawesome=\u00bbfa fa-credit-card\u00bb button_block=\u00bbtrue\u00bb add_icon=\u00bbtrue\u00bb link=\u00bburl:https%3A%2F%2Fcheckout.baccredomatic.com%2FNTIxNjguOTc1MTE5Nzk3MTMwMWNiOTYxNjM2MTQzNDc1||target:%20_blank|\u00bb][vc_column_text]<\/p>\n<p style=\"text-align: center;\"><span style=\"color: #000000;\"><strong>PASO 2 PARA INSCRIPCI\u00d3N<\/strong><\/span><\/p>\n<p>[\/vc_column_text][vc_btn title=\u00bbCompletar formulario posterior a la venta\u00bb color=\u00bbsuccess\u00bb align=\u00bbcenter\u00bb i_icon_fontawesome=\u00bbfa fa-wpforms\u00bb button_block=\u00bbtrue\u00bb add_icon=\u00bbtrue\u00bb link=\u00bburl:https%3A%2F%2Fforms.gle%2FwDpV4wRbyzKRmkBYA||target:%20_blank|\u00bb][vc_images_carousel images=\u00bb8883,7267&#8243; img_size=\u00bbmedium\u00bb onclick=\u00bblink_no\u00bb speed=\u00bb2500&#8243; autoplay=\u00bbyes\u00bb hide_pagination_control=\u00bbyes\u00bb hide_prev_next_buttons=\u00bbyes\u00bb wrap=\u00bbyes\u00bb css=\u00bb.vc_custom_1604590845594{padding-top: 40px !important;padding-right: 70px !important;padding-left: 70px !important;}\u00bb]<div class=\"porto-u-heading  wpb_custom_95aa9a11c17ad45cfabaf210d84ee7cc porto-u-2160\"><div class=\"porto-u-main-heading\"><h2  >CAPACITACI\u00d3N<\/h2><\/div><style>.porto-u-2160.porto-u-heading{text-align:center}<\/style><\/div>[vc_tta_accordion][vc_tta_section title=\u00bbCERTIFICACIONES\u00bb tab_id=\u00bb1606150990516-9bf9ea1d-e38f\u00bb][vc_wp_custommenu nav_menu=\u00bb75&#8243;][\/vc_tta_section][vc_tta_section title=\u00bbAGILIDAD\u00bb tab_id=\u00bb1606150990516-3918fc62-26d9&#8243;][vc_wp_custommenu nav_menu=\u00bb73&#8243;][\/vc_tta_section][vc_tta_section title=\u00bbM\u00c1S PROGRAMAS&#8230;\u00bb tab_id=\u00bb1606151037047-48bbdcec-b366&#8243;][vc_wp_custommenu nav_menu=\u00bb74&#8243;][\/vc_tta_section][\/vc_tta_accordion][\/vc_column][vc_column][\/vc_column][\/vc_row][vc_row full_width=\u00bbstretch_row_content_no_spaces\u00bb equal_height=\u00bbyes\u00bb][vc_column el_class=\u00bbbackground-color-primary\u00bb]<div class=\"col-half-section half-container col-fullwidth-md\">[vc_custom_heading text=\u00bbLlene el siguiente formulario, pronto un asesor experto en el programa se pondr\u00e1 en contacto con usted\u00bb font_container=\u00bbtag:h2|text_align:left|color:%23f7f6f4&#8243; use_theme_fonts=\u00bbyes\u00bb css=\u00bb\u00bb text_transform=\u00bbtext-uppercase\u00bb][vc_raw_html css=\u00bb\u00bb]JTNDc2NyaXB0JTIwY2hhcnNldCUzRCUyMnV0Zi04JTIyJTIwdHlwZSUzRCUyMnRleHQlMkZqYXZhc2NyaXB0JTIyJTIwc3JjJTNEJTIyJTJGJTJGanMuaHNmb3Jtcy5uZXQlMkZmb3JtcyUyRmVtYmVkJTJGdjIuanMlMjIlM0UlM0MlMkZzY3JpcHQlM0UlMEElM0NzY3JpcHQlM0UlMEElMjAlMjBoYnNwdC5mb3Jtcy5jcmVhdGUlMjglN0IlMEElMjAlMjAlMjAlMjBwb3J0YWxJZCUzQSUyMCUyMjQ5NjQ1MTg5JTIyJTJDJTBBJTIwJTIwJTIwJTIwZm9ybUlkJTNBJTIwJTIyZjBlZTkzYTEtZGRmYS00OWY3LWJkYzEtNjJiM2VlZDEwYTgxJTIyJTJDJTBBJTIwJTIwJTIwJTIwcmVnaW9uJTNBJTIwJTIybmExJTIyJTBBJTIwJTIwJTdEJTI5JTNCJTBBJTNDJTJGc2NyaXB0JTNF[\/vc_raw_html]<\/div>[\/vc_column][\/vc_row]<\/p>\n<\/div>","protected":false},"excerpt":{"rendered":"<p>[vc_row full_width=\u00bbstretch_row_content\u00bb css=\u00bb.vc_custom_1584804929969{padding-top: 58px !important;padding-bottom: 58px !important;background-image: url(https:\/\/www.proyectum.com\/cr\/wp-content\/uploads\/2018\/09\/curso-tipo.png?id=6990) !important;background-position: center !important;background-repeat: no-repeat !important;background-size: cover !important;}\u00bb][vc_column width=\u00bb1\/2&#8243;][vc_custom_heading text=\u00bbPrograma de Especializaci\u00f3n en Gesti\u00f3n de Proyectos\u00bb font_container=\u00bbtag:h1|font_size:40|text_align:center|color:%23ffffff\u00bb use_theme_fonts=\u00bbyes\u00bb css=\u00bb.vc_custom_1587694036137{padding-top: 20px !important;padding-left: 75px !important;}\u00bb][\/vc_column][vc_column width=\u00bb1\/2&#8243;][vc_single_image image=\u00bb9634&#8243; img_size=\u00bb200&#215;170&#8243; css=\u00bb.vc_custom_1602877877665{padding-left: 250px !important;}\u00bb][\/vc_column][\/vc_row][vc_column][\/vc_column][vc_row][vc_column width=\u00bb2\/3&#8243;][vc_btn title=\u00bbDescargue le volante aqu\u00ed\u00bb link=\u00bburl:https%3A%2F%2Fwww.proyectum.com%2Fcr%2Fwp-content%2Fuploads%2F2023%2F08%2FProyectum-Costa-Rica-Volante-PEGP.pdf|||\u00bb][vc_column_text css=\u00bb.vc_custom_1720580939821{padding-top: 20px !important;}\u00bb]Crear un proyecto permite utilizar un conjunto formal de procesos y [&hellip;]<\/p>\n","protected":false},"author":15,"featured_media":0,"parent":7466,"menu_order":0,"comment_status":"closed","ping_status":"closed","template":"","meta":{"content-type":"","footnotes":""},"class_list":["post-7058","page","type-page","status-publish","hentry"],"acf":[],"yoast_head":"<!-- This site is optimized with the Yoast SEO plugin v27.5 - https:\/\/yoast.com\/product\/yoast-seo-wordpress\/ -->\n<title>Programa de Especializaci\u00f3n en Gesti\u00f3n de Proyectos - Proyectum Costa Rica<\/title>\n<meta name=\"robots\" content=\"index, follow, max-snippet:-1, max-image-preview:large, max-video-preview:-1\" \/>\n<link rel=\"canonical\" href=\"https:\/\/proyectum.com\/cr\/capacitacion\/programa_de_especializacion_en_gestion_de_proyectos-2\/\" \/>\n<meta property=\"og:locale\" content=\"es_ES\" \/>\n<meta property=\"og:type\" content=\"article\" \/>\n<meta property=\"og:title\" content=\"Programa de Especializaci\u00f3n en Gesti\u00f3n de Proyectos - Proyectum Costa Rica\" \/>\n<meta property=\"og:description\" content=\"[vc_row full_width=\u00bbstretch_row_content\u00bb css=\u00bb.vc_custom_1584804929969{padding-top: 58px !important;padding-bottom: 58px !important;background-image: url(https:\/\/www.proyectum.com\/cr\/wp-content\/uploads\/2018\/09\/curso-tipo.png?id=6990) !important;background-position: center !important;background-repeat: no-repeat !important;background-size: cover !important;}\u00bb][vc_column width=\u00bb1\/2&#8243;][vc_custom_heading text=\u00bbPrograma de Especializaci\u00f3n en Gesti\u00f3n de Proyectos\u00bb font_container=\u00bbtag:h1|font_size:40|text_align:center|color:%23ffffff\u00bb use_theme_fonts=\u00bbyes\u00bb css=\u00bb.vc_custom_1587694036137{padding-top: 20px !important;padding-left: 75px !important;}\u00bb][\/vc_column][vc_column width=\u00bb1\/2&#8243;][vc_single_image image=\u00bb9634&#8243; img_size=\u00bb200&#215;170&#8243; css=\u00bb.vc_custom_1602877877665{padding-left: 250px !important;}\u00bb][\/vc_column][\/vc_row][vc_column][\/vc_column][vc_row][vc_column width=\u00bb2\/3&#8243;][vc_btn title=\u00bbDescargue le volante aqu\u00ed\u00bb link=\u00bburl:https%3A%2F%2Fwww.proyectum.com%2Fcr%2Fwp-content%2Fuploads%2F2023%2F08%2FProyectum-Costa-Rica-Volante-PEGP.pdf|||\u00bb][vc_column_text css=\u00bb.vc_custom_1720580939821{padding-top: 20px !important;}\u00bb]Crear un proyecto permite utilizar un conjunto formal de procesos y [&hellip;]\" \/>\n<meta property=\"og:url\" content=\"https:\/\/proyectum.com\/cr\/capacitacion\/programa_de_especializacion_en_gestion_de_proyectos-2\/\" \/>\n<meta property=\"og:site_name\" content=\"Proyectum Costa Rica\" \/>\n<meta property=\"article:publisher\" content=\"https:\/\/www.facebook.com\/proyectumcr\/\" \/>\n<meta property=\"article:modified_time\" content=\"2025-07-14T02:28:07+00:00\" \/>\n<meta name=\"twitter:card\" content=\"summary_large_image\" \/>\n<meta name=\"twitter:label1\" content=\"Tiempo de lectura\" \/>\n\t<meta name=\"twitter:data1\" content=\"4 minutos\" \/>\n<script type=\"application\/ld+json\" class=\"yoast-schema-graph\">{\"@context\":\"https:\\\/\\\/schema.org\",\"@graph\":[{\"@type\":\"WebPage\",\"@id\":\"https:\\\/\\\/proyectum.com\\\/cr\\\/capacitacion\\\/programa_de_especializacion_en_gestion_de_proyectos-2\\\/\",\"url\":\"https:\\\/\\\/proyectum.com\\\/cr\\\/capacitacion\\\/programa_de_especializacion_en_gestion_de_proyectos-2\\\/\",\"name\":\"Programa de Especializaci\u00f3n en Gesti\u00f3n de Proyectos - Proyectum Costa Rica\",\"isPartOf\":{\"@id\":\"https:\\\/\\\/proyectum.com\\\/cr\\\/#website\"},\"datePublished\":\"2019-02-19T22:50:19+00:00\",\"dateModified\":\"2025-07-14T02:28:07+00:00\",\"breadcrumb\":{\"@id\":\"https:\\\/\\\/proyectum.com\\\/cr\\\/capacitacion\\\/programa_de_especializacion_en_gestion_de_proyectos-2\\\/#breadcrumb\"},\"inLanguage\":\"es\",\"potentialAction\":[{\"@type\":\"ReadAction\",\"target\":[\"https:\\\/\\\/proyectum.com\\\/cr\\\/capacitacion\\\/programa_de_especializacion_en_gestion_de_proyectos-2\\\/\"]}]},{\"@type\":\"BreadcrumbList\",\"@id\":\"https:\\\/\\\/proyectum.com\\\/cr\\\/capacitacion\\\/programa_de_especializacion_en_gestion_de_proyectos-2\\\/#breadcrumb\",\"itemListElement\":[{\"@type\":\"ListItem\",\"position\":1,\"name\":\"Home\",\"item\":\"https:\\\/\\\/proyectum.com\\\/cr\\\/\"},{\"@type\":\"ListItem\",\"position\":2,\"name\":\"Capacitaciones\",\"item\":\"https:\\\/\\\/proyectum.com\\\/cr\\\/capacitacion\\\/\"},{\"@type\":\"ListItem\",\"position\":3,\"name\":\"Programa de Especializaci\u00f3n en Gesti\u00f3n de Proyectos\"}]},{\"@type\":\"WebSite\",\"@id\":\"https:\\\/\\\/proyectum.com\\\/cr\\\/#website\",\"url\":\"https:\\\/\\\/proyectum.com\\\/cr\\\/\",\"name\":\"Proyectum Costa Rica\",\"description\":\"La Agilidad Empresarial es una obligaci\u00f3n\",\"publisher\":{\"@id\":\"https:\\\/\\\/proyectum.com\\\/cr\\\/#organization\"},\"potentialAction\":[{\"@type\":\"SearchAction\",\"target\":{\"@type\":\"EntryPoint\",\"urlTemplate\":\"https:\\\/\\\/proyectum.com\\\/cr\\\/?s={search_term_string}\"},\"query-input\":{\"@type\":\"PropertyValueSpecification\",\"valueRequired\":true,\"valueName\":\"search_term_string\"}}],\"inLanguage\":\"es\"},{\"@type\":\"Organization\",\"@id\":\"https:\\\/\\\/proyectum.com\\\/cr\\\/#organization\",\"name\":\"Proyectum Costa Rica\",\"url\":\"https:\\\/\\\/proyectum.com\\\/cr\\\/\",\"logo\":{\"@type\":\"ImageObject\",\"inLanguage\":\"es\",\"@id\":\"https:\\\/\\\/proyectum.com\\\/cr\\\/#\\\/schema\\\/logo\\\/image\\\/\",\"url\":\"https:\\\/\\\/i1.wp.com\\\/www.proyectum.com\\\/cr\\\/wp-content\\\/uploads\\\/proyectum-logo-snippet.png?fit=600%2C315&ssl=1\",\"contentUrl\":\"https:\\\/\\\/i1.wp.com\\\/www.proyectum.com\\\/cr\\\/wp-content\\\/uploads\\\/proyectum-logo-snippet.png?fit=600%2C315&ssl=1\",\"width\":600,\"height\":315,\"caption\":\"Proyectum Costa Rica\"},\"image\":{\"@id\":\"https:\\\/\\\/proyectum.com\\\/cr\\\/#\\\/schema\\\/logo\\\/image\\\/\"},\"sameAs\":[\"https:\\\/\\\/www.facebook.com\\\/proyectumcr\\\/\",\"https:\\\/\\\/www.instagram.com\\\/proyectumcostarica\\\/\",\"https:\\\/\\\/www.linkedin.com\\\/company\\\/proyectum-costarica\\\/\",\"https:\\\/\\\/www.youtube.com\\\/channel\\\/UCljouWimyhK_cNcC2jniUgw\"]}]}<\/script>\n<!-- \/ Yoast SEO plugin. -->","yoast_head_json":{"title":"Programa de Especializaci\u00f3n en Gesti\u00f3n de Proyectos - Proyectum Costa Rica","robots":{"index":"index","follow":"follow","max-snippet":"max-snippet:-1","max-image-preview":"max-image-preview:large","max-video-preview":"max-video-preview:-1"},"canonical":"https:\/\/proyectum.com\/cr\/capacitacion\/programa_de_especializacion_en_gestion_de_proyectos-2\/","og_locale":"es_ES","og_type":"article","og_title":"Programa de Especializaci\u00f3n en Gesti\u00f3n de Proyectos - Proyectum Costa Rica","og_description":"[vc_row full_width=\u00bbstretch_row_content\u00bb css=\u00bb.vc_custom_1584804929969{padding-top: 58px !important;padding-bottom: 58px !important;background-image: url(https:\/\/www.proyectum.com\/cr\/wp-content\/uploads\/2018\/09\/curso-tipo.png?id=6990) !important;background-position: center !important;background-repeat: no-repeat !important;background-size: cover !important;}\u00bb][vc_column width=\u00bb1\/2&#8243;][vc_custom_heading text=\u00bbPrograma de Especializaci\u00f3n en Gesti\u00f3n de Proyectos\u00bb font_container=\u00bbtag:h1|font_size:40|text_align:center|color:%23ffffff\u00bb use_theme_fonts=\u00bbyes\u00bb css=\u00bb.vc_custom_1587694036137{padding-top: 20px !important;padding-left: 75px !important;}\u00bb][\/vc_column][vc_column width=\u00bb1\/2&#8243;][vc_single_image image=\u00bb9634&#8243; img_size=\u00bb200&#215;170&#8243; css=\u00bb.vc_custom_1602877877665{padding-left: 250px !important;}\u00bb][\/vc_column][\/vc_row][vc_column][\/vc_column][vc_row][vc_column width=\u00bb2\/3&#8243;][vc_btn title=\u00bbDescargue le volante aqu\u00ed\u00bb link=\u00bburl:https%3A%2F%2Fwww.proyectum.com%2Fcr%2Fwp-content%2Fuploads%2F2023%2F08%2FProyectum-Costa-Rica-Volante-PEGP.pdf|||\u00bb][vc_column_text css=\u00bb.vc_custom_1720580939821{padding-top: 20px !important;}\u00bb]Crear un proyecto permite utilizar un conjunto formal de procesos y [&hellip;]","og_url":"https:\/\/proyectum.com\/cr\/capacitacion\/programa_de_especializacion_en_gestion_de_proyectos-2\/","og_site_name":"Proyectum Costa Rica","article_publisher":"https:\/\/www.facebook.com\/proyectumcr\/","article_modified_time":"2025-07-14T02:28:07+00:00","twitter_card":"summary_large_image","twitter_misc":{"Tiempo de lectura":"4 minutos"},"schema":{"@context":"https:\/\/schema.org","@graph":[{"@type":"WebPage","@id":"https:\/\/proyectum.com\/cr\/capacitacion\/programa_de_especializacion_en_gestion_de_proyectos-2\/","url":"https:\/\/proyectum.com\/cr\/capacitacion\/programa_de_especializacion_en_gestion_de_proyectos-2\/","name":"Programa de Especializaci\u00f3n en Gesti\u00f3n de Proyectos - Proyectum Costa Rica","isPartOf":{"@id":"https:\/\/proyectum.com\/cr\/#website"},"datePublished":"2019-02-19T22:50:19+00:00","dateModified":"2025-07-14T02:28:07+00:00","breadcrumb":{"@id":"https:\/\/proyectum.com\/cr\/capacitacion\/programa_de_especializacion_en_gestion_de_proyectos-2\/#breadcrumb"},"inLanguage":"es","potentialAction":[{"@type":"ReadAction","target":["https:\/\/proyectum.com\/cr\/capacitacion\/programa_de_especializacion_en_gestion_de_proyectos-2\/"]}]},{"@type":"BreadcrumbList","@id":"https:\/\/proyectum.com\/cr\/capacitacion\/programa_de_especializacion_en_gestion_de_proyectos-2\/#breadcrumb","itemListElement":[{"@type":"ListItem","position":1,"name":"Home","item":"https:\/\/proyectum.com\/cr\/"},{"@type":"ListItem","position":2,"name":"Capacitaciones","item":"https:\/\/proyectum.com\/cr\/capacitacion\/"},{"@type":"ListItem","position":3,"name":"Programa de Especializaci\u00f3n en Gesti\u00f3n de Proyectos"}]},{"@type":"WebSite","@id":"https:\/\/proyectum.com\/cr\/#website","url":"https:\/\/proyectum.com\/cr\/","name":"Proyectum Costa Rica","description":"La Agilidad Empresarial es una obligaci\u00f3n","publisher":{"@id":"https:\/\/proyectum.com\/cr\/#organization"},"potentialAction":[{"@type":"SearchAction","target":{"@type":"EntryPoint","urlTemplate":"https:\/\/proyectum.com\/cr\/?s={search_term_string}"},"query-input":{"@type":"PropertyValueSpecification","valueRequired":true,"valueName":"search_term_string"}}],"inLanguage":"es"},{"@type":"Organization","@id":"https:\/\/proyectum.com\/cr\/#organization","name":"Proyectum Costa Rica","url":"https:\/\/proyectum.com\/cr\/","logo":{"@type":"ImageObject","inLanguage":"es","@id":"https:\/\/proyectum.com\/cr\/#\/schema\/logo\/image\/","url":"https:\/\/i1.wp.com\/www.proyectum.com\/cr\/wp-content\/uploads\/proyectum-logo-snippet.png?fit=600%2C315&ssl=1","contentUrl":"https:\/\/i1.wp.com\/www.proyectum.com\/cr\/wp-content\/uploads\/proyectum-logo-snippet.png?fit=600%2C315&ssl=1","width":600,"height":315,"caption":"Proyectum Costa Rica"},"image":{"@id":"https:\/\/proyectum.com\/cr\/#\/schema\/logo\/image\/"},"sameAs":["https:\/\/www.facebook.com\/proyectumcr\/","https:\/\/www.instagram.com\/proyectumcostarica\/","https:\/\/www.linkedin.com\/company\/proyectum-costarica\/","https:\/\/www.youtube.com\/channel\/UCljouWimyhK_cNcC2jniUgw"]}]}},"jetpack_sharing_enabled":true,"_links":{"self":[{"href":"https:\/\/proyectum.com\/cr\/wp-json\/wp\/v2\/pages\/7058","targetHints":{"allow":["GET"]}}],"collection":[{"href":"https:\/\/proyectum.com\/cr\/wp-json\/wp\/v2\/pages"}],"about":[{"href":"https:\/\/proyectum.com\/cr\/wp-json\/wp\/v2\/types\/page"}],"author":[{"embeddable":true,"href":"https:\/\/proyectum.com\/cr\/wp-json\/wp\/v2\/users\/15"}],"replies":[{"embeddable":true,"href":"https:\/\/proyectum.com\/cr\/wp-json\/wp\/v2\/comments?post=7058"}],"version-history":[{"count":129,"href":"https:\/\/proyectum.com\/cr\/wp-json\/wp\/v2\/pages\/7058\/revisions"}],"predecessor-version":[{"id":13185,"href":"https:\/\/proyectum.com\/cr\/wp-json\/wp\/v2\/pages\/7058\/revisions\/13185"}],"up":[{"embeddable":true,"href":"https:\/\/proyectum.com\/cr\/wp-json\/wp\/v2\/pages\/7466"}],"wp:attachment":[{"href":"https:\/\/proyectum.com\/cr\/wp-json\/wp\/v2\/media?parent=7058"}],"curies":[{"name":"wp","href":"https:\/\/api.w.org\/{rel}","templated":true}]}}