{"id":10532,"date":"2021-03-10T11:55:43","date_gmt":"2021-03-10T17:55:43","guid":{"rendered":"https:\/\/www.proyectum.com\/do\/?page_id=10532"},"modified":"2022-03-09T15:44:05","modified_gmt":"2022-03-09T21:44:05","slug":"microsoft_project_basico_intermedio","status":"publish","type":"page","link":"https:\/\/proyectum.com\/do\/capacitacion\/microsoft_project_basico_intermedio\/","title":{"rendered":"Capacitaci\u00f3n Microsoft Project Professional para Administradores de Proyectos &#8211; B\u00e1sico a Intermedio"},"content":{"rendered":"<div class=\"wpb-content-wrapper\"><p>[vc_row full_width=\u00bbstretch_row_content\u00bb css=\u00bb.vc_custom_1581028741803{padding-top: 58px !important;padding-bottom: 58px !important;background-image: url(https:\/\/www.proyectum.com\/do\/wp-content\/uploads\/2018\/09\/curso-tipo.png?id=6990) !important;background-position: center !important;background-repeat: no-repeat !important;background-size: cover !important;}\u00bb][vc_column width=\u00bb1\/2&#8243;][vc_custom_heading text=\u00bbCapacitaci\u00f3n Microsoft Project Professional para Administradores de Proyectos-B\u00e1sico\/Intermedio\u00bb font_container=\u00bbtag:h1|font_size:38|text_align:center|color:%23ffffff\u00bb use_theme_fonts=\u00bbyes\u00bb css=\u00bb.vc_custom_1615483148584{margin-bottom: 0px !important;padding-top: 25px !important;padding-left: 35px !important;}\u00bb][\/vc_column][vc_column width=\u00bb1\/2&#8243;][vc_single_image image=\u00bb9634&#8243; img_size=\u00bb200&#215;170&#8243; css=\u00bb.vc_custom_1602877772706{padding-left: 250px !important;}\u00bb][\/vc_column][\/vc_row][vc_row][vc_column width=\u00bb2\/3&#8243;][vc_column_text]<span style=\"color: #000000;\">Este curso est\u00e1 orientado al control y monitoreo de proyectos utilizando una herramienta de gesti\u00f3n de proyectos, como lo es <strong>MS (Microsoft) Project, <\/strong>el dominio de Microsoft Project como herramienta para gestionar proyectos es una de las destrezas m\u00e1s demandas en empresas por su capacidad para programar y controlar la distribuci\u00f3n de recursos, la asignaci\u00f3n de tareas, el coste de los proyectos, sus plazos, alcance, etc.<\/span><\/p>\n<p><span style=\"color: #000000;\">Este curso pretende que el participante domine la utilizaci\u00f3n de la aplicaci\u00f3n Microsoft Project en su \u00faltima versi\u00f3n, esta herramienta es muy \u00fatil para la gesti\u00f3n de proyectos, aplicando procedimientos descritos en el PMBOK del Project Management Institute.<\/span><\/p>\n<ul>\n<li><span style=\"color: #000000;\"><strong>Duraci\u00f3n:<\/strong> 24 horas en 6 sesiones de 4 horas cada una.<\/span><\/li>\n<li><span style=\"color: #000000;\"><strong>Modali<span style=\"color: #000000;\">dad<\/span><\/strong>: Online<\/span><\/li>\n<li><span style=\"color: #000000;\"><strong>Requisitos:<\/strong> <\/span>\n<ul>\n<li style=\"list-style-type: none;\">\n<ul>\n<li><span style=\"color: #000000;\">Contar con una computadora con acceso a Internet<\/span><\/li>\n<li><span style=\"color: #000000;\">Apertura del curso sujeta a matr\u00edcula y cupo m\u00ednimo<\/span><\/li>\n<li><span style=\"color: #000000;\">El estudiante debe contar con el software que requiere cada curso<\/span><\/li>\n<\/ul>\n<\/li>\n<\/ul>\n<\/li>\n<li><span style=\"color: #000000;\"><strong>Precio: <\/strong>RD<span data-sheets-value=\"{&quot;1&quot;:3,&quot;3&quot;:27840}\" data-sheets-userformat=\"{&quot;2&quot;:16445,&quot;3&quot;:{&quot;1&quot;:4,&quot;2&quot;:&quot;[$RD$]#,##0.00&quot;,&quot;3&quot;:1},&quot;5&quot;:{&quot;1&quot;:[{&quot;1&quot;:2,&quot;2&quot;:0,&quot;5&quot;:{&quot;1&quot;:2,&quot;2&quot;:0}},{&quot;1&quot;:0,&quot;2&quot;:0,&quot;3&quot;:3},{&quot;1&quot;:1,&quot;2&quot;:0,&quot;4&quot;:1}]},&quot;6&quot;:{&quot;1&quot;:[{&quot;1&quot;:2,&quot;2&quot;:0,&quot;5&quot;:{&quot;1&quot;:2,&quot;2&quot;:0}},{&quot;1&quot;:0,&quot;2&quot;:0,&quot;3&quot;:3},{&quot;1&quot;:1,&quot;2&quot;:0,&quot;4&quot;:1}]},&quot;7&quot;:{&quot;1&quot;:[{&quot;1&quot;:2,&quot;2&quot;:0,&quot;5&quot;:{&quot;1&quot;:2,&quot;2&quot;:0}},{&quot;1&quot;:0,&quot;2&quot;:0,&quot;3&quot;:3},{&quot;1&quot;:1,&quot;2&quot;:0,&quot;4&quot;:1}]},&quot;8&quot;:{&quot;1&quot;:[{&quot;1&quot;:2,&quot;2&quot;:0,&quot;5&quot;:{&quot;1&quot;:2,&quot;2&quot;:0}},{&quot;1&quot;:0,&quot;2&quot;:0,&quot;3&quot;:3},{&quot;1&quot;:1,&quot;2&quot;:0,&quot;4&quot;:1}]},&quot;17&quot;:1}\" data-sheets-formula=\"=R[0]C[-1]*58\">$27,840.00<\/span><\/span><\/li>\n<li><span style=\"color: #000000;\"><span style=\"color: #000000;\"><b>Pr\u00f3xima fecha: <\/b><\/span><\/span><span style=\"color: #000000;\">Disponible \u00fanicamente para grupos empresariales<\/span><\/li>\n<li><em><strong><span style=\"color: #000000;\">Si ya tomaste un curso con nosotros, tienes un 15% de descuento en TODOS nuestros cursos. <\/span><\/strong><\/em>\n<ul>\n<li><em><strong><span style=\"color: #000000;\">\u00a1Solic\u00edtalo! (Aplican restricciones)<\/span><\/strong><\/em><\/li>\n<\/ul>\n<\/li>\n<li><span style=\"font-size: 14px;\"><em><strong><span style=\"color: #000000;\">Aprovecha nuestros descuentos por grupos en TODOS nuestros cursos<\/span><\/strong><\/em><\/span><\/li>\n<\/ul>\n<p>[\/vc_column_text][vc_btn title=\u00bbDescargue el volante aqu\u00ed\u00bb i_icon_fontawesome=\u00bbfa fa-file-pdf-o\u00bb add_icon=\u00bbtrue\u00bb link=\u00bburl:https%3A%2F%2Fwww.proyectum.com%2Fdo%2Fwp-content%2Fuploads%2F2021%2F04%2FMSPBI.pdf||target:%20_blank|\u00bb][vc_tta_tabs][vc_tta_section title=\u00bbPerfil\u00bb tab_id=\u00bb1606163879488-e0971b68-a2a6&#8243;][vc_column_text]<span style=\"color: #000000;\">Persona responsable de tomar decisiones, tanto grandes como peque\u00f1as. Los administradores de proyectos deben asegurarse de controlar el riesgo y minimizar la incertidumbre, cada decisi\u00f3n que tomen debe beneficiar directamente a su proyecto, desde la fase de inicio, la planificaci\u00f3n, el dise\u00f1o, la ejecuci\u00f3n, la revisi\u00f3n, el control y el cierre de dicho proyecto para que sea exitoso.<\/span><\/p>\n<p><span style=\"color: #000000;\"><strong>En esta capacitaci\u00f3n podr\u00e1n participar: <\/strong><\/span><\/p>\n<ul>\n<li><span style=\"color: #000000;\">Jefes y administradores de Proyectos<\/span><\/li>\n<li><span style=\"color: #000000;\">Equipo de desarrollo de software<\/span><\/li>\n<li><span style=\"color: #000000;\">L\u00edderes de proyectos<\/span><\/li>\n<li><span style=\"color: #000000;\">L\u00edderes de equipos \u00e1giles<\/span><\/li>\n<li><span style=\"color: #000000;\">Todos los interesados en mejorar su desempe\u00f1o y conocer herramientas innovadoras que permitan gestionar los cambios del entorno<\/span><\/li>\n<\/ul>\n<p>[\/vc_column_text][\/vc_tta_section][vc_tta_section title=\u00bbContenido\u00bb tab_id=\u00bb1606163879489-533e5792-cde7&#8243;][vc_column_text]<span style=\"color: #000000;\"><strong>Durante la capacitaci\u00f3n usted podr\u00e1 aprender acerca de:<\/strong><\/span><\/p>\n<ul class=\"list_check-b list_outside\">\n<li><span style=\"color: #000000;\">\u00bfQu\u00e9 es un proyecto?<\/span><\/li>\n<li><span style=\"color: #000000;\">Crear nuevos proyectos<\/span><\/li>\n<li><span style=\"color: #000000;\">Crear los entregables y las tareas<\/span><\/li>\n<li><span style=\"color: #000000;\">La duraci\u00f3n y el trabajo de las tareas<\/span><\/li>\n<li><span style=\"color: #000000;\">Dependencia de las tareas<\/span><\/li>\n<li><span style=\"color: #000000;\">Tipos de recursos<\/span><\/li>\n<li><span style=\"color: #000000;\">Definiendo los recursos<\/span><\/li>\n<li><span style=\"color: #000000;\">Asignando los recursos del proyecto<\/span><\/li>\n<li><span style=\"color: #000000;\">Duraci\u00f3n y esfuerzo entre las tareas<\/span><\/li>\n<li><span style=\"color: #000000;\">Nivelando los recursos del proyecto<\/span><\/li>\n<li><span style=\"color: #000000;\">Definiendo los costos del proyecto<\/span><\/li>\n<li><span style=\"color: #000000;\">Optimizando el cronograma del proyecto<\/span><\/li>\n<li><span style=\"color: #000000;\">Llevando el progreso del proyecto<\/span><\/li>\n<li><span style=\"color: #000000;\">Modificando las vistas y los reportes<\/span><\/li>\n<li><span style=\"color: #000000;\">Proyectos anidados<\/span><\/li>\n<\/ul>\n<p>[\/vc_column_text][\/vc_tta_section][vc_tta_section title=\u00bbIncluye\u00bb tab_id=\u00bb1615411741839-32d904ac-be5b\u00bb][vc_column_text]<strong><span style=\"color: #000000;\">Al matricular esta capacitaci\u00f3n usted contar\u00e1 con:<\/span><\/strong><\/p>\n<ul>\n<li><span style=\"color: #000000;\">Instructor con m\u00e1s de 13 a\u00f1os de experiencia y certificado en Microsoft Project<\/span><\/li>\n<li><span style=\"color: #000000;\">Material, ejercicios y pr\u00e1cticas<\/span><\/li>\n<li><span style=\"color: #000000;\">Un diploma por las horas indicadas, con el respaldo de Proyectum<\/span><\/li>\n<\/ul>\n<p>[\/vc_column_text][\/vc_tta_section][vc_tta_section title=\u00bbObjetivos\u00bb tab_id=\u00bb1606163941039-c230282b-6109&#8243;][vc_column_text]<span style=\"color: #000000;\"><strong>Al finalizar esta capacitaci\u00f3n usted ser\u00e1 capaz de:<\/strong><\/span><\/p>\n<ul class=\"list_check-b list_outside\">\n<li><span style=\"color: #000000;\">Conocer las distintas fases de las que consta un proyecto<\/span><\/li>\n<li><span style=\"color: #000000;\">Realizar un plan de proyecto<\/span><\/li>\n<li><span style=\"color: #000000;\">Reconocer y diferenciar los distintos tipos de recursos que intervienen en un proyecto<\/span><\/li>\n<li><span style=\"color: #000000;\">Buscar optimizar la planificaci\u00f3n<\/span><\/li>\n<li><span style=\"color: #000000;\">Realizar el seguimiento del proyecto y analizar las variaciones que se producen con la planificaci\u00f3n inicial<\/span><\/li>\n<li><span style=\"color: #000000;\">Controlar la programaci\u00f3n (tiempo) y las finanzas (costos) de un proyecto<\/span><\/li>\n<li><span style=\"color: #000000;\">Elaborar informes durante el proyecto<\/span><\/li>\n<\/ul>\n<p>[\/vc_column_text][\/vc_tta_section][vc_tta_section title=\u00bbPr\u00f3ximas fechas\u00bb tab_id=\u00bb1615482730016-0a47db20-436b\u00bb][vc_column_text]<\/p>\n<table style=\"height: 182px;\" width=\"367\">\n<tbody>\n<tr>\n<th style=\"text-align: center;\"><span style=\"color: #003366;\">C\u00f3digo<\/span><\/th>\n<th style=\"text-align: center;\"><span style=\"color: #003366;\">Fecha de inicio<\/span><\/th>\n<th style=\"text-align: center;\"><span style=\"color: #003366;\">Estado<\/span><\/th>\n<\/tr>\n<tr>\n<td style=\"text-align: center;\"><\/td>\n<td style=\"text-align: center;\"><\/td>\n<td style=\"text-align: center;\"><\/td>\n<\/tr>\n<\/tbody>\n<\/table>\n<p>[\/vc_column_text][\/vc_tta_section][\/vc_tta_tabs][\/vc_column][vc_column width=\u00bb1\/3&#8243;][vc_images_carousel images=\u00bb8779&#8243; img_size=\u00bbmedium\u00bb onclick=\u00bbcustom_link\u00bb custom_links_target=\u00bb_blank\u00bb speed=\u00bb2500&#8243; autoplay=\u00bbyes\u00bb hide_pagination_control=\u00bbyes\u00bb hide_prev_next_buttons=\u00bbyes\u00bb wrap=\u00bbyes\u00bb css=\u00bb.vc_custom_1603230802341{padding-top: 50px !important;padding-left: 50px !important;}\u00bb]<div class=\"porto-u-heading  wpb_custom_95aa9a11c17ad45cfabaf210d84ee7cc porto-u-2214\"><div class=\"porto-u-main-heading\"><h2  >CAPACITACI\u00d3N<\/h2><\/div><style>.porto-u-2214.porto-u-heading{text-align:center}<\/style><\/div>[vc_tta_accordion][vc_tta_section title=\u00bbAGILIDAD\u00bb tab_id=\u00bb1606150644419-a9254c0e-fd40&#8243;][vc_wp_custommenu nav_menu=\u00bb73&#8243;][\/vc_tta_section][vc_tta_section title=\u00bbCERTIFICACIONES\u00bb tab_id=\u00bb1606150644419-8401476d-b9d0&#8243;][vc_wp_custommenu nav_menu=\u00bb75&#8243;][\/vc_tta_section][vc_tta_section title=\u00bbM\u00c1S PROGRAMAS&#8230;\u00bb tab_id=\u00bb1606150703576-7d08b087-5275&#8243;][vc_wp_custommenu nav_menu=\u00bb74&#8243;][\/vc_tta_section][\/vc_tta_accordion][\/vc_column][\/vc_row][vc_row full_width=\u00bbstretch_row_content_no_spaces\u00bb equal_height=\u00bbyes\u00bb][vc_column el_class=\u00bbbackground-color-primary\u00bb css=\u00bb.vc_custom_1528971916644{padding-top: 60px !important;padding-bottom: 55px !important;padding-left: 15px !important;}\u00bb]<div class=\"porto-container container\">[vc_custom_heading text=\u00bb\u00bfQuieres m\u00e1s informaci\u00f3n sobre el curso de Microsoft Project Professional para Administradores de Proyectos-B\u00e1sico\/Intermedio?\u00bb font_container=\u00bbtag:h2|text_align:left|color:%23ffffff\u00bb use_theme_fonts=\u00bbyes\u00bb text_transform=\u00bbtext-uppercase\u00bb css=\u00bb.vc_custom_1640202288415{margin-bottom: 0px !important;}\u00bb][vc_column_text el_class=\u00bbtext-color-dark m-b-md\u00bb]<span style=\"font-size: 16px; color: #c6d4ee;\">D\u00e9janos tus datos para que te llamemos<\/span>[\/vc_column_text]\n<div class=\"wpcf7 no-js\" id=\"wpcf7-f7483-o1\" lang=\"es-ES\" dir=\"ltr\">\n<div class=\"screen-reader-response\"><p role=\"status\" aria-live=\"polite\" aria-atomic=\"true\"><\/p> <ul><\/ul><\/div>\n<form action=\"\/do\/wp-json\/wp\/v2\/pages\/10532#wpcf7-f7483-o1\" method=\"post\" class=\"wpcf7-form init\" aria-label=\"Formulario de contacto\" novalidate=\"novalidate\" data-status=\"init\">\n<div style=\"display: none;\">\n<input type=\"hidden\" name=\"_wpcf7\" value=\"7483\" \/>\n<input type=\"hidden\" name=\"_wpcf7_version\" value=\"5.9.8\" \/>\n<input type=\"hidden\" name=\"_wpcf7_locale\" value=\"es_ES\" \/>\n<input type=\"hidden\" name=\"_wpcf7_unit_tag\" value=\"wpcf7-f7483-o1\" \/>\n<input type=\"hidden\" name=\"_wpcf7_container_post\" value=\"0\" \/>\n<input type=\"hidden\" name=\"_wpcf7_posted_data_hash\" value=\"\" \/>\n<\/div>\n<div style=\"display:none\"><span class=\"wpcf7-form-control-wrap\" data-name=\"donde\"><input size=\"40\" maxlength=\"400\" class=\"wpcf7-form-control wpcf7-text custom-contact-input donde\" aria-invalid=\"false\" value=\"\" type=\"text\" name=\"donde\" \/><\/span><\/div>\n<div class=\"row\">\n    <div class=\"col-lg-6\">\n        <i class=\"Simple-Line-Icons-user text-color-light\"><\/i><span class=\"wpcf7-form-control-wrap\" data-name=\"your-name\"><input size=\"40\" maxlength=\"400\" class=\"wpcf7-form-control wpcf7-text wpcf7-validates-as-required custom-contact-input\" aria-required=\"true\" aria-invalid=\"false\" placeholder=\"Nombre *\" value=\"\" type=\"text\" name=\"your-name\" \/><\/span>\n    <\/div>\n    <div class=\"col-lg-6\">\n        <i class=\"Simple-Line-Icons-envelope text-color-light\"><\/i><span class=\"wpcf7-form-control-wrap\" data-name=\"your-email\"><input size=\"40\" maxlength=\"400\" class=\"wpcf7-form-control wpcf7-email wpcf7-validates-as-required wpcf7-text wpcf7-validates-as-email custom-contact-input\" aria-required=\"true\" aria-invalid=\"false\" placeholder=\"Email *\" value=\"\" type=\"email\" name=\"your-email\" \/><\/span>\n    <\/div>\n<\/div>\n<div class=\"row\">\n    <div class=\"col-lg-6\">\n        <i class=\"Simple-Line-Icons-call-out icons text-color-light\"><\/i><span class=\"wpcf7-form-control-wrap\" data-name=\"your-phone\"><input size=\"40\" maxlength=\"400\" class=\"wpcf7-form-control wpcf7-text custom-contact-input\" aria-invalid=\"false\" placeholder=\"Tel\u00e9fono\" value=\"\" type=\"text\" name=\"your-phone\" \/><\/span>\n    <\/div>\n<\/div>\n<div class=\"row\">\n    <div class=\"col-md-12\">\n        <div class=\"row\">\n            <div class=\"text-left text-checkbox\"><span class=\"wpcf7-form-control-wrap\" data-name=\"resumen\"><span class=\"wpcf7-form-control wpcf7-acceptance optional\"><span class=\"wpcf7-list-item\"><label><input type=\"checkbox\" name=\"resumen\" value=\"1\" aria-invalid=\"false\" \/><span class=\"wpcf7-list-item-label\">Deseo recibir los res\u00famenes de libros<\/span><\/label><\/span><\/span><\/span><\/div>\n            <div class=\"text-left text-checkbox\"><span class=\"wpcf7-form-control-wrap\" data-name=\"webinars\"><span class=\"wpcf7-form-control wpcf7-acceptance optional\"><span class=\"wpcf7-list-item\"><label><input type=\"checkbox\" name=\"webinars\" value=\"1\" aria-invalid=\"false\" \/><span class=\"wpcf7-list-item-label\">Deseo recibir invitaciones a webinars<\/span><\/label><\/span><\/span><\/span><\/div>\n            <div class=\"text-left text-checkbox\"><span class=\"wpcf7-form-control-wrap\" data-name=\"boletin\"><span class=\"wpcf7-form-control wpcf7-acceptance optional\"><span class=\"wpcf7-list-item\"><label><input type=\"checkbox\" name=\"boletin\" value=\"1\" aria-invalid=\"false\" \/><span class=\"wpcf7-list-item-label\">Deseo recibir el bolet\u00edn quincenal<\/span><\/label><\/span><\/span><\/span><\/div>\n        <\/div>\n    <\/div>\n<\/div>\n<div class=\"row center\">\n    <div class=\"col-lg-12\"><input class=\"wpcf7-form-control wpcf7-submit has-spinner custom-btn-style-4\" type=\"submit\" value=\"ENVIAR\" \/><\/div>\n<\/div>\n\n<style>\n.text-checkbox{\ndisplay:block !important;\nwidth: 100%;\ncolor: #fff;\n}\n.wpcf7-form > .row > *{ margin-bottom: 25px; }\n.wpcf7-form i{ position: absolute; top: 10px; }\n.wpcf7-form-control.custom-contact-input {\n    width: 100%;\n    background: none;\n    border: 0px;\n    border-bottom: 1px solid rgba(255, 255, 255, 0.2);\n    box-shadow: none;\n    padding: 10px 10px 10px 30px;\n    color: #fff;\n    -webkit-appearance: none;\n    -moz-appearance: none;\n    -ms-appearance: none;\n    -o-appearance: none;\n    appearance: none;\n}\n.custom-select-style:after {\n    content: '';\n    display: block;\n    position: absolute;\n    top: 50%;\n    right: 25px;\n    width: 10px;\n    height: 10px;\n    border-right: 1px solid #c8d4ea;\n    border-bottom: 1px solid #c8d4ea;\n    z-index: 0;\n    -webkit-transform: translateY(-50%) rotate(45deg);\n    -moz-transform: translateY(-50%) rotate(45deg);\n    -ms-transform: translateY(-50%) rotate(45deg);\n    -o-transform: translateY(-50%) rotate(45deg);\n    transform: translateY(-50%) rotate(45deg);\n}\nselect.custom-contact-input option { color: #818898; }\n.wpcf7-submit.custom-btn-style-4 {\n    background: transparent !important;\n    color: #FFF;\n    font-weight: 900 !important;\n    border: 2px solid #fff !important;\n    padding: 10px 20px !important;\n    font-size: 14px;\n    border-radius: 0px !important;\n}\n.wpcf7-submit.custom-btn-style-4:hover {\n    background: #FFF !important;\n    color: #6a80a9 !important;\n}\n::-webkit-input-placeholder { color: #c8d4ea; }\n::-moz-placeholder { color: #c8d4ea; }\n:-ms-input-placeholder { color: #c8d4ea; }\n:-moz-placeholder{ color: #c8d4ea; }\n@media(max-width: 991px){\n\t.wpcf7-form > .row > *{ margin-bottom: 15px; }\n\t.wpcf7-form .row.center{ margin-top: 10px; }\n}\n<\/style><div class=\"wpcf7-response-output\" aria-hidden=\"true\"><\/div>\n<\/form>\n<\/div>\n<\/div>[\/vc_column][\/vc_row]<\/p>\n<\/div>","protected":false},"excerpt":{"rendered":"<p>[vc_row full_width=\u00bbstretch_row_content\u00bb css=\u00bb.vc_custom_1581028741803{padding-top: 58px !important;padding-bottom: 58px !important;background-image: url(https:\/\/www.proyectum.com\/do\/wp-content\/uploads\/2018\/09\/curso-tipo.png?id=6990) !important;background-position: center !important;background-repeat: no-repeat !important;background-size: cover !important;}\u00bb][vc_column width=\u00bb1\/2&#8243;][vc_custom_heading text=\u00bbCapacitaci\u00f3n Microsoft Project Professional para Administradores de Proyectos-B\u00e1sico\/Intermedio\u00bb font_container=\u00bbtag:h1|font_size:38|text_align:center|color:%23ffffff\u00bb use_theme_fonts=\u00bbyes\u00bb css=\u00bb.vc_custom_1615483148584{margin-bottom: 0px !important;padding-top: 25px !important;padding-left: 35px !important;}\u00bb][\/vc_column][vc_column width=\u00bb1\/2&#8243;][vc_single_image image=\u00bb9634&#8243; img_size=\u00bb200&#215;170&#8243; css=\u00bb.vc_custom_1602877772706{padding-left: 250px !important;}\u00bb][\/vc_column][\/vc_row][vc_row][vc_column width=\u00bb2\/3&#8243;][vc_column_text]Este curso est\u00e1 orientado al control y monitoreo de proyectos utilizando una herramienta de gesti\u00f3n de [&hellip;]<\/p>\n","protected":false},"author":15,"featured_media":0,"parent":7466,"menu_order":2,"comment_status":"closed","ping_status":"closed","template":"","meta":{"content-type":"","footnotes":""},"acf":[],"yoast_head":"<!-- This site is optimized with the Yoast SEO plugin v24.5 - https:\/\/yoast.com\/wordpress\/plugins\/seo\/ -->\n<title>Capacitaci\u00f3n Microsoft Project Professional para Administradores de Proyectos - B\u00e1sico a Intermedio - Proyectum Dominicana<\/title>\n<meta name=\"robots\" content=\"index, follow, max-snippet:-1, max-image-preview:large, max-video-preview:-1\" \/>\n<link rel=\"canonical\" href=\"https:\/\/proyectum.com\/do\/capacitacion\/microsoft_project_basico_intermedio\/\" \/>\n<meta property=\"og:locale\" content=\"es_ES\" \/>\n<meta property=\"og:type\" content=\"article\" \/>\n<meta property=\"og:title\" content=\"Capacitaci\u00f3n Microsoft Project Professional para Administradores de Proyectos - B\u00e1sico a Intermedio - Proyectum Dominicana\" \/>\n<meta property=\"og:description\" content=\"[vc_row full_width=\u00bbstretch_row_content\u00bb css=\u00bb.vc_custom_1581028741803{padding-top: 58px !important;padding-bottom: 58px !important;background-image: url(https:\/\/www.proyectum.com\/do\/wp-content\/uploads\/2018\/09\/curso-tipo.png?id=6990) !important;background-position: center !important;background-repeat: no-repeat !important;background-size: cover !important;}\u00bb][vc_column width=\u00bb1\/2&#8243;][vc_custom_heading text=\u00bbCapacitaci\u00f3n Microsoft Project Professional para Administradores de Proyectos-B\u00e1sico\/Intermedio\u00bb font_container=\u00bbtag:h1|font_size:38|text_align:center|color:%23ffffff\u00bb use_theme_fonts=\u00bbyes\u00bb css=\u00bb.vc_custom_1615483148584{margin-bottom: 0px !important;padding-top: 25px !important;padding-left: 35px !important;}\u00bb][\/vc_column][vc_column width=\u00bb1\/2&#8243;][vc_single_image image=\u00bb9634&#8243; img_size=\u00bb200&#215;170&#8243; css=\u00bb.vc_custom_1602877772706{padding-left: 250px !important;}\u00bb][\/vc_column][\/vc_row][vc_row][vc_column width=\u00bb2\/3&#8243;][vc_column_text]Este curso est\u00e1 orientado al control y monitoreo de proyectos utilizando una herramienta de gesti\u00f3n de [&hellip;]\" \/>\n<meta property=\"og:url\" content=\"https:\/\/proyectum.com\/do\/capacitacion\/microsoft_project_basico_intermedio\/\" \/>\n<meta property=\"og:site_name\" content=\"Proyectum Dominicana\" \/>\n<meta property=\"article:publisher\" content=\"https:\/\/www.facebook.com\/proyectumcr\/\" \/>\n<meta property=\"article:modified_time\" content=\"2022-03-09T21:44:05+00:00\" \/>\n<meta name=\"twitter:card\" content=\"summary_large_image\" \/>\n<meta name=\"twitter:label1\" content=\"Tiempo de lectura\" \/>\n\t<meta name=\"twitter:data1\" content=\"3 minutos\" \/>\n<script type=\"application\/ld+json\" class=\"yoast-schema-graph\">{\"@context\":\"https:\/\/schema.org\",\"@graph\":[{\"@type\":\"WebPage\",\"@id\":\"https:\/\/proyectum.com\/do\/capacitacion\/microsoft_project_basico_intermedio\/\",\"url\":\"https:\/\/proyectum.com\/do\/capacitacion\/microsoft_project_basico_intermedio\/\",\"name\":\"Capacitaci\u00f3n Microsoft Project Professional para Administradores de Proyectos - B\u00e1sico a Intermedio - Proyectum Dominicana\",\"isPartOf\":{\"@id\":\"\/#website\"},\"datePublished\":\"2021-03-10T17:55:43+00:00\",\"dateModified\":\"2022-03-09T21:44:05+00:00\",\"breadcrumb\":{\"@id\":\"https:\/\/proyectum.com\/do\/capacitacion\/microsoft_project_basico_intermedio\/#breadcrumb\"},\"inLanguage\":\"es\",\"potentialAction\":[{\"@type\":\"ReadAction\",\"target\":[\"https:\/\/proyectum.com\/do\/capacitacion\/microsoft_project_basico_intermedio\/\"]}]},{\"@type\":\"BreadcrumbList\",\"@id\":\"https:\/\/proyectum.com\/do\/capacitacion\/microsoft_project_basico_intermedio\/#breadcrumb\",\"itemListElement\":[{\"@type\":\"ListItem\",\"position\":1,\"name\":\"Home\",\"item\":\"https:\/\/proyectum.com\/do\/\"},{\"@type\":\"ListItem\",\"position\":2,\"name\":\"Capacitaciones\",\"item\":\"https:\/\/proyectum.com\/do\/capacitacion\/\"},{\"@type\":\"ListItem\",\"position\":3,\"name\":\"Capacitaci\u00f3n Microsoft Project Professional para Administradores de Proyectos &#8211; B\u00e1sico a Intermedio\"}]},{\"@type\":\"WebSite\",\"@id\":\"\/#website\",\"url\":\"\/\",\"name\":\"Proyectum Dominicana\",\"description\":\"La Agilidad Empresarial es una obligaci\u00f3n\",\"publisher\":{\"@id\":\"\/#organization\"},\"potentialAction\":[{\"@type\":\"SearchAction\",\"target\":{\"@type\":\"EntryPoint\",\"urlTemplate\":\"\/?s={search_term_string}\"},\"query-input\":{\"@type\":\"PropertyValueSpecification\",\"valueRequired\":true,\"valueName\":\"search_term_string\"}}],\"inLanguage\":\"es\"},{\"@type\":\"Organization\",\"@id\":\"\/#organization\",\"name\":\"Proyectum Dominicana\",\"url\":\"\/\",\"logo\":{\"@type\":\"ImageObject\",\"inLanguage\":\"es\",\"@id\":\"\/#\/schema\/logo\/image\/\",\"url\":\"https:\/\/i1.wp.com\/www.proyectum.com\/cr\/wp-content\/uploads\/proyectum-logo-snippet.png?fit=600%2C315&ssl=1\",\"contentUrl\":\"https:\/\/i1.wp.com\/www.proyectum.com\/cr\/wp-content\/uploads\/proyectum-logo-snippet.png?fit=600%2C315&ssl=1\",\"width\":600,\"height\":315,\"caption\":\"Proyectum Dominicana\"},\"image\":{\"@id\":\"\/#\/schema\/logo\/image\/\"},\"sameAs\":[\"https:\/\/www.facebook.com\/proyectumcr\/\",\"https:\/\/www.instagram.com\/proyectumcostarica\/\",\"https:\/\/www.linkedin.com\/company\/proyectum-costarica\/\",\"https:\/\/www.youtube.com\/channel\/UCljouWimyhK_cNcC2jniUgw\"]}]}<\/script>\n<!-- \/ Yoast SEO plugin. -->","yoast_head_json":{"title":"Capacitaci\u00f3n Microsoft Project Professional para Administradores de Proyectos - B\u00e1sico a Intermedio - Proyectum Dominicana","robots":{"index":"index","follow":"follow","max-snippet":"max-snippet:-1","max-image-preview":"max-image-preview:large","max-video-preview":"max-video-preview:-1"},"canonical":"https:\/\/proyectum.com\/do\/capacitacion\/microsoft_project_basico_intermedio\/","og_locale":"es_ES","og_type":"article","og_title":"Capacitaci\u00f3n Microsoft Project Professional para Administradores de Proyectos - B\u00e1sico a Intermedio - Proyectum Dominicana","og_description":"[vc_row full_width=\u00bbstretch_row_content\u00bb css=\u00bb.vc_custom_1581028741803{padding-top: 58px !important;padding-bottom: 58px !important;background-image: url(https:\/\/www.proyectum.com\/do\/wp-content\/uploads\/2018\/09\/curso-tipo.png?id=6990) !important;background-position: center !important;background-repeat: no-repeat !important;background-size: cover !important;}\u00bb][vc_column width=\u00bb1\/2&#8243;][vc_custom_heading text=\u00bbCapacitaci\u00f3n Microsoft Project Professional para Administradores de Proyectos-B\u00e1sico\/Intermedio\u00bb font_container=\u00bbtag:h1|font_size:38|text_align:center|color:%23ffffff\u00bb use_theme_fonts=\u00bbyes\u00bb css=\u00bb.vc_custom_1615483148584{margin-bottom: 0px !important;padding-top: 25px !important;padding-left: 35px !important;}\u00bb][\/vc_column][vc_column width=\u00bb1\/2&#8243;][vc_single_image image=\u00bb9634&#8243; img_size=\u00bb200&#215;170&#8243; css=\u00bb.vc_custom_1602877772706{padding-left: 250px !important;}\u00bb][\/vc_column][\/vc_row][vc_row][vc_column width=\u00bb2\/3&#8243;][vc_column_text]Este curso est\u00e1 orientado al control y monitoreo de proyectos utilizando una herramienta de gesti\u00f3n de [&hellip;]","og_url":"https:\/\/proyectum.com\/do\/capacitacion\/microsoft_project_basico_intermedio\/","og_site_name":"Proyectum Dominicana","article_publisher":"https:\/\/www.facebook.com\/proyectumcr\/","article_modified_time":"2022-03-09T21:44:05+00:00","twitter_card":"summary_large_image","twitter_misc":{"Tiempo de lectura":"3 minutos"},"schema":{"@context":"https:\/\/schema.org","@graph":[{"@type":"WebPage","@id":"https:\/\/proyectum.com\/do\/capacitacion\/microsoft_project_basico_intermedio\/","url":"https:\/\/proyectum.com\/do\/capacitacion\/microsoft_project_basico_intermedio\/","name":"Capacitaci\u00f3n Microsoft Project Professional para Administradores de Proyectos - B\u00e1sico a Intermedio - Proyectum Dominicana","isPartOf":{"@id":"\/#website"},"datePublished":"2021-03-10T17:55:43+00:00","dateModified":"2022-03-09T21:44:05+00:00","breadcrumb":{"@id":"https:\/\/proyectum.com\/do\/capacitacion\/microsoft_project_basico_intermedio\/#breadcrumb"},"inLanguage":"es","potentialAction":[{"@type":"ReadAction","target":["https:\/\/proyectum.com\/do\/capacitacion\/microsoft_project_basico_intermedio\/"]}]},{"@type":"BreadcrumbList","@id":"https:\/\/proyectum.com\/do\/capacitacion\/microsoft_project_basico_intermedio\/#breadcrumb","itemListElement":[{"@type":"ListItem","position":1,"name":"Home","item":"https:\/\/proyectum.com\/do\/"},{"@type":"ListItem","position":2,"name":"Capacitaciones","item":"https:\/\/proyectum.com\/do\/capacitacion\/"},{"@type":"ListItem","position":3,"name":"Capacitaci\u00f3n Microsoft Project Professional para Administradores de Proyectos &#8211; B\u00e1sico a Intermedio"}]},{"@type":"WebSite","@id":"\/#website","url":"\/","name":"Proyectum Dominicana","description":"La Agilidad Empresarial es una obligaci\u00f3n","publisher":{"@id":"\/#organization"},"potentialAction":[{"@type":"SearchAction","target":{"@type":"EntryPoint","urlTemplate":"\/?s={search_term_string}"},"query-input":{"@type":"PropertyValueSpecification","valueRequired":true,"valueName":"search_term_string"}}],"inLanguage":"es"},{"@type":"Organization","@id":"\/#organization","name":"Proyectum Dominicana","url":"\/","logo":{"@type":"ImageObject","inLanguage":"es","@id":"\/#\/schema\/logo\/image\/","url":"https:\/\/i1.wp.com\/www.proyectum.com\/cr\/wp-content\/uploads\/proyectum-logo-snippet.png?fit=600%2C315&ssl=1","contentUrl":"https:\/\/i1.wp.com\/www.proyectum.com\/cr\/wp-content\/uploads\/proyectum-logo-snippet.png?fit=600%2C315&ssl=1","width":600,"height":315,"caption":"Proyectum Dominicana"},"image":{"@id":"\/#\/schema\/logo\/image\/"},"sameAs":["https:\/\/www.facebook.com\/proyectumcr\/","https:\/\/www.instagram.com\/proyectumcostarica\/","https:\/\/www.linkedin.com\/company\/proyectum-costarica\/","https:\/\/www.youtube.com\/channel\/UCljouWimyhK_cNcC2jniUgw"]}]}},"jetpack_sharing_enabled":true,"_links":{"self":[{"href":"https:\/\/proyectum.com\/do\/wp-json\/wp\/v2\/pages\/10532"}],"collection":[{"href":"https:\/\/proyectum.com\/do\/wp-json\/wp\/v2\/pages"}],"about":[{"href":"https:\/\/proyectum.com\/do\/wp-json\/wp\/v2\/types\/page"}],"author":[{"embeddable":true,"href":"https:\/\/proyectum.com\/do\/wp-json\/wp\/v2\/users\/15"}],"replies":[{"embeddable":true,"href":"https:\/\/proyectum.com\/do\/wp-json\/wp\/v2\/comments?post=10532"}],"version-history":[{"count":20,"href":"https:\/\/proyectum.com\/do\/wp-json\/wp\/v2\/pages\/10532\/revisions"}],"predecessor-version":[{"id":11562,"href":"https:\/\/proyectum.com\/do\/wp-json\/wp\/v2\/pages\/10532\/revisions\/11562"}],"up":[{"embeddable":true,"href":"https:\/\/proyectum.com\/do\/wp-json\/wp\/v2\/pages\/7466"}],"wp:attachment":[{"href":"https:\/\/proyectum.com\/do\/wp-json\/wp\/v2\/media?parent=10532"}],"curies":[{"name":"wp","href":"https:\/\/api.w.org\/{rel}","templated":true}]}}