{"id":11618,"date":"2022-04-29T11:54:15","date_gmt":"2022-04-29T17:54:15","guid":{"rendered":"https:\/\/www.proyectum.com\/do\/?page_id=11618"},"modified":"2023-02-08T17:20:31","modified_gmt":"2023-02-08T21:20:31","slug":"taller-de-direccion-de-proyectos-hibridos","status":"publish","type":"page","link":"https:\/\/proyectum.com\/do\/capacitacion\/taller-de-direccion-de-proyectos-hibridos\/","title":{"rendered":"Taller de Direcci\u00f3n de Proyectos H\u00edbridos"},"content":{"rendered":"<div class=\"wpb-content-wrapper\"><p>[vc_row full_width=\u00bbstretch_row_content\u00bb css=\u00bb.vc_custom_1581010883325{padding-top: 58px !important;padding-bottom: 58px !important;background-image: url(https:\/\/www.proyectum.com\/do\/wp-content\/uploads\/2018\/09\/curso-tipo.png?id=6990) !important;background-position: center !important;background-repeat: no-repeat !important;background-size: cover !important;}\u00bb][vc_column width=\u00bb1\/2&#8243;][vc_custom_heading text=\u00bbTaller de Direcci\u00f3n de Proyectos H\u00edbridos\u00bb font_container=\u00bbtag:h1|font_size:40|text_align:center|color:%23ffffff\u00bb use_theme_fonts=\u00bbyes\u00bb css=\u00bb.vc_custom_1651254894703{padding-top: 25px !important;padding-left: 150px !important;}\u00bb][\/vc_column][vc_column width=\u00bb1\/2&#8243;][vc_single_image image=\u00bb9634&#8243; img_size=\u00bb200&#215;170&#8243; css=\u00bb.vc_custom_1602877525368{padding-left: 250px !important;}\u00bb][\/vc_column][\/vc_row][vc_row][vc_column width=\u00bb2\/3&#8243;][vc_column_text]<span style=\"color: #000000; font-size: 16px;\">En los \u00faltimos a\u00f1os has sido testigo de c\u00f3mo las organizaciones evolucionaron r\u00e1pidamente. Tambi\u00e9n, la cantidad de proyectos aument\u00f3 exponencialmente. A pesar de esto, pareciera que la Direcci\u00f3n de Proyectos de alguna manera qued\u00f3 atrapada en el pasado, y junto con ella, muchos directores de proyectos.\u00a0<\/span><\/p>\n<p><span style=\"color: #000000; font-size: 16px;\">Es verdad, tambi\u00e9n en los \u00faltimos a\u00f1os, el enfoque \u00e1gil se ha vuelto popular. Pero\u2026 \u00bfRealmente lo has podido implementar en tus proyectos? Tal vez s\u00ed, pero lo que seguramente te ha tocado ver con mayor frecuencia son proyectos donde se combinan los enfoques tradicionales y los \u00e1giles.\u00a0<\/span><\/p>\n<p><span style=\"color: #000000; font-size: 16px;\">Este enfoque h\u00edbrido es el que m\u00e1s vemos en la pr\u00e1ctica y es que en un mundo impulsado por el cambio, las empresas no pueden aplicar un solo enfoque a todos sus proyectos, debemos ocupar lo mejor de cada uno.<\/span><\/p>\n<p><span style=\"color: #000000; font-size: 16px;\">Presentar de manera formal el enfoque h\u00edbrido para que puedas utilizarlo en los proyectos de tu organizaci\u00f3n. Comprender\u00e1s la importancia de determinar el contexto en el que se ejecuta tu proyecto para elegir el enfoque de direcci\u00f3n de proyectos adecuado para conseguir el valor esperado.\u00a0<\/span><\/p>\n<ul>\n<li><span style=\"font-size: 16px; color: #000000;\"><strong>Duraci\u00f3n:\u00a0<\/strong>24 horas de capacitaci\u00f3n efectiva<\/span><\/li>\n<li><span style=\"font-size: 16px; color: #000000;\"><strong>Sesiones<span style=\"color: #000000;\">:\u00a0<\/span><\/strong>8 sesiones totales de 3 horas cada sesi\u00f3n<\/span><\/li>\n<li><span style=\"font-size: 16px; color: #000000;\"><strong>Modalidad:<\/strong>\u00a0Online con instructor en vivo<\/span><\/li>\n<li><span style=\"font-size: 16px; color: #000000;\"><strong>Requisitos:\u00a0<\/strong>No requiere requisitos previos<\/span><\/li>\n<li><span style=\"font-size: 16px; color: #000000;\"><strong>Acreditaci\u00f3n:\u00a0<\/strong>24 PDUs<\/span><\/li>\n<li><span style=\"font-size: 16px; color: #000000;\"><strong>Inversi\u00f3n normal del taller: <\/strong>RD$31,842.00\u00a0(USD$549)<\/span><\/li>\n<li><span style=\"font-size: 16px; color: #000000;\"><strong>Precio de lanzamiento: <\/strong>RD$23,142.00 (USD$399)<\/span><\/li>\n<li><span style=\"color: #000000;\"><strong>Pr\u00f3ximo curso:<\/strong> Lunes 27 de febrero del 2023<\/span><\/li>\n<li><span style=\"color: #000000;\"><strong>Sesiones:<\/strong> Lunes y Mi\u00e9rcoles (27 de febrero, 1\u00b0, 6, 8, 13, 15, 22 y 27 de marzo 2023)<\/span><\/li>\n<li><span style=\"color: #000000;\"><strong>Horario: 7<\/strong>:00pm a 10:00pm<\/span><\/li>\n<li><span style=\"font-size: 16px; color: #000000;\"><strong>Descuentos <em>Si ya tomaste un curso con nosotros, tienes un\u00a015% de descuento\u00a0en\u00a0todos\u00a0nuestros cursos.<\/em><\/strong><\/span>\n<ul>\n<li><span style=\"font-size: 16px; color: #000000;\"><em>\u00a1<strong>Solic\u00edtalo<\/strong>! (Aplican restricciones)<\/em><\/span><\/li>\n<\/ul>\n<\/li>\n<li><span style=\"font-size: 16px; color: #000000;\"><strong>\u00a1Aprovecha nuestros descuentos por grupos en TODOS nuestros cursos!<\/strong><\/span><\/li>\n<\/ul>\n<p>[\/vc_column_text][vc_tta_tabs active_section=\u00bb1&#8243;][vc_tta_section title=\u00bbPerfil\u00bb tab_id=\u00bb1581010191122-a5dde3dc-bdd6&#8243;][vc_column_text]<span style=\"color: #000000;\"><strong>En este taller podr\u00e1n participar:\u00a0<\/strong><\/span><\/p>\n<ul>\n<li><span style=\"color: #000000;\">Directores de proyectos y miembros de equipos de proyectos.\u00a0<\/span><\/li>\n<li><span style=\"color: #000000;\">Personal de dirija o participe en proyectos.\u00a0<\/span><\/li>\n<li><span style=\"color: #000000;\">Gerentes a cargo del seguimiento de los proyectos de la organizaci\u00f3n.<\/span><\/li>\n<li><span style=\"color: #000000;\">Todos los profesionales en carreras de Ingenier\u00eda, Construcci\u00f3n, Computaci\u00f3n y cualquier otra profesi\u00f3n que deseen realizar proyectos, tanto personales como empresariales de manera exitosa.<\/span><\/li>\n<li><span style=\"color: #000000;\">Profesionales que deseen complementar sus carreras con excelentes conocimientos en direcci\u00f3n de proyectos.<\/span><\/li>\n<\/ul>\n<p>[\/vc_column_text][\/vc_tta_section][vc_tta_section title=\u00bbContenido\u00bb tab_id=\u00bb1585603174729-7af39534-c70a\u00bb][vc_column_text]<span style=\"color: #000000;\">Este curso consta de 10 m\u00f3dulos:<\/span><\/p>\n<ol>\n<li data-leveltext=\"%1.\" data-font=\"\" data-listid=\"10\" aria-setsize=\"-1\" data-aria-posinset=\"1\" data-aria-level=\"1\"><span style=\"color: #000000;\">Introducci\u00f3n a la Direcci\u00f3n de Proyectos\u00a0<\/span><\/li>\n<li data-leveltext=\"%1.\" data-font=\"\" data-listid=\"10\" aria-setsize=\"-1\" data-aria-posinset=\"1\" data-aria-level=\"1\"><span style=\"color: #000000;\">La Entrega de Valor y el Rol del director de proyecto\u00a0<\/span><\/li>\n<li data-leveltext=\"%1.\" data-font=\"\" data-listid=\"10\" aria-setsize=\"-1\" data-aria-posinset=\"1\" data-aria-level=\"1\"><span style=\"color: #000000;\">Principios de la Direcci\u00f3n de Proyectos\u00a0<\/span><\/li>\n<li data-leveltext=\"%1.\" data-font=\"\" data-listid=\"10\" aria-setsize=\"-1\" data-aria-posinset=\"1\" data-aria-level=\"1\"><span style=\"color: #000000;\">Dominios de Desempe\u00f1o del proyecto\u00a0<\/span><\/li>\n<li data-leveltext=\"%1.\" data-font=\"\" data-listid=\"10\" aria-setsize=\"-1\" data-aria-posinset=\"1\" data-aria-level=\"1\"><span style=\"color: #000000;\" data-contrast=\"none\">El Contexto y los Ciclos de Vida<\/span>\n<ul>\n<li data-leveltext=\"%1.\" data-font=\"\" data-listid=\"10\" aria-setsize=\"-1\" data-aria-posinset=\"1\" data-aria-level=\"1\"><span style=\"color: #000000;\">Predictivo\u00a0<\/span><\/li>\n<li data-leveltext=\"%1.\" data-font=\"\" data-listid=\"10\" aria-setsize=\"-1\" data-aria-posinset=\"1\" data-aria-level=\"1\"><span style=\"color: #000000;\">Adaptativo\u00a0<\/span>\n<ul>\n<li data-leveltext=\"%1.\" data-font=\"\" data-listid=\"10\" aria-setsize=\"-1\" data-aria-posinset=\"1\" data-aria-level=\"1\"><span style=\"color: #000000;\">Incremental\u00a0<\/span><\/li>\n<li data-leveltext=\"%1.\" data-font=\"\" data-listid=\"10\" aria-setsize=\"-1\" data-aria-posinset=\"1\" data-aria-level=\"1\"><span style=\"color: #000000;\">Iterativo\u00a0<\/span><\/li>\n<li data-leveltext=\"%1.\" data-font=\"\" data-listid=\"10\" aria-setsize=\"-1\" data-aria-posinset=\"1\" data-aria-level=\"1\"><span style=\"color: #000000;\">\u00c1gil\u00a0<\/span><\/li>\n<\/ul>\n<\/li>\n<li data-leveltext=\"%1.\" data-font=\"\" data-listid=\"10\" aria-setsize=\"-1\" data-aria-posinset=\"1\" data-aria-level=\"1\"><span style=\"color: #000000;\">H\u00edbrido\u00a0<\/span><\/li>\n<\/ul>\n<\/li>\n<li data-leveltext=\"%1.\" data-font=\"\" data-listid=\"10\" aria-setsize=\"-1\" data-aria-posinset=\"1\" data-aria-level=\"1\"><span style=\"color: #000000;\">Iniciar el proyecto\u00a0<\/span><\/li>\n<li data-leveltext=\"%1.\" data-font=\"\" data-listid=\"10\" aria-setsize=\"-1\" data-aria-posinset=\"1\" data-aria-level=\"1\"><span style=\"color: #000000;\">Desarrollar la soluci\u00f3n\u00a0<\/span><\/li>\n<li data-leveltext=\"%1.\" data-font=\"\" data-listid=\"10\" aria-setsize=\"-1\" data-aria-posinset=\"1\" data-aria-level=\"1\"><span style=\"color: #000000;\">Entregar la soluci\u00f3n\u00a0<\/span><\/li>\n<li data-leveltext=\"%1.\" data-font=\"\" data-listid=\"10\" aria-setsize=\"-1\" data-aria-posinset=\"1\" data-aria-level=\"1\"><span style=\"color: #000000;\">En curso (On going)\u00a0<\/span><\/li>\n<li data-leveltext=\"%1.\" data-font=\"\" data-listid=\"10\" aria-setsize=\"-1\" data-aria-posinset=\"1\" data-aria-level=\"1\"><span style=\"color: #000000;\">Adaptaci\u00f3n\u00a0<\/span>\n<ul>\n<li data-leveltext=\"%1.\" data-font=\"\" data-listid=\"10\" aria-setsize=\"-1\" data-aria-posinset=\"1\" data-aria-level=\"1\"><span style=\"color: #000000;\" data-contrast=\"none\">Beneficios de adaptar<\/span><\/li>\n<li data-leveltext=\"%1.\" data-font=\"\" data-listid=\"10\" aria-setsize=\"-1\" data-aria-posinset=\"1\" data-aria-level=\"1\"><span style=\"color: #000000;\">El proceso de adaptaci\u00f3n\u00a0<\/span><\/li>\n<li data-leveltext=\"%1.\" data-font=\"\" data-listid=\"10\" aria-setsize=\"-1\" data-aria-posinset=\"1\" data-aria-level=\"1\"><span style=\"color: #000000;\">Adaptaci\u00f3n de tu Forma de Trabajar (WoW)\u00a0<\/span><\/li>\n<li data-leveltext=\"%1.\" data-font=\"\" data-listid=\"10\" aria-setsize=\"-1\" data-aria-posinset=\"1\" data-aria-level=\"1\"><span style=\"color: #000000;\">M\u00e9tricas\u00a0<\/span><\/li>\n<\/ul>\n<\/li>\n<\/ol>\n<ul>\n<li style=\"list-style-type: none;\"><\/li>\n<\/ul>\n<ul>\n<li style=\"list-style-type: none;\"><\/li>\n<\/ul>\n<p>[\/vc_column_text][\/vc_tta_section][vc_tta_section title=\u00bbIncluye\u00bb tab_id=\u00bb1581010237165-b2d3469a-6971&#8243;][vc_column_text]<span style=\"color: #000000;\"><strong>Al matricular este taller usted contar\u00e1 con:<\/strong><\/span><\/p>\n<ul>\n<li><span style=\"color: #000000;\">Formatos de Direcci\u00f3n de Proyectos que apoyan la din\u00e1mica del curso y que puedes utilizar en tus proyectos.<\/span><\/li>\n<li><span style=\"color: #000000;\">Capacitaci\u00f3n registrada ante el PMI<sup>\u00ae<\/sup>\u00a0y que otorga 24 PDUs.<\/span><\/li>\n<li><span style=\"color: #000000;\">Constancia de participaci\u00f3n en el que se avalan 24 horas de capacitaci\u00f3n.<\/span><\/li>\n<li><span style=\"color: #000000;\">Acceso al curso online Scrum Fundamentals Certified y examen de certificaci\u00f3n.<\/span><\/li>\n<li><span style=\"color: #000000;\">Sesiones impartidas por instructor certificado como PMP<sup>\u00ae<\/sup><\/span><\/li>\n<\/ul>\n<p>[\/vc_column_text][\/vc_tta_section][vc_tta_section title=\u00bbObjetivos\u00bb tab_id=\u00bb1581010221887-f7fcd374-7016&#8243;][vc_column_text]<span style=\"color: #000000;\"><strong>Al finalizar este taller usted ser\u00e1 capaz de:<\/strong><\/span><\/p>\n<ul>\n<li><span style=\"color: #000000;\">Entender de forma clara el marco conceptual de la direcci\u00f3n de proyectos, desde que inicia hasta que termina un proyecto\u00a0\u00a0<\/span><\/li>\n<li><span style=\"color: #000000;\">Determinar el contexto en el que gestionar\u00e1s el proyecto\u00a0\u00a0<\/span><\/li>\n<li><span style=\"color: #000000;\">Elegir el mejor enfoque a aplicar en tu proyecto\u00a0<\/span><\/li>\n<li><span style=\"color: #000000;\">Describir y utilizar las principales t\u00e9cnicas y herramientas de direcci\u00f3n de proyectos\u00a0<\/span><\/li>\n<\/ul>\n<p>[\/vc_column_text][\/vc_tta_section][vc_tta_section title=\u00bbPr\u00f3ximas Fechas\u00bb tab_id=\u00bb1605630926639-acd7f5cf-d806&#8243;][vc_column_text]<\/p>\n<table style=\"height: 208px;\" width=\"371\">\n<tbody>\n<tr>\n<th style=\"text-align: center;\"><span style=\"color: #003366;\">C\u00f3digo<\/span><\/th>\n<th style=\"text-align: center;\"><span style=\"color: #003366;\">Fecha inicio<\/span><\/th>\n<th style=\"text-align: center;\"><span style=\"color: #003366;\">Estado<\/span><\/th>\n<th style=\"text-align: center;\"><\/th>\n<\/tr>\n<tr>\n<td style=\"text-align: center;\"><span style=\"color: #000000;\">DPH003<\/span><\/td>\n<td style=\"text-align: center;\"><span style=\"color: #000000;\">27 de febrero del 2023<\/span><\/td>\n<td style=\"text-align: center;\"><span style=\"color: #000000;\">Matr\u00edcula abierta<\/span><\/td>\n<td style=\"text-align: center;\"><\/td>\n<\/tr>\n<tr>\n<td style=\"text-align: center;\"><\/td>\n<td style=\"text-align: center;\"><\/td>\n<td style=\"text-align: center;\"><\/td>\n<td style=\"text-align: center;\"><\/td>\n<\/tr>\n<tr>\n<td style=\"text-align: center;\"><\/td>\n<td style=\"text-align: center;\"><\/td>\n<td style=\"text-align: center;\"><\/td>\n<\/tr>\n<\/tbody>\n<\/table>\n<p>[\/vc_column_text][\/vc_tta_section][\/vc_tta_tabs][\/vc_column][vc_column width=\u00bb1\/3&#8243;][vc_column_text]<\/p>\n<p style=\"text-align: center;\"><span style=\"color: #000000;\"><strong>PASO 1 PARA INSCRIPCI\u00d3N<\/strong><\/span><\/p>\n<p>[\/vc_column_text][vc_btn title=\u00bbCompre aqu\u00ed: TALLER\u00bb color=\u00bbwarning\u00bb align=\u00bbcenter\u00bb i_icon_fontawesome=\u00bb\u00bb button_block=\u00bbtrue\u00bb add_icon=\u00bbtrue\u00bb link=\u00bburl:https%3A%2F%2Fcheckout.baccredomatic.com%2FNDI0ZTk5MzU3OTQuMWQzNjEyNjI2MzExNjQ4NzYzNzUz|target:_blank\u00bb][vc_column_text]<\/p>\n<p style=\"text-align: center;\"><span style=\"color: #000000;\"><strong>PASO 2 PARA INSCRIPCI\u00d3N<\/strong><\/span><\/p>\n<p>[\/vc_column_text][vc_btn title=\u00bbCompletar formulario posterior a la compra\u00bb color=\u00bbsuccess\u00bb align=\u00bbcenter\u00bb i_icon_fontawesome=\u00bb\u00bb button_block=\u00bbtrue\u00bb add_icon=\u00bbtrue\u00bb link=\u00bburl:https%3A%2F%2Fforms.gle%2F683ReDy5p8svLpVZ8|target:_blank\u00bb]<div class=\"porto-u-heading  wpb_custom_95aa9a11c17ad45cfabaf210d84ee7cc porto-u-2329\"><div class=\"porto-u-main-heading\"><h2  >CAPACITACI\u00d3N<\/h2><\/div><style>.porto-u-2329.porto-u-heading{text-align:center}<\/style><\/div>[vc_tta_accordion][vc_tta_section title=\u00bbAGILIDAD\u00bb tab_id=\u00bb1606149104773-2e9350df-f9bd\u00bb][vc_wp_custommenu nav_menu=\u00bb73&#8243;][\/vc_tta_section][vc_tta_section title=\u00bbCERTIFICACIONES\u00bb tab_id=\u00bb1606149104773-e60301ba-dee6&#8243;][vc_wp_custommenu nav_menu=\u00bb75&#8243;][\/vc_tta_section][vc_tta_section title=\u00bbM\u00c1S PROGRAMAS&#8230;\u00bb tab_id=\u00bb1606149183575-05fedd3f-a7ea\u00bb][vc_wp_custommenu nav_menu=\u00bb74&#8243;][\/vc_tta_section][\/vc_tta_accordion][\/vc_column][\/vc_row][vc_row full_width=\u00bbstretch_row_content_no_spaces\u00bb equal_height=\u00bbyes\u00bb][vc_column el_class=\u00bbbackground-color-primary\u00bb css=\u00bb.vc_custom_1528971916644{padding-top: 60px !important;padding-bottom: 55px !important;padding-left: 15px !important;}\u00bb]<div class=\"porto-container container\">[vc_custom_heading text=\u00bb\u00bfQuieres m\u00e1s informaci\u00f3n sobre el curso OKRs for Extreme Executive Results?\u00bb font_container=\u00bbtag:h2|text_align:left|color:%23ffffff\u00bb use_theme_fonts=\u00bbyes\u00bb text_transform=\u00bbtext-uppercase\u00bb css=\u00bb.vc_custom_1629301915845{margin-bottom: 0px !important;}\u00bb][vc_column_text el_class=\u00bbtext-color-dark m-b-md\u00bb]<span style=\"font-size: 16px; color: #c6d4ee;\">D\u00e9janos tus datos para que te llamemos<\/span>[\/vc_column_text]\n<div class=\"wpcf7 no-js\" id=\"wpcf7-f7483-o1\" lang=\"es-ES\" dir=\"ltr\">\n<div class=\"screen-reader-response\"><p role=\"status\" aria-live=\"polite\" aria-atomic=\"true\"><\/p> <ul><\/ul><\/div>\n<form action=\"\/do\/wp-json\/wp\/v2\/pages\/11618#wpcf7-f7483-o1\" method=\"post\" class=\"wpcf7-form init\" aria-label=\"Formulario de contacto\" novalidate=\"novalidate\" data-status=\"init\">\n<div style=\"display: none;\">\n<input type=\"hidden\" name=\"_wpcf7\" value=\"7483\" \/>\n<input type=\"hidden\" name=\"_wpcf7_version\" value=\"5.9.8\" \/>\n<input type=\"hidden\" name=\"_wpcf7_locale\" value=\"es_ES\" \/>\n<input type=\"hidden\" name=\"_wpcf7_unit_tag\" value=\"wpcf7-f7483-o1\" \/>\n<input type=\"hidden\" name=\"_wpcf7_container_post\" value=\"0\" \/>\n<input type=\"hidden\" name=\"_wpcf7_posted_data_hash\" value=\"\" \/>\n<\/div>\n<div style=\"display:none\"><span class=\"wpcf7-form-control-wrap\" data-name=\"donde\"><input size=\"40\" maxlength=\"400\" class=\"wpcf7-form-control wpcf7-text custom-contact-input donde\" aria-invalid=\"false\" value=\"\" type=\"text\" name=\"donde\" \/><\/span><\/div>\n<div class=\"row\">\n    <div class=\"col-lg-6\">\n        <i class=\"Simple-Line-Icons-user text-color-light\"><\/i><span class=\"wpcf7-form-control-wrap\" data-name=\"your-name\"><input size=\"40\" maxlength=\"400\" class=\"wpcf7-form-control wpcf7-text wpcf7-validates-as-required custom-contact-input\" aria-required=\"true\" aria-invalid=\"false\" placeholder=\"Nombre *\" value=\"\" type=\"text\" name=\"your-name\" \/><\/span>\n    <\/div>\n    <div class=\"col-lg-6\">\n        <i class=\"Simple-Line-Icons-envelope text-color-light\"><\/i><span class=\"wpcf7-form-control-wrap\" data-name=\"your-email\"><input size=\"40\" maxlength=\"400\" class=\"wpcf7-form-control wpcf7-email wpcf7-validates-as-required wpcf7-text wpcf7-validates-as-email custom-contact-input\" aria-required=\"true\" aria-invalid=\"false\" placeholder=\"Email *\" value=\"\" type=\"email\" name=\"your-email\" \/><\/span>\n    <\/div>\n<\/div>\n<div class=\"row\">\n    <div class=\"col-lg-6\">\n        <i class=\"Simple-Line-Icons-call-out icons text-color-light\"><\/i><span class=\"wpcf7-form-control-wrap\" data-name=\"your-phone\"><input size=\"40\" maxlength=\"400\" class=\"wpcf7-form-control wpcf7-text custom-contact-input\" aria-invalid=\"false\" placeholder=\"Tel\u00e9fono\" value=\"\" type=\"text\" name=\"your-phone\" \/><\/span>\n    <\/div>\n<\/div>\n<div class=\"row\">\n    <div class=\"col-md-12\">\n        <div class=\"row\">\n            <div class=\"text-left text-checkbox\"><span class=\"wpcf7-form-control-wrap\" data-name=\"resumen\"><span class=\"wpcf7-form-control wpcf7-acceptance optional\"><span class=\"wpcf7-list-item\"><label><input type=\"checkbox\" name=\"resumen\" value=\"1\" aria-invalid=\"false\" \/><span class=\"wpcf7-list-item-label\">Deseo recibir los res\u00famenes de libros<\/span><\/label><\/span><\/span><\/span><\/div>\n            <div class=\"text-left text-checkbox\"><span class=\"wpcf7-form-control-wrap\" data-name=\"webinars\"><span class=\"wpcf7-form-control wpcf7-acceptance optional\"><span class=\"wpcf7-list-item\"><label><input type=\"checkbox\" name=\"webinars\" value=\"1\" aria-invalid=\"false\" \/><span class=\"wpcf7-list-item-label\">Deseo recibir invitaciones a webinars<\/span><\/label><\/span><\/span><\/span><\/div>\n            <div class=\"text-left text-checkbox\"><span class=\"wpcf7-form-control-wrap\" data-name=\"boletin\"><span class=\"wpcf7-form-control wpcf7-acceptance optional\"><span class=\"wpcf7-list-item\"><label><input type=\"checkbox\" name=\"boletin\" value=\"1\" aria-invalid=\"false\" \/><span class=\"wpcf7-list-item-label\">Deseo recibir el bolet\u00edn quincenal<\/span><\/label><\/span><\/span><\/span><\/div>\n        <\/div>\n    <\/div>\n<\/div>\n<div class=\"row center\">\n    <div class=\"col-lg-12\"><input class=\"wpcf7-form-control wpcf7-submit has-spinner custom-btn-style-4\" type=\"submit\" value=\"ENVIAR\" \/><\/div>\n<\/div>\n\n<style>\n.text-checkbox{\ndisplay:block !important;\nwidth: 100%;\ncolor: #fff;\n}\n.wpcf7-form > .row > *{ margin-bottom: 25px; }\n.wpcf7-form i{ position: absolute; top: 10px; }\n.wpcf7-form-control.custom-contact-input {\n    width: 100%;\n    background: none;\n    border: 0px;\n    border-bottom: 1px solid rgba(255, 255, 255, 0.2);\n    box-shadow: none;\n    padding: 10px 10px 10px 30px;\n    color: #fff;\n    -webkit-appearance: none;\n    -moz-appearance: none;\n    -ms-appearance: none;\n    -o-appearance: none;\n    appearance: none;\n}\n.custom-select-style:after {\n    content: '';\n    display: block;\n    position: absolute;\n    top: 50%;\n    right: 25px;\n    width: 10px;\n    height: 10px;\n    border-right: 1px solid #c8d4ea;\n    border-bottom: 1px solid #c8d4ea;\n    z-index: 0;\n    -webkit-transform: translateY(-50%) rotate(45deg);\n    -moz-transform: translateY(-50%) rotate(45deg);\n    -ms-transform: translateY(-50%) rotate(45deg);\n    -o-transform: translateY(-50%) rotate(45deg);\n    transform: translateY(-50%) rotate(45deg);\n}\nselect.custom-contact-input option { color: #818898; }\n.wpcf7-submit.custom-btn-style-4 {\n    background: transparent !important;\n    color: #FFF;\n    font-weight: 900 !important;\n    border: 2px solid #fff !important;\n    padding: 10px 20px !important;\n    font-size: 14px;\n    border-radius: 0px !important;\n}\n.wpcf7-submit.custom-btn-style-4:hover {\n    background: #FFF !important;\n    color: #6a80a9 !important;\n}\n::-webkit-input-placeholder { color: #c8d4ea; }\n::-moz-placeholder { color: #c8d4ea; }\n:-ms-input-placeholder { color: #c8d4ea; }\n:-moz-placeholder{ color: #c8d4ea; }\n@media(max-width: 991px){\n\t.wpcf7-form > .row > *{ margin-bottom: 15px; }\n\t.wpcf7-form .row.center{ margin-top: 10px; }\n}\n<\/style><div class=\"wpcf7-response-output\" aria-hidden=\"true\"><\/div>\n<\/form>\n<\/div>\n<\/div>[\/vc_column][\/vc_row]<\/p>\n<\/div>","protected":false},"excerpt":{"rendered":"<p>[vc_row full_width=\u00bbstretch_row_content\u00bb css=\u00bb.vc_custom_1581010883325{padding-top: 58px !important;padding-bottom: 58px !important;background-image: url(https:\/\/www.proyectum.com\/do\/wp-content\/uploads\/2018\/09\/curso-tipo.png?id=6990) !important;background-position: center !important;background-repeat: no-repeat !important;background-size: cover !important;}\u00bb][vc_column width=\u00bb1\/2&#8243;][vc_custom_heading text=\u00bbTaller de Direcci\u00f3n de Proyectos H\u00edbridos\u00bb font_container=\u00bbtag:h1|font_size:40|text_align:center|color:%23ffffff\u00bb use_theme_fonts=\u00bbyes\u00bb css=\u00bb.vc_custom_1651254894703{padding-top: 25px !important;padding-left: 150px !important;}\u00bb][\/vc_column][vc_column width=\u00bb1\/2&#8243;][vc_single_image image=\u00bb9634&#8243; img_size=\u00bb200&#215;170&#8243; css=\u00bb.vc_custom_1602877525368{padding-left: 250px !important;}\u00bb][\/vc_column][\/vc_row][vc_row][vc_column width=\u00bb2\/3&#8243;][vc_column_text]En los \u00faltimos a\u00f1os has sido testigo de c\u00f3mo las organizaciones evolucionaron r\u00e1pidamente. Tambi\u00e9n, la cantidad de proyectos aument\u00f3 exponencialmente. [&hellip;]<\/p>\n","protected":false},"author":22,"featured_media":0,"parent":7466,"menu_order":0,"comment_status":"closed","ping_status":"closed","template":"","meta":{"content-type":"","footnotes":""},"acf":[],"yoast_head":"<!-- This site is optimized with the Yoast SEO plugin v24.5 - https:\/\/yoast.com\/wordpress\/plugins\/seo\/ -->\n<title>Taller de Direcci\u00f3n de Proyectos H\u00edbridos - Proyectum Dominicana<\/title>\n<meta name=\"robots\" content=\"index, follow, max-snippet:-1, max-image-preview:large, max-video-preview:-1\" \/>\n<link rel=\"canonical\" href=\"https:\/\/proyectum.com\/do\/capacitacion\/taller-de-direccion-de-proyectos-hibridos\/\" \/>\n<meta property=\"og:locale\" content=\"es_ES\" \/>\n<meta property=\"og:type\" content=\"article\" \/>\n<meta property=\"og:title\" content=\"Taller de Direcci\u00f3n de Proyectos H\u00edbridos - Proyectum Dominicana\" \/>\n<meta property=\"og:description\" content=\"[vc_row full_width=\u00bbstretch_row_content\u00bb css=\u00bb.vc_custom_1581010883325{padding-top: 58px !important;padding-bottom: 58px !important;background-image: url(https:\/\/www.proyectum.com\/do\/wp-content\/uploads\/2018\/09\/curso-tipo.png?id=6990) !important;background-position: center !important;background-repeat: no-repeat !important;background-size: cover !important;}\u00bb][vc_column width=\u00bb1\/2&#8243;][vc_custom_heading text=\u00bbTaller de Direcci\u00f3n de Proyectos H\u00edbridos\u00bb font_container=\u00bbtag:h1|font_size:40|text_align:center|color:%23ffffff\u00bb use_theme_fonts=\u00bbyes\u00bb css=\u00bb.vc_custom_1651254894703{padding-top: 25px !important;padding-left: 150px !important;}\u00bb][\/vc_column][vc_column width=\u00bb1\/2&#8243;][vc_single_image image=\u00bb9634&#8243; img_size=\u00bb200&#215;170&#8243; css=\u00bb.vc_custom_1602877525368{padding-left: 250px !important;}\u00bb][\/vc_column][\/vc_row][vc_row][vc_column width=\u00bb2\/3&#8243;][vc_column_text]En los \u00faltimos a\u00f1os has sido testigo de c\u00f3mo las organizaciones evolucionaron r\u00e1pidamente. Tambi\u00e9n, la cantidad de proyectos aument\u00f3 exponencialmente. [&hellip;]\" \/>\n<meta property=\"og:url\" content=\"https:\/\/proyectum.com\/do\/capacitacion\/taller-de-direccion-de-proyectos-hibridos\/\" \/>\n<meta property=\"og:site_name\" content=\"Proyectum Dominicana\" \/>\n<meta property=\"article:publisher\" content=\"https:\/\/www.facebook.com\/proyectumcr\/\" \/>\n<meta property=\"article:modified_time\" content=\"2023-02-08T21:20:31+00:00\" \/>\n<meta name=\"twitter:card\" content=\"summary_large_image\" \/>\n<meta name=\"twitter:label1\" content=\"Tiempo de lectura\" \/>\n\t<meta name=\"twitter:data1\" content=\"3 minutos\" \/>\n<script type=\"application\/ld+json\" class=\"yoast-schema-graph\">{\"@context\":\"https:\/\/schema.org\",\"@graph\":[{\"@type\":\"WebPage\",\"@id\":\"https:\/\/proyectum.com\/do\/capacitacion\/taller-de-direccion-de-proyectos-hibridos\/\",\"url\":\"https:\/\/proyectum.com\/do\/capacitacion\/taller-de-direccion-de-proyectos-hibridos\/\",\"name\":\"Taller de Direcci\u00f3n de Proyectos H\u00edbridos - Proyectum Dominicana\",\"isPartOf\":{\"@id\":\"\/#website\"},\"datePublished\":\"2022-04-29T17:54:15+00:00\",\"dateModified\":\"2023-02-08T21:20:31+00:00\",\"breadcrumb\":{\"@id\":\"https:\/\/proyectum.com\/do\/capacitacion\/taller-de-direccion-de-proyectos-hibridos\/#breadcrumb\"},\"inLanguage\":\"es\",\"potentialAction\":[{\"@type\":\"ReadAction\",\"target\":[\"https:\/\/proyectum.com\/do\/capacitacion\/taller-de-direccion-de-proyectos-hibridos\/\"]}]},{\"@type\":\"BreadcrumbList\",\"@id\":\"https:\/\/proyectum.com\/do\/capacitacion\/taller-de-direccion-de-proyectos-hibridos\/#breadcrumb\",\"itemListElement\":[{\"@type\":\"ListItem\",\"position\":1,\"name\":\"Home\",\"item\":\"https:\/\/proyectum.com\/do\/\"},{\"@type\":\"ListItem\",\"position\":2,\"name\":\"Capacitaciones\",\"item\":\"https:\/\/proyectum.com\/do\/capacitacion\/\"},{\"@type\":\"ListItem\",\"position\":3,\"name\":\"Taller de Direcci\u00f3n de Proyectos H\u00edbridos\"}]},{\"@type\":\"WebSite\",\"@id\":\"\/#website\",\"url\":\"\/\",\"name\":\"Proyectum Dominicana\",\"description\":\"La Agilidad Empresarial es una obligaci\u00f3n\",\"publisher\":{\"@id\":\"\/#organization\"},\"potentialAction\":[{\"@type\":\"SearchAction\",\"target\":{\"@type\":\"EntryPoint\",\"urlTemplate\":\"\/?s={search_term_string}\"},\"query-input\":{\"@type\":\"PropertyValueSpecification\",\"valueRequired\":true,\"valueName\":\"search_term_string\"}}],\"inLanguage\":\"es\"},{\"@type\":\"Organization\",\"@id\":\"\/#organization\",\"name\":\"Proyectum Dominicana\",\"url\":\"\/\",\"logo\":{\"@type\":\"ImageObject\",\"inLanguage\":\"es\",\"@id\":\"\/#\/schema\/logo\/image\/\",\"url\":\"https:\/\/i1.wp.com\/www.proyectum.com\/cr\/wp-content\/uploads\/proyectum-logo-snippet.png?fit=600%2C315&ssl=1\",\"contentUrl\":\"https:\/\/i1.wp.com\/www.proyectum.com\/cr\/wp-content\/uploads\/proyectum-logo-snippet.png?fit=600%2C315&ssl=1\",\"width\":600,\"height\":315,\"caption\":\"Proyectum Dominicana\"},\"image\":{\"@id\":\"\/#\/schema\/logo\/image\/\"},\"sameAs\":[\"https:\/\/www.facebook.com\/proyectumcr\/\",\"https:\/\/www.instagram.com\/proyectumcostarica\/\",\"https:\/\/www.linkedin.com\/company\/proyectum-costarica\/\",\"https:\/\/www.youtube.com\/channel\/UCljouWimyhK_cNcC2jniUgw\"]}]}<\/script>\n<!-- \/ Yoast SEO plugin. -->","yoast_head_json":{"title":"Taller de Direcci\u00f3n de Proyectos H\u00edbridos - Proyectum Dominicana","robots":{"index":"index","follow":"follow","max-snippet":"max-snippet:-1","max-image-preview":"max-image-preview:large","max-video-preview":"max-video-preview:-1"},"canonical":"https:\/\/proyectum.com\/do\/capacitacion\/taller-de-direccion-de-proyectos-hibridos\/","og_locale":"es_ES","og_type":"article","og_title":"Taller de Direcci\u00f3n de Proyectos H\u00edbridos - Proyectum Dominicana","og_description":"[vc_row full_width=\u00bbstretch_row_content\u00bb css=\u00bb.vc_custom_1581010883325{padding-top: 58px !important;padding-bottom: 58px !important;background-image: url(https:\/\/www.proyectum.com\/do\/wp-content\/uploads\/2018\/09\/curso-tipo.png?id=6990) !important;background-position: center !important;background-repeat: no-repeat !important;background-size: cover !important;}\u00bb][vc_column width=\u00bb1\/2&#8243;][vc_custom_heading text=\u00bbTaller de Direcci\u00f3n de Proyectos H\u00edbridos\u00bb font_container=\u00bbtag:h1|font_size:40|text_align:center|color:%23ffffff\u00bb use_theme_fonts=\u00bbyes\u00bb css=\u00bb.vc_custom_1651254894703{padding-top: 25px !important;padding-left: 150px !important;}\u00bb][\/vc_column][vc_column width=\u00bb1\/2&#8243;][vc_single_image image=\u00bb9634&#8243; img_size=\u00bb200&#215;170&#8243; css=\u00bb.vc_custom_1602877525368{padding-left: 250px !important;}\u00bb][\/vc_column][\/vc_row][vc_row][vc_column width=\u00bb2\/3&#8243;][vc_column_text]En los \u00faltimos a\u00f1os has sido testigo de c\u00f3mo las organizaciones evolucionaron r\u00e1pidamente. Tambi\u00e9n, la cantidad de proyectos aument\u00f3 exponencialmente. [&hellip;]","og_url":"https:\/\/proyectum.com\/do\/capacitacion\/taller-de-direccion-de-proyectos-hibridos\/","og_site_name":"Proyectum Dominicana","article_publisher":"https:\/\/www.facebook.com\/proyectumcr\/","article_modified_time":"2023-02-08T21:20:31+00:00","twitter_card":"summary_large_image","twitter_misc":{"Tiempo de lectura":"3 minutos"},"schema":{"@context":"https:\/\/schema.org","@graph":[{"@type":"WebPage","@id":"https:\/\/proyectum.com\/do\/capacitacion\/taller-de-direccion-de-proyectos-hibridos\/","url":"https:\/\/proyectum.com\/do\/capacitacion\/taller-de-direccion-de-proyectos-hibridos\/","name":"Taller de Direcci\u00f3n de Proyectos H\u00edbridos - Proyectum Dominicana","isPartOf":{"@id":"\/#website"},"datePublished":"2022-04-29T17:54:15+00:00","dateModified":"2023-02-08T21:20:31+00:00","breadcrumb":{"@id":"https:\/\/proyectum.com\/do\/capacitacion\/taller-de-direccion-de-proyectos-hibridos\/#breadcrumb"},"inLanguage":"es","potentialAction":[{"@type":"ReadAction","target":["https:\/\/proyectum.com\/do\/capacitacion\/taller-de-direccion-de-proyectos-hibridos\/"]}]},{"@type":"BreadcrumbList","@id":"https:\/\/proyectum.com\/do\/capacitacion\/taller-de-direccion-de-proyectos-hibridos\/#breadcrumb","itemListElement":[{"@type":"ListItem","position":1,"name":"Home","item":"https:\/\/proyectum.com\/do\/"},{"@type":"ListItem","position":2,"name":"Capacitaciones","item":"https:\/\/proyectum.com\/do\/capacitacion\/"},{"@type":"ListItem","position":3,"name":"Taller de Direcci\u00f3n de Proyectos H\u00edbridos"}]},{"@type":"WebSite","@id":"\/#website","url":"\/","name":"Proyectum Dominicana","description":"La Agilidad Empresarial es una obligaci\u00f3n","publisher":{"@id":"\/#organization"},"potentialAction":[{"@type":"SearchAction","target":{"@type":"EntryPoint","urlTemplate":"\/?s={search_term_string}"},"query-input":{"@type":"PropertyValueSpecification","valueRequired":true,"valueName":"search_term_string"}}],"inLanguage":"es"},{"@type":"Organization","@id":"\/#organization","name":"Proyectum Dominicana","url":"\/","logo":{"@type":"ImageObject","inLanguage":"es","@id":"\/#\/schema\/logo\/image\/","url":"https:\/\/i1.wp.com\/www.proyectum.com\/cr\/wp-content\/uploads\/proyectum-logo-snippet.png?fit=600%2C315&ssl=1","contentUrl":"https:\/\/i1.wp.com\/www.proyectum.com\/cr\/wp-content\/uploads\/proyectum-logo-snippet.png?fit=600%2C315&ssl=1","width":600,"height":315,"caption":"Proyectum Dominicana"},"image":{"@id":"\/#\/schema\/logo\/image\/"},"sameAs":["https:\/\/www.facebook.com\/proyectumcr\/","https:\/\/www.instagram.com\/proyectumcostarica\/","https:\/\/www.linkedin.com\/company\/proyectum-costarica\/","https:\/\/www.youtube.com\/channel\/UCljouWimyhK_cNcC2jniUgw"]}]}},"jetpack_sharing_enabled":true,"_links":{"self":[{"href":"https:\/\/proyectum.com\/do\/wp-json\/wp\/v2\/pages\/11618"}],"collection":[{"href":"https:\/\/proyectum.com\/do\/wp-json\/wp\/v2\/pages"}],"about":[{"href":"https:\/\/proyectum.com\/do\/wp-json\/wp\/v2\/types\/page"}],"author":[{"embeddable":true,"href":"https:\/\/proyectum.com\/do\/wp-json\/wp\/v2\/users\/22"}],"replies":[{"embeddable":true,"href":"https:\/\/proyectum.com\/do\/wp-json\/wp\/v2\/comments?post=11618"}],"version-history":[{"count":15,"href":"https:\/\/proyectum.com\/do\/wp-json\/wp\/v2\/pages\/11618\/revisions"}],"predecessor-version":[{"id":11911,"href":"https:\/\/proyectum.com\/do\/wp-json\/wp\/v2\/pages\/11618\/revisions\/11911"}],"up":[{"embeddable":true,"href":"https:\/\/proyectum.com\/do\/wp-json\/wp\/v2\/pages\/7466"}],"wp:attachment":[{"href":"https:\/\/proyectum.com\/do\/wp-json\/wp\/v2\/media?parent=11618"}],"curies":[{"name":"wp","href":"https:\/\/api.w.org\/{rel}","templated":true}]}}