{"id":11627,"date":"2022-04-29T14:23:46","date_gmt":"2022-04-29T20:23:46","guid":{"rendered":"https:\/\/www.proyectum.com\/do\/?page_id=11627"},"modified":"2022-09-05T15:09:04","modified_gmt":"2022-09-05T21:09:04","slug":"fep","status":"publish","type":"page","link":"https:\/\/proyectum.com\/do\/capacitacion\/fep\/","title":{"rendered":"Curso de Formulaci\u00f3n y Evaluaci\u00f3n de Proyectos"},"content":{"rendered":"<div class=\"wpb-content-wrapper\"><p>[vc_row full_width=\u00bbstretch_row_content\u00bb css=\u00bb.vc_custom_1581010883325{padding-top: 58px !important;padding-bottom: 58px !important;background-image: url(https:\/\/www.proyectum.com\/do\/wp-content\/uploads\/2018\/09\/curso-tipo.png?id=6990) !important;background-position: center !important;background-repeat: no-repeat !important;background-size: cover !important;}\u00bb][vc_column width=\u00bb1\/2&#8243;][vc_custom_heading text=\u00bbCurso de Formulaci\u00f3n y Evaluaci\u00f3n de Proyectos\u00bb font_container=\u00bbtag:h1|font_size:40|text_align:center|color:%23ffffff\u00bb use_theme_fonts=\u00bbyes\u00bb css=\u00bb.vc_custom_1652109071151{padding-top: 25px !important;padding-left: 150px !important;}\u00bb][\/vc_column][vc_column width=\u00bb1\/2&#8243;][vc_single_image image=\u00bb9634&#8243; img_size=\u00bb200&#215;170&#8243; css=\u00bb.vc_custom_1602877525368{padding-left: 250px !important;}\u00bb][\/vc_column][\/vc_row][vc_row][vc_column width=\u00bb2\/3&#8243;][vc_column_text]<span style=\"color: #000000;\">Este taller pretende fundamentar los conceptos de la formulaci\u00f3n y evaluaci\u00f3n de proyectos, para que los profesionales puedan gestionarlos a lo interno de sus organizaciones o como profesionales independientes.<\/span><\/p>\n<p><span style=\"color: #000000;\">Para comprender los conceptos involucrados, se debe conocer y aplicar los est\u00e1ndares internacionales del Sistema del Marco L\u00f3gico o Gesti\u00f3n por Resultados para aplicarlos a los proyectos, como la Matriz de involucrados, el \u00e1rbol de Problemas, el \u00e1rbol de Objetivos, la Matriz de Alternativas, la Matriz del Marco L\u00f3gico y los estudios correspondientes.<\/span><\/p>\n<p><span style=\"color: #000000;\">Este taller, permite conocer las bases para generar los m\u00e9todos y t\u00e9cnicas de la formulaci\u00f3n de proyectos, donde el tutor explicar\u00e1 de manera magistral por medio de videos y posteriormente se aplicar\u00e1n los conceptos con los ejercicios de pr\u00e1ctica.<\/span><\/p>\n<p><span style=\"color: #000000;\">Durante el taller, el estudiante desarrollar\u00e1 una formulaci\u00f3n y evaluaci\u00f3n de un proyecto de su inter\u00e9s con las herramientas m\u00e1s importantes.<\/span><\/p>\n<ul>\n<li><span style=\"color: #000000;\"><strong>Duraci\u00f3n:\u00a0<\/strong>20 horas de capacitaci\u00f3n efectiva<\/span><\/li>\n<li><span style=\"color: #000000;\"><strong>Sesiones:\u00a0<\/strong>5 sesiones totales de 4 horas cada sesi\u00f3n<\/span><\/li>\n<li><span style=\"color: #000000;\"><strong>Modalidad:<\/strong>\u00a0Online con instructor en vivo<\/span><\/li>\n<li><span style=\"color: #000000;\"><strong>Requisitos:\u00a0<\/strong>No requiere requisitos previos<\/span><\/li>\n<li><span style=\"color: #000000;\"><strong>Acreditaci\u00f3n:\u00a0<\/strong>20 PDUs<\/span><\/li>\n<li><span style=\"color: #000000;\"><strong>Inversi\u00f3n normal del taller: <span data-sheets-value=\"{&quot;1&quot;:3,&quot;3&quot;:28942}\" data-sheets-userformat=\"{&quot;2&quot;:16445,&quot;3&quot;:{&quot;1&quot;:4,&quot;2&quot;:&quot;[$RD$]#,##0.00&quot;,&quot;3&quot;:1},&quot;5&quot;:{&quot;1&quot;:[{&quot;1&quot;:2,&quot;2&quot;:0,&quot;5&quot;:{&quot;1&quot;:2,&quot;2&quot;:0}},{&quot;1&quot;:0,&quot;2&quot;:0,&quot;3&quot;:3},{&quot;1&quot;:1,&quot;2&quot;:0,&quot;4&quot;:1}]},&quot;6&quot;:{&quot;1&quot;:[{&quot;1&quot;:2,&quot;2&quot;:0,&quot;5&quot;:{&quot;1&quot;:2,&quot;2&quot;:0}},{&quot;1&quot;:0,&quot;2&quot;:0,&quot;3&quot;:3},{&quot;1&quot;:1,&quot;2&quot;:0,&quot;4&quot;:1}]},&quot;7&quot;:{&quot;1&quot;:[{&quot;1&quot;:2,&quot;2&quot;:0,&quot;5&quot;:{&quot;1&quot;:2,&quot;2&quot;:0}},{&quot;1&quot;:0,&quot;2&quot;:0,&quot;3&quot;:3},{&quot;1&quot;:1,&quot;2&quot;:0,&quot;4&quot;:1}]},&quot;8&quot;:{&quot;1&quot;:[{&quot;1&quot;:2,&quot;2&quot;:0,&quot;5&quot;:{&quot;1&quot;:2,&quot;2&quot;:0}},{&quot;1&quot;:0,&quot;2&quot;:0,&quot;3&quot;:3},{&quot;1&quot;:1,&quot;2&quot;:0,&quot;4&quot;:1}]},&quot;17&quot;:1}\" data-sheets-formula=\"=R[0]C[-1]*58\">RD$28,942.00 <\/span><\/strong>(USD$499)<\/span><\/li>\n<li><span style=\"color: #000000;\"><strong>Precio de la<span style=\"color: #000000;\">nzamiento:\u00a0 RD$23,142.00<\/span><\/strong>\u00a0(USD$399)<\/span><\/li>\n<li><span style=\"color: #000000;\"><strong>Pr\u00f3ximo curso:<\/strong> <strong>\u00a0<\/strong>Disponible \u00fanicamente para grupos empresariales<\/span><\/li>\n<li><span style=\"color: #000000;\"><strong>Descuentos<\/strong>:<\/span>\n<ul>\n<li><span style=\"color: #000000;\"><em>Si ya tomaste un curso con nosotros, tienes un\u00a0<strong>20% de descuento<\/strong>\u00a0en\u00a0<strong>todos<\/strong>\u00a0nuestros cursos.<\/em><\/span><\/li>\n<li><span style=\"color: #000000;\"><em>\u00a1<strong>Solic\u00edtalo<\/strong>! (Aplican restricciones)<\/em><\/span><\/li>\n<\/ul>\n<\/li>\n<\/ul>\n<ul>\n<li><span style=\"color: #000000;\"><strong>\u00a1Aprovecha nuestros descuentos por grupos en TODOS nuestros cursos!<\/strong><\/span><\/li>\n<\/ul>\n<p>[\/vc_column_text][vc_tta_tabs active_section=\u00bb1&#8243;][vc_tta_section title=\u00bbPerfil\u00bb tab_id=\u00bb1581010191122-a5dde3dc-bdd6&#8243;][vc_column_text]<span style=\"color: #000000;\"><strong>En este taller podr\u00e1n participar:\u00a0<\/strong><\/span><\/p>\n<ul>\n<li><span style=\"color: #000000;\">Directores de proyectos y miembros de equipos de proyectos.\u00a0<\/span><\/li>\n<li><span style=\"color: #000000;\">Personal de dirija o participe en proyectos.\u00a0<\/span><\/li>\n<li><span style=\"color: #000000;\">Gerentes a cargo del seguimiento de los proyectos de la organizaci\u00f3n.<\/span><\/li>\n<li><span style=\"color: #000000;\">Todos los profesionales en carreras de Ingenier\u00eda, Construcci\u00f3n, Computaci\u00f3n y cualquier otra profesi\u00f3n que deseen realizar proyectos, tanto personales como empresariales de manera exitosa.<\/span><\/li>\n<li><span style=\"color: #000000;\">Profesionales que deseen complementar sus carreras con excelentes conocimientos en direcci\u00f3n de proyectos.<\/span><\/li>\n<\/ul>\n<p>[\/vc_column_text][\/vc_tta_section][vc_tta_section title=\u00bbIncluye\u00bb tab_id=\u00bb1581010237165-b2d3469a-6971&#8243;][vc_column_text]<span style=\"color: #000000;\"><strong>Al matricular este taller usted contar\u00e1 con:<\/strong><\/span><\/p>\n<ul>\n<li><span style=\"color: #000000;\">Formatos de Direcci\u00f3n de Proyectos que apoyan la din\u00e1mica del curso y que puedes utilizar en tus proyectos.<\/span><\/li>\n<li><span style=\"color: #000000;\">Capacitaci\u00f3n registrada ante el PMI<sup>\u00ae<\/sup>\u00a0y que otorga 24 PDUs.<\/span><\/li>\n<li><span style=\"color: #000000;\">Constancia de participaci\u00f3n en el que se avalan 24 horas de capacitaci\u00f3n.<\/span><\/li>\n<li><span style=\"color: #000000;\">Acceso al curso online Scrum Fundamentals Certified y examen de certificaci\u00f3n.<\/span><\/li>\n<li><span style=\"color: #000000;\">Sesiones impartidas por instructor certificado como PMP<sup>\u00ae<\/sup><\/span><\/li>\n<\/ul>\n<p>[\/vc_column_text][\/vc_tta_section][vc_tta_section title=\u00bbContenido\u00bb tab_id=\u00bb1585603174729-7af39534-c70a\u00bb][vc_column_text]<span style=\"color: #000000;\">Este curso consta de 5 m\u00f3dulos:<\/span><\/p>\n<p><span style=\"color: #000000;\"><strong>Unidad 1. Introducci\u00f3n a la Gerencia de Proyectos.<\/strong><\/span><\/p>\n<ul>\n<li><span style=\"color: #000000;\">Introducci\u00f3n a la Administraci\u00f3n de los Proyectos<\/span><\/li>\n<li><span style=\"color: #000000;\">Est\u00e1ndares en Administraci\u00f3n de Proyectos<\/span><\/li>\n<li><span style=\"color: #000000;\">Planeaci\u00f3n estrat\u00e9gica<\/span><\/li>\n<li><span style=\"color: #000000;\">Tipos de proyectos: Las diferentes entre los proyectos empresariales y los sociales.<\/span><\/li>\n<\/ul>\n<p><span style=\"color: #000000;\"><strong>Unidad 2. Est\u00e1ndar Sistema Marco L\u00f3gico<\/strong><\/span><\/p>\n<ul>\n<li><span style=\"color: #000000;\">Formulaci\u00f3n de propuestas de proyectos: el m\u00e9todo m\u00e1s all\u00e1 de la matriz del marco l\u00f3gico y las transiciones del modelo tradicional al de gesti\u00f3n de resultados.\u00a0\u00a0<\/span><\/li>\n<li><span style=\"color: #000000;\">Identificaci\u00f3n y documentaci\u00f3n de necesidades de proyectos<\/span><\/li>\n<li><span style=\"color: #000000;\">Herramientas de an\u00e1lisis de interesados-afectados<\/span><\/li>\n<li><span style=\"color: #000000;\">\u00c1rbol de problemas<\/span><\/li>\n<li><span style=\"color: #000000;\">\u00c1rbol de objetivos.<\/span><\/li>\n<li><span style=\"color: #000000;\">La herramienta de la matriz de alternativas<\/span><\/li>\n<li><span style=\"color: #000000;\">Desarrollo de la matriz de marco l\u00f3gico<\/span><\/li>\n<li><span style=\"color: #000000;\">Redacci\u00f3n de la propuesta de proyecto con especificaciones t\u00e9cnicas, de gesti\u00f3n y econ\u00f3micas.<\/span><\/li>\n<\/ul>\n<p><span style=\"color: #000000;\"><strong>Unidad 3. Estudios de Mercado, T\u00e9cnico, Ambiental, Legal y Organizacional<\/strong><\/span><\/p>\n<ul>\n<li><span style=\"color: #000000;\">El estudio de mercado y la oportunidad del proyecto. Viabilidad. Presentaci\u00f3n Lectura.<\/span><\/li>\n<li><span style=\"color: #000000;\">El estudio t\u00e9cnico y la propuesta de proyecto. Viabilidad.<\/span><\/li>\n<li><span style=\"color: #000000;\">El estudio ambiental: principios y criterios. Viabilidad. Estudio legal y organizacional<\/span><\/li>\n<\/ul>\n<p><span style=\"color: #000000;\"><strong>Unidad 4. Estudio Financiero<\/strong><\/span><\/p>\n<ul>\n<li><span style=\"color: #000000;\">El estudio financiero de viabilidad: elaboraci\u00f3n del flujo de caja inicial de una propuesta de proyecto.<\/span><\/li>\n<li><span style=\"color: #000000;\">El estudio financiero de viabilidad<\/span>\n<ul>\n<li><span style=\"color: #000000;\">Herramientas anal\u00edticas para determinar la viabilidad financiera de un proyecto.<\/span><\/li>\n<li><span style=\"color: #000000;\">Impacto sobre la viabilidad y la gesti\u00f3n de riesgo de par\u00e1metros macroecon\u00f3micos<\/span><\/li>\n<li><span style=\"color: #000000;\">El estudio financiero de viabilidad, An\u00e1lisis de sensibilidad<\/span><\/li>\n<\/ul>\n<\/li>\n<\/ul>\n<p><span style=\"color: #000000;\"><strong>Unidad 5. Conclusiones, Recomendaciones y Propuesta Formulada y Evaluada<\/strong><\/span><\/p>\n<ul>\n<li><span style=\"color: #000000;\">An\u00e1lisis de indicadores financieros.<\/span><\/li>\n<li><span style=\"color: #000000;\">Conclusiones<\/span><\/li>\n<li><span style=\"color: #000000;\">Recomendaciones<\/span><\/li>\n<li><span style=\"color: #000000;\">Documento de propuesta formulada y evaluada<\/span><\/li>\n<\/ul>\n<ul>\n<li style=\"list-style-type: none;\"><\/li>\n<\/ul>\n<ul>\n<li style=\"list-style-type: none;\"><\/li>\n<\/ul>\n<p>[\/vc_column_text][\/vc_tta_section][vc_tta_section title=\u00bbObjetivos\u00bb tab_id=\u00bb1581010221887-f7fcd374-7016&#8243;][vc_column_text]<span style=\"color: #000000;\">Al finalizar el curso, el estudiante estar\u00e1 en capacidad de:<\/span><\/p>\n<ul>\n<li><span style=\"color: #000000;\">\u00a0<strong>Saber Conocer<\/strong>: Comprender sobre los est\u00e1ndares del Marco L\u00f3gico para la Formulaci\u00f3n de Proyectos y los estudios evaluativos.<\/span><\/li>\n<li><span style=\"color: #000000;\"><strong>Saber<\/strong>\u00a0<strong>Hacer<\/strong>: Desarrollar las herramientas m\u00e1s importantes de la formulaci\u00f3n y evaluaci\u00f3n de proyectos.<\/span><\/li>\n<li><span style=\"color: #000000;\"><strong>Saber<\/strong>\u00a0<strong>Ser<\/strong>: Participar individual y grupalmente en las actividades que requiere la formulaci\u00f3n y evaluaci\u00f3n de un proyecto.<\/span><\/li>\n<\/ul>\n<p>[\/vc_column_text][\/vc_tta_section][vc_tta_section title=\u00bbPr\u00f3ximas Fechas\u00bb tab_id=\u00bb1605630926639-acd7f5cf-d806&#8243;][vc_column_text]<\/p>\n<table style=\"height: 208px;\" width=\"371\">\n<tbody>\n<tr>\n<th style=\"text-align: center;\"><span style=\"color: #003366;\">C\u00f3digo<\/span><\/th>\n<th style=\"text-align: center;\"><span style=\"color: #003366;\">Fecha inicio<\/span><\/th>\n<th style=\"text-align: center;\"><span style=\"color: #003366;\">Estado<\/span><\/th>\n<th style=\"text-align: center;\"><\/th>\n<\/tr>\n<tr>\n<td style=\"text-align: center;\"><\/td>\n<td style=\"text-align: center;\"><\/td>\n<td style=\"text-align: center;\"><\/td>\n<td style=\"text-align: center;\"><\/td>\n<\/tr>\n<tr>\n<td style=\"text-align: center;\"><\/td>\n<td style=\"text-align: center;\"><\/td>\n<td style=\"text-align: center;\"><\/td>\n<td style=\"text-align: center;\"><\/td>\n<\/tr>\n<tr>\n<td style=\"text-align: center;\"><\/td>\n<td style=\"text-align: center;\"><\/td>\n<td style=\"text-align: center;\"><\/td>\n<\/tr>\n<\/tbody>\n<\/table>\n<p>[\/vc_column_text][\/vc_tta_section][\/vc_tta_tabs][\/vc_column][vc_column width=\u00bb1\/3&#8243;][vc_column_text]<\/p>\n<p style=\"text-align: center;\"><span style=\"color: #000000;\"><strong>PASO 1 PARA INSCRIPCI\u00d3N<\/strong><\/span><\/p>\n<p>[\/vc_column_text][vc_btn title=\u00bbCompre aqu\u00ed: TALLER\u00bb color=\u00bbwarning\u00bb align=\u00bbcenter\u00bb i_icon_fontawesome=\u00bb\u00bb button_block=\u00bbtrue\u00bb add_icon=\u00bbtrue\u00bb link=\u00bburl:https%3A%2F%2Fcheckout.baccredomatic.com%2FNzI1M2I2MDQ3NjA2MDAxMmEuNzgyNDgxNjUxNTI5ODY3|target:_blank\u00bb][vc_column_text]<\/p>\n<p style=\"text-align: center;\"><span style=\"color: #000000;\"><strong>PASO 2 PARA INSCRIPCI\u00d3N<\/strong><\/span><\/p>\n<p>[\/vc_column_text][vc_btn title=\u00bbCompletar formulario posterior a la compra\u00bb color=\u00bbsuccess\u00bb align=\u00bbcenter\u00bb i_icon_fontawesome=\u00bb\u00bb button_block=\u00bbtrue\u00bb add_icon=\u00bbtrue\u00bb link=\u00bburl:https%3A%2F%2Fforms.gle%2F683ReDy5p8svLpVZ8|target:_blank\u00bb]<div class=\"porto-u-heading  wpb_custom_95aa9a11c17ad45cfabaf210d84ee7cc porto-u-3752\"><div class=\"porto-u-main-heading\"><h2  >CAPACITACI\u00d3N<\/h2><\/div><style>.porto-u-3752.porto-u-heading{text-align:center}<\/style><\/div>[vc_tta_accordion][vc_tta_section title=\u00bbAGILIDAD\u00bb tab_id=\u00bb1606149104773-2e9350df-f9bd\u00bb][vc_wp_custommenu nav_menu=\u00bb73&#8243;][\/vc_tta_section][vc_tta_section title=\u00bbCERTIFICACIONES\u00bb tab_id=\u00bb1606149104773-e60301ba-dee6&#8243;][vc_wp_custommenu nav_menu=\u00bb75&#8243;][\/vc_tta_section][vc_tta_section title=\u00bbM\u00c1S PROGRAMAS&#8230;\u00bb tab_id=\u00bb1606149183575-05fedd3f-a7ea\u00bb][vc_wp_custommenu nav_menu=\u00bb74&#8243;][\/vc_tta_section][\/vc_tta_accordion][\/vc_column][\/vc_row][vc_row full_width=\u00bbstretch_row_content_no_spaces\u00bb equal_height=\u00bbyes\u00bb][vc_column el_class=\u00bbbackground-color-primary\u00bb css=\u00bb.vc_custom_1528971916644{padding-top: 60px !important;padding-bottom: 55px !important;padding-left: 15px !important;}\u00bb]<div class=\"porto-container container\">[vc_custom_heading text=\u00bb\u00bfQuieres m\u00e1s informaci\u00f3n sobre el Taller Formulaci\u00f3n y Evaluaci\u00f3n de Proyectos?\u00bb font_container=\u00bbtag:h2|text_align:left|color:%23ffffff\u00bb use_theme_fonts=\u00bbyes\u00bb text_transform=\u00bbtext-uppercase\u00bb css=\u00bb.vc_custom_1651790616105{margin-bottom: 0px !important;}\u00bb][vc_column_text el_class=\u00bbtext-color-dark m-b-md\u00bb]<span style=\"font-size: 16px; color: #c6d4ee;\">D\u00e9janos tus datos para que te llamemos<\/span>[\/vc_column_text]\n<div class=\"wpcf7 no-js\" id=\"wpcf7-f7483-o1\" lang=\"es-ES\" dir=\"ltr\">\n<div class=\"screen-reader-response\"><p role=\"status\" aria-live=\"polite\" aria-atomic=\"true\"><\/p> <ul><\/ul><\/div>\n<form action=\"\/do\/wp-json\/wp\/v2\/pages\/11627#wpcf7-f7483-o1\" method=\"post\" class=\"wpcf7-form init\" aria-label=\"Formulario de contacto\" novalidate=\"novalidate\" data-status=\"init\">\n<div style=\"display: none;\">\n<input type=\"hidden\" name=\"_wpcf7\" value=\"7483\" \/>\n<input type=\"hidden\" name=\"_wpcf7_version\" value=\"5.9.8\" \/>\n<input type=\"hidden\" name=\"_wpcf7_locale\" value=\"es_ES\" \/>\n<input type=\"hidden\" name=\"_wpcf7_unit_tag\" value=\"wpcf7-f7483-o1\" \/>\n<input type=\"hidden\" name=\"_wpcf7_container_post\" value=\"0\" \/>\n<input type=\"hidden\" name=\"_wpcf7_posted_data_hash\" value=\"\" \/>\n<\/div>\n<div style=\"display:none\"><span class=\"wpcf7-form-control-wrap\" data-name=\"donde\"><input size=\"40\" maxlength=\"400\" class=\"wpcf7-form-control wpcf7-text custom-contact-input donde\" aria-invalid=\"false\" value=\"\" type=\"text\" name=\"donde\" \/><\/span><\/div>\n<div class=\"row\">\n    <div class=\"col-lg-6\">\n        <i class=\"Simple-Line-Icons-user text-color-light\"><\/i><span class=\"wpcf7-form-control-wrap\" data-name=\"your-name\"><input size=\"40\" maxlength=\"400\" class=\"wpcf7-form-control wpcf7-text wpcf7-validates-as-required custom-contact-input\" aria-required=\"true\" aria-invalid=\"false\" placeholder=\"Nombre *\" value=\"\" type=\"text\" name=\"your-name\" \/><\/span>\n    <\/div>\n    <div class=\"col-lg-6\">\n        <i class=\"Simple-Line-Icons-envelope text-color-light\"><\/i><span class=\"wpcf7-form-control-wrap\" data-name=\"your-email\"><input size=\"40\" maxlength=\"400\" class=\"wpcf7-form-control wpcf7-email wpcf7-validates-as-required wpcf7-text wpcf7-validates-as-email custom-contact-input\" aria-required=\"true\" aria-invalid=\"false\" placeholder=\"Email *\" value=\"\" type=\"email\" name=\"your-email\" \/><\/span>\n    <\/div>\n<\/div>\n<div class=\"row\">\n    <div class=\"col-lg-6\">\n        <i class=\"Simple-Line-Icons-call-out icons text-color-light\"><\/i><span class=\"wpcf7-form-control-wrap\" data-name=\"your-phone\"><input size=\"40\" maxlength=\"400\" class=\"wpcf7-form-control wpcf7-text custom-contact-input\" aria-invalid=\"false\" placeholder=\"Tel\u00e9fono\" value=\"\" type=\"text\" name=\"your-phone\" \/><\/span>\n    <\/div>\n<\/div>\n<div class=\"row\">\n    <div class=\"col-md-12\">\n        <div class=\"row\">\n            <div class=\"text-left text-checkbox\"><span class=\"wpcf7-form-control-wrap\" data-name=\"resumen\"><span class=\"wpcf7-form-control wpcf7-acceptance optional\"><span class=\"wpcf7-list-item\"><label><input type=\"checkbox\" name=\"resumen\" value=\"1\" aria-invalid=\"false\" \/><span class=\"wpcf7-list-item-label\">Deseo recibir los res\u00famenes de libros<\/span><\/label><\/span><\/span><\/span><\/div>\n            <div class=\"text-left text-checkbox\"><span class=\"wpcf7-form-control-wrap\" data-name=\"webinars\"><span class=\"wpcf7-form-control wpcf7-acceptance optional\"><span class=\"wpcf7-list-item\"><label><input type=\"checkbox\" name=\"webinars\" value=\"1\" aria-invalid=\"false\" \/><span class=\"wpcf7-list-item-label\">Deseo recibir invitaciones a webinars<\/span><\/label><\/span><\/span><\/span><\/div>\n            <div class=\"text-left text-checkbox\"><span class=\"wpcf7-form-control-wrap\" data-name=\"boletin\"><span class=\"wpcf7-form-control wpcf7-acceptance optional\"><span class=\"wpcf7-list-item\"><label><input type=\"checkbox\" name=\"boletin\" value=\"1\" aria-invalid=\"false\" \/><span class=\"wpcf7-list-item-label\">Deseo recibir el bolet\u00edn quincenal<\/span><\/label><\/span><\/span><\/span><\/div>\n        <\/div>\n    <\/div>\n<\/div>\n<div class=\"row center\">\n    <div class=\"col-lg-12\"><input class=\"wpcf7-form-control wpcf7-submit has-spinner custom-btn-style-4\" type=\"submit\" value=\"ENVIAR\" \/><\/div>\n<\/div>\n\n<style>\n.text-checkbox{\ndisplay:block !important;\nwidth: 100%;\ncolor: #fff;\n}\n.wpcf7-form > .row > *{ margin-bottom: 25px; }\n.wpcf7-form i{ position: absolute; top: 10px; }\n.wpcf7-form-control.custom-contact-input {\n    width: 100%;\n    background: none;\n    border: 0px;\n    border-bottom: 1px solid rgba(255, 255, 255, 0.2);\n    box-shadow: none;\n    padding: 10px 10px 10px 30px;\n    color: #fff;\n    -webkit-appearance: none;\n    -moz-appearance: none;\n    -ms-appearance: none;\n    -o-appearance: none;\n    appearance: none;\n}\n.custom-select-style:after {\n    content: '';\n    display: block;\n    position: absolute;\n    top: 50%;\n    right: 25px;\n    width: 10px;\n    height: 10px;\n    border-right: 1px solid #c8d4ea;\n    border-bottom: 1px solid #c8d4ea;\n    z-index: 0;\n    -webkit-transform: translateY(-50%) rotate(45deg);\n    -moz-transform: translateY(-50%) rotate(45deg);\n    -ms-transform: translateY(-50%) rotate(45deg);\n    -o-transform: translateY(-50%) rotate(45deg);\n    transform: translateY(-50%) rotate(45deg);\n}\nselect.custom-contact-input option { color: #818898; }\n.wpcf7-submit.custom-btn-style-4 {\n    background: transparent !important;\n    color: #FFF;\n    font-weight: 900 !important;\n    border: 2px solid #fff !important;\n    padding: 10px 20px !important;\n    font-size: 14px;\n    border-radius: 0px !important;\n}\n.wpcf7-submit.custom-btn-style-4:hover {\n    background: #FFF !important;\n    color: #6a80a9 !important;\n}\n::-webkit-input-placeholder { color: #c8d4ea; }\n::-moz-placeholder { color: #c8d4ea; }\n:-ms-input-placeholder { color: #c8d4ea; }\n:-moz-placeholder{ color: #c8d4ea; }\n@media(max-width: 991px){\n\t.wpcf7-form > .row > *{ margin-bottom: 15px; }\n\t.wpcf7-form .row.center{ margin-top: 10px; }\n}\n<\/style><div class=\"wpcf7-response-output\" aria-hidden=\"true\"><\/div>\n<\/form>\n<\/div>\n<\/div>[\/vc_column][\/vc_row]<\/p>\n<\/div>","protected":false},"excerpt":{"rendered":"<p>[vc_row full_width=\u00bbstretch_row_content\u00bb css=\u00bb.vc_custom_1581010883325{padding-top: 58px !important;padding-bottom: 58px !important;background-image: url(https:\/\/www.proyectum.com\/do\/wp-content\/uploads\/2018\/09\/curso-tipo.png?id=6990) !important;background-position: center !important;background-repeat: no-repeat !important;background-size: cover !important;}\u00bb][vc_column width=\u00bb1\/2&#8243;][vc_custom_heading text=\u00bbCurso de Formulaci\u00f3n y Evaluaci\u00f3n de Proyectos\u00bb font_container=\u00bbtag:h1|font_size:40|text_align:center|color:%23ffffff\u00bb use_theme_fonts=\u00bbyes\u00bb css=\u00bb.vc_custom_1652109071151{padding-top: 25px !important;padding-left: 150px !important;}\u00bb][\/vc_column][vc_column width=\u00bb1\/2&#8243;][vc_single_image image=\u00bb9634&#8243; img_size=\u00bb200&#215;170&#8243; css=\u00bb.vc_custom_1602877525368{padding-left: 250px !important;}\u00bb][\/vc_column][\/vc_row][vc_row][vc_column width=\u00bb2\/3&#8243;][vc_column_text]Este taller pretende fundamentar los conceptos de la formulaci\u00f3n y evaluaci\u00f3n de proyectos, para que los profesionales puedan gestionarlos [&hellip;]<\/p>\n","protected":false},"author":22,"featured_media":0,"parent":7466,"menu_order":0,"comment_status":"closed","ping_status":"closed","template":"","meta":{"content-type":"","footnotes":""},"acf":[],"yoast_head":"<!-- This site is optimized with the Yoast SEO plugin v24.5 - https:\/\/yoast.com\/wordpress\/plugins\/seo\/ -->\n<title>Curso de Formulaci\u00f3n y Evaluaci\u00f3n de Proyectos - Proyectum Dominicana<\/title>\n<meta name=\"robots\" content=\"index, follow, max-snippet:-1, max-image-preview:large, max-video-preview:-1\" \/>\n<link rel=\"canonical\" href=\"https:\/\/proyectum.com\/do\/capacitacion\/fep\/\" \/>\n<meta property=\"og:locale\" content=\"es_ES\" \/>\n<meta property=\"og:type\" content=\"article\" \/>\n<meta property=\"og:title\" content=\"Curso de Formulaci\u00f3n y Evaluaci\u00f3n de Proyectos - Proyectum Dominicana\" \/>\n<meta property=\"og:description\" content=\"[vc_row full_width=\u00bbstretch_row_content\u00bb css=\u00bb.vc_custom_1581010883325{padding-top: 58px !important;padding-bottom: 58px !important;background-image: url(https:\/\/www.proyectum.com\/do\/wp-content\/uploads\/2018\/09\/curso-tipo.png?id=6990) !important;background-position: center !important;background-repeat: no-repeat !important;background-size: cover !important;}\u00bb][vc_column width=\u00bb1\/2&#8243;][vc_custom_heading text=\u00bbCurso de Formulaci\u00f3n y Evaluaci\u00f3n de Proyectos\u00bb font_container=\u00bbtag:h1|font_size:40|text_align:center|color:%23ffffff\u00bb use_theme_fonts=\u00bbyes\u00bb css=\u00bb.vc_custom_1652109071151{padding-top: 25px !important;padding-left: 150px !important;}\u00bb][\/vc_column][vc_column width=\u00bb1\/2&#8243;][vc_single_image image=\u00bb9634&#8243; img_size=\u00bb200&#215;170&#8243; css=\u00bb.vc_custom_1602877525368{padding-left: 250px !important;}\u00bb][\/vc_column][\/vc_row][vc_row][vc_column width=\u00bb2\/3&#8243;][vc_column_text]Este taller pretende fundamentar los conceptos de la formulaci\u00f3n y evaluaci\u00f3n de proyectos, para que los profesionales puedan gestionarlos [&hellip;]\" \/>\n<meta property=\"og:url\" content=\"https:\/\/proyectum.com\/do\/capacitacion\/fep\/\" \/>\n<meta property=\"og:site_name\" content=\"Proyectum Dominicana\" \/>\n<meta property=\"article:publisher\" content=\"https:\/\/www.facebook.com\/proyectumcr\/\" \/>\n<meta property=\"article:modified_time\" content=\"2022-09-05T21:09:04+00:00\" \/>\n<meta name=\"twitter:card\" content=\"summary_large_image\" \/>\n<meta name=\"twitter:label1\" content=\"Tiempo de lectura\" \/>\n\t<meta name=\"twitter:data1\" content=\"4 minutos\" \/>\n<script type=\"application\/ld+json\" class=\"yoast-schema-graph\">{\"@context\":\"https:\/\/schema.org\",\"@graph\":[{\"@type\":\"WebPage\",\"@id\":\"https:\/\/proyectum.com\/do\/capacitacion\/fep\/\",\"url\":\"https:\/\/proyectum.com\/do\/capacitacion\/fep\/\",\"name\":\"Curso de Formulaci\u00f3n y Evaluaci\u00f3n de Proyectos - Proyectum Dominicana\",\"isPartOf\":{\"@id\":\"\/#website\"},\"datePublished\":\"2022-04-29T20:23:46+00:00\",\"dateModified\":\"2022-09-05T21:09:04+00:00\",\"breadcrumb\":{\"@id\":\"https:\/\/proyectum.com\/do\/capacitacion\/fep\/#breadcrumb\"},\"inLanguage\":\"es\",\"potentialAction\":[{\"@type\":\"ReadAction\",\"target\":[\"https:\/\/proyectum.com\/do\/capacitacion\/fep\/\"]}]},{\"@type\":\"BreadcrumbList\",\"@id\":\"https:\/\/proyectum.com\/do\/capacitacion\/fep\/#breadcrumb\",\"itemListElement\":[{\"@type\":\"ListItem\",\"position\":1,\"name\":\"Home\",\"item\":\"https:\/\/proyectum.com\/do\/\"},{\"@type\":\"ListItem\",\"position\":2,\"name\":\"Capacitaciones\",\"item\":\"https:\/\/proyectum.com\/do\/capacitacion\/\"},{\"@type\":\"ListItem\",\"position\":3,\"name\":\"Curso de Formulaci\u00f3n y Evaluaci\u00f3n de Proyectos\"}]},{\"@type\":\"WebSite\",\"@id\":\"\/#website\",\"url\":\"\/\",\"name\":\"Proyectum Dominicana\",\"description\":\"La Agilidad Empresarial es una obligaci\u00f3n\",\"publisher\":{\"@id\":\"\/#organization\"},\"potentialAction\":[{\"@type\":\"SearchAction\",\"target\":{\"@type\":\"EntryPoint\",\"urlTemplate\":\"\/?s={search_term_string}\"},\"query-input\":{\"@type\":\"PropertyValueSpecification\",\"valueRequired\":true,\"valueName\":\"search_term_string\"}}],\"inLanguage\":\"es\"},{\"@type\":\"Organization\",\"@id\":\"\/#organization\",\"name\":\"Proyectum Dominicana\",\"url\":\"\/\",\"logo\":{\"@type\":\"ImageObject\",\"inLanguage\":\"es\",\"@id\":\"\/#\/schema\/logo\/image\/\",\"url\":\"https:\/\/i1.wp.com\/www.proyectum.com\/cr\/wp-content\/uploads\/proyectum-logo-snippet.png?fit=600%2C315&ssl=1\",\"contentUrl\":\"https:\/\/i1.wp.com\/www.proyectum.com\/cr\/wp-content\/uploads\/proyectum-logo-snippet.png?fit=600%2C315&ssl=1\",\"width\":600,\"height\":315,\"caption\":\"Proyectum Dominicana\"},\"image\":{\"@id\":\"\/#\/schema\/logo\/image\/\"},\"sameAs\":[\"https:\/\/www.facebook.com\/proyectumcr\/\",\"https:\/\/www.instagram.com\/proyectumcostarica\/\",\"https:\/\/www.linkedin.com\/company\/proyectum-costarica\/\",\"https:\/\/www.youtube.com\/channel\/UCljouWimyhK_cNcC2jniUgw\"]}]}<\/script>\n<!-- \/ Yoast SEO plugin. -->","yoast_head_json":{"title":"Curso de Formulaci\u00f3n y Evaluaci\u00f3n de Proyectos - Proyectum Dominicana","robots":{"index":"index","follow":"follow","max-snippet":"max-snippet:-1","max-image-preview":"max-image-preview:large","max-video-preview":"max-video-preview:-1"},"canonical":"https:\/\/proyectum.com\/do\/capacitacion\/fep\/","og_locale":"es_ES","og_type":"article","og_title":"Curso de Formulaci\u00f3n y Evaluaci\u00f3n de Proyectos - Proyectum Dominicana","og_description":"[vc_row full_width=\u00bbstretch_row_content\u00bb css=\u00bb.vc_custom_1581010883325{padding-top: 58px !important;padding-bottom: 58px !important;background-image: url(https:\/\/www.proyectum.com\/do\/wp-content\/uploads\/2018\/09\/curso-tipo.png?id=6990) !important;background-position: center !important;background-repeat: no-repeat !important;background-size: cover !important;}\u00bb][vc_column width=\u00bb1\/2&#8243;][vc_custom_heading text=\u00bbCurso de Formulaci\u00f3n y Evaluaci\u00f3n de Proyectos\u00bb font_container=\u00bbtag:h1|font_size:40|text_align:center|color:%23ffffff\u00bb use_theme_fonts=\u00bbyes\u00bb css=\u00bb.vc_custom_1652109071151{padding-top: 25px !important;padding-left: 150px !important;}\u00bb][\/vc_column][vc_column width=\u00bb1\/2&#8243;][vc_single_image image=\u00bb9634&#8243; img_size=\u00bb200&#215;170&#8243; css=\u00bb.vc_custom_1602877525368{padding-left: 250px !important;}\u00bb][\/vc_column][\/vc_row][vc_row][vc_column width=\u00bb2\/3&#8243;][vc_column_text]Este taller pretende fundamentar los conceptos de la formulaci\u00f3n y evaluaci\u00f3n de proyectos, para que los profesionales puedan gestionarlos [&hellip;]","og_url":"https:\/\/proyectum.com\/do\/capacitacion\/fep\/","og_site_name":"Proyectum Dominicana","article_publisher":"https:\/\/www.facebook.com\/proyectumcr\/","article_modified_time":"2022-09-05T21:09:04+00:00","twitter_card":"summary_large_image","twitter_misc":{"Tiempo de lectura":"4 minutos"},"schema":{"@context":"https:\/\/schema.org","@graph":[{"@type":"WebPage","@id":"https:\/\/proyectum.com\/do\/capacitacion\/fep\/","url":"https:\/\/proyectum.com\/do\/capacitacion\/fep\/","name":"Curso de Formulaci\u00f3n y Evaluaci\u00f3n de Proyectos - Proyectum Dominicana","isPartOf":{"@id":"\/#website"},"datePublished":"2022-04-29T20:23:46+00:00","dateModified":"2022-09-05T21:09:04+00:00","breadcrumb":{"@id":"https:\/\/proyectum.com\/do\/capacitacion\/fep\/#breadcrumb"},"inLanguage":"es","potentialAction":[{"@type":"ReadAction","target":["https:\/\/proyectum.com\/do\/capacitacion\/fep\/"]}]},{"@type":"BreadcrumbList","@id":"https:\/\/proyectum.com\/do\/capacitacion\/fep\/#breadcrumb","itemListElement":[{"@type":"ListItem","position":1,"name":"Home","item":"https:\/\/proyectum.com\/do\/"},{"@type":"ListItem","position":2,"name":"Capacitaciones","item":"https:\/\/proyectum.com\/do\/capacitacion\/"},{"@type":"ListItem","position":3,"name":"Curso de Formulaci\u00f3n y Evaluaci\u00f3n de Proyectos"}]},{"@type":"WebSite","@id":"\/#website","url":"\/","name":"Proyectum Dominicana","description":"La Agilidad Empresarial es una obligaci\u00f3n","publisher":{"@id":"\/#organization"},"potentialAction":[{"@type":"SearchAction","target":{"@type":"EntryPoint","urlTemplate":"\/?s={search_term_string}"},"query-input":{"@type":"PropertyValueSpecification","valueRequired":true,"valueName":"search_term_string"}}],"inLanguage":"es"},{"@type":"Organization","@id":"\/#organization","name":"Proyectum Dominicana","url":"\/","logo":{"@type":"ImageObject","inLanguage":"es","@id":"\/#\/schema\/logo\/image\/","url":"https:\/\/i1.wp.com\/www.proyectum.com\/cr\/wp-content\/uploads\/proyectum-logo-snippet.png?fit=600%2C315&ssl=1","contentUrl":"https:\/\/i1.wp.com\/www.proyectum.com\/cr\/wp-content\/uploads\/proyectum-logo-snippet.png?fit=600%2C315&ssl=1","width":600,"height":315,"caption":"Proyectum Dominicana"},"image":{"@id":"\/#\/schema\/logo\/image\/"},"sameAs":["https:\/\/www.facebook.com\/proyectumcr\/","https:\/\/www.instagram.com\/proyectumcostarica\/","https:\/\/www.linkedin.com\/company\/proyectum-costarica\/","https:\/\/www.youtube.com\/channel\/UCljouWimyhK_cNcC2jniUgw"]}]}},"jetpack_sharing_enabled":true,"_links":{"self":[{"href":"https:\/\/proyectum.com\/do\/wp-json\/wp\/v2\/pages\/11627"}],"collection":[{"href":"https:\/\/proyectum.com\/do\/wp-json\/wp\/v2\/pages"}],"about":[{"href":"https:\/\/proyectum.com\/do\/wp-json\/wp\/v2\/types\/page"}],"author":[{"embeddable":true,"href":"https:\/\/proyectum.com\/do\/wp-json\/wp\/v2\/users\/22"}],"replies":[{"embeddable":true,"href":"https:\/\/proyectum.com\/do\/wp-json\/wp\/v2\/comments?post=11627"}],"version-history":[{"count":14,"href":"https:\/\/proyectum.com\/do\/wp-json\/wp\/v2\/pages\/11627\/revisions"}],"predecessor-version":[{"id":11793,"href":"https:\/\/proyectum.com\/do\/wp-json\/wp\/v2\/pages\/11627\/revisions\/11793"}],"up":[{"embeddable":true,"href":"https:\/\/proyectum.com\/do\/wp-json\/wp\/v2\/pages\/7466"}],"wp:attachment":[{"href":"https:\/\/proyectum.com\/do\/wp-json\/wp\/v2\/media?parent=11627"}],"curies":[{"name":"wp","href":"https:\/\/api.w.org\/{rel}","templated":true}]}}