{"id":58,"date":"2017-03-03T08:08:47","date_gmt":"2017-03-03T08:08:47","guid":{"rendered":"http:\/\/sw-themes.com\/porto_dummy\/?page_id=58"},"modified":"2023-11-17T20:48:14","modified_gmt":"2023-11-18T00:48:14","slug":"home","status":"publish","type":"page","link":"https:\/\/proyectum.com\/do\/","title":{"rendered":"Home"},"content":{"rendered":"<div class=\"wpb-content-wrapper\"><p>[vc_row wrap_container=\u00bbyes\u00bb css=\u00bb.vc_custom_1538055592166{padding-top: 0px !important;padding-bottom: 0px !important;background-color: #00416b !important;}\u00bb el_class=\u00bbhome-intro\u00bb][vc_column offset=\u00bbvc_col-lg-8 vc_col-md-8&#8243;][vc_column_text css=\u00bb.vc_custom_1536804901710{margin-bottom: 0px !important;}\u00bb]<\/p>\n<p class=\"text-color-light\"><span style=\"font-size: 15px;\">Somos el aliado perfecto para asegurar la gesti\u00f3n exitosa de tus proyectos.<\/span><br \/>\n<span style=\"color: #e6e6e6; font-size: 13px;\">Cont\u00e1ctanos ahora y obt\u00e9n un diagn\u00f3stico a tu empresa sin costo<\/span>[\/vc_column_text][\/vc_column][\/vc_row][vc_row equal_height=\u00bbyes\u00bb content_placement=\u00bbmiddle\u00bb][vc_column offset=\u00bbvc_col-lg-6 vc_col-md-6&#8243; el_class=\u00bbcustom-parallax-height\u00bb][vc_single_image image=\u00bb6906&#8243; img_size=\u00bbfull\u00bb alignment=\u00bbright\u00bb el_class=\u00bbimagen123455&#8243;][\/vc_column][vc_column css=\u00bb.vc_custom_1488957893710{padding-top: 15px !important;padding-bottom: 50px !important;background-color: #f4f4f4 !important;}\u00bb offset=\u00bbvc_col-lg-6 vc_col-md-6&#8243;]<div class=\"porto-container container col-half-section col-half-section-left\">[vc_custom_heading text=\u00bbCapacitaci\u00f3n\u00bb font_container=\u00bbtag:h2|text_align:left|color:%2300416b\u00bb use_theme_fonts=\u00bbyes\u00bb text_transform=\u00bbtext-uppercase\u00bb css=\u00bb.vc_custom_1536940684598{margin-bottom: 0px !important;}\u00bb][vc_column_text el_class=\u00bbtext-color-dark m-b-md\u00bb]<span style=\"color: #faab54; font-size: 18px;\">Revisa nuestra oferta de cursos<\/span>[\/vc_column_text][vc_column_text css=\u00bb.vc_custom_1582150397415{margin-bottom: 40px !important;}\u00bb]Proyectum Dominicana ofrece cursos de formaci\u00f3n en Direcci\u00f3n de Proyectos, tanto a personas como a empresas que desean elevar sus niveles de conocimiento en esta materia. Nos adaptamos a las necesidades de los clientes, ofreciendo flexibilidad en los horarios y adopci\u00f3n de casos pr\u00e1cticos ajustados a sus realidades.[\/vc_column_text][vc_btn title=\u00bbOFERTA DE CURSOS\u00bb style=\u00bboutline\u00bb shape=\u00bbsquare\u00bb color=\u00bbwhite\u00bb size=\u00bblg\u00bb align=\u00bbleft\u00bb skin=\u00bbprimary\u00bb link=\u00bburl:https%3A%2F%2Fwww.proyectum.com%2Fdo%2Fcapacitaciones%2F|||\u00bb el_class=\u00bbcustom-btn-style-2 text-color-dark font-weight-semibold btn-servicios\u00bb css=\u00bb.vc_custom_1581001092155{margin-bottom: 10px !important;}\u00bb]<\/div>[\/vc_column][\/vc_row][vc_row equal_height=\u00bbyes\u00bb content_placement=\u00bbmiddle\u00bb el_class=\u00bbcustom-sm-flex-order\u00bb][vc_column offset=\u00bbvc_col-lg-6 vc_col-md-6&#8243; css=\u00bb.vc_custom_1488957656360{padding-top: 13px !important;padding-bottom: 50px !important;background-color: #f4f4f4 !important;}\u00bb]<div class=\"porto-container container col-half-section col-half-section-right\">[vc_custom_heading text=\u00bbCONSULTOR\u00cdA\u00bb font_container=\u00bbtag:h2|text_align:right|color:%2300416b\u00bb use_theme_fonts=\u00bbyes\u00bb text_transform=\u00bbtext-uppercase\u00bb css=\u00bb.vc_custom_1536940696938{margin-bottom: 0px !important;}\u00bb][vc_column_text el_class=\u00bbtext-color-dark m-b-md align-right\u00bb]<span style=\"color: #faab54; font-size: 18px;\">Somos tu aliado estrat\u00e9gico en direcci\u00f3n de proyectos<\/span>[\/vc_column_text][vc_column_text css=\u00bb.vc_custom_1547128006675{margin-bottom: 40px !important;}\u00bb el_class=\u00bbalign-right\u00bb]Nuestros servicios de Consultor\u00eda tienen por finalidad permitir a nuestros clientes establecer un medio ambiente de procesos, herramientas y personas que creen las condiciones para ejecutar proyectos exitosos.[\/vc_column_text][vc_btn title=\u00bbVER M\u00c1S\u00bb style=\u00bboutline\u00bb shape=\u00bbsquare\u00bb color=\u00bbwhite\u00bb size=\u00bblg\u00bb align=\u00bbright\u00bb skin=\u00bbprimary\u00bb link=\u00bburl:https%3A%2F%2Fwww.proyectumglobal.com%2Fcr%2Fconsultoria%2F|title:st||\u00bb el_class=\u00bbcustom-btn-style-2 text-color-dark font-weight-semibold btn-servicios\u00bb css=\u00bb.vc_custom_1538170445254{margin-bottom: 10px !important;}\u00bb]<\/div>[\/vc_column][vc_column css=\u00bb.vc_custom_1537986756736{padding-top: 15px !important;padding-bottom: 50px !important;}\u00bb offset=\u00bbvc_col-lg-6 vc_col-md-6&#8243; el_class=\u00bbimagen23&#8243;][vc_single_image image=\u00bb6907&#8243; img_size=\u00bbfull\u00bb alignment=\u00bbright\u00bb el_class=\u00bbimagen123455&#8243;][\/vc_column][\/vc_row][vc_row equal_height=\u00bbyes\u00bb content_placement=\u00bbmiddle\u00bb parallax=\u00bbcontent-moving\u00bb parallax_image=\u00bb6908&#8243; parallax_speed_bg=\u00bb2&#8243; disable_element=\u00bbyes\u00bb][vc_column offset=\u00bbvc_col-lg-6 vc_col-md-6&#8243; el_class=\u00bbultimaimagen\u00bb][vc_single_image image=\u00bb6908&#8243; img_size=\u00bbfull\u00bb alignment=\u00bbright\u00bb el_class=\u00bbimagen123455&#8243;][\/vc_column][vc_column css=\u00bb.vc_custom_1488957677937{padding-top: 13px !important;padding-bottom: 50px !important;background-color: #f4f4f4 !important;}\u00bb offset=\u00bbvc_col-lg-6 vc_col-md-6&#8243;]<div class=\"porto-container container col-half-section col-half-section-left\">[vc_custom_heading text=\u00bbServicios Profesionales\u00bb font_container=\u00bbtag:h2|text_align:left|color:%2300416b\u00bb use_theme_fonts=\u00bbyes\u00bb text_transform=\u00bbtext-uppercase\u00bb css=\u00bb.vc_custom_1536940725826{margin-bottom: 0px !important;}\u00bb][vc_column_text el_class=\u00bbtext-color-dark m-b-md\u00bb]<span style=\"color: #faab54; font-size: 18px;\">Te ayudamos a cumplir los objetivos de tu empresa<\/span>[\/vc_column_text][vc_column_text css=\u00bb.vc_custom_1547128069743{margin-bottom: 40px !important;}\u00bb]Ponemos a disposici\u00f3n de nuestros clientes servicios otorgados a trav\u00e9s de profesionales de excelencia, que potenciando sus competencias personales con la formaci\u00f3n, metodolog\u00edas y supervisi\u00f3n de Proyectum, est\u00e1n en condiciones de desarrollar para nuestros clientes todos los procesos necesarios para asegurar un ambiente de proyectos exitosos.[\/vc_column_text][vc_btn title=\u00bbNUESTROS SERVICIOS\u00bb style=\u00bboutline\u00bb shape=\u00bbsquare\u00bb color=\u00bbwhite\u00bb size=\u00bblg\u00bb align=\u00bbleft\u00bb skin=\u00bbprimary\u00bb link=\u00bb|||\u00bb el_class=\u00bbcustom-btn-style-2 text-color-dark font-weight-semibold btn-servicios\u00bb css=\u00bb.vc_custom_1578660418233{margin-bottom: 10px !important;}\u00bb]<\/div>[\/vc_column][\/vc_row][vc_row wrap_container=\u00bbyes\u00bb el_class=\u00bbbackground-color-primary text-color-light font-weight-normal custom-sm-margin-bottom-1 bg-degrade-numeros\u00bb css=\u00bb.vc_custom_1538072199403{padding-top: 60px !important;padding-bottom: 60px !important;}\u00bb][vc_column width=\u00bb1\/3&#8243; offset=\u00bbvc_col-md-offset-2 vc_col-md-2&#8243;]<div class=\"stats-block stats-top  text-color-light font-weight-normal  wpb_custom_a517333ace5b1666c6af8bd4684f1de9  vc_custom_1647298696561\"><div class=\"porto-sicon-top\"><div id=\"porto-icon-2856999869f3d82ab41ed\" class=\"porto-just-icon-wrapper porto-sicon-img\" style=\"font-size: 100px;\"><img loading=\"lazy\" decoding=\"async\" class=\"img-icon\" alt=\"\" src=\"https:\/\/i0.wp.com\/proyectum.com\/do\/wp-content\/uploads\/2018\/09\/paises.png?fit=110%2C110&#038;ssl=1\" width=\"110\" height=\"110\" \/><\/div><\/div><div class=\"stats-desc\"><div id=\"counter_152167184269f3d82ab4259\" data-id=\"counter_152167184269f3d82ab4259\" class=\"stats-number\" style=\" font-size:50px;line-height:50px;color:#ffffff;\" data-speed=\"3\" data-counter-value=\"5\" data-separator=\",\" data-decimal=\".\">0<\/div><div class=\"stats-text\" style=\"font-size:15px;line-height:15px;color:#c6d4ee;\">A\u00f1os en Rep\u00fablica Dominicana<\/div><\/div><\/div>[\/vc_column][vc_column width=\u00bb1\/3&#8243;]<div class=\"stats-block stats-top   wpb_custom_a517333ace5b1666c6af8bd4684f1de9  vc_custom_1647298952627\"><div class=\"porto-sicon-top\"><div id=\"porto-icon-186639553869f3d82ab51ed\" class=\"porto-just-icon-wrapper porto-sicon-img\" style=\"font-size: 100px;\"><img loading=\"lazy\" decoding=\"async\" class=\"img-icon\" alt=\"\" src=\"https:\/\/i0.wp.com\/proyectum.com\/do\/wp-content\/uploads\/2018\/09\/empresas.png?fit=120%2C120&#038;ssl=1\" width=\"120\" height=\"120\" \/><\/div><\/div><div class=\"stats-desc\"><div class=\"counter_prefix mycust\" style=\" \">+<\/div><div id=\"counter_15341336069f3d82ab522a\" data-id=\"counter_15341336069f3d82ab522a\" class=\"stats-number\" style=\" font-size:50px;line-height:50px;color:#ffffff;\" data-speed=\"3\" data-counter-value=\"25\" data-separator=\",\" data-decimal=\".\">0<\/div><div class=\"stats-text\" style=\"font-size:15px;line-height:15px;color:#c6d4ee;\">Empresas han confiado en nosotros<\/div><\/div><\/div>[\/vc_column][vc_column width=\u00bb1\/3&#8243;]<div class=\"stats-block stats-top   wpb_custom_a517333ace5b1666c6af8bd4684f1de9  vc_custom_1551050690999\"><div class=\"porto-sicon-top\"><div id=\"porto-icon-57433522469f3d82ab5dd2\" class=\"porto-just-icon-wrapper porto-sicon-img\" style=\"font-size: 100px;\"><img loading=\"lazy\" decoding=\"async\" class=\"img-icon\" alt=\"\" src=\"https:\/\/i0.wp.com\/proyectum.com\/do\/wp-content\/uploads\/2018\/09\/clientes.png?fit=120%2C120&#038;ssl=1\" width=\"120\" height=\"120\" \/><\/div><\/div><div class=\"stats-desc\"><div id=\"counter_32217474969f3d82ab5e0f\" data-id=\"counter_32217474969f3d82ab5e0f\" class=\"stats-number\" style=\" font-size:50px;line-height:50px;color:#ffffff;\" data-speed=\"3\" data-counter-value=\"100\" data-separator=\",\" data-decimal=\".\">0<\/div><div class=\"counter_suffix mycust\" style=\" \">%<\/div><div class=\"stats-text\" style=\"font-size:15px;line-height:15px;color:#c6d4ee;\">De nuestros clientes nos recomiendan<\/div><\/div><\/div>[\/vc_column][\/vc_row][vc_row wrap_container=\u00bbyes\u00bb css=\u00bb.vc_custom_1537985885851{padding-top: 60px !important;padding-bottom: 60px !important;background-image: url(https:\/\/www.proyectumglobal.cl\/wp-content\/uploads\/2018\/09\/porque-proyectum.png?id=6926) !important;background-position: center !important;background-repeat: no-repeat !important;background-size: cover !important;}\u00bb el_class=\u00bbbackground-color-tertiary\u00bb][vc_column][vc_custom_heading text=\u00bb\u00bfPor qu\u00e9 Proyectum?\u00bb font_container=\u00bbtag:h2|text_align:center|color:%2300416b\u00bb use_theme_fonts=\u00bbyes\u00bb text_transform=\u00bbtext-uppercase\u00bb css=\u00bb.vc_custom_1538054347557{margin-bottom: 0px !important;}\u00bb][vc_column_text el_class=\u00bbtext-color-dark m-b-lg\u00bb]<\/p>\n<p style=\"text-align: center;\"><span style=\"font-size: 16px; color: #00416b;\">Somos tu mejor aliado para la direcci\u00f3n exitosa de proyectos<\/span><\/p>\n<p>[\/vc_column_text][vc_row_inner][vc_column_inner width=\u00bb1\/3&#8243;]<div class=\"porto-sicon-box  wpb_custom_b233d2818c0ae0c0f84f1ced93dbb53e style_1 top-icon\"><div class=\"porto-sicon-top\"><div id=\"porto-icon-136445722569f3d82ab6d8f\" class=\"porto-just-icon-wrapper porto-sicon-img\" style=\"font-size: 39px;\"><img loading=\"lazy\" decoding=\"async\" class=\"img-icon\" alt=\"\" src=\"https:\/\/i0.wp.com\/proyectum.com\/do\/wp-content\/uploads\/2018\/09\/servicios.png?fit=89%2C100&#038;ssl=1\" width=\"89\" height=\"100\" \/><\/div><\/div><div class=\"porto-sicon-header\"><h3 class=\"porto-sicon-title\" style=\"font-weight:bold;font-size:15px;\">OFERTA DE SERVICIOS<\/h3><\/div> <!-- header --><div class=\"porto-sicon-description\" style=\"color:#3d7db7;\">Contamos con la oferta de servicios m\u00e1s completa y actualizada del mercado. Nos preocupamos de estar siempre alineados con las tendencias globales, para ofrecer a nuestros clientes la mejor experiencia.<\/div> <!-- description --><\/div><!-- porto-sicon-box -->[\/vc_column_inner][vc_column_inner width=\u00bb1\/3&#8243;]<div class=\"porto-sicon-box  wpb_custom_b233d2818c0ae0c0f84f1ced93dbb53e style_1 top-icon\"><div class=\"porto-sicon-top\"><div id=\"porto-icon-196356154069f3d82ab79be\" class=\"porto-just-icon-wrapper porto-sicon-img\" style=\"font-size: 47px;\"><img loading=\"lazy\" decoding=\"async\" class=\"img-icon\" alt=\"\" src=\"https:\/\/i0.wp.com\/proyectum.com\/do\/wp-content\/uploads\/2018\/09\/proceso.png?fit=95%2C98&#038;ssl=1\" width=\"95\" height=\"98\" \/><\/div><\/div><div class=\"porto-sicon-header\"><h3 class=\"porto-sicon-title\" style=\"font-weight:bold;font-size:15px;\">PROCESO<\/h3><\/div> <!-- header --><div class=\"porto-sicon-description\" style=\"color:#3d7db7;\">Nuestras metodolog\u00edas y procesos aseguran una exitosa ejecuci\u00f3n de los proyectos, ayud\u00e1ndote a cumplir con los objetivos de tu empresa.<\/div> <!-- description --><\/div><!-- porto-sicon-box -->[\/vc_column_inner][vc_column_inner width=\u00bb1\/3&#8243;]<div class=\"porto-sicon-box  wpb_custom_b233d2818c0ae0c0f84f1ced93dbb53e style_1 top-icon\"><div class=\"porto-sicon-top\"><div id=\"porto-icon-135404471069f3d82ab84c5\" class=\"porto-just-icon-wrapper porto-sicon-img\" style=\"font-size: 47px;\"><img loading=\"lazy\" decoding=\"async\" class=\"img-icon\" alt=\"\" src=\"https:\/\/i0.wp.com\/proyectum.com\/do\/wp-content\/uploads\/2018\/09\/personas.png?fit=95%2C62&#038;ssl=1\" width=\"95\" height=\"62\" \/><\/div><\/div><div class=\"porto-sicon-header\"><h3 class=\"porto-sicon-title\" style=\"font-weight:bold;font-size:15px;\">PERSONAS<\/h3><\/div> <!-- header --><div class=\"porto-sicon-description\" style=\"color:#3d7db7;\">Contamos con un equipo de alto rendimiento con amplia experiencia en la direcci\u00f3n exitosa de proyectos. En Proyectum creemos que lo m\u00e1s importante son las personas.<\/div> <!-- description --><\/div><!-- porto-sicon-box -->[\/vc_column_inner][\/vc_row_inner][\/vc_column][\/vc_row][vc_row wrap_container=\u00bbyes\u00bb css=\u00bb.vc_custom_1528971746680{padding-top: 60px !important;padding-bottom: 0px !important;}\u00bb][vc_column][vc_custom_heading text=\u00bbTestimonios\u00bb font_container=\u00bbtag:h2|text_align:center\u00bb use_theme_fonts=\u00bbyes\u00bb text_transform=\u00bbtext-uppercase\u00bb css=\u00bb.vc_custom_1536622095487{margin-bottom: 0px !important;}\u00bb][vc_column_text el_class=\u00bbtext-color-dark m-b-lg\u00bb]<\/p>\n<p style=\"text-align: center;\"><span style=\"font-size: 16px;\">Casos de \u00e9xito<\/span><\/p>\n<p>[\/vc_column_text][\/vc_column][\/vc_row][vc_row wrap_container=\u00bbyes\u00bb][vc_column offset=\u00bbvc_col-md-offset-1 vc_col-md-10&#8243;]<div class=\"porto-carousel owl-carousel has-ccols ccols-1 custom-nav wpb_custom_c86c2fb53cae9eced42d4b8900a042f3 nav-bottom\" data-plugin-options=\"{&quot;themeConfig&quot;:true,&quot;stagePadding&quot;:0,&quot;margin&quot;:0,&quot;autoplay&quot;:false,&quot;mouseDrag&quot;:true,&quot;touchDrag&quot;:true,&quot;autoplayTimeout&quot;:5000,&quot;autoplayHoverPause&quot;:false,&quot;items&quot;:1,&quot;xl&quot;:1,&quot;lg&quot;:1,&quot;md&quot;:1,&quot;sm&quot;:1,&quot;xs&quot;:1,&quot;nav&quot;:&quot;yes&quot;,&quot;dots&quot;:false,&quot;animateIn&quot;:&quot;&quot;,&quot;animateOut&quot;:&quot;&quot;,&quot;loop&quot;:false,&quot;center&quot;:false,&quot;video&quot;:false,&quot;lazyLoad&quot;:false,&quot;fullscreen&quot;:false}\"><div class=\"porto-testimonial wpb_content_element   wpb_custom_4760b66c0cbf51ec9a7673f3785bca75\"><div class=\"testimonial testimonial-style-5\"><blockquote><p>Debido a un cambio en su modelo operacional, la Gerencia de Servicios Tecnol\u00f3gicos (GST) de Transbank necesit\u00f3 armar r\u00e1pidamente un \u00e1rea de proyectos que asumiera roles de Jefatura de Proyectos.<br \/>\nProyectum se constituy\u00f3 como socio estrat\u00e9gico dando una r\u00e1pida soluci\u00f3n al problema por la v\u00eda de asignar jefes de proyecto para posteriormente acompa\u00f1ar el proceso de conformaci\u00f3n definitiva del \u00e1rea aportando en la definici\u00f3n de su organizaci\u00f3n y procedimientos.<br \/>\nLa mayor\u00eda del personal de planta que actualmente se desempe\u00f1a en el \u00e1rea lleg\u00f3 a trav\u00e9s de Proyectum, lo que permiti\u00f3 contratar a personas que ya conoc\u00edan la organizaci\u00f3n y estaban validadas. Hasta el d\u00eda de hoy, se cubren las necesidades del negocio, complementando al personal de planta con los servicios profesionales de Proyectum.<\/p><\/blockquote><div class=\"testimonial-arrow-down\"><\/div><div class=\"testimonial-author\"><p><strong style=\"color:#2e353e\">Francisco Herreros<\/strong><span style=\"color:#2e353e\">\u00c1rea de Proyectos GST \u2013 Transbank<\/span><\/p><\/div><\/div><\/div><div class=\"porto-testimonial wpb_content_element   wpb_custom_4760b66c0cbf51ec9a7673f3785bca75\"><div class=\"testimonial testimonial-style-5\"><blockquote><p>SINACOFI contaba con un proceso de Planificaci\u00f3n Estrat\u00e9gica que daba como resultado un conjunto de iniciativas candidatas a ser desarrolladas. A ello hab\u00eda que agregar como posibles proyectos aquellos generados por las necesidades de mejoramiento operacional y las demandas espec\u00edficas de clientes.<br \/>\nProyectum ayud\u00f3 a instaurar un proceso formal destinado a generar un Plan Anual de Proyectos, que tomara en cuenta tanto los aspectos estrat\u00e9gicos, evaluaci\u00f3n financiera como las restricciones de recursos, proceso que se bas\u00f3 en nuestro producto PortfolioStep.<br \/>\nEn conjunto con lo anterior, se defini\u00f3 una PMO y un proceso de Direcci\u00f3n de Proyectos, buscando mejorar tambi\u00e9n la ejecuci\u00f3n y el seguimiento y control de los proyectos que se defini\u00f3 utilizar.<br \/>\nLos procesos definidos por Proyectum, evolucionando en un proceso de mejoramiento continuo, siguen estando vigentes en SINACOFI.<\/p><\/blockquote><div class=\"testimonial-arrow-down\"><\/div><div class=\"testimonial-author\"><p><strong style=\"color:#2e353e\">Fernando Contardo<\/strong><span style=\"color:#2e353e\">Gerente General, SINACOFI<\/span><\/p><\/div><\/div><\/div><\/div>[\/vc_column][\/vc_row][vc_row wrap_container=\u00bbyes\u00bb css=\u00bb.vc_custom_1528971719825{padding-top: 60px !important;padding-bottom: 60px !important;}\u00bb el_class=\u00bbbackground-color-quaternary\u00bb][vc_column][vc_custom_heading text=\u00bb\u00daltimas Novedades\u00bb font_container=\u00bbtag:h2|text_align:center|color:%23ffffff\u00bb use_theme_fonts=\u00bbyes\u00bb text_transform=\u00bbtext-uppercase\u00bb css=\u00bb.vc_custom_1536622050455{margin-bottom: 0px !important;}\u00bb][vc_column_text el_class=\u00bbtext-color-dark m-b-lg\u00bb]<\/p>\n<p style=\"text-align: center;\"><span style=\"font-size: 16px; color: #94a9c3;\">En Proyectum Dominicana<\/span><\/p>\n<p>[\/vc_column_text]<div id=\"porto-blog-7838\" class=\"porto-blog wpb_content_element   wpb_custom_9c745ac33a8bb4820cfc6b89805915cc\">\t\t<div class=\"blog-posts posts-grid blog-posts-related\">\r\n\t\t\t<div class=\"posts-container row\">\r\n\t\t\r\n<article class=\"post post-grid col-md-6 col-lg-4 post-11315 post type-post status-publish format-link hentry category-sin-categoria post_format-post-format-link\">\r\n<div class=\"post-item\">\r\n\t\t<div class=\"post-date\">\r\n\t\t<span class=\"day\">20<\/span><span class=\"month\">Oct<\/span><time datetime=\"2021-10-20\">20 octubre, 2021<\/time>\t<\/div>\r\n\t\t\t<h4><a href=\"https:\/\/proyectum.com\/do\/2021\/10\/20\/contratar-servicio\/\">\r\n\t\tContratar servicio\t<\/a><\/h4>\r\n\t\t<div><p class=\"post-excerpt\">Cargando\u2026 <a class=\"read-more\" href=\"https:\/\/proyectum.com\/do\/2021\/10\/20\/contratar-servicio\/\">read more <i class=\"fas fa-angle-right\"><\/i><\/a><\/p><\/div> <\/div>\r\n<\/article>\r\n\r\n<article class=\"post post-grid col-md-6 col-lg-4 post-11106 post type-post status-publish format-standard hentry category-sin-categoria\">\r\n<div class=\"post-item\">\r\n\t\t<div class=\"post-date\">\r\n\t\t<span class=\"day\">30<\/span><span class=\"month\">Jul<\/span><time datetime=\"2021-07-30\">30 julio, 2021<\/time>\t<\/div>\r\n\t\t\t<h4><a href=\"https:\/\/proyectum.com\/do\/2021\/07\/30\/test-2-2-2-2-2-2-2-2-3-2\/\">\r\n\t\t\u00a1FORO INTERNACIONAL DE AGILIDAD EMPRESARIAL!\t<\/a><\/h4>\r\n\t\t<div><p class=\"post-excerpt\">[vc_row][vc_column][vc_column_text]\r\nFORO INTERNACIONAL DE AGILIDAD EMPRESARIAL\r\n\u00a0\r\n\r\n31 de agosto y 2 de setiembre de 8:30 am a 12 md (Costa Rica)\r\nComparte dos...  <a class=\"read-more\" href=\"https:\/\/proyectum.com\/do\/2021\/07\/30\/test-2-2-2-2-2-2-2-2-3-2\/\">read more <i class=\"fas fa-angle-right\"><\/i><\/a><\/p><\/div> <\/div>\r\n<\/article>\r\n\r\n<article class=\"post post-grid col-md-6 col-lg-4 post-11104 post type-post status-publish format-standard hentry category-sin-categoria\">\r\n<div class=\"post-item\">\r\n\t\t<div class=\"post-date\">\r\n\t\t<span class=\"day\">30<\/span><span class=\"month\">Jul<\/span><time datetime=\"2021-07-30\">30 julio, 2021<\/time>\t<\/div>\r\n\t\t\t<h4><a href=\"https:\/\/proyectum.com\/do\/2021\/07\/30\/nuevo-taller-de-disciplined-agile-del-pmi-2-2-2-2-2-2-2-2-2\/\">\r\n\t\t\u00a1NUEVO CURSO DE PREPARACI\u00d3N PARA LA CERTIFICACI\u00d3N PMP\u00ae!\t<\/a><\/h4>\r\n\t\t<div><p class=\"post-excerpt\">[vc_row][vc_column][vc_column_text]\u00bfDesea obtener la certificaci\u00f3n m\u00e1s prestigiosa de la asociaci\u00f3n de administradores de proyectos m\u00e1s grande del mundo? \r\n\r\n\u00bfDesea demostrar que...  <a class=\"read-more\" href=\"https:\/\/proyectum.com\/do\/2021\/07\/30\/nuevo-taller-de-disciplined-agile-del-pmi-2-2-2-2-2-2-2-2-2\/\">read more <i class=\"fas fa-angle-right\"><\/i><\/a><\/p><\/div> <\/div>\r\n<\/article>\r\n\r\n\t\r\n\t\t\t<\/div>\r\n\t\t<\/div>\r\n\r\n\t\r\n\t\r\n\t<\/div>[vc_btn title=\u00bbVER M\u00c1S\u00bb style=\u00bboutline\u00bb shape=\u00bbsquare\u00bb color=\u00bbwhite\u00bb size=\u00bblg\u00bb align=\u00bbcenter\u00bb skin=\u00bbprimary\u00bb link=\u00bburl:https%3A%2F%2Fwww.proyectum.com%2Fdo%2Fultimas-novedades%2F|||\u00bb el_class=\u00bbcustom-btn-style-2 text-color-light font-weight-semibold\u00bb css=\u00bb.vc_custom_1582240504032{margin-top: -30px !important;margin-bottom: 0px !important;}\u00bb][\/vc_column][\/vc_row][vc_row equal_height=\u00bbyes\u00bb][vc_column width=\u00bb1\/2&#8243; el_class=\u00bbbackground-color-primary\u00bb css=\u00bb.vc_custom_1616988153895{padding-top: 60px !important;padding-bottom: 55px !important;}\u00bb][vc_custom_heading text=\u00bbTe llamamos\u00bb font_container=\u00bbtag:h2|text_align:left|color:%23ffffff\u00bb use_theme_fonts=\u00bbyes\u00bb text_transform=\u00bbtext-uppercase\u00bb css=\u00bb.vc_custom_1536621792715{margin-bottom: 0px !important;}\u00bb][vc_raw_html el_id=\u00bbform-jrcm\u00bb]JTNDaWZyYW1lJTIwc3R5bGUlM0QlMjJib3JkZXIlM0ElMjAwcHglMjFpbXBvcnRhbnQlM0IlMjIlMjBzcmMlM0QlMjJodHRwcyUzQSUyRiUyRnd3dy5wcm95ZWN0dW0uY29tJTJGc2lzdGVtYSUyRmZvcm11bGFyaW8tamV0cGFjayUyRiUyMiUyMHdpZHRoJTNEJTIyMTAwMHB4JTIyJTIwaGVpZ2h0JTNEJTIyMTAwMHB4JTIyJTNFJTNDJTJGaWZyYW1lJTNF[\/vc_raw_html][\/vc_column][vc_column width=\u00bb1\/2&#8243; el_class=\u00bbbackground-color-secondary custom-background-image-1&#8243; css=\u00bb.vc_custom_1528971925287{padding-top: 60px !important;padding-bottom: 55px !important;padding-left: 15px !important;}\u00bb]<div class=\"porto-container container col-half-section col-half-section-left\">[vc_custom_heading text=\u00bbConversemos\u00bb font_container=\u00bbtag:h2|text_align:left|color:%23ffffff\u00bb use_theme_fonts=\u00bbyes\u00bb text_transform=\u00bbtext-uppercase\u00bb css=\u00bb.vc_custom_1536621566353{margin-bottom: 0px !important;}\u00bb][vc_column_text el_class=\u00bbtext-color-dark m-b-lg\u00bb]<span style=\"font-size: 16px; color: #c6d4ee;\">Habla con una de nuestras ejecutivas<\/span>[\/vc_column_text]<a class=\"porto-sicon-box-link\" href=\"tel:+18493569561\" title='tel:+18493569561'><div class=\"porto-sicon-box custom-opacity-effect-1  wpb_custom_74c312c6382c672d88415152636ca045 style_1 default-icon flex-wrap\"><div class=\"porto-sicon-header\"><h3 class=\"porto-sicon-title\" style=\"font-size:11px;\">HABLEMOS AHORA<\/h3><\/div> <!-- header --><div class=\"porto-sicon-description\" style=\"font-size:21px;color:#c6d4ee;\">+1 (849) 356-9561<\/div> <!-- description --><\/div><!-- porto-sicon-box --><\/a><a class=\"porto-sicon-box-link\" href=\"\"><div class=\"porto-sicon-box custom-opacity-effect-1  wpb_custom_74c312c6382c672d88415152636ca045 style_1 default-icon flex-wrap\"><div class=\"porto-sicon-header\"><h3 class=\"porto-sicon-title\" style=\"font-size:11px;\">ESCR\u00cdBENOS<\/h3><\/div> <!-- header --><div class=\"porto-sicon-description\" style=\"font-size:21px;color:#c6d4ee;\"><a style=\"font-size: 21px; color: #c6d4ee;\" href=\"mailto:contacto@do.proyectum.com\">contacto@do.proyectum.com<\/a><\/div> <!-- description --><\/div><!-- porto-sicon-box --><\/a>[vc_column_text]Avenida R\u00f3mulo Betancourt No. 1304, LOCAL 306, Plaza Bella Vista Center II, Santo Domingo, Distrito Nacional, Republica Dominicana.[\/vc_column_text][vc_column_text el_class=\u00bbm-b-lg custom-padding-right-1&#8243;][\/vc_column_text]<\/div>[\/vc_column][\/vc_row]<\/p>\n<\/div>","protected":false},"excerpt":{"rendered":"<p>[vc_row wrap_container=\u00bbyes\u00bb css=\u00bb.vc_custom_1538055592166{padding-top: 0px !important;padding-bottom: 0px !important;background-color: #00416b !important;}\u00bb el_class=\u00bbhome-intro\u00bb][vc_column offset=\u00bbvc_col-lg-8 vc_col-md-8&#8243;][vc_column_text css=\u00bb.vc_custom_1536804901710{margin-bottom: 0px !important;}\u00bb] Somos el aliado perfecto para asegurar la gesti\u00f3n exitosa de tus proyectos. Cont\u00e1ctanos ahora y obt\u00e9n un diagn\u00f3stico a tu empresa sin costo[\/vc_column_text][\/vc_column][\/vc_row][vc_row equal_height=\u00bbyes\u00bb content_placement=\u00bbmiddle\u00bb][vc_column offset=\u00bbvc_col-lg-6 vc_col-md-6&#8243; el_class=\u00bbcustom-parallax-height\u00bb][vc_single_image image=\u00bb6906&#8243; img_size=\u00bbfull\u00bb alignment=\u00bbright\u00bb el_class=\u00bbimagen123455&#8243;][\/vc_column][vc_column css=\u00bb.vc_custom_1488957893710{padding-top: 15px !important;padding-bottom: 50px !important;background-color: #f4f4f4 !important;}\u00bb offset=\u00bbvc_col-lg-6 [&hellip;]<\/p>\n","protected":false},"author":15,"featured_media":0,"parent":0,"menu_order":0,"comment_status":"closed","ping_status":"closed","template":"","meta":{"content-type":"","footnotes":""},"acf":[],"yoast_head":"<!-- This site is optimized with the Yoast SEO plugin v24.5 - https:\/\/yoast.com\/wordpress\/plugins\/seo\/ -->\n<title>Proyectum Dominicana - Agilidad, Consultor\u00eda y Direcci\u00f3n de Proyectos<\/title>\n<meta name=\"description\" content=\"Firma multinacional de consultor\u00eda, capacitaci\u00f3n y formaci\u00f3n continua. Apoyamos a nuestros clientes a implementar su estrategia.\" \/>\n<meta name=\"robots\" content=\"index, follow, max-snippet:-1, max-image-preview:large, max-video-preview:-1\" \/>\n<link rel=\"canonical\" href=\"https:\/\/proyectum.com\/do\/\" \/>\n<meta property=\"og:locale\" content=\"es_ES\" \/>\n<meta property=\"og:type\" content=\"article\" \/>\n<meta property=\"og:title\" content=\"Proyectum Dominicana - Agilidad, Consultor\u00eda y Direcci\u00f3n de Proyectos\" \/>\n<meta property=\"og:description\" content=\"Firma multinacional de consultor\u00eda, capacitaci\u00f3n y formaci\u00f3n continua. Apoyamos a nuestros clientes a implementar su estrategia.\" \/>\n<meta property=\"og:url\" content=\"https:\/\/proyectum.com\/do\/\" \/>\n<meta property=\"og:site_name\" content=\"Proyectum Dominicana\" \/>\n<meta property=\"article:publisher\" content=\"https:\/\/www.facebook.com\/proyectumcr\/\" \/>\n<meta property=\"article:modified_time\" content=\"2023-11-18T00:48:14+00:00\" \/>\n<meta property=\"og:image\" content=\"https:\/\/i0.wp.com\/proyectum.com\/do\/wp-content\/uploads\/proyectum-logo-snippet.png?fit=600%2C315&ssl=1\" \/>\n\t<meta property=\"og:image:width\" content=\"600\" \/>\n\t<meta property=\"og:image:height\" content=\"315\" \/>\n\t<meta property=\"og:image:type\" content=\"image\/png\" \/>\n<meta name=\"twitter:card\" content=\"summary_large_image\" \/>\n<meta name=\"twitter:image\" content=\"https:\/\/i0.wp.com\/proyectum.com\/do\/wp-content\/uploads\/proyectum-logo-snippet.png?fit=600%2C315&ssl=1\" \/>\n<meta name=\"twitter:label1\" content=\"Tiempo de lectura\" \/>\n\t<meta name=\"twitter:data1\" content=\"5 minutos\" \/>\n<script type=\"application\/ld+json\" class=\"yoast-schema-graph\">{\"@context\":\"https:\/\/schema.org\",\"@graph\":[{\"@type\":\"WebPage\",\"@id\":\"https:\/\/proyectum.com\/do\/\",\"url\":\"https:\/\/proyectum.com\/do\/\",\"name\":\"Proyectum Dominicana - Agilidad, Consultor\u00eda y Direcci\u00f3n de Proyectos\",\"isPartOf\":{\"@id\":\"\/#website\"},\"datePublished\":\"2017-03-03T08:08:47+00:00\",\"dateModified\":\"2023-11-18T00:48:14+00:00\",\"description\":\"Firma multinacional de consultor\u00eda, capacitaci\u00f3n y formaci\u00f3n continua. Apoyamos a nuestros clientes a implementar su estrategia.\",\"breadcrumb\":{\"@id\":\"https:\/\/proyectum.com\/do\/#breadcrumb\"},\"inLanguage\":\"es\",\"potentialAction\":[{\"@type\":\"ReadAction\",\"target\":[\"https:\/\/proyectum.com\/do\/\"]}]},{\"@type\":\"BreadcrumbList\",\"@id\":\"https:\/\/proyectum.com\/do\/#breadcrumb\",\"itemListElement\":[{\"@type\":\"ListItem\",\"position\":1,\"name\":\"Home\",\"item\":\"https:\/\/proyectum.com\/do\/\"},{\"@type\":\"ListItem\",\"position\":2,\"name\":\"Home\"}]},{\"@type\":\"WebSite\",\"@id\":\"\/#website\",\"url\":\"\/\",\"name\":\"Proyectum Dominicana\",\"description\":\"La Agilidad Empresarial es una obligaci\u00f3n\",\"publisher\":{\"@id\":\"\/#organization\"},\"potentialAction\":[{\"@type\":\"SearchAction\",\"target\":{\"@type\":\"EntryPoint\",\"urlTemplate\":\"\/?s={search_term_string}\"},\"query-input\":{\"@type\":\"PropertyValueSpecification\",\"valueRequired\":true,\"valueName\":\"search_term_string\"}}],\"inLanguage\":\"es\"},{\"@type\":\"Organization\",\"@id\":\"\/#organization\",\"name\":\"Proyectum Dominicana\",\"url\":\"\/\",\"logo\":{\"@type\":\"ImageObject\",\"inLanguage\":\"es\",\"@id\":\"\/#\/schema\/logo\/image\/\",\"url\":\"https:\/\/i1.wp.com\/www.proyectum.com\/cr\/wp-content\/uploads\/proyectum-logo-snippet.png?fit=600%2C315&ssl=1\",\"contentUrl\":\"https:\/\/i1.wp.com\/www.proyectum.com\/cr\/wp-content\/uploads\/proyectum-logo-snippet.png?fit=600%2C315&ssl=1\",\"width\":600,\"height\":315,\"caption\":\"Proyectum Dominicana\"},\"image\":{\"@id\":\"\/#\/schema\/logo\/image\/\"},\"sameAs\":[\"https:\/\/www.facebook.com\/proyectumcr\/\",\"https:\/\/www.instagram.com\/proyectumcostarica\/\",\"https:\/\/www.linkedin.com\/company\/proyectum-costarica\/\",\"https:\/\/www.youtube.com\/channel\/UCljouWimyhK_cNcC2jniUgw\"]}]}<\/script>\n<!-- \/ Yoast SEO plugin. -->","yoast_head_json":{"title":"Proyectum Dominicana - Agilidad, Consultor\u00eda y Direcci\u00f3n de Proyectos","description":"Firma multinacional de consultor\u00eda, capacitaci\u00f3n y formaci\u00f3n continua. Apoyamos a nuestros clientes a implementar su estrategia.","robots":{"index":"index","follow":"follow","max-snippet":"max-snippet:-1","max-image-preview":"max-image-preview:large","max-video-preview":"max-video-preview:-1"},"canonical":"https:\/\/proyectum.com\/do\/","og_locale":"es_ES","og_type":"article","og_title":"Proyectum Dominicana - Agilidad, Consultor\u00eda y Direcci\u00f3n de Proyectos","og_description":"Firma multinacional de consultor\u00eda, capacitaci\u00f3n y formaci\u00f3n continua. Apoyamos a nuestros clientes a implementar su estrategia.","og_url":"https:\/\/proyectum.com\/do\/","og_site_name":"Proyectum Dominicana","article_publisher":"https:\/\/www.facebook.com\/proyectumcr\/","article_modified_time":"2023-11-18T00:48:14+00:00","og_image":[{"width":600,"height":315,"url":"https:\/\/i0.wp.com\/proyectum.com\/do\/wp-content\/uploads\/proyectum-logo-snippet.png?fit=600%2C315&ssl=1","type":"image\/png"}],"twitter_card":"summary_large_image","twitter_image":"https:\/\/i0.wp.com\/proyectum.com\/do\/wp-content\/uploads\/proyectum-logo-snippet.png?fit=600%2C315&ssl=1","twitter_misc":{"Tiempo de lectura":"5 minutos"},"schema":{"@context":"https:\/\/schema.org","@graph":[{"@type":"WebPage","@id":"https:\/\/proyectum.com\/do\/","url":"https:\/\/proyectum.com\/do\/","name":"Proyectum Dominicana - Agilidad, Consultor\u00eda y Direcci\u00f3n de Proyectos","isPartOf":{"@id":"\/#website"},"datePublished":"2017-03-03T08:08:47+00:00","dateModified":"2023-11-18T00:48:14+00:00","description":"Firma multinacional de consultor\u00eda, capacitaci\u00f3n y formaci\u00f3n continua. Apoyamos a nuestros clientes a implementar su estrategia.","breadcrumb":{"@id":"https:\/\/proyectum.com\/do\/#breadcrumb"},"inLanguage":"es","potentialAction":[{"@type":"ReadAction","target":["https:\/\/proyectum.com\/do\/"]}]},{"@type":"BreadcrumbList","@id":"https:\/\/proyectum.com\/do\/#breadcrumb","itemListElement":[{"@type":"ListItem","position":1,"name":"Home","item":"https:\/\/proyectum.com\/do\/"},{"@type":"ListItem","position":2,"name":"Home"}]},{"@type":"WebSite","@id":"\/#website","url":"\/","name":"Proyectum Dominicana","description":"La Agilidad Empresarial es una obligaci\u00f3n","publisher":{"@id":"\/#organization"},"potentialAction":[{"@type":"SearchAction","target":{"@type":"EntryPoint","urlTemplate":"\/?s={search_term_string}"},"query-input":{"@type":"PropertyValueSpecification","valueRequired":true,"valueName":"search_term_string"}}],"inLanguage":"es"},{"@type":"Organization","@id":"\/#organization","name":"Proyectum Dominicana","url":"\/","logo":{"@type":"ImageObject","inLanguage":"es","@id":"\/#\/schema\/logo\/image\/","url":"https:\/\/i1.wp.com\/www.proyectum.com\/cr\/wp-content\/uploads\/proyectum-logo-snippet.png?fit=600%2C315&ssl=1","contentUrl":"https:\/\/i1.wp.com\/www.proyectum.com\/cr\/wp-content\/uploads\/proyectum-logo-snippet.png?fit=600%2C315&ssl=1","width":600,"height":315,"caption":"Proyectum Dominicana"},"image":{"@id":"\/#\/schema\/logo\/image\/"},"sameAs":["https:\/\/www.facebook.com\/proyectumcr\/","https:\/\/www.instagram.com\/proyectumcostarica\/","https:\/\/www.linkedin.com\/company\/proyectum-costarica\/","https:\/\/www.youtube.com\/channel\/UCljouWimyhK_cNcC2jniUgw"]}]}},"jetpack_sharing_enabled":true,"_links":{"self":[{"href":"https:\/\/proyectum.com\/do\/wp-json\/wp\/v2\/pages\/58"}],"collection":[{"href":"https:\/\/proyectum.com\/do\/wp-json\/wp\/v2\/pages"}],"about":[{"href":"https:\/\/proyectum.com\/do\/wp-json\/wp\/v2\/types\/page"}],"author":[{"embeddable":true,"href":"https:\/\/proyectum.com\/do\/wp-json\/wp\/v2\/users\/15"}],"replies":[{"embeddable":true,"href":"https:\/\/proyectum.com\/do\/wp-json\/wp\/v2\/comments?post=58"}],"version-history":[{"count":36,"href":"https:\/\/proyectum.com\/do\/wp-json\/wp\/v2\/pages\/58\/revisions"}],"predecessor-version":[{"id":11985,"href":"https:\/\/proyectum.com\/do\/wp-json\/wp\/v2\/pages\/58\/revisions\/11985"}],"wp:attachment":[{"href":"https:\/\/proyectum.com\/do\/wp-json\/wp\/v2\/media?parent=58"}],"curies":[{"name":"wp","href":"https:\/\/api.w.org\/{rel}","templated":true}]}}