{"id":10056,"date":"2020-12-17T16:10:22","date_gmt":"2020-12-17T22:10:22","guid":{"rendered":"https:\/\/proyectum.com\/hn\/?page_id=10056"},"modified":"2023-07-31T17:15:54","modified_gmt":"2023-07-31T23:15:54","slug":"lider_devops","status":"publish","type":"page","link":"https:\/\/proyectum.com\/hn\/capacitacion\/lider_devops\/","title":{"rendered":"L\u00edder Devops"},"content":{"rendered":"<div class=\"wpb-content-wrapper\"><p>[vc_row full_width=\u00bbstretch_row_content\u00bb css=\u00bb.vc_custom_1584804929969{padding-top: 58px !important;padding-bottom: 58px !important;background-image: url(https:\/\/proyectum.com\/hn\/wp-content\/uploads\/2018\/09\/curso-tipo.png?id=6990) !important;background-position: center !important;background-repeat: no-repeat !important;background-size: cover !important;}\u00bb][vc_column width=\u00bb1\/2&#8243;][vc_custom_heading text=\u00bbL\u00edder Devops\u00bb font_container=\u00bbtag:h1|font_size:40|text_align:center|color:%23ffffff\u00bb use_theme_fonts=\u00bbyes\u00bb css=\u00bb.vc_custom_1608236589964{padding-top: 55px !important;padding-left: 75px !important;}\u00bb][\/vc_column][vc_column width=\u00bb1\/2&#8243;][vc_single_image image=\u00bb9634&#8243; img_size=\u00bb200&#215;170&#8243; css=\u00bb.vc_custom_1602877877665{padding-left: 250px !important;}\u00bb][\/vc_column][\/vc_row][vc_column][\/vc_column][vc_row][vc_column width=\u00bb2\/3&#8243;][vc_column_text css=\u00bb.vc_custom_1690845337751{padding-top: 20px !important;}\u00bb]<span style=\"color: #000000;\">En el curso <strong>L\u00edder DEVOPS<\/strong>, los candidatos conocer\u00e1n conceptos, principios y herramientas usados por el Liderazgo de DevOps para clarificar, planear y abordar una <strong>Transformaci\u00f3n de DevOps<\/strong>. Se mostrar\u00e1 c\u00f3mo se puede abordar e implementar el enfoque del Paquete Completo de DevOps dentro de una organizaci\u00f3n, as\u00ed como por qu\u00e9 se necesita el <strong>Liderazgo de DevOps<\/strong> en las empresas modernas, y c\u00f3mo se puede alinear con la entrega de valor.<\/span><\/p>\n<p><span style=\"color: #000000;\">Adem\u00e1s, se comentar\u00e1 sobre la metodolog\u00eda Scrum, las implicaciones de gente y de cultura, as\u00ed como las pr\u00e1cticas, los procesos, la automatizaci\u00f3n y la tecnolog\u00eda que son usados para adaptar DevOps dentro de una organizaci\u00f3n.<\/span><\/p>\n<p><span style=\"color: #000000;\">El curso cubre el conocimiento fundamental requerido para que un candidato construya su conocimiento y sus habilidades con respecto a los principios y las pr\u00e1cticas de DevOps.<\/span><\/p>\n<ul>\n<li><span style=\"color: #000000;\"><strong>Duraci\u00f3n:<\/strong> 20 horas (6 sesiones)<\/span><\/li>\n<li><span style=\"color: #000000;\"><strong>Modalidad:<\/strong> Online<\/span><\/li>\n<li><span style=\"color: #000000;\"><strong>Requisitos:<\/strong> No tiene requisitos<\/span><\/li>\n<li><span style=\"color: #000000;\"><strong>Acreditaci\u00f3n:<\/strong> 20 PDUs<\/span><\/li>\n<li><span style=\"color: #000000;\"><strong>Precio: <\/strong>$490 (+15% <span style=\"font-size: 13px;\">IVA<\/span>)<\/span><\/li>\n<\/ul>\n<p>[\/vc_column_text][vc_btn title=\u00bbDescargue el volante aqu\u00ed\u00bb i_icon_fontawesome=\u00bbfa fa-file-pdf-o\u00bb add_icon=\u00bbtrue\u00bb link=\u00bburl:https%3A%2F%2Fproyectum.com%2Fhn%2Fwp-content%2Fuploads%2F2021%2F02%2FDEVOPS.pdf||target:%20_blank|\u00bb][vc_tta_tabs][vc_tta_section title=\u00bbPerfil\u00bb tab_id=\u00bb1586282350362-cf1f74eb-ced4&#8243;][vc_column_text]<span style=\"color: #000000;\"><strong>En este programa podr\u00e1n participar:<\/strong><\/span><\/p>\n<ul>\n<li><span style=\"color: #000000;\">Ingenieros DevOps<\/span><\/li>\n<li><span style=\"color: #000000;\">Product Owner<\/span><\/li>\n<li><span style=\"color: #000000;\">Especialistas en Integraci\u00f3n<\/span><\/li>\n<li><span style=\"color: #000000;\">Gerente de Operaciones<\/span><\/li>\n<li><span style=\"color: #000000;\">Gerente de Incident &amp; change<\/span><\/li>\n<li><span style=\"color: #000000;\">Administrador de Sistemas<\/span><\/li>\n<li><span style=\"color: #000000;\">Administrador de Redes<\/span><\/li>\n<li><span style=\"color: #000000;\">Gerentes Generales<\/span><\/li>\n<li><span style=\"color: #000000;\">Arquitectos de Automatizaci\u00f3n<\/span><\/li>\n<li><span style=\"color: #000000;\">Arquitectos Empresariales<\/span><\/li>\n<\/ul>\n<p>[\/vc_column_text][\/vc_tta_section][vc_tta_section title=\u00bbContenido\u00bb tab_id=\u00bb1586282350363-3af196ba-9a3e\u00bb][vc_column_text]<span style=\"color: #000000;\"><strong>Durante el curso usted aprender\u00e1 sobre:<\/strong><\/span><\/p>\n<ol>\n<li><strong><span style=\"color: #000000;\">Adopci\u00f3n de DevOps<br \/>\n<\/span><\/strong><span style=\"color: #000000;\">a. La Historia y la Necesidad de DevOps<\/span><br \/>\n<span style=\"color: #000000;\">b. Conceptos Clave de DevOps<\/span><br \/>\n<span style=\"color: #000000;\">c. Valor para el Negocio de DevOps<\/span><br \/>\n<span style=\"color: #000000;\">d. Conceptos detr\u00e1s de C.A.L.M.S., Las Tres Formas, entrega continua, y el alcance del Paquete Completo<\/span><br \/>\n<span style=\"color: #000000;\">e. Cultura de DevOps, liderazgo transformacional y estructura y equipos de DevOps<\/span><br \/>\n<span style=\"color: #000000;\">f. Evoluci\u00f3n de las Pr\u00e1cticas de DevOps y las 15 Pr\u00e1cticas Esenciales de DevOps<\/span><br \/>\n<span style=\"color: #000000;\">g. Administraci\u00f3n de Proyectos \u2018Agile\u2019 y Metodolog\u00eda de Scrum<\/span><br \/>\n<span style=\"color: #000000;\"><span style=\"color: #000000;\">h. Conceptos clave de tecnolog\u00eda de nube y virtualizaci\u00f3n, automatizaci\u00f3n para el canal de despliegues, y arquitectura para la entrega continua<\/span><\/span><\/li>\n<li><strong><span style=\"color: #000000;\">Liderazgo y Transformaci\u00f3n DevOps<\/span><\/strong><span style=\"color: #000000;\"><br \/>\n<\/span><span style=\"color: #000000;\">a. Introducci\u00f3n al Liderazgo de DevOps<\/span><br \/>\n<span style=\"color: #000000;\">b. Clarificar y Alinear la Transformaci\u00f3n de DevOps con la Entrega de Valor<\/span><br \/>\n<span style=\"color: #000000;\">c. Planear y Abordar la Transformaci\u00f3n de DevOps<\/span><br \/>\n<span style=\"color: #000000;\">d. Comprometerse e Implementar el Paquete Completo de DevOps<\/span><br \/>\n<span style=\"color: #000000;\">e. Validar los Resultados y Sustentar la Transformaci\u00f3n de DevOps<\/span><\/li>\n<\/ol>\n<p>[\/vc_column_text][\/vc_tta_section][vc_tta_section title=\u00bbIncluye\u00bb tab_id=\u00bb1586282494032-81e78e02-6cb8&#8243;][vc_column_text]<span style=\"color: #000000;\"><strong>Al matricular todos los m\u00f3dulos de este programa, usted contar\u00e1 con:<\/strong><\/span><\/p>\n<ul>\n<li><span style=\"color: #000000;\">20 horas de capacitaci\u00f3n efectiva.<\/span><\/li>\n<li><span style=\"color: #000000;\">T\u00edtulo de participaci\u00f3n<\/span><\/li>\n<li><span style=\"color: #000000;\">Presentaciones utilizadas durante el curso.<\/span><\/li>\n<li><span style=\"color: #000000;\">Ex\u00e1menes por sesi\u00f3n<\/span><\/li>\n<li><span style=\"color: #000000;\"> Herramientas virtuales did\u00e1cticas<\/span><\/li>\n<li><span style=\"color: #000000;\">Instructor certificado y con m\u00e1s de 14 a\u00f1os de experiencia en el \u00e1rea de TI.<\/span><\/li>\n<\/ul>\n<p>[\/vc_column_text][\/vc_tta_section][vc_tta_section title=\u00bbObjetivos\u00bb tab_id=\u00bb1586282495978-8bf42fa2-ce7d\u00bb][vc_column_text]<span style=\"color: #000000;\"><strong>Al finalizar el curso los participantes estar\u00e1n en capacidad de:<\/strong><\/span><\/p>\n<ul>\n<li><span style=\"color: #000000;\">Reconocer a los conceptos b\u00e1sicos, la terminolog\u00eda, los principios y las herramientas usadas para DevOps.<\/span><\/li>\n<li><span style=\"color: #000000;\">Conocer por qu\u00e9 DevOps es necesario en las empresas modernas, as\u00ed como la metodolog\u00eda de Scrum, las implicaciones de gente y culturales.<\/span><\/li>\n<li><span style=\"color: #000000;\">Conocer las pr\u00e1cticas, procesos, automatizaci\u00f3n y tecnolog\u00eda usada para adaptar DevOps dentro de una organizaci\u00f3n.<\/span><\/li>\n<li><span style=\"color: #000000;\">Comprender sobre las pr\u00e1cticas de Liderazgo de DevOps usando varias herramientas necesarias en el trabajo diario.<\/span><\/li>\n<li><span style=\"color: #000000;\">Reconocer c\u00f3mo DevOps permite soportar el logro de sus objetivos estrat\u00e9gicos de negocio, al mejorar la comunicaci\u00f3n, la estandarizaci\u00f3n, la colaboraci\u00f3n y la automatizaci\u00f3n para la entrega de productos de software de mejor calidad, m\u00e1s r\u00e1pido y a un costo menor.<\/span><\/li>\n<li style=\"list-style-type: none;\"><\/li>\n<\/ul>\n<p>[\/vc_column_text][\/vc_tta_section][\/vc_tta_tabs][\/vc_column][vc_column width=\u00bb1\/3&#8243;][vc_images_carousel images=\u00bb7267&#8243; img_size=\u00bbmedium\u00bb onclick=\u00bblink_no\u00bb speed=\u00bb2500&#8243; autoplay=\u00bbyes\u00bb hide_pagination_control=\u00bbyes\u00bb hide_prev_next_buttons=\u00bbyes\u00bb wrap=\u00bbyes\u00bb css=\u00bb.vc_custom_1607962451628{padding-top: 40px !important;padding-right: 70px !important;padding-left: 70px !important;}\u00bb]<div class=\"porto-u-heading  wpb_custom_95aa9a11c17ad45cfabaf210d84ee7cc porto-u-8982\"><div class=\"porto-u-main-heading\"><h2  >CAPACITACI\u00d3N<\/h2><\/div><style>.porto-u-8982.porto-u-heading{text-align:center}<\/style><\/div>[\/vc_column][\/vc_row][vc_row full_width=\u00bbstretch_row_content_no_spaces\u00bb equal_height=\u00bbyes\u00bb][vc_column el_class=\u00bbbackground-color-primary\u00bb]<div class=\"porto-container container\">[vc_custom_heading text=\u00bb\u00bfQuieres m\u00e1s informaci\u00f3n sobre el curso de L\u00edder Devops?\u00bb font_container=\u00bbtag:h2|text_align:left|color:%23f7f6f4&#8243; use_theme_fonts=\u00bbyes\u00bb text_transform=\u00bbtext-uppercase\u00bb][vc_column_text]<span style=\"color: #a19ae6;\">D\u00e9janos tus datos y te escribiremos<\/span>[\/vc_column_text]\n<div class=\"wpcf7 no-js\" id=\"wpcf7-f7483-o1\" lang=\"es-ES\" dir=\"ltr\">\n<div class=\"screen-reader-response\"><p role=\"status\" aria-live=\"polite\" aria-atomic=\"true\"><\/p> <ul><\/ul><\/div>\n<form action=\"\/hn\/wp-json\/wp\/v2\/pages\/10056#wpcf7-f7483-o1\" method=\"post\" class=\"wpcf7-form init\" aria-label=\"Formulario de contacto\" novalidate=\"novalidate\" data-status=\"init\">\n<div style=\"display: none;\">\n<input type=\"hidden\" name=\"_wpcf7\" value=\"7483\" \/>\n<input type=\"hidden\" name=\"_wpcf7_version\" value=\"5.9.8\" \/>\n<input type=\"hidden\" name=\"_wpcf7_locale\" value=\"es_ES\" \/>\n<input type=\"hidden\" name=\"_wpcf7_unit_tag\" value=\"wpcf7-f7483-o1\" \/>\n<input type=\"hidden\" name=\"_wpcf7_container_post\" value=\"0\" \/>\n<input type=\"hidden\" name=\"_wpcf7_posted_data_hash\" value=\"\" \/>\n<\/div>\n<div style=\"display:none\"><span class=\"wpcf7-form-control-wrap\" data-name=\"donde\"><input size=\"40\" maxlength=\"400\" class=\"wpcf7-form-control wpcf7-text custom-contact-input donde\" aria-invalid=\"false\" value=\"\" type=\"text\" name=\"donde\" \/><\/span><\/div>\n<div class=\"row\">\n    <div class=\"col-lg-6\">\n        <i class=\"Simple-Line-Icons-user text-color-light\"><\/i><span class=\"wpcf7-form-control-wrap\" data-name=\"your-name\"><input size=\"40\" maxlength=\"400\" class=\"wpcf7-form-control wpcf7-text wpcf7-validates-as-required custom-contact-input\" aria-required=\"true\" aria-invalid=\"false\" placeholder=\"Nombre *\" value=\"\" type=\"text\" name=\"your-name\" \/><\/span>\n    <\/div>\n    <div class=\"col-lg-6\">\n        <i class=\"Simple-Line-Icons-envelope text-color-light\"><\/i><span class=\"wpcf7-form-control-wrap\" data-name=\"your-email\"><input size=\"40\" maxlength=\"400\" class=\"wpcf7-form-control wpcf7-email wpcf7-validates-as-required wpcf7-text wpcf7-validates-as-email custom-contact-input\" aria-required=\"true\" aria-invalid=\"false\" placeholder=\"Email *\" value=\"\" type=\"email\" name=\"your-email\" \/><\/span>\n    <\/div>\n<\/div>\n<div class=\"row\">\n    <div class=\"col-lg-6\">\n        <i class=\"Simple-Line-Icons-call-out icons text-color-light\"><\/i><span class=\"wpcf7-form-control-wrap\" data-name=\"your-phone\"><input size=\"40\" maxlength=\"400\" class=\"wpcf7-form-control wpcf7-text custom-contact-input\" aria-invalid=\"false\" placeholder=\"Tel\u00e9fono\" value=\"\" type=\"text\" name=\"your-phone\" \/><\/span>\n    <\/div>\n<\/div>\n<div class=\"row\">\n    <div class=\"col-md-12\">\n        <div class=\"row\">\n            <div class=\"text-left text-checkbox\"><span class=\"wpcf7-form-control-wrap\" data-name=\"resumen\"><span class=\"wpcf7-form-control wpcf7-acceptance optional\"><span class=\"wpcf7-list-item\"><label><input type=\"checkbox\" name=\"resumen\" value=\"1\" aria-invalid=\"false\" \/><span class=\"wpcf7-list-item-label\">Deseo recibir los res\u00famenes de libros<\/span><\/label><\/span><\/span><\/span><\/div>\n            <div class=\"text-left text-checkbox\"><span class=\"wpcf7-form-control-wrap\" data-name=\"webinars\"><span class=\"wpcf7-form-control wpcf7-acceptance optional\"><span class=\"wpcf7-list-item\"><label><input type=\"checkbox\" name=\"webinars\" value=\"1\" aria-invalid=\"false\" \/><span class=\"wpcf7-list-item-label\">Deseo recibir invitaciones a webinars<\/span><\/label><\/span><\/span><\/span><\/div>\n            <div class=\"text-left text-checkbox\"><span class=\"wpcf7-form-control-wrap\" data-name=\"boletin\"><span class=\"wpcf7-form-control wpcf7-acceptance optional\"><span class=\"wpcf7-list-item\"><label><input type=\"checkbox\" name=\"boletin\" value=\"1\" aria-invalid=\"false\" \/><span class=\"wpcf7-list-item-label\">Deseo recibir el bolet\u00edn quincenal<\/span><\/label><\/span><\/span><\/span><\/div>\n        <\/div>\n    <\/div>\n<\/div>\n<div class=\"row center\">\n    <div class=\"col-lg-12\"><input class=\"wpcf7-form-control wpcf7-submit has-spinner custom-btn-style-4\" type=\"submit\" value=\"ENVIAR\" \/><\/div>\n<\/div>\n\n<style>\n.text-checkbox{\ndisplay:block !important;\nwidth: 100%;\ncolor: #fff;\n}\n.wpcf7-form > .row > *{ margin-bottom: 25px; }\n.wpcf7-form i{ position: absolute; top: 10px; }\n.wpcf7-form-control.custom-contact-input {\n    width: 100%;\n    background: none;\n    border: 0px;\n    border-bottom: 1px solid rgba(255, 255, 255, 0.2);\n    box-shadow: none;\n    padding: 10px 10px 10px 30px;\n    color: #fff;\n    -webkit-appearance: none;\n    -moz-appearance: none;\n    -ms-appearance: none;\n    -o-appearance: none;\n    appearance: none;\n}\n.custom-select-style:after {\n    content: '';\n    display: block;\n    position: absolute;\n    top: 50%;\n    right: 25px;\n    width: 10px;\n    height: 10px;\n    border-right: 1px solid #c8d4ea;\n    border-bottom: 1px solid #c8d4ea;\n    z-index: 0;\n    -webkit-transform: translateY(-50%) rotate(45deg);\n    -moz-transform: translateY(-50%) rotate(45deg);\n    -ms-transform: translateY(-50%) rotate(45deg);\n    -o-transform: translateY(-50%) rotate(45deg);\n    transform: translateY(-50%) rotate(45deg);\n}\nselect.custom-contact-input option { color: #818898; }\n.wpcf7-submit.custom-btn-style-4 {\n    background: transparent !important;\n    color: #FFF;\n    font-weight: 900 !important;\n    border: 2px solid #fff !important;\n    padding: 10px 20px !important;\n    font-size: 14px;\n    border-radius: 0px !important;\n}\n.wpcf7-submit.custom-btn-style-4:hover {\n    background: #FFF !important;\n    color: #6a80a9 !important;\n}\n::-webkit-input-placeholder { color: #c8d4ea; }\n::-moz-placeholder { color: #c8d4ea; }\n:-ms-input-placeholder { color: #c8d4ea; }\n:-moz-placeholder{ color: #c8d4ea; }\n@media(max-width: 991px){\n\t.wpcf7-form > .row > *{ margin-bottom: 15px; }\n\t.wpcf7-form .row.center{ margin-top: 10px; }\n}\n<\/style><div class=\"wpcf7-response-output\" aria-hidden=\"true\"><\/div>\n<\/form>\n<\/div>\n<\/div>[\/vc_column][\/vc_row]<\/p>\n<\/div>","protected":false},"excerpt":{"rendered":"<p>[vc_row full_width=\u00bbstretch_row_content\u00bb css=\u00bb.vc_custom_1584804929969{padding-top: 58px !important;padding-bottom: 58px !important;background-image: url(https:\/\/proyectum.com\/hn\/wp-content\/uploads\/2018\/09\/curso-tipo.png?id=6990) !important;background-position: center !important;background-repeat: no-repeat !important;background-size: cover !important;}\u00bb][vc_column width=\u00bb1\/2&#8243;][vc_custom_heading text=\u00bbL\u00edder Devops\u00bb font_container=\u00bbtag:h1|font_size:40|text_align:center|color:%23ffffff\u00bb use_theme_fonts=\u00bbyes\u00bb css=\u00bb.vc_custom_1608236589964{padding-top: 55px !important;padding-left: 75px !important;}\u00bb][\/vc_column][vc_column width=\u00bb1\/2&#8243;][vc_single_image image=\u00bb9634&#8243; img_size=\u00bb200&#215;170&#8243; css=\u00bb.vc_custom_1602877877665{padding-left: 250px !important;}\u00bb][\/vc_column][\/vc_row][vc_column][\/vc_column][vc_row][vc_column width=\u00bb2\/3&#8243;][vc_column_text css=\u00bb.vc_custom_1690845337751{padding-top: 20px !important;}\u00bb]En el curso L\u00edder DEVOPS, los candidatos conocer\u00e1n conceptos, principios y herramientas usados por el Liderazgo de DevOps para clarificar, planear [&hellip;]<\/p>\n","protected":false},"author":27,"featured_media":0,"parent":7466,"menu_order":0,"comment_status":"closed","ping_status":"closed","template":"","meta":{"_acf_changed":false,"_joinchat":[],"footnotes":""},"acf":[],"yoast_head":"<!-- This site is optimized with the Yoast SEO plugin v24.5 - https:\/\/yoast.com\/wordpress\/plugins\/seo\/ -->\n<title>L\u00edder Devops - Proyectum Honduras<\/title>\n<meta name=\"robots\" content=\"index, follow, max-snippet:-1, max-image-preview:large, max-video-preview:-1\" \/>\n<link rel=\"canonical\" href=\"https:\/\/proyectum.com\/hn\/capacitacion\/lider_devops\/\" \/>\n<meta property=\"og:locale\" content=\"es_ES\" \/>\n<meta property=\"og:type\" content=\"article\" \/>\n<meta property=\"og:title\" content=\"L\u00edder Devops - Proyectum Honduras\" \/>\n<meta property=\"og:description\" content=\"[vc_row full_width=\u00bbstretch_row_content\u00bb css=\u00bb.vc_custom_1584804929969{padding-top: 58px !important;padding-bottom: 58px !important;background-image: url(https:\/\/proyectum.com\/hn\/wp-content\/uploads\/2018\/09\/curso-tipo.png?id=6990) !important;background-position: center !important;background-repeat: no-repeat !important;background-size: cover !important;}\u00bb][vc_column width=\u00bb1\/2&#8243;][vc_custom_heading text=\u00bbL\u00edder Devops\u00bb font_container=\u00bbtag:h1|font_size:40|text_align:center|color:%23ffffff\u00bb use_theme_fonts=\u00bbyes\u00bb css=\u00bb.vc_custom_1608236589964{padding-top: 55px !important;padding-left: 75px !important;}\u00bb][\/vc_column][vc_column width=\u00bb1\/2&#8243;][vc_single_image image=\u00bb9634&#8243; img_size=\u00bb200&#215;170&#8243; css=\u00bb.vc_custom_1602877877665{padding-left: 250px !important;}\u00bb][\/vc_column][\/vc_row][vc_column][\/vc_column][vc_row][vc_column width=\u00bb2\/3&#8243;][vc_column_text css=\u00bb.vc_custom_1690845337751{padding-top: 20px !important;}\u00bb]En el curso L\u00edder DEVOPS, los candidatos conocer\u00e1n conceptos, principios y herramientas usados por el Liderazgo de DevOps para clarificar, planear [&hellip;]\" \/>\n<meta property=\"og:url\" content=\"https:\/\/proyectum.com\/hn\/capacitacion\/lider_devops\/\" \/>\n<meta property=\"og:site_name\" content=\"Proyectum Honduras\" \/>\n<meta property=\"article:publisher\" content=\"https:\/\/www.facebook.com\/proyectumcr\/\" \/>\n<meta property=\"article:modified_time\" content=\"2023-07-31T23:15:54+00:00\" \/>\n<meta name=\"twitter:card\" content=\"summary_large_image\" \/>\n<meta name=\"twitter:label1\" content=\"Tiempo de lectura\" \/>\n\t<meta name=\"twitter:data1\" content=\"3 minutos\" \/>\n<script type=\"application\/ld+json\" class=\"yoast-schema-graph\">{\"@context\":\"https:\/\/schema.org\",\"@graph\":[{\"@type\":\"WebPage\",\"@id\":\"https:\/\/proyectum.com\/hn\/capacitacion\/lider_devops\/\",\"url\":\"https:\/\/proyectum.com\/hn\/capacitacion\/lider_devops\/\",\"name\":\"L\u00edder Devops - Proyectum Honduras\",\"isPartOf\":{\"@id\":\"https:\/\/proyectum.com\/hn\/#website\"},\"datePublished\":\"2020-12-17T22:10:22+00:00\",\"dateModified\":\"2023-07-31T23:15:54+00:00\",\"breadcrumb\":{\"@id\":\"https:\/\/proyectum.com\/hn\/capacitacion\/lider_devops\/#breadcrumb\"},\"inLanguage\":\"es\",\"potentialAction\":[{\"@type\":\"ReadAction\",\"target\":[\"https:\/\/proyectum.com\/hn\/capacitacion\/lider_devops\/\"]}]},{\"@type\":\"BreadcrumbList\",\"@id\":\"https:\/\/proyectum.com\/hn\/capacitacion\/lider_devops\/#breadcrumb\",\"itemListElement\":[{\"@type\":\"ListItem\",\"position\":1,\"name\":\"Home\",\"item\":\"https:\/\/proyectum.com\/hn\/\"},{\"@type\":\"ListItem\",\"position\":2,\"name\":\"Capacitaciones\",\"item\":\"https:\/\/proyectum.com\/hn\/capacitacion\/\"},{\"@type\":\"ListItem\",\"position\":3,\"name\":\"L\u00edder Devops\"}]},{\"@type\":\"WebSite\",\"@id\":\"https:\/\/proyectum.com\/hn\/#website\",\"url\":\"https:\/\/proyectum.com\/hn\/\",\"name\":\"Proyectum Costa Rica\",\"description\":\"Direcci\u00f3n de proyectos y agilidad\",\"publisher\":{\"@id\":\"https:\/\/proyectum.com\/hn\/#organization\"},\"potentialAction\":[{\"@type\":\"SearchAction\",\"target\":{\"@type\":\"EntryPoint\",\"urlTemplate\":\"https:\/\/proyectum.com\/hn\/?s={search_term_string}\"},\"query-input\":{\"@type\":\"PropertyValueSpecification\",\"valueRequired\":true,\"valueName\":\"search_term_string\"}}],\"inLanguage\":\"es\"},{\"@type\":\"Organization\",\"@id\":\"https:\/\/proyectum.com\/hn\/#organization\",\"name\":\"Proyectum Costa Rica\",\"url\":\"https:\/\/proyectum.com\/hn\/\",\"logo\":{\"@type\":\"ImageObject\",\"inLanguage\":\"es\",\"@id\":\"https:\/\/proyectum.com\/hn\/#\/schema\/logo\/image\/\",\"url\":\"https:\/\/i1.wp.com\/proyectum.com\/hn\/wp-content\/uploads\/proyectum-logo-snippet.png?fit=600%2C315&ssl=1\",\"contentUrl\":\"https:\/\/i1.wp.com\/proyectum.com\/hn\/wp-content\/uploads\/proyectum-logo-snippet.png?fit=600%2C315&ssl=1\",\"width\":600,\"height\":315,\"caption\":\"Proyectum Costa Rica\"},\"image\":{\"@id\":\"https:\/\/proyectum.com\/hn\/#\/schema\/logo\/image\/\"},\"sameAs\":[\"https:\/\/www.facebook.com\/proyectumcr\/\",\"https:\/\/www.instagram.com\/proyectumcostarica\/\",\"https:\/\/www.linkedin.com\/company\/proyectum-costarica\/\",\"https:\/\/www.youtube.com\/channel\/UCljouWimyhK_cNcC2jniUgw\"]}]}<\/script>\n<!-- \/ Yoast SEO plugin. -->","yoast_head_json":{"title":"L\u00edder Devops - Proyectum Honduras","robots":{"index":"index","follow":"follow","max-snippet":"max-snippet:-1","max-image-preview":"max-image-preview:large","max-video-preview":"max-video-preview:-1"},"canonical":"https:\/\/proyectum.com\/hn\/capacitacion\/lider_devops\/","og_locale":"es_ES","og_type":"article","og_title":"L\u00edder Devops - Proyectum Honduras","og_description":"[vc_row full_width=\u00bbstretch_row_content\u00bb css=\u00bb.vc_custom_1584804929969{padding-top: 58px !important;padding-bottom: 58px !important;background-image: url(https:\/\/proyectum.com\/hn\/wp-content\/uploads\/2018\/09\/curso-tipo.png?id=6990) !important;background-position: center !important;background-repeat: no-repeat !important;background-size: cover !important;}\u00bb][vc_column width=\u00bb1\/2&#8243;][vc_custom_heading text=\u00bbL\u00edder Devops\u00bb font_container=\u00bbtag:h1|font_size:40|text_align:center|color:%23ffffff\u00bb use_theme_fonts=\u00bbyes\u00bb css=\u00bb.vc_custom_1608236589964{padding-top: 55px !important;padding-left: 75px !important;}\u00bb][\/vc_column][vc_column width=\u00bb1\/2&#8243;][vc_single_image image=\u00bb9634&#8243; img_size=\u00bb200&#215;170&#8243; css=\u00bb.vc_custom_1602877877665{padding-left: 250px !important;}\u00bb][\/vc_column][\/vc_row][vc_column][\/vc_column][vc_row][vc_column width=\u00bb2\/3&#8243;][vc_column_text css=\u00bb.vc_custom_1690845337751{padding-top: 20px !important;}\u00bb]En el curso L\u00edder DEVOPS, los candidatos conocer\u00e1n conceptos, principios y herramientas usados por el Liderazgo de DevOps para clarificar, planear [&hellip;]","og_url":"https:\/\/proyectum.com\/hn\/capacitacion\/lider_devops\/","og_site_name":"Proyectum Honduras","article_publisher":"https:\/\/www.facebook.com\/proyectumcr\/","article_modified_time":"2023-07-31T23:15:54+00:00","twitter_card":"summary_large_image","twitter_misc":{"Tiempo de lectura":"3 minutos"},"schema":{"@context":"https:\/\/schema.org","@graph":[{"@type":"WebPage","@id":"https:\/\/proyectum.com\/hn\/capacitacion\/lider_devops\/","url":"https:\/\/proyectum.com\/hn\/capacitacion\/lider_devops\/","name":"L\u00edder Devops - Proyectum Honduras","isPartOf":{"@id":"https:\/\/proyectum.com\/hn\/#website"},"datePublished":"2020-12-17T22:10:22+00:00","dateModified":"2023-07-31T23:15:54+00:00","breadcrumb":{"@id":"https:\/\/proyectum.com\/hn\/capacitacion\/lider_devops\/#breadcrumb"},"inLanguage":"es","potentialAction":[{"@type":"ReadAction","target":["https:\/\/proyectum.com\/hn\/capacitacion\/lider_devops\/"]}]},{"@type":"BreadcrumbList","@id":"https:\/\/proyectum.com\/hn\/capacitacion\/lider_devops\/#breadcrumb","itemListElement":[{"@type":"ListItem","position":1,"name":"Home","item":"https:\/\/proyectum.com\/hn\/"},{"@type":"ListItem","position":2,"name":"Capacitaciones","item":"https:\/\/proyectum.com\/hn\/capacitacion\/"},{"@type":"ListItem","position":3,"name":"L\u00edder Devops"}]},{"@type":"WebSite","@id":"https:\/\/proyectum.com\/hn\/#website","url":"https:\/\/proyectum.com\/hn\/","name":"Proyectum Costa Rica","description":"Direcci\u00f3n de proyectos y agilidad","publisher":{"@id":"https:\/\/proyectum.com\/hn\/#organization"},"potentialAction":[{"@type":"SearchAction","target":{"@type":"EntryPoint","urlTemplate":"https:\/\/proyectum.com\/hn\/?s={search_term_string}"},"query-input":{"@type":"PropertyValueSpecification","valueRequired":true,"valueName":"search_term_string"}}],"inLanguage":"es"},{"@type":"Organization","@id":"https:\/\/proyectum.com\/hn\/#organization","name":"Proyectum Costa Rica","url":"https:\/\/proyectum.com\/hn\/","logo":{"@type":"ImageObject","inLanguage":"es","@id":"https:\/\/proyectum.com\/hn\/#\/schema\/logo\/image\/","url":"https:\/\/i1.wp.com\/proyectum.com\/hn\/wp-content\/uploads\/proyectum-logo-snippet.png?fit=600%2C315&ssl=1","contentUrl":"https:\/\/i1.wp.com\/proyectum.com\/hn\/wp-content\/uploads\/proyectum-logo-snippet.png?fit=600%2C315&ssl=1","width":600,"height":315,"caption":"Proyectum Costa Rica"},"image":{"@id":"https:\/\/proyectum.com\/hn\/#\/schema\/logo\/image\/"},"sameAs":["https:\/\/www.facebook.com\/proyectumcr\/","https:\/\/www.instagram.com\/proyectumcostarica\/","https:\/\/www.linkedin.com\/company\/proyectum-costarica\/","https:\/\/www.youtube.com\/channel\/UCljouWimyhK_cNcC2jniUgw"]}]}},"jetpack_sharing_enabled":true,"_links":{"self":[{"href":"https:\/\/proyectum.com\/hn\/wp-json\/wp\/v2\/pages\/10056"}],"collection":[{"href":"https:\/\/proyectum.com\/hn\/wp-json\/wp\/v2\/pages"}],"about":[{"href":"https:\/\/proyectum.com\/hn\/wp-json\/wp\/v2\/types\/page"}],"author":[{"embeddable":true,"href":"https:\/\/proyectum.com\/hn\/wp-json\/wp\/v2\/users\/27"}],"replies":[{"embeddable":true,"href":"https:\/\/proyectum.com\/hn\/wp-json\/wp\/v2\/comments?post=10056"}],"version-history":[{"count":18,"href":"https:\/\/proyectum.com\/hn\/wp-json\/wp\/v2\/pages\/10056\/revisions"}],"predecessor-version":[{"id":10721,"href":"https:\/\/proyectum.com\/hn\/wp-json\/wp\/v2\/pages\/10056\/revisions\/10721"}],"up":[{"embeddable":true,"href":"https:\/\/proyectum.com\/hn\/wp-json\/wp\/v2\/pages\/7466"}],"wp:attachment":[{"href":"https:\/\/proyectum.com\/hn\/wp-json\/wp\/v2\/media?parent=10056"}],"curies":[{"name":"wp","href":"https:\/\/api.w.org\/{rel}","templated":true}]}}