{"id":10391,"date":"2021-02-23T16:39:31","date_gmt":"2021-02-23T22:39:31","guid":{"rendered":"https:\/\/proyectum.com\/hn\/?page_id=10391"},"modified":"2023-07-31T17:11:35","modified_gmt":"2023-07-31T23:11:35","slug":"actualizacion-pmp","status":"publish","type":"page","link":"https:\/\/proyectum.com\/hn\/capacitacion\/actualizacion-pmp\/","title":{"rendered":"Actualizaci\u00f3n PMP"},"content":{"rendered":"<div class=\"wpb-content-wrapper\"><p>[vc_row full_width=\u00bbstretch_row\u00bb css=\u00bb.vc_custom_1580509873226{padding-top: 58px !important;padding-bottom: 58px !important;background-image: url(https:\/\/proyectum.com\/hn\/wp-content\/uploads\/2018\/09\/curso-tipo.png?id=6990) !important;background-position: center !important;background-repeat: no-repeat !important;background-size: cover !important;}\u00bb][vc_column width=\u00bb1\/2&#8243;][vc_custom_heading text=\u00bbActualizaci\u00f3n PMP\u00bb font_container=\u00bbtag:h1|font_size:40|text_align:center|color:%23ffffff\u00bb use_theme_fonts=\u00bbyes\u00bb css=\u00bb.vc_custom_1614120502090{margin-bottom: 0px !important;padding-top: 25px !important;}\u00bb][\/vc_column][vc_column width=\u00bb1\/2&#8243;][vc_single_image image=\u00bb9634&#8243; img_size=\u00bb200&#215;170&#8243; css=\u00bb.vc_custom_1602877448584{padding-left: 250px !important;}\u00bb][\/vc_column][\/vc_row][vc_row css=\u00bb.vc_custom_1488777218947{padding-top: 25px !important;padding-bottom: 60px !important;}\u00bb][vc_column width=\u00bb2\/3&#8243; css=\u00bb.vc_custom_1579695241240{padding-right: 40px !important;}\u00bb][vc_column_text]<\/p>\n<div>\n<p>PMP\u00ae, es la certificaci\u00f3n profesional con mayor reconocimiento en el mundo. En enero del 2021 entr\u00f3 en vigor la nueva versi\u00f3n del examen alineada con el Exam Content Outline (ECO2021). El cambio m\u00e1s significativo que ha sufrido el examen desde su introducci\u00f3n al mercado en 1984.<\/p>\n<p>Este curso tiene como objetivo ayudar a quienes se prepararon para la versi\u00f3n del examen ECO2015 y no pudieron aplicar su examen antes del cambio al ECO2021. <strong>Es un curso de actualizaci\u00f3n de 12 horas<\/strong> en donde se repasan y se abordan con cierto nivel de profundidad los principales cambios al examen.<\/p>\n<\/div>\n<div>\n<ul>\n<li><span style=\"color: #000000;\"><strong>Duraci\u00f3n:<\/strong> 12 horas (4 sesiones)<\/span><\/li>\n<li><span style=\"color: #000000;\"><strong>Modalidad:<\/strong> Online<\/span><\/li>\n<li><span style=\"color: #000000;\"><strong>Precio del curso: <\/strong>$299 (+15% <span style=\"font-size: 13px;\">IVA<\/span>)<\/span><\/li>\n<li><span style=\"color: #000000;\"><strong>Precio del programa:<\/strong> <a href=\"https:\/\/proyectum.com\/hn\/capacitacion\/taller-practico-pmp-prep-coaching\/\">Taller Pr\u00e1ctico PMP\u00ae Prep + Coaching<\/a> y Curso de Actualizaci\u00f3n $490 (+15% <span style=\"font-size: 13px;\">IVA<\/span>)<br \/>\n<\/span><\/li>\n<\/ul>\n<p><span style=\"color: #000000;\"><strong><span style=\"font-size: 14px;\">NOTA: <\/span><\/strong><span style=\"font-size: 13px;\">Este es un curso impartido por instructores certificados por el PMI\u00ae<\/span><\/span><\/p>\n<\/div>\n<p>[\/vc_column_text][vc_tta_tabs active_section=\u00bb1&#8243;][vc_tta_section title=\u00bbPerfil\u00bb tab_id=\u00bb1541444757751-389b2c58-e32c\u00bb][vc_column_text]<\/p>\n<ul>\n<li>Personas que prepararon su examen con la versi\u00f3n anterior y que desean presentar el examen con la versi\u00f3n vigente a partir del 2 de enero del 2021<\/li>\n<li>Personas que quieren actualizar sus conocimientos en materia de PM.<\/li>\n<\/ul>\n<p>[\/vc_column_text][\/vc_tta_section][vc_tta_section title=\u00bbContenido\u00bb tab_id=\u00bb1579695571754-4227bf7c-dfe0&#8243;][vc_column_text]<\/p>\n<h4>\u00b7 <strong>M\u00f3dulo 1 \u2013 Introducci\u00f3n<\/strong><\/h4>\n<h4>\u00b7 <strong>M\u00f3dulo 2 \u2013 Cambios relacionados con la agilidad<\/strong><\/h4>\n<h4>\u00b7 <strong>M\u00f3dulo 3 \u2013 Cambios de conceptos incluidos en el PMBOK<\/strong><strong><sup>\u00ae<\/sup><\/strong><strong> 6ta edici\u00f3n<\/strong><\/h4>\n<h4>\u00b7 <strong>M\u00f3dulo 4 \u2013 Adiciones incluidos en el examen que no est\u00e1n en la Gu\u00eda PMBOK<\/strong><strong><sup>\u00ae<\/sup><\/strong><strong> 6ta edici\u00f3n<\/strong><\/h4>\n<p>[\/vc_column_text][\/vc_tta_section][vc_tta_section title=\u00bbIncluye\u00bb tab_id=\u00bb1541455369971-f2c4148a-d49e\u00bb][vc_column_text]<strong>EL CURSO DE ACTUALIZACI\u00d3N PMP\u00ae INCLUYE<\/strong><\/p>\n<ul>\n<li><strong>Duraci\u00f3n:<\/strong> 12 horas de curso divididas en 4 sesiones de 3 horas.<\/li>\n<li><strong>Capacitaci\u00f3n con instructor certificado como PMP\u00ae<\/strong>, y acreditado como instructor por el Project Management Institute PMI, con m\u00e1s de 15 a\u00f1os de experiencia en la preparaci\u00f3n de profesionales para la obtenci\u00f3n de su certificaci\u00f3n.<\/li>\n<li>Acceso digital al material de apoyo.<\/li>\n<li>Constancia de participaci\u00f3n avalando 12 horas de contacto.<\/li>\n<\/ul>\n<p>[\/vc_column_text][\/vc_tta_section][vc_tta_section title=\u00bbObjetivos\u00bb tab_id=\u00bb1541455357238-d8636f7d-26cc\u00bb][vc_column_text]Al final del curso, los participantes ser\u00e1n capaces de:<\/p>\n<ul>\n<li>Actualizar los conocimientos y los recursos necesarios para <strong>presentar el examen de Certificaci\u00f3n PMP\u00ae del PMI\u00ae versi\u00f3n 2021<\/strong>.<\/li>\n<li>Dise\u00f1ar una estrategia para enfrentar y pasar el examen de certificaci\u00f3n PMP\u00ae en su nueva versi\u00f3n.<\/li>\n<li>Reconocer los distintos enfoques de entrega: predictivo, \u00e1gil o h\u00edbrido.<\/li>\n<\/ul>\n<p>[\/vc_column_text][\/vc_tta_section][vc_tta_section title=\u00bbPrerrequisitos\u00bb tab_id=\u00bb1614121178810-e0fd5fbd-6eee\u00bb][vc_column_text]<\/p>\n<ul>\n<li>Se recomienda que las personas que tomen este curso tengan programado postular para la certificaci\u00f3n en un periodo no mayor a 90 d\u00edas.<\/li>\n<li>Deseable haber tomado un curso de preparaci\u00f3n para la certificaci\u00f3n PMP antes del 31 de diciembre de 2020.<\/li>\n<li>Deseable que los participantes est\u00e9n en su periodo de elegibilidad.<\/li>\n<li><strong>Recomendamos ser miembro activo del PMI<\/strong>. Al ser miembro, el examen tiene un costo menor; tienes acceso al PMBOK\u00ae digital, seminarios en l\u00ednea y mucho m\u00e1s material.<\/li>\n<\/ul>\n<p>[\/vc_column_text][\/vc_tta_section][\/vc_tta_tabs][vc_row_inner][vc_column_inner][\/vc_column_inner][\/vc_row_inner][\/vc_column][vc_column width=\u00bb1\/3&#8243;][vc_single_image image=\u00bb8779&#8243; img_size=\u00bbmedium\u00bb alignment=\u00bbcenter\u00bb]<div class=\"porto-u-heading  wpb_custom_95aa9a11c17ad45cfabaf210d84ee7cc porto-u-7201\"><div class=\"porto-u-main-heading\"><h2  >CAPACITACI\u00d3N<\/h2><\/div><style>.porto-u-7201.porto-u-heading{text-align:center}<\/style><\/div>[\/vc_column][\/vc_row][vc_row full_width=\u00bbstretch_row_content_no_spaces\u00bb equal_height=\u00bbyes\u00bb][vc_column el_class=\u00bbbackground-color-primary\u00bb css=\u00bb.vc_custom_1528971916644{padding-top: 60px !important;padding-bottom: 55px !important;padding-left: 15px !important;}\u00bb]<div class=\"porto-container container\">[vc_custom_heading text=\u00bb\u00bfQuieres m\u00e1s informaci\u00f3n sobre el curso de Actualizaci\u00f3n PMP\u00ae?\u00bb font_container=\u00bbtag:h2|text_align:left|color:%23ffffff\u00bb use_theme_fonts=\u00bbyes\u00bb text_transform=\u00bbtext-uppercase\u00bb css=\u00bb.vc_custom_1614121250088{margin-bottom: 0px !important;}\u00bb][vc_column_text el_class=\u00bbtext-color-dark m-b-md\u00bb]<span style=\"font-size: 16px; color: #c6d4ee;\">D\u00e9janos tus datos para que te llamemos<\/span>[\/vc_column_text][vc_raw_html]JTNDaWZyYW1lJTIwc3R5bGUlM0QlMjJib3JkZXIlM0ElMjAwcHglMjFpbXBvcnRhbnQlM0IlMjIlMjBzcmMlM0QlMjJodHRwcyUzQSUyRiUyRnd3dy5wcm95ZWN0dW0uY29tJTJGc2lzdGVtYSUyRmZvcm11bGFyaW8tamV0cGFjay1wbXAlMkYlMjIlMjB3aWR0aCUzRCUyMjEwMDBweCUyMiUyMGhlaWdodCUzRCUyMjcwMHB4JTIyJTNFJTNDJTJGaWZyYW1lJTNF[\/vc_raw_html]<\/div>[\/vc_column][\/vc_row]<\/p>\n<\/div>","protected":false},"excerpt":{"rendered":"<p>[vc_row full_width=\u00bbstretch_row\u00bb css=\u00bb.vc_custom_1580509873226{padding-top: 58px !important;padding-bottom: 58px !important;background-image: url(https:\/\/proyectum.com\/hn\/wp-content\/uploads\/2018\/09\/curso-tipo.png?id=6990) !important;background-position: center !important;background-repeat: no-repeat !important;background-size: cover !important;}\u00bb][vc_column width=\u00bb1\/2&#8243;][vc_custom_heading text=\u00bbActualizaci\u00f3n PMP\u00bb font_container=\u00bbtag:h1|font_size:40|text_align:center|color:%23ffffff\u00bb use_theme_fonts=\u00bbyes\u00bb css=\u00bb.vc_custom_1614120502090{margin-bottom: 0px !important;padding-top: 25px !important;}\u00bb][\/vc_column][vc_column width=\u00bb1\/2&#8243;][vc_single_image image=\u00bb9634&#8243; img_size=\u00bb200&#215;170&#8243; css=\u00bb.vc_custom_1602877448584{padding-left: 250px !important;}\u00bb][\/vc_column][\/vc_row][vc_row css=\u00bb.vc_custom_1488777218947{padding-top: 25px !important;padding-bottom: 60px !important;}\u00bb][vc_column width=\u00bb2\/3&#8243; css=\u00bb.vc_custom_1579695241240{padding-right: 40px !important;}\u00bb][vc_column_text] PMP\u00ae, es la certificaci\u00f3n profesional con mayor reconocimiento en el mundo. En enero del 2021 [&hellip;]<\/p>\n","protected":false},"author":27,"featured_media":0,"parent":7466,"menu_order":0,"comment_status":"closed","ping_status":"closed","template":"","meta":{"_acf_changed":false,"_joinchat":[],"footnotes":""},"acf":[],"yoast_head":"<!-- This site is optimized with the Yoast SEO plugin v24.5 - https:\/\/yoast.com\/wordpress\/plugins\/seo\/ -->\n<title>Actualizaci\u00f3n PMP - Proyectum Honduras<\/title>\n<meta name=\"robots\" content=\"index, follow, max-snippet:-1, max-image-preview:large, max-video-preview:-1\" \/>\n<link rel=\"canonical\" href=\"https:\/\/proyectum.com\/hn\/capacitacion\/actualizacion-pmp\/\" \/>\n<meta property=\"og:locale\" content=\"es_ES\" \/>\n<meta property=\"og:type\" content=\"article\" \/>\n<meta property=\"og:title\" content=\"Actualizaci\u00f3n PMP - Proyectum Honduras\" \/>\n<meta property=\"og:description\" content=\"[vc_row full_width=\u00bbstretch_row\u00bb css=\u00bb.vc_custom_1580509873226{padding-top: 58px !important;padding-bottom: 58px !important;background-image: url(https:\/\/proyectum.com\/hn\/wp-content\/uploads\/2018\/09\/curso-tipo.png?id=6990) !important;background-position: center !important;background-repeat: no-repeat !important;background-size: cover !important;}\u00bb][vc_column width=\u00bb1\/2&#8243;][vc_custom_heading text=\u00bbActualizaci\u00f3n PMP\u00bb font_container=\u00bbtag:h1|font_size:40|text_align:center|color:%23ffffff\u00bb use_theme_fonts=\u00bbyes\u00bb css=\u00bb.vc_custom_1614120502090{margin-bottom: 0px !important;padding-top: 25px !important;}\u00bb][\/vc_column][vc_column width=\u00bb1\/2&#8243;][vc_single_image image=\u00bb9634&#8243; img_size=\u00bb200&#215;170&#8243; css=\u00bb.vc_custom_1602877448584{padding-left: 250px !important;}\u00bb][\/vc_column][\/vc_row][vc_row css=\u00bb.vc_custom_1488777218947{padding-top: 25px !important;padding-bottom: 60px !important;}\u00bb][vc_column width=\u00bb2\/3&#8243; css=\u00bb.vc_custom_1579695241240{padding-right: 40px !important;}\u00bb][vc_column_text] PMP\u00ae, es la certificaci\u00f3n profesional con mayor reconocimiento en el mundo. En enero del 2021 [&hellip;]\" \/>\n<meta property=\"og:url\" content=\"https:\/\/proyectum.com\/hn\/capacitacion\/actualizacion-pmp\/\" \/>\n<meta property=\"og:site_name\" content=\"Proyectum Honduras\" \/>\n<meta property=\"article:publisher\" content=\"https:\/\/www.facebook.com\/proyectumcr\/\" \/>\n<meta property=\"article:modified_time\" content=\"2023-07-31T23:11:35+00:00\" \/>\n<meta name=\"twitter:card\" content=\"summary_large_image\" \/>\n<meta name=\"twitter:label1\" content=\"Tiempo de lectura\" \/>\n\t<meta name=\"twitter:data1\" content=\"3 minutos\" \/>\n<script type=\"application\/ld+json\" class=\"yoast-schema-graph\">{\"@context\":\"https:\/\/schema.org\",\"@graph\":[{\"@type\":\"WebPage\",\"@id\":\"https:\/\/proyectum.com\/hn\/capacitacion\/actualizacion-pmp\/\",\"url\":\"https:\/\/proyectum.com\/hn\/capacitacion\/actualizacion-pmp\/\",\"name\":\"Actualizaci\u00f3n PMP - Proyectum Honduras\",\"isPartOf\":{\"@id\":\"https:\/\/proyectum.com\/hn\/#website\"},\"datePublished\":\"2021-02-23T22:39:31+00:00\",\"dateModified\":\"2023-07-31T23:11:35+00:00\",\"breadcrumb\":{\"@id\":\"https:\/\/proyectum.com\/hn\/capacitacion\/actualizacion-pmp\/#breadcrumb\"},\"inLanguage\":\"es\",\"potentialAction\":[{\"@type\":\"ReadAction\",\"target\":[\"https:\/\/proyectum.com\/hn\/capacitacion\/actualizacion-pmp\/\"]}]},{\"@type\":\"BreadcrumbList\",\"@id\":\"https:\/\/proyectum.com\/hn\/capacitacion\/actualizacion-pmp\/#breadcrumb\",\"itemListElement\":[{\"@type\":\"ListItem\",\"position\":1,\"name\":\"Home\",\"item\":\"https:\/\/proyectum.com\/hn\/\"},{\"@type\":\"ListItem\",\"position\":2,\"name\":\"Capacitaciones\",\"item\":\"https:\/\/proyectum.com\/hn\/capacitacion\/\"},{\"@type\":\"ListItem\",\"position\":3,\"name\":\"Actualizaci\u00f3n PMP\"}]},{\"@type\":\"WebSite\",\"@id\":\"https:\/\/proyectum.com\/hn\/#website\",\"url\":\"https:\/\/proyectum.com\/hn\/\",\"name\":\"Proyectum Costa Rica\",\"description\":\"Direcci\u00f3n de proyectos y agilidad\",\"publisher\":{\"@id\":\"https:\/\/proyectum.com\/hn\/#organization\"},\"potentialAction\":[{\"@type\":\"SearchAction\",\"target\":{\"@type\":\"EntryPoint\",\"urlTemplate\":\"https:\/\/proyectum.com\/hn\/?s={search_term_string}\"},\"query-input\":{\"@type\":\"PropertyValueSpecification\",\"valueRequired\":true,\"valueName\":\"search_term_string\"}}],\"inLanguage\":\"es\"},{\"@type\":\"Organization\",\"@id\":\"https:\/\/proyectum.com\/hn\/#organization\",\"name\":\"Proyectum Costa Rica\",\"url\":\"https:\/\/proyectum.com\/hn\/\",\"logo\":{\"@type\":\"ImageObject\",\"inLanguage\":\"es\",\"@id\":\"https:\/\/proyectum.com\/hn\/#\/schema\/logo\/image\/\",\"url\":\"https:\/\/i1.wp.com\/proyectum.com\/hn\/wp-content\/uploads\/proyectum-logo-snippet.png?fit=600%2C315&ssl=1\",\"contentUrl\":\"https:\/\/i1.wp.com\/proyectum.com\/hn\/wp-content\/uploads\/proyectum-logo-snippet.png?fit=600%2C315&ssl=1\",\"width\":600,\"height\":315,\"caption\":\"Proyectum Costa Rica\"},\"image\":{\"@id\":\"https:\/\/proyectum.com\/hn\/#\/schema\/logo\/image\/\"},\"sameAs\":[\"https:\/\/www.facebook.com\/proyectumcr\/\",\"https:\/\/www.instagram.com\/proyectumcostarica\/\",\"https:\/\/www.linkedin.com\/company\/proyectum-costarica\/\",\"https:\/\/www.youtube.com\/channel\/UCljouWimyhK_cNcC2jniUgw\"]}]}<\/script>\n<!-- \/ Yoast SEO plugin. -->","yoast_head_json":{"title":"Actualizaci\u00f3n PMP - Proyectum Honduras","robots":{"index":"index","follow":"follow","max-snippet":"max-snippet:-1","max-image-preview":"max-image-preview:large","max-video-preview":"max-video-preview:-1"},"canonical":"https:\/\/proyectum.com\/hn\/capacitacion\/actualizacion-pmp\/","og_locale":"es_ES","og_type":"article","og_title":"Actualizaci\u00f3n PMP - Proyectum Honduras","og_description":"[vc_row full_width=\u00bbstretch_row\u00bb css=\u00bb.vc_custom_1580509873226{padding-top: 58px !important;padding-bottom: 58px !important;background-image: url(https:\/\/proyectum.com\/hn\/wp-content\/uploads\/2018\/09\/curso-tipo.png?id=6990) !important;background-position: center !important;background-repeat: no-repeat !important;background-size: cover !important;}\u00bb][vc_column width=\u00bb1\/2&#8243;][vc_custom_heading text=\u00bbActualizaci\u00f3n PMP\u00bb font_container=\u00bbtag:h1|font_size:40|text_align:center|color:%23ffffff\u00bb use_theme_fonts=\u00bbyes\u00bb css=\u00bb.vc_custom_1614120502090{margin-bottom: 0px !important;padding-top: 25px !important;}\u00bb][\/vc_column][vc_column width=\u00bb1\/2&#8243;][vc_single_image image=\u00bb9634&#8243; img_size=\u00bb200&#215;170&#8243; css=\u00bb.vc_custom_1602877448584{padding-left: 250px !important;}\u00bb][\/vc_column][\/vc_row][vc_row css=\u00bb.vc_custom_1488777218947{padding-top: 25px !important;padding-bottom: 60px !important;}\u00bb][vc_column width=\u00bb2\/3&#8243; css=\u00bb.vc_custom_1579695241240{padding-right: 40px !important;}\u00bb][vc_column_text] PMP\u00ae, es la certificaci\u00f3n profesional con mayor reconocimiento en el mundo. En enero del 2021 [&hellip;]","og_url":"https:\/\/proyectum.com\/hn\/capacitacion\/actualizacion-pmp\/","og_site_name":"Proyectum Honduras","article_publisher":"https:\/\/www.facebook.com\/proyectumcr\/","article_modified_time":"2023-07-31T23:11:35+00:00","twitter_card":"summary_large_image","twitter_misc":{"Tiempo de lectura":"3 minutos"},"schema":{"@context":"https:\/\/schema.org","@graph":[{"@type":"WebPage","@id":"https:\/\/proyectum.com\/hn\/capacitacion\/actualizacion-pmp\/","url":"https:\/\/proyectum.com\/hn\/capacitacion\/actualizacion-pmp\/","name":"Actualizaci\u00f3n PMP - Proyectum Honduras","isPartOf":{"@id":"https:\/\/proyectum.com\/hn\/#website"},"datePublished":"2021-02-23T22:39:31+00:00","dateModified":"2023-07-31T23:11:35+00:00","breadcrumb":{"@id":"https:\/\/proyectum.com\/hn\/capacitacion\/actualizacion-pmp\/#breadcrumb"},"inLanguage":"es","potentialAction":[{"@type":"ReadAction","target":["https:\/\/proyectum.com\/hn\/capacitacion\/actualizacion-pmp\/"]}]},{"@type":"BreadcrumbList","@id":"https:\/\/proyectum.com\/hn\/capacitacion\/actualizacion-pmp\/#breadcrumb","itemListElement":[{"@type":"ListItem","position":1,"name":"Home","item":"https:\/\/proyectum.com\/hn\/"},{"@type":"ListItem","position":2,"name":"Capacitaciones","item":"https:\/\/proyectum.com\/hn\/capacitacion\/"},{"@type":"ListItem","position":3,"name":"Actualizaci\u00f3n PMP"}]},{"@type":"WebSite","@id":"https:\/\/proyectum.com\/hn\/#website","url":"https:\/\/proyectum.com\/hn\/","name":"Proyectum Costa Rica","description":"Direcci\u00f3n de proyectos y agilidad","publisher":{"@id":"https:\/\/proyectum.com\/hn\/#organization"},"potentialAction":[{"@type":"SearchAction","target":{"@type":"EntryPoint","urlTemplate":"https:\/\/proyectum.com\/hn\/?s={search_term_string}"},"query-input":{"@type":"PropertyValueSpecification","valueRequired":true,"valueName":"search_term_string"}}],"inLanguage":"es"},{"@type":"Organization","@id":"https:\/\/proyectum.com\/hn\/#organization","name":"Proyectum Costa Rica","url":"https:\/\/proyectum.com\/hn\/","logo":{"@type":"ImageObject","inLanguage":"es","@id":"https:\/\/proyectum.com\/hn\/#\/schema\/logo\/image\/","url":"https:\/\/i1.wp.com\/proyectum.com\/hn\/wp-content\/uploads\/proyectum-logo-snippet.png?fit=600%2C315&ssl=1","contentUrl":"https:\/\/i1.wp.com\/proyectum.com\/hn\/wp-content\/uploads\/proyectum-logo-snippet.png?fit=600%2C315&ssl=1","width":600,"height":315,"caption":"Proyectum Costa Rica"},"image":{"@id":"https:\/\/proyectum.com\/hn\/#\/schema\/logo\/image\/"},"sameAs":["https:\/\/www.facebook.com\/proyectumcr\/","https:\/\/www.instagram.com\/proyectumcostarica\/","https:\/\/www.linkedin.com\/company\/proyectum-costarica\/","https:\/\/www.youtube.com\/channel\/UCljouWimyhK_cNcC2jniUgw"]}]}},"jetpack_sharing_enabled":true,"_links":{"self":[{"href":"https:\/\/proyectum.com\/hn\/wp-json\/wp\/v2\/pages\/10391"}],"collection":[{"href":"https:\/\/proyectum.com\/hn\/wp-json\/wp\/v2\/pages"}],"about":[{"href":"https:\/\/proyectum.com\/hn\/wp-json\/wp\/v2\/types\/page"}],"author":[{"embeddable":true,"href":"https:\/\/proyectum.com\/hn\/wp-json\/wp\/v2\/users\/27"}],"replies":[{"embeddable":true,"href":"https:\/\/proyectum.com\/hn\/wp-json\/wp\/v2\/comments?post=10391"}],"version-history":[{"count":7,"href":"https:\/\/proyectum.com\/hn\/wp-json\/wp\/v2\/pages\/10391\/revisions"}],"predecessor-version":[{"id":10719,"href":"https:\/\/proyectum.com\/hn\/wp-json\/wp\/v2\/pages\/10391\/revisions\/10719"}],"up":[{"embeddable":true,"href":"https:\/\/proyectum.com\/hn\/wp-json\/wp\/v2\/pages\/7466"}],"wp:attachment":[{"href":"https:\/\/proyectum.com\/hn\/wp-json\/wp\/v2\/media?parent=10391"}],"curies":[{"name":"wp","href":"https:\/\/api.w.org\/{rel}","templated":true}]}}