{"id":10458,"date":"2021-03-26T21:24:14","date_gmt":"2021-03-27T03:24:14","guid":{"rendered":"https:\/\/proyectum.com\/hn\/?page_id=10458"},"modified":"2021-03-28T21:34:03","modified_gmt":"2021-03-29T03:34:03","slug":"itil4","status":"publish","type":"page","link":"https:\/\/proyectum.com\/hn\/capacitacion\/itil4\/","title":{"rendered":"ITIL\u00ae4"},"content":{"rendered":"<div class=\"wpb-content-wrapper\"><p>[vc_row full_width=\u00bbstretch_row\u00bb css=\u00bb.vc_custom_1580509873226{padding-top: 58px !important;padding-bottom: 58px !important;background-image: url(https:\/\/proyectum.com\/hn\/wp-content\/uploads\/2018\/09\/curso-tipo.png?id=6990) !important;background-position: center !important;background-repeat: no-repeat !important;background-size: cover !important;}\u00bb][vc_column width=\u00bb1\/2&#8243;][vc_custom_heading text=\u00bbITIL\u00ae4&#8243; font_container=\u00bbtag:h1|font_size:40|text_align:center|color:%23ffffff\u00bb use_theme_fonts=\u00bbyes\u00bb css=\u00bb.vc_custom_1616815625214{margin-bottom: 0px !important;padding-top: 25px !important;}\u00bb][\/vc_column][vc_column width=\u00bb1\/2&#8243;][vc_single_image image=\u00bb9634&#8243; img_size=\u00bb200&#215;170&#8243; css=\u00bb.vc_custom_1602877448584{padding-left: 250px !important;}\u00bb][\/vc_column][\/vc_row][vc_row css=\u00bb.vc_custom_1488777218947{padding-top: 25px !important;padding-bottom: 60px !important;}\u00bb][vc_column width=\u00bb2\/3&#8243; css=\u00bb.vc_custom_1579695241240{padding-right: 40px !important;}\u00bb][vc_column_text]<\/p>\n<div>\n<p>ITIL\u00ae4 es la evoluci\u00f3n de ITIL\u00aev3, una versi\u00f3n flexible y pr\u00e1ctica que permite a las organizaciones adaptar su estrategia de TI a los tiempos. Esta actualizaci\u00f3n refleja la rapidez de los cambios y la complejidad del entorno; as\u00ed como nuevas formas de trabajo y pr\u00e1cticas emergentes. Todo este contenido es relevante no solo para los profesionales de ITSM, sino para un amplio rango de profesionales que trabajan en el \u00e1mbito de la transformaci\u00f3n digital.<\/p>\n<p>\u00bfPor qu\u00e9 el Fundamentos ITIL\u00ae4?<br \/>\nITIL\u00ae4 es un curso fundamental para acceder a las certificaciones en Gesti\u00f3n de Servicios de IT (ITSM, por sus siglas en ingl\u00e9s). La formaci\u00f3n est\u00e1 dise\u00f1ada como una introducci\u00f3n a ITIL\u00ae4 para comprender la nueva<br \/>\nforma de abordar la Gesti\u00f3n de Servicios de IT a trav\u00e9s de la entrega de valor.<\/p>\n<p>ITIL\u00ae4 actualiza ITIL\u00ae reformulando muchas de las pr\u00e1cticas ya establecidas en la materia y poni\u00e9ndolas en un contexto m\u00e1s amplio de experiencia de cliente, cadena de valor, y transformaci\u00f3n digital. Una parte importante de esta formaci\u00f3n es vincular ITIL\u00ae con nuevas formas de trabajo, como Lean, Agile y DevOps.<\/p>\n<p>&nbsp;<\/p>\n<\/div>\n<div>\n<ul>\n<li><span style=\"color: #000000;\"><strong>Duraci\u00f3n:<\/strong> 16 horas (5 sesiones)<\/span><\/li>\n<li><span style=\"color: #000000;\"><strong>Modalidad:<\/strong> Online<\/span><span style=\"color: #000000;\"><br \/>\n<\/span><\/li>\n<\/ul>\n<\/div>\n<p>[\/vc_column_text][vc_tta_tabs active_section=\u00bb1&#8243;][vc_tta_section title=\u00bbPerfil\u00bb tab_id=\u00bb1541444757751-389b2c58-e32c\u00bb][vc_column_text]El curso de certificaci\u00f3n ITIL\u00ae4 Foundation est\u00e1 dise\u00f1ado para cualquier persona que trabaje en TI y busque profundizar aprendizaje en gesti\u00f3n de servicios TI y comprender c\u00f3mo proporcionar valor comercial a la compa\u00f1\u00eda<br \/>\na trav\u00e9s de servicios de tecnolog\u00eda. Tambi\u00e9n puede sumarse, cualquiera que est\u00e9 buscando actualizar su certificaci\u00f3n y conocimientos en versiones previas de ITIL\u00ae.[\/vc_column_text][\/vc_tta_section][vc_tta_section title=\u00bbObjetivos\u00bb tab_id=\u00bb1541455357238-d8636f7d-26cc\u00bb][vc_column_text]Este curso de 16 horas est\u00e1 dise\u00f1ado como una introducci\u00f3n a ITIL 4 y le permite comprender una nueva forma de ver la Gesti\u00f3n de servicios de TI a trav\u00e9s de un Sistema de valor de servicio (SVS), las cuatro dimensiones de la gesti\u00f3n de servicios, la cadena de valor del servicio, los 7 principios gu\u00eda y las 34 pr\u00e1cticas de ITIL4.<\/p>\n<p>Se incluyen ejercicios de examen reales con el fin de entrenar a los asistentes para alcanzar la acreditaci\u00f3n.[\/vc_column_text][\/vc_tta_section][\/vc_tta_tabs][vc_row_inner][vc_column_inner][\/vc_column_inner][\/vc_row_inner][\/vc_column][vc_column width=\u00bb1\/3&#8243;][vc_single_image image=\u00bb8779&#8243; img_size=\u00bbmedium\u00bb alignment=\u00bbcenter\u00bb]<div class=\"porto-u-heading  wpb_custom_95aa9a11c17ad45cfabaf210d84ee7cc porto-u-4606\"><div class=\"porto-u-main-heading\"><h2  >CAPACITACI\u00d3N<\/h2><\/div><style>.porto-u-4606.porto-u-heading{text-align:center}<\/style><\/div>[\/vc_column][\/vc_row][vc_row full_width=\u00bbstretch_row_content_no_spaces\u00bb equal_height=\u00bbyes\u00bb][vc_column el_class=\u00bbbackground-color-primary\u00bb css=\u00bb.vc_custom_1528971916644{padding-top: 60px !important;padding-bottom: 55px !important;padding-left: 15px !important;}\u00bb]<div class=\"porto-container container\">[vc_custom_heading text=\u00bb\u00bfQuieres m\u00e1s informaci\u00f3n sobre el curso de ITIL\u00ae 4?\u00bb font_container=\u00bbtag:h2|text_align:left|color:%23ffffff\u00bb use_theme_fonts=\u00bbyes\u00bb text_transform=\u00bbtext-uppercase\u00bb css=\u00bb.vc_custom_1616815437392{margin-bottom: 0px !important;}\u00bb][vc_column_text el_class=\u00bbtext-color-dark m-b-md\u00bb]<span style=\"font-size: 16px; color: #c6d4ee;\">D\u00e9janos tus datos para que te llamemos<\/span>[\/vc_column_text]\n<div class=\"wpcf7 no-js\" id=\"wpcf7-f7483-o1\" lang=\"es-ES\" dir=\"ltr\">\n<div class=\"screen-reader-response\"><p role=\"status\" aria-live=\"polite\" aria-atomic=\"true\"><\/p> <ul><\/ul><\/div>\n<form action=\"\/hn\/wp-json\/wp\/v2\/pages\/10458#wpcf7-f7483-o1\" method=\"post\" class=\"wpcf7-form init\" aria-label=\"Formulario de contacto\" novalidate=\"novalidate\" data-status=\"init\">\n<div style=\"display: none;\">\n<input type=\"hidden\" name=\"_wpcf7\" value=\"7483\" \/>\n<input type=\"hidden\" name=\"_wpcf7_version\" value=\"5.9.8\" \/>\n<input type=\"hidden\" name=\"_wpcf7_locale\" value=\"es_ES\" \/>\n<input type=\"hidden\" name=\"_wpcf7_unit_tag\" value=\"wpcf7-f7483-o1\" \/>\n<input type=\"hidden\" name=\"_wpcf7_container_post\" value=\"0\" \/>\n<input type=\"hidden\" name=\"_wpcf7_posted_data_hash\" value=\"\" \/>\n<\/div>\n<div style=\"display:none\"><span class=\"wpcf7-form-control-wrap\" data-name=\"donde\"><input size=\"40\" maxlength=\"400\" class=\"wpcf7-form-control wpcf7-text custom-contact-input donde\" aria-invalid=\"false\" value=\"\" type=\"text\" name=\"donde\" \/><\/span><\/div>\n<div class=\"row\">\n    <div class=\"col-lg-6\">\n        <i class=\"Simple-Line-Icons-user text-color-light\"><\/i><span class=\"wpcf7-form-control-wrap\" data-name=\"your-name\"><input size=\"40\" maxlength=\"400\" class=\"wpcf7-form-control wpcf7-text wpcf7-validates-as-required custom-contact-input\" aria-required=\"true\" aria-invalid=\"false\" placeholder=\"Nombre *\" value=\"\" type=\"text\" name=\"your-name\" \/><\/span>\n    <\/div>\n    <div class=\"col-lg-6\">\n        <i class=\"Simple-Line-Icons-envelope text-color-light\"><\/i><span class=\"wpcf7-form-control-wrap\" data-name=\"your-email\"><input size=\"40\" maxlength=\"400\" class=\"wpcf7-form-control wpcf7-email wpcf7-validates-as-required wpcf7-text wpcf7-validates-as-email custom-contact-input\" aria-required=\"true\" aria-invalid=\"false\" placeholder=\"Email *\" value=\"\" type=\"email\" name=\"your-email\" \/><\/span>\n    <\/div>\n<\/div>\n<div class=\"row\">\n    <div class=\"col-lg-6\">\n        <i class=\"Simple-Line-Icons-call-out icons text-color-light\"><\/i><span class=\"wpcf7-form-control-wrap\" data-name=\"your-phone\"><input size=\"40\" maxlength=\"400\" class=\"wpcf7-form-control wpcf7-text custom-contact-input\" aria-invalid=\"false\" placeholder=\"Tel\u00e9fono\" value=\"\" type=\"text\" name=\"your-phone\" \/><\/span>\n    <\/div>\n<\/div>\n<div class=\"row\">\n    <div class=\"col-md-12\">\n        <div class=\"row\">\n            <div class=\"text-left text-checkbox\"><span class=\"wpcf7-form-control-wrap\" data-name=\"resumen\"><span class=\"wpcf7-form-control wpcf7-acceptance optional\"><span class=\"wpcf7-list-item\"><label><input type=\"checkbox\" name=\"resumen\" value=\"1\" aria-invalid=\"false\" \/><span class=\"wpcf7-list-item-label\">Deseo recibir los res\u00famenes de libros<\/span><\/label><\/span><\/span><\/span><\/div>\n            <div class=\"text-left text-checkbox\"><span class=\"wpcf7-form-control-wrap\" data-name=\"webinars\"><span class=\"wpcf7-form-control wpcf7-acceptance optional\"><span class=\"wpcf7-list-item\"><label><input type=\"checkbox\" name=\"webinars\" value=\"1\" aria-invalid=\"false\" \/><span class=\"wpcf7-list-item-label\">Deseo recibir invitaciones a webinars<\/span><\/label><\/span><\/span><\/span><\/div>\n            <div class=\"text-left text-checkbox\"><span class=\"wpcf7-form-control-wrap\" data-name=\"boletin\"><span class=\"wpcf7-form-control wpcf7-acceptance optional\"><span class=\"wpcf7-list-item\"><label><input type=\"checkbox\" name=\"boletin\" value=\"1\" aria-invalid=\"false\" \/><span class=\"wpcf7-list-item-label\">Deseo recibir el bolet\u00edn quincenal<\/span><\/label><\/span><\/span><\/span><\/div>\n        <\/div>\n    <\/div>\n<\/div>\n<div class=\"row center\">\n    <div class=\"col-lg-12\"><input class=\"wpcf7-form-control wpcf7-submit has-spinner custom-btn-style-4\" type=\"submit\" value=\"ENVIAR\" \/><\/div>\n<\/div>\n\n<style>\n.text-checkbox{\ndisplay:block !important;\nwidth: 100%;\ncolor: #fff;\n}\n.wpcf7-form > .row > *{ margin-bottom: 25px; }\n.wpcf7-form i{ position: absolute; top: 10px; }\n.wpcf7-form-control.custom-contact-input {\n    width: 100%;\n    background: none;\n    border: 0px;\n    border-bottom: 1px solid rgba(255, 255, 255, 0.2);\n    box-shadow: none;\n    padding: 10px 10px 10px 30px;\n    color: #fff;\n    -webkit-appearance: none;\n    -moz-appearance: none;\n    -ms-appearance: none;\n    -o-appearance: none;\n    appearance: none;\n}\n.custom-select-style:after {\n    content: '';\n    display: block;\n    position: absolute;\n    top: 50%;\n    right: 25px;\n    width: 10px;\n    height: 10px;\n    border-right: 1px solid #c8d4ea;\n    border-bottom: 1px solid #c8d4ea;\n    z-index: 0;\n    -webkit-transform: translateY(-50%) rotate(45deg);\n    -moz-transform: translateY(-50%) rotate(45deg);\n    -ms-transform: translateY(-50%) rotate(45deg);\n    -o-transform: translateY(-50%) rotate(45deg);\n    transform: translateY(-50%) rotate(45deg);\n}\nselect.custom-contact-input option { color: #818898; }\n.wpcf7-submit.custom-btn-style-4 {\n    background: transparent !important;\n    color: #FFF;\n    font-weight: 900 !important;\n    border: 2px solid #fff !important;\n    padding: 10px 20px !important;\n    font-size: 14px;\n    border-radius: 0px !important;\n}\n.wpcf7-submit.custom-btn-style-4:hover {\n    background: #FFF !important;\n    color: #6a80a9 !important;\n}\n::-webkit-input-placeholder { color: #c8d4ea; }\n::-moz-placeholder { color: #c8d4ea; }\n:-ms-input-placeholder { color: #c8d4ea; }\n:-moz-placeholder{ color: #c8d4ea; }\n@media(max-width: 991px){\n\t.wpcf7-form > .row > *{ margin-bottom: 15px; }\n\t.wpcf7-form .row.center{ margin-top: 10px; }\n}\n<\/style><div class=\"wpcf7-response-output\" aria-hidden=\"true\"><\/div>\n<\/form>\n<\/div>\n<\/div>[\/vc_column][\/vc_row]<\/p>\n<\/div>","protected":false},"excerpt":{"rendered":"<p>[vc_row full_width=\u00bbstretch_row\u00bb css=\u00bb.vc_custom_1580509873226{padding-top: 58px !important;padding-bottom: 58px !important;background-image: url(https:\/\/proyectum.com\/hn\/wp-content\/uploads\/2018\/09\/curso-tipo.png?id=6990) !important;background-position: center !important;background-repeat: no-repeat !important;background-size: cover !important;}\u00bb][vc_column width=\u00bb1\/2&#8243;][vc_custom_heading text=\u00bbITIL\u00ae4&#8243; font_container=\u00bbtag:h1|font_size:40|text_align:center|color:%23ffffff\u00bb use_theme_fonts=\u00bbyes\u00bb css=\u00bb.vc_custom_1616815625214{margin-bottom: 0px !important;padding-top: 25px !important;}\u00bb][\/vc_column][vc_column width=\u00bb1\/2&#8243;][vc_single_image image=\u00bb9634&#8243; img_size=\u00bb200&#215;170&#8243; css=\u00bb.vc_custom_1602877448584{padding-left: 250px !important;}\u00bb][\/vc_column][\/vc_row][vc_row css=\u00bb.vc_custom_1488777218947{padding-top: 25px !important;padding-bottom: 60px !important;}\u00bb][vc_column width=\u00bb2\/3&#8243; css=\u00bb.vc_custom_1579695241240{padding-right: 40px !important;}\u00bb][vc_column_text] ITIL\u00ae4 es la evoluci\u00f3n de ITIL\u00aev3, una versi\u00f3n flexible y pr\u00e1ctica que permite a las organizaciones [&hellip;]<\/p>\n","protected":false},"author":27,"featured_media":0,"parent":7466,"menu_order":0,"comment_status":"closed","ping_status":"closed","template":"","meta":{"_acf_changed":false,"_joinchat":[],"footnotes":""},"acf":[],"yoast_head":"<!-- This site is optimized with the Yoast SEO plugin v24.5 - https:\/\/yoast.com\/wordpress\/plugins\/seo\/ -->\n<title>ITIL\u00ae4 - Proyectum Honduras<\/title>\n<meta name=\"robots\" content=\"index, follow, max-snippet:-1, max-image-preview:large, max-video-preview:-1\" \/>\n<link rel=\"canonical\" href=\"https:\/\/proyectum.com\/hn\/capacitacion\/itil4\/\" \/>\n<meta property=\"og:locale\" content=\"es_ES\" \/>\n<meta property=\"og:type\" content=\"article\" \/>\n<meta property=\"og:title\" content=\"ITIL\u00ae4 - Proyectum Honduras\" \/>\n<meta property=\"og:description\" content=\"[vc_row full_width=\u00bbstretch_row\u00bb css=\u00bb.vc_custom_1580509873226{padding-top: 58px !important;padding-bottom: 58px !important;background-image: url(https:\/\/proyectum.com\/hn\/wp-content\/uploads\/2018\/09\/curso-tipo.png?id=6990) !important;background-position: center !important;background-repeat: no-repeat !important;background-size: cover !important;}\u00bb][vc_column width=\u00bb1\/2&#8243;][vc_custom_heading text=\u00bbITIL\u00ae4&#8243; font_container=\u00bbtag:h1|font_size:40|text_align:center|color:%23ffffff\u00bb use_theme_fonts=\u00bbyes\u00bb css=\u00bb.vc_custom_1616815625214{margin-bottom: 0px !important;padding-top: 25px !important;}\u00bb][\/vc_column][vc_column width=\u00bb1\/2&#8243;][vc_single_image image=\u00bb9634&#8243; img_size=\u00bb200&#215;170&#8243; css=\u00bb.vc_custom_1602877448584{padding-left: 250px !important;}\u00bb][\/vc_column][\/vc_row][vc_row css=\u00bb.vc_custom_1488777218947{padding-top: 25px !important;padding-bottom: 60px !important;}\u00bb][vc_column width=\u00bb2\/3&#8243; css=\u00bb.vc_custom_1579695241240{padding-right: 40px !important;}\u00bb][vc_column_text] ITIL\u00ae4 es la evoluci\u00f3n de ITIL\u00aev3, una versi\u00f3n flexible y pr\u00e1ctica que permite a las organizaciones [&hellip;]\" \/>\n<meta property=\"og:url\" content=\"https:\/\/proyectum.com\/hn\/capacitacion\/itil4\/\" \/>\n<meta property=\"og:site_name\" content=\"Proyectum Honduras\" \/>\n<meta property=\"article:publisher\" content=\"https:\/\/www.facebook.com\/proyectumcr\/\" \/>\n<meta property=\"article:modified_time\" content=\"2021-03-29T03:34:03+00:00\" \/>\n<meta name=\"twitter:card\" content=\"summary_large_image\" \/>\n<meta name=\"twitter:label1\" content=\"Tiempo de lectura\" \/>\n\t<meta name=\"twitter:data1\" content=\"2 minutos\" \/>\n<script type=\"application\/ld+json\" class=\"yoast-schema-graph\">{\"@context\":\"https:\/\/schema.org\",\"@graph\":[{\"@type\":\"WebPage\",\"@id\":\"https:\/\/proyectum.com\/hn\/capacitacion\/itil4\/\",\"url\":\"https:\/\/proyectum.com\/hn\/capacitacion\/itil4\/\",\"name\":\"ITIL\u00ae4 - Proyectum Honduras\",\"isPartOf\":{\"@id\":\"https:\/\/proyectum.com\/hn\/#website\"},\"datePublished\":\"2021-03-27T03:24:14+00:00\",\"dateModified\":\"2021-03-29T03:34:03+00:00\",\"breadcrumb\":{\"@id\":\"https:\/\/proyectum.com\/hn\/capacitacion\/itil4\/#breadcrumb\"},\"inLanguage\":\"es\",\"potentialAction\":[{\"@type\":\"ReadAction\",\"target\":[\"https:\/\/proyectum.com\/hn\/capacitacion\/itil4\/\"]}]},{\"@type\":\"BreadcrumbList\",\"@id\":\"https:\/\/proyectum.com\/hn\/capacitacion\/itil4\/#breadcrumb\",\"itemListElement\":[{\"@type\":\"ListItem\",\"position\":1,\"name\":\"Home\",\"item\":\"https:\/\/proyectum.com\/hn\/\"},{\"@type\":\"ListItem\",\"position\":2,\"name\":\"Capacitaciones\",\"item\":\"https:\/\/proyectum.com\/hn\/capacitacion\/\"},{\"@type\":\"ListItem\",\"position\":3,\"name\":\"ITIL\u00ae4\"}]},{\"@type\":\"WebSite\",\"@id\":\"https:\/\/proyectum.com\/hn\/#website\",\"url\":\"https:\/\/proyectum.com\/hn\/\",\"name\":\"Proyectum Costa Rica\",\"description\":\"Direcci\u00f3n de proyectos y agilidad\",\"publisher\":{\"@id\":\"https:\/\/proyectum.com\/hn\/#organization\"},\"potentialAction\":[{\"@type\":\"SearchAction\",\"target\":{\"@type\":\"EntryPoint\",\"urlTemplate\":\"https:\/\/proyectum.com\/hn\/?s={search_term_string}\"},\"query-input\":{\"@type\":\"PropertyValueSpecification\",\"valueRequired\":true,\"valueName\":\"search_term_string\"}}],\"inLanguage\":\"es\"},{\"@type\":\"Organization\",\"@id\":\"https:\/\/proyectum.com\/hn\/#organization\",\"name\":\"Proyectum Costa Rica\",\"url\":\"https:\/\/proyectum.com\/hn\/\",\"logo\":{\"@type\":\"ImageObject\",\"inLanguage\":\"es\",\"@id\":\"https:\/\/proyectum.com\/hn\/#\/schema\/logo\/image\/\",\"url\":\"https:\/\/i1.wp.com\/proyectum.com\/hn\/wp-content\/uploads\/proyectum-logo-snippet.png?fit=600%2C315&ssl=1\",\"contentUrl\":\"https:\/\/i1.wp.com\/proyectum.com\/hn\/wp-content\/uploads\/proyectum-logo-snippet.png?fit=600%2C315&ssl=1\",\"width\":600,\"height\":315,\"caption\":\"Proyectum Costa Rica\"},\"image\":{\"@id\":\"https:\/\/proyectum.com\/hn\/#\/schema\/logo\/image\/\"},\"sameAs\":[\"https:\/\/www.facebook.com\/proyectumcr\/\",\"https:\/\/www.instagram.com\/proyectumcostarica\/\",\"https:\/\/www.linkedin.com\/company\/proyectum-costarica\/\",\"https:\/\/www.youtube.com\/channel\/UCljouWimyhK_cNcC2jniUgw\"]}]}<\/script>\n<!-- \/ Yoast SEO plugin. -->","yoast_head_json":{"title":"ITIL\u00ae4 - Proyectum Honduras","robots":{"index":"index","follow":"follow","max-snippet":"max-snippet:-1","max-image-preview":"max-image-preview:large","max-video-preview":"max-video-preview:-1"},"canonical":"https:\/\/proyectum.com\/hn\/capacitacion\/itil4\/","og_locale":"es_ES","og_type":"article","og_title":"ITIL\u00ae4 - Proyectum Honduras","og_description":"[vc_row full_width=\u00bbstretch_row\u00bb css=\u00bb.vc_custom_1580509873226{padding-top: 58px !important;padding-bottom: 58px !important;background-image: url(https:\/\/proyectum.com\/hn\/wp-content\/uploads\/2018\/09\/curso-tipo.png?id=6990) !important;background-position: center !important;background-repeat: no-repeat !important;background-size: cover !important;}\u00bb][vc_column width=\u00bb1\/2&#8243;][vc_custom_heading text=\u00bbITIL\u00ae4&#8243; font_container=\u00bbtag:h1|font_size:40|text_align:center|color:%23ffffff\u00bb use_theme_fonts=\u00bbyes\u00bb css=\u00bb.vc_custom_1616815625214{margin-bottom: 0px !important;padding-top: 25px !important;}\u00bb][\/vc_column][vc_column width=\u00bb1\/2&#8243;][vc_single_image image=\u00bb9634&#8243; img_size=\u00bb200&#215;170&#8243; css=\u00bb.vc_custom_1602877448584{padding-left: 250px !important;}\u00bb][\/vc_column][\/vc_row][vc_row css=\u00bb.vc_custom_1488777218947{padding-top: 25px !important;padding-bottom: 60px !important;}\u00bb][vc_column width=\u00bb2\/3&#8243; css=\u00bb.vc_custom_1579695241240{padding-right: 40px !important;}\u00bb][vc_column_text] ITIL\u00ae4 es la evoluci\u00f3n de ITIL\u00aev3, una versi\u00f3n flexible y pr\u00e1ctica que permite a las organizaciones [&hellip;]","og_url":"https:\/\/proyectum.com\/hn\/capacitacion\/itil4\/","og_site_name":"Proyectum Honduras","article_publisher":"https:\/\/www.facebook.com\/proyectumcr\/","article_modified_time":"2021-03-29T03:34:03+00:00","twitter_card":"summary_large_image","twitter_misc":{"Tiempo de lectura":"2 minutos"},"schema":{"@context":"https:\/\/schema.org","@graph":[{"@type":"WebPage","@id":"https:\/\/proyectum.com\/hn\/capacitacion\/itil4\/","url":"https:\/\/proyectum.com\/hn\/capacitacion\/itil4\/","name":"ITIL\u00ae4 - Proyectum Honduras","isPartOf":{"@id":"https:\/\/proyectum.com\/hn\/#website"},"datePublished":"2021-03-27T03:24:14+00:00","dateModified":"2021-03-29T03:34:03+00:00","breadcrumb":{"@id":"https:\/\/proyectum.com\/hn\/capacitacion\/itil4\/#breadcrumb"},"inLanguage":"es","potentialAction":[{"@type":"ReadAction","target":["https:\/\/proyectum.com\/hn\/capacitacion\/itil4\/"]}]},{"@type":"BreadcrumbList","@id":"https:\/\/proyectum.com\/hn\/capacitacion\/itil4\/#breadcrumb","itemListElement":[{"@type":"ListItem","position":1,"name":"Home","item":"https:\/\/proyectum.com\/hn\/"},{"@type":"ListItem","position":2,"name":"Capacitaciones","item":"https:\/\/proyectum.com\/hn\/capacitacion\/"},{"@type":"ListItem","position":3,"name":"ITIL\u00ae4"}]},{"@type":"WebSite","@id":"https:\/\/proyectum.com\/hn\/#website","url":"https:\/\/proyectum.com\/hn\/","name":"Proyectum Costa Rica","description":"Direcci\u00f3n de proyectos y agilidad","publisher":{"@id":"https:\/\/proyectum.com\/hn\/#organization"},"potentialAction":[{"@type":"SearchAction","target":{"@type":"EntryPoint","urlTemplate":"https:\/\/proyectum.com\/hn\/?s={search_term_string}"},"query-input":{"@type":"PropertyValueSpecification","valueRequired":true,"valueName":"search_term_string"}}],"inLanguage":"es"},{"@type":"Organization","@id":"https:\/\/proyectum.com\/hn\/#organization","name":"Proyectum Costa Rica","url":"https:\/\/proyectum.com\/hn\/","logo":{"@type":"ImageObject","inLanguage":"es","@id":"https:\/\/proyectum.com\/hn\/#\/schema\/logo\/image\/","url":"https:\/\/i1.wp.com\/proyectum.com\/hn\/wp-content\/uploads\/proyectum-logo-snippet.png?fit=600%2C315&ssl=1","contentUrl":"https:\/\/i1.wp.com\/proyectum.com\/hn\/wp-content\/uploads\/proyectum-logo-snippet.png?fit=600%2C315&ssl=1","width":600,"height":315,"caption":"Proyectum Costa Rica"},"image":{"@id":"https:\/\/proyectum.com\/hn\/#\/schema\/logo\/image\/"},"sameAs":["https:\/\/www.facebook.com\/proyectumcr\/","https:\/\/www.instagram.com\/proyectumcostarica\/","https:\/\/www.linkedin.com\/company\/proyectum-costarica\/","https:\/\/www.youtube.com\/channel\/UCljouWimyhK_cNcC2jniUgw"]}]}},"jetpack_sharing_enabled":true,"_links":{"self":[{"href":"https:\/\/proyectum.com\/hn\/wp-json\/wp\/v2\/pages\/10458"}],"collection":[{"href":"https:\/\/proyectum.com\/hn\/wp-json\/wp\/v2\/pages"}],"about":[{"href":"https:\/\/proyectum.com\/hn\/wp-json\/wp\/v2\/types\/page"}],"author":[{"embeddable":true,"href":"https:\/\/proyectum.com\/hn\/wp-json\/wp\/v2\/users\/27"}],"replies":[{"embeddable":true,"href":"https:\/\/proyectum.com\/hn\/wp-json\/wp\/v2\/comments?post=10458"}],"version-history":[{"count":3,"href":"https:\/\/proyectum.com\/hn\/wp-json\/wp\/v2\/pages\/10458\/revisions"}],"predecessor-version":[{"id":10533,"href":"https:\/\/proyectum.com\/hn\/wp-json\/wp\/v2\/pages\/10458\/revisions\/10533"}],"up":[{"embeddable":true,"href":"https:\/\/proyectum.com\/hn\/wp-json\/wp\/v2\/pages\/7466"}],"wp:attachment":[{"href":"https:\/\/proyectum.com\/hn\/wp-json\/wp\/v2\/media?parent=10458"}],"curies":[{"name":"wp","href":"https:\/\/api.w.org\/{rel}","templated":true}]}}